{"id":1057,"date":"2023-04-19T07:15:16","date_gmt":"2023-04-19T06:15:16","guid":{"rendered":"https:\/\/arroyolorca.es\/?post_type=product&#038;p=1057"},"modified":"2023-11-01T10:04:14","modified_gmt":"2023-11-01T09:04:14","slug":"as-510-eproclip-a","status":"publish","type":"product","link":"https:\/\/arroyolorca.es\/index.php\/product\/as-510-eproclip-a\/","title":{"rendered":"AS 510 Eproclip A"},"content":{"rendered":"<div class=\"col-lg-8 mb-4\">\n<div class=\"acfd-block acfd-block__headline container-fluid px-0 bg-default\">\n<div class=\"acfd-headline\">\n<h3 class=\"h2 mb-3\" style=\"color: #f18700;\">Disponible desde 2022<\/h3>\n<\/div>\n<\/div>\n<div class=\"acfd-block acfd-block__headline container-fluid px-0 bg-default\">\n<div class=\"acfd-headline\">\n<h2 class=\"h2 mb-3 text-color-brand\" style=\"color: #f18700;\">Un cortac\u00e9sped profesional con mantillo alimentado por bater\u00eda<\/h2>\n<\/div>\n<\/div>\n<div class=\"acfd-block acfd-block__text container-fluid px-0 bg-default\">\n<div class=\"acfd-text\">\n<p>Sin comprometer la potencia, el rendimiento y el patr\u00f3n de corte. La cortadora de c\u00e9sped profesional de mulching AS 510 E-ProClip A est\u00e1 equipada con el accionamiento el\u00e9ctrico AS-Motor. Tiene una enorme potencia nominal de 3.200 vatios. El valor m\u00e1s alto entre las cortadoras de c\u00e9sped de mantillo inal\u00e1mbrico. La unidad de bater\u00eda permite un trabajo sin emisiones sin gases de escape ni ruido. Las agotadoras vibraciones mano-brazo se reducen enormemente y el esfuerzo de mantenimiento se minimiza.<\/p>\n<\/div>\n<\/div>\n<div class=\"acfd-block acfd-block__headline container-fluid px-0 bg-default\">\n<div class=\"acfd-headline\">\n<h3 class=\"h3\" style=\"color: #f18700;\">Cuidado del c\u00e9sped de cero emisiones con el AS 510 E-ProClip A<\/h3>\n<\/div>\n<\/div>\n<div class=\"acfd-block acfd-block__text container-fluid px-0 bg-default\">\n<div class=\"acfd-text\">\n<p>El nuevo accionamiento el\u00e9ctrico AS-Motor de 56 voltios tiene la potencia de un motor de gasolina convencional de 200 cm3. Se alimenta de energ\u00eda mediante una o dos bater\u00edas de mano profesionales de 10 Ah cada una. Juntos, proporcionan una enorme cantidad de 1.120 vatios-hora de energ\u00eda.<\/p>\n<p>La unidad de accionamiento puede hacer frente a los picos de potencia sin apagarse. El sistema inteligente \u00abPower-Peak\u00bb equilibra las bater\u00edas conectadas en paralelo. Para un alcance m\u00e1ximo, se puede conectar una bater\u00eda trasera adicional de 28 Ah. Con una reserva de energ\u00eda r\u00e9cord de 2.688 vatios-hora.<\/p>\n<p>Si hay colisiones, el motor est\u00e1 protegido por un tercer cojinete del eje del motor junto con un disco de fricci\u00f3n en la cuchilla de acolchado. El silencioso motor de accionamiento de cero emisiones hace que el AS 510 E-ProClip 2in1 A sea el dispositivo profesional perfecto para el cuidado ecol\u00f3gico en el espacio urbano, por ejemplo, en las proximidades de \u00e1reas sensibles al ruido, como hospitales, guarder\u00edas, \u00e1reas residenciales o edificios de oficinas.<\/p>\n<\/div>\n<\/div>\n<div class=\"acfd-block acfd-block__headline container-fluid px-0 bg-default\">\n<div class=\"acfd-headline\">\n<h2 class=\"h2\" style=\"color: #f18700;\"><span class=\"electric-product-title d-inline-block\"><span class=\"font-italic\">ECOSISTEMA EL\u00c9CTRICO<\/span><\/span><\/h2>\n<\/div>\n<\/div>\n<div class=\"acfd-block acfd-block__text container-fluid px-0 bg-default\">\n<div class=\"acfd-text\">\n<p>Ampl\u00ede las capacidades de su aplicaci\u00f3n en todas las direcciones con un ECOSISTEMA completo. Las bater\u00edas el\u00e9ctricas AS-Motor son compatibles con todas las herramientas manuales profesionales de EGO Powertools.<\/p>\n<\/div>\n<\/div>\n<\/div>\n<div>\n<table>\n<tbody>\n<tr>\n<td><img decoding=\"async\" loading=\"lazy\" class=\"alignnone size-full wp-image-1044\" src=\"https:\/\/arroyolorca.es\/wp-content\/uploads\/2023\/04\/Electric_Motor_solo_Perspektive_1_web-1-300x217-1.jpg\" alt=\"\" width=\"300\" height=\"217\" \/><\/td>\n<td><strong style=\"color: #f18700;\">Accionamiento el\u00e9ctrico AS-Motor<\/strong><\/p>\n<p>El accionamiento el\u00e9ctrico m\u00e1s potente del mercado. 56 voltios, 3.200 vatios de potencia nominal. Dos ranuras para bater\u00edas, refrigeraci\u00f3n activa y dos velocidades de funcionamiento. Conectividad para una bater\u00eda trasera adicional de 1.568 Wh y 28 Ah.<\/td>\n<\/tr>\n<tr>\n<td><img decoding=\"async\" loading=\"lazy\" class=\"alignnone size-full wp-image-1045\" src=\"https:\/\/arroyolorca.es\/wp-content\/uploads\/2023\/04\/AS_510_420_470-Steel-mulching-bell-300x200-1.jpg\" alt=\"\" width=\"300\" height=\"200\" \/><\/td>\n<td><strong style=\"color: #f18700;\">Unidad de mulching estable<\/strong><\/p>\n<p>Unidad de mulching cerrada y profunda para resultados uniformes.<\/td>\n<\/tr>\n<tr>\n<td><img decoding=\"async\" loading=\"lazy\" class=\"alignnone size-full wp-image-1046\" src=\"https:\/\/arroyolorca.es\/wp-content\/uploads\/2023\/04\/Handakkus_10_Ah_und_Ladegeraet_web-300x227-1.jpg\" alt=\"\" width=\"300\" height=\"227\" \/><\/td>\n<td><strong style=\"color: #f18700;\">Bater\u00eda + cargador<\/strong><\/p>\n<p>No incluido en la entrega: Bater\u00eda Li-Ion de alto rendimiento de 56 voltios 10 Ah, 560 Wh, bater\u00eda trasera 28 Ah, 1.568 Wh y cargador r\u00e1pido. Tiempo de carga: 10 Ah 100% en 70 min, 28 Ah 100% en 210 min.<\/td>\n<\/tr>\n<tr>\n<td><img decoding=\"async\" loading=\"lazy\" class=\"alignnone size-full wp-image-1047\" src=\"https:\/\/arroyolorca.es\/wp-content\/uploads\/2023\/04\/AS_510_420_470-slim-front-wheels-300x224-1.jpg\" alt=\"\" width=\"300\" height=\"224\" \/><\/td>\n<td><strong style=\"color: #f18700;\">Ruedas especiales<\/strong><\/p>\n<p>Las ruedas de doble rodamiento de bolas soportadas y de funcionamiento suave presionan muy poca hierba.<\/td>\n<\/tr>\n<\/tbody>\n<\/table>\n<\/div>\n<h2 class=\"h3\" style=\"text-align: center; color: #f18700;\">Datos t\u00e9cnicos<\/h2>\n<div class=\"data-table mt-4\">\n<div class=\"row\">\n<div class=\"col-lg-12\">\n<div class=\"data-table__double\">\n<div class=\"data-row d-flex\" style=\"text-align: center;\"><strong><span class=\"label font-weight-bold\"> Ancho de corte: <\/span><\/strong><span class=\"value\">51 <span class=\"unit\">cm<\/span> <\/span><\/div>\n<div class=\"data-row d-flex\" style=\"text-align: center;\"><strong><span class=\"label font-weight-bold\"> Altura m\u00e1xima de la hierba \u201cmulching\u201d: <\/span><\/strong><span class=\"value\">20 <span class=\"unit\">cm<\/span> <\/span><\/div>\n<div class=\"data-row d-flex\" style=\"text-align: center;\"><strong><span class=\"label font-weight-bold\"> Fabricante de motores: <\/span><\/strong> <span class=\"value\"> AS-Motor <\/span><\/div>\n<div class=\"data-row d-flex\" style=\"text-align: center;\"><strong><span class=\"label font-weight-bold\"> Designaci\u00f3n del motor: <\/span><\/strong> <span class=\"value\"> AS-Motor Electric <\/span><\/div>\n<div class=\"data-row d-flex\" style=\"text-align: center;\"><strong><span class=\"label font-weight-bold\"> Potencia nominal: <\/span><\/strong> <span class=\"value\"> 50 <span class=\"unit\">V<\/span> <\/span><\/div>\n<div class=\"data-row d-flex\" style=\"text-align: center;\"><strong><span class=\"label font-weight-bold\"> Potencia m\u00e1xima: <\/span><\/strong> <span class=\"value\"> 56 <span class=\"unit\">V<\/span> <\/span><\/div>\n<div class=\"data-row d-flex\" style=\"text-align: center;\"><span class=\"label font-weight-bold\"><strong> Tercer cojinete de cig\u00fce\u00f1al para protecci\u00f3n del motor<\/strong>. <\/span><\/div>\n<div class=\"data-row d-flex\" style=\"text-align: center;\"><span class=\"label font-weight-bold\"><strong> Funci\u00f3n de mulching:<\/strong> 100% <\/span><\/div>\n<div class=\"data-row d-flex\" style=\"text-align: center;\"><strong><span class=\"label font-weight-bold\"> Altura de corte: <\/span><\/strong><span class=\"value\">40 &#8211; 90 <span class=\"unit\">mm<\/span> <\/span><\/div>\n<div class=\"data-row d-flex\" style=\"text-align: center;\"><span class=\"label font-weight-bold\"><strong> Ajuste central de altura de corte<\/strong> <\/span><\/div>\n<div class=\"data-row d-flex\" style=\"text-align: center;\"><span class=\"label font-weight-bold\"><strong> Ajuste de altura de corte, n\u00famero de niveles:<\/strong> <\/span> <span class=\"value\"> 5 <\/span><\/div>\n<div class=\"data-row d-flex\" style=\"text-align: center;\"><span class=\"label font-weight-bold\"><strong> Ajuste del manillar:<\/strong> altura <\/span><\/div>\n<div class=\"data-row d-flex\" style=\"text-align: center;\"><span class=\"label font-weight-bold\"><strong> Tracci\u00f3n trasera<\/strong><\/span><\/div>\n<div class=\"data-row d-flex\" style=\"text-align: center;\"><span class=\"label font-weight-bold\"><strong> N\u00famero de engranajes:<\/strong> Vario <\/span><\/div>\n<div class=\"data-row d-flex\" style=\"text-align: center;\"><span class=\"label font-weight-bold\"><strong> M\u00e1xima velocidad:<\/strong> 4 km\/h <\/span><\/div>\n<div class=\"data-row d-flex\" style=\"text-align: center;\"><strong><span class=\"label font-weight-bold\"> Dimensi\u00f3n L \/ W \/ H: <\/span><\/strong> <span class=\"value\"> 139x55x100 <span class=\"unit\">cm<\/span> <\/span><\/div>\n<div class=\"data-row d-flex\" style=\"text-align: center;\"><strong><span class=\"label font-weight-bold\"> Peso: <\/span><\/strong><span class=\"value\">43 <span class=\"unit\">kg<\/span> <\/span><\/div>\n<div class=\"data-row d-flex\" style=\"text-align: center;\"><strong><span class=\"label font-weight-bold\"> Schalldruckpegel am Bedienplatz: <\/span><\/strong> <span class=\"value\"> 77,8 <span class=\"unit\">dB<\/span> <\/span><\/div>\n<div class=\"data-row d-flex\" style=\"text-align: center;\"><strong><span class=\"label font-weight-bold\"> Hand-Arm-Schwingung: <\/span><\/strong>0,5<span class=\"value\"> m <span class=\"unit\">m\/s\u00b2<\/span> <\/span><\/div>\n<\/div>\n<\/div>\n<\/div>\n<\/div>\n","protected":false},"excerpt":{"rendered":"<p>Disponible desde 2022 Un cortac\u00e9sped profesional con mantillo alimentado por bater\u00eda Sin comprometer la potencia, el rendimiento y el patr\u00f3n de corte. La cortadora de c\u00e9sped profesional de mulching AS 510 E-ProClip A est\u00e1 equipada con el accionamiento el\u00e9ctrico AS-Motor. Tiene una enorme potencia nominal de 3.200 vatios. El valor m\u00e1s alto entre las cortadoras [&hellip;]<\/p>\n","protected":false},"featured_media":1058,"comment_status":"open","ping_status":"closed","template":"","meta":{"ocean_front_end_style_editor":"no","ocean_post_layout":"","ocean_both_sidebars_style":"","ocean_both_sidebars_content_width":0,"ocean_both_sidebars_sidebars_width":0,"ocean_sidebar":"0","ocean_second_sidebar":"0","ocean_disable_margins":"enable","ocean_add_body_class":"","ocean_shortcode_before_top_bar":"","ocean_shortcode_after_top_bar":"","ocean_shortcode_before_header":"","ocean_shortcode_after_header":"","ocean_has_shortcode":"","ocean_shortcode_after_title":"","ocean_shortcode_before_footer_widgets":"","ocean_shortcode_after_footer_widgets":"","ocean_shortcode_before_footer_bottom":"","ocean_shortcode_after_footer_bottom":"","ocean_display_top_bar":"default","ocean_display_header":"default","ocean_header_style":"","ocean_center_header_left_menu":"0","ocean_custom_header_template":"0","ocean_custom_logo":0,"ocean_custom_retina_logo":0,"ocean_custom_logo_max_width":0,"ocean_custom_logo_tablet_max_width":0,"ocean_custom_logo_mobile_max_width":0,"ocean_custom_logo_max_height":0,"ocean_custom_logo_tablet_max_height":0,"ocean_custom_logo_mobile_max_height":0,"ocean_header_custom_menu":"0","ocean_menu_typo_font_family":"0","ocean_menu_typo_font_subset":"","ocean_menu_typo_font_size":0,"ocean_menu_typo_font_size_tablet":0,"ocean_menu_typo_font_size_mobile":0,"ocean_menu_typo_font_size_unit":"px","ocean_menu_typo_font_weight":"","ocean_menu_typo_font_weight_tablet":"","ocean_menu_typo_font_weight_mobile":"","ocean_menu_typo_transform":"","ocean_menu_typo_transform_tablet":"","ocean_menu_typo_transform_mobile":"","ocean_menu_typo_line_height":0,"ocean_menu_typo_line_height_tablet":0,"ocean_menu_typo_line_height_mobile":0,"ocean_menu_typo_line_height_unit":"","ocean_menu_typo_spacing":0,"ocean_menu_typo_spacing_tablet":0,"ocean_menu_typo_spacing_mobile":0,"ocean_menu_typo_spacing_unit":"","ocean_menu_link_color":"","ocean_menu_link_color_hover":"","ocean_menu_link_color_active":"","ocean_menu_link_background":"","ocean_menu_link_hover_background":"","ocean_menu_link_active_background":"","ocean_menu_social_links_bg":"","ocean_menu_social_hover_links_bg":"","ocean_menu_social_links_color":"","ocean_menu_social_hover_links_color":"","ocean_disable_title":"default","ocean_disable_heading":"default","ocean_post_title":"","ocean_post_subheading":"","ocean_post_title_style":"","ocean_post_title_background_color":"","ocean_post_title_background":0,"ocean_post_title_bg_image_position":"","ocean_post_title_bg_image_attachment":"","ocean_post_title_bg_image_repeat":"","ocean_post_title_bg_image_size":"","ocean_post_title_height":0,"ocean_post_title_bg_overlay":0.5,"ocean_post_title_bg_overlay_color":"","ocean_disable_breadcrumbs":"default","ocean_breadcrumbs_color":"","ocean_breadcrumbs_separator_color":"","ocean_breadcrumbs_links_color":"","ocean_breadcrumbs_links_hover_color":"","ocean_display_footer_widgets":"default","ocean_display_footer_bottom":"default","ocean_custom_footer_template":"0"},"product_cat":[125,80,40,129],"product_tag":[124,75,132],"yoast_head":"<!-- This site is optimized with the Yoast SEO plugin v21.2 - https:\/\/yoast.com\/wordpress\/plugins\/seo\/ -->\n<title>AS 510 Eproclip A - ArroyoLorca<\/title>\n<meta name=\"robots\" content=\"index, follow, max-snippet:-1, max-image-preview:large, max-video-preview:-1\" \/>\n<link rel=\"canonical\" href=\"https:\/\/arroyolorca.es\/index.php\/product\/as-510-eproclip-a\/\" \/>\n<meta property=\"og:locale\" content=\"es_ES\" \/>\n<meta property=\"og:type\" content=\"article\" \/>\n<meta property=\"og:title\" content=\"AS 510 Eproclip A - ArroyoLorca\" \/>\n<meta property=\"og:description\" content=\"Disponible desde 2022 Un cortac\u00e9sped profesional con mantillo alimentado por bater\u00eda Sin comprometer la potencia, el rendimiento y el patr\u00f3n de corte. La cortadora de c\u00e9sped profesional de mulching AS 510 E-ProClip A est\u00e1 equipada con el accionamiento el\u00e9ctrico AS-Motor. Tiene una enorme potencia nominal de 3.200 vatios. El valor m\u00e1s alto entre las cortadoras [&hellip;]\" \/>\n<meta property=\"og:url\" content=\"https:\/\/arroyolorca.es\/index.php\/product\/as-510-eproclip-a\/\" \/>\n<meta property=\"og:site_name\" content=\"ArroyoLorca\" \/>\n<meta property=\"article:modified_time\" content=\"2023-11-01T09:04:14+00:00\" \/>\n<meta property=\"og:image\" content=\"https:\/\/arroyolorca.es\/wp-content\/uploads\/2023\/04\/as510.jpg\" \/>\n\t<meta property=\"og:image:width\" content=\"945\" \/>\n\t<meta property=\"og:image:height\" content=\"630\" \/>\n\t<meta property=\"og:image:type\" content=\"image\/jpeg\" \/>\n<meta name=\"twitter:card\" content=\"summary_large_image\" \/>\n<meta name=\"twitter:label1\" content=\"Tiempo de lectura\" \/>\n\t<meta name=\"twitter:data1\" content=\"4 minutos\" \/>\n<script type=\"application\/ld+json\" class=\"yoast-schema-graph\">{\"@context\":\"https:\/\/schema.org\",\"@graph\":[{\"@type\":\"WebPage\",\"@id\":\"https:\/\/arroyolorca.es\/index.php\/product\/as-510-eproclip-a\/\",\"url\":\"https:\/\/arroyolorca.es\/index.php\/product\/as-510-eproclip-a\/\",\"name\":\"AS 510 Eproclip A - ArroyoLorca\",\"isPartOf\":{\"@id\":\"https:\/\/arroyolorca.es\/#website\"},\"datePublished\":\"2023-04-19T06:15:16+00:00\",\"dateModified\":\"2023-11-01T09:04:14+00:00\",\"breadcrumb\":{\"@id\":\"https:\/\/arroyolorca.es\/index.php\/product\/as-510-eproclip-a\/#breadcrumb\"},\"inLanguage\":\"es\",\"potentialAction\":[{\"@type\":\"ReadAction\",\"target\":[\"https:\/\/arroyolorca.es\/index.php\/product\/as-510-eproclip-a\/\"]}]},{\"@type\":\"BreadcrumbList\",\"@id\":\"https:\/\/arroyolorca.es\/index.php\/product\/as-510-eproclip-a\/#breadcrumb\",\"itemListElement\":[{\"@type\":\"ListItem\",\"position\":1,\"name\":\"Home\",\"item\":\"https:\/\/arroyolorca.es\/\"},{\"@type\":\"ListItem\",\"position\":2,\"name\":\"Shop\",\"item\":\"https:\/\/arroyolorca.es\/index.php\/shop\/\"},{\"@type\":\"ListItem\",\"position\":3,\"name\":\"AS 510 Eproclip A\"}]},{\"@type\":\"WebSite\",\"@id\":\"https:\/\/arroyolorca.es\/#website\",\"url\":\"https:\/\/arroyolorca.es\/\",\"name\":\"ArroyoLorca\",\"description\":\"Maquimaria Agr\u00edcola, Jardines y trabajos forestales\",\"publisher\":{\"@id\":\"https:\/\/arroyolorca.es\/#organization\"},\"potentialAction\":[{\"@type\":\"SearchAction\",\"target\":{\"@type\":\"EntryPoint\",\"urlTemplate\":\"https:\/\/arroyolorca.es\/?s={search_term_string}\"},\"query-input\":\"required name=search_term_string\"}],\"inLanguage\":\"es\"},{\"@type\":\"Organization\",\"@id\":\"https:\/\/arroyolorca.es\/#organization\",\"name\":\"ArroyoLorca\",\"url\":\"https:\/\/arroyolorca.es\/\",\"logo\":{\"@type\":\"ImageObject\",\"inLanguage\":\"es\",\"@id\":\"https:\/\/arroyolorca.es\/#\/schema\/logo\/image\/\",\"url\":\"https:\/\/arroyolorca.es\/wp-content\/uploads\/2023\/04\/logo_cabecera-1.png\",\"contentUrl\":\"https:\/\/arroyolorca.es\/wp-content\/uploads\/2023\/04\/logo_cabecera-1.png\",\"width\":450,\"height\":119,\"caption\":\"ArroyoLorca\"},\"image\":{\"@id\":\"https:\/\/arroyolorca.es\/#\/schema\/logo\/image\/\"}}]}<\/script>\n<!-- \/ Yoast SEO plugin. -->","yoast_head_json":{"title":"AS 510 Eproclip A - ArroyoLorca","robots":{"index":"index","follow":"follow","max-snippet":"max-snippet:-1","max-image-preview":"max-image-preview:large","max-video-preview":"max-video-preview:-1"},"canonical":"https:\/\/arroyolorca.es\/index.php\/product\/as-510-eproclip-a\/","og_locale":"es_ES","og_type":"article","og_title":"AS 510 Eproclip A - ArroyoLorca","og_description":"Disponible desde 2022 Un cortac\u00e9sped profesional con mantillo alimentado por bater\u00eda Sin comprometer la potencia, el rendimiento y el patr\u00f3n de corte. La cortadora de c\u00e9sped profesional de mulching AS 510 E-ProClip A est\u00e1 equipada con el accionamiento el\u00e9ctrico AS-Motor. Tiene una enorme potencia nominal de 3.200 vatios. El valor m\u00e1s alto entre las cortadoras [&hellip;]","og_url":"https:\/\/arroyolorca.es\/index.php\/product\/as-510-eproclip-a\/","og_site_name":"ArroyoLorca","article_modified_time":"2023-11-01T09:04:14+00:00","og_image":[{"width":945,"height":630,"url":"https:\/\/arroyolorca.es\/wp-content\/uploads\/2023\/04\/as510.jpg","type":"image\/jpeg"}],"twitter_card":"summary_large_image","twitter_misc":{"Tiempo de lectura":"4 minutos"},"schema":{"@context":"https:\/\/schema.org","@graph":[{"@type":"WebPage","@id":"https:\/\/arroyolorca.es\/index.php\/product\/as-510-eproclip-a\/","url":"https:\/\/arroyolorca.es\/index.php\/product\/as-510-eproclip-a\/","name":"AS 510 Eproclip A - ArroyoLorca","isPartOf":{"@id":"https:\/\/arroyolorca.es\/#website"},"datePublished":"2023-04-19T06:15:16+00:00","dateModified":"2023-11-01T09:04:14+00:00","breadcrumb":{"@id":"https:\/\/arroyolorca.es\/index.php\/product\/as-510-eproclip-a\/#breadcrumb"},"inLanguage":"es","potentialAction":[{"@type":"ReadAction","target":["https:\/\/arroyolorca.es\/index.php\/product\/as-510-eproclip-a\/"]}]},{"@type":"BreadcrumbList","@id":"https:\/\/arroyolorca.es\/index.php\/product\/as-510-eproclip-a\/#breadcrumb","itemListElement":[{"@type":"ListItem","position":1,"name":"Home","item":"https:\/\/arroyolorca.es\/"},{"@type":"ListItem","position":2,"name":"Shop","item":"https:\/\/arroyolorca.es\/index.php\/shop\/"},{"@type":"ListItem","position":3,"name":"AS 510 Eproclip A"}]},{"@type":"WebSite","@id":"https:\/\/arroyolorca.es\/#website","url":"https:\/\/arroyolorca.es\/","name":"ArroyoLorca","description":"Maquimaria Agr\u00edcola, Jardines y trabajos forestales","publisher":{"@id":"https:\/\/arroyolorca.es\/#organization"},"potentialAction":[{"@type":"SearchAction","target":{"@type":"EntryPoint","urlTemplate":"https:\/\/arroyolorca.es\/?s={search_term_string}"},"query-input":"required name=search_term_string"}],"inLanguage":"es"},{"@type":"Organization","@id":"https:\/\/arroyolorca.es\/#organization","name":"ArroyoLorca","url":"https:\/\/arroyolorca.es\/","logo":{"@type":"ImageObject","inLanguage":"es","@id":"https:\/\/arroyolorca.es\/#\/schema\/logo\/image\/","url":"https:\/\/arroyolorca.es\/wp-content\/uploads\/2023\/04\/logo_cabecera-1.png","contentUrl":"https:\/\/arroyolorca.es\/wp-content\/uploads\/2023\/04\/logo_cabecera-1.png","width":450,"height":119,"caption":"ArroyoLorca"},"image":{"@id":"https:\/\/arroyolorca.es\/#\/schema\/logo\/image\/"}}]}},"_links":{"self":[{"href":"https:\/\/arroyolorca.es\/index.php\/wp-json\/wp\/v2\/product\/1057"}],"collection":[{"href":"https:\/\/arroyolorca.es\/index.php\/wp-json\/wp\/v2\/product"}],"about":[{"href":"https:\/\/arroyolorca.es\/index.php\/wp-json\/wp\/v2\/types\/product"}],"replies":[{"embeddable":true,"href":"https:\/\/arroyolorca.es\/index.php\/wp-json\/wp\/v2\/comments?post=1057"}],"wp:featuredmedia":[{"embeddable":true,"href":"https:\/\/arroyolorca.es\/index.php\/wp-json\/wp\/v2\/media\/1058"}],"wp:attachment":[{"href":"https:\/\/arroyolorca.es\/index.php\/wp-json\/wp\/v2\/media?parent=1057"}],"wp:term":[{"taxonomy":"product_cat","embeddable":true,"href":"https:\/\/arroyolorca.es\/index.php\/wp-json\/wp\/v2\/product_cat?post=1057"},{"taxonomy":"product_tag","embeddable":true,"href":"https:\/\/arroyolorca.es\/index.php\/wp-json\/wp\/v2\/product_tag?post=1057"}],"curies":[{"name":"wp","href":"https:\/\/api.w.org\/{rel}","templated":true}]}}