{"id":1081,"date":"2023-04-19T10:13:59","date_gmt":"2023-04-19T09:13:59","guid":{"rendered":"https:\/\/arroyolorca.es\/?post_type=product&#038;p=1081"},"modified":"2023-11-01T10:04:11","modified_gmt":"2023-11-01T09:04:11","slug":"as-531-eprocut-b","status":"publish","type":"product","link":"https:\/\/arroyolorca.es\/index.php\/product\/as-531-eprocut-b\/","title":{"rendered":"AS 531 EProCut B"},"content":{"rendered":"<div class=\"acfd-block acfd-block__headline container-fluid px-0 bg-default\">\n<div class=\"acfd-headline\">\n<h2 class=\"h2 mb-3 text-color-brand\" style=\"color: #f18700;\">Una verdadera cortadora de c\u00e9sped profesional con accionamiento por bater\u00eda y funciones inteligentes<\/h2>\n<\/div>\n<\/div>\n<div class=\"acfd-block acfd-block__text container-fluid px-0 bg-default\">\n<div class=\"acfd-text\">\n<p>La AS 531 E-ProCut es una cortadora de c\u00e9sped profesional inal\u00e1mbrica absoluta. Como modelo 3 en 1 y equipado con muchos extras, est\u00e1 idealmente equipado para el cuidado exigente del c\u00e9sped. Muestra sus fortalezas en terrenos exigentes. El AS 531 E-ProCut viene con un kit de mulching de serie. Esto se puede montar sin herramientas, dependiendo de los requisitos. Por lo tanto, se puede utilizar puramente como cortadora de mantillo, como cortadora de c\u00e9sped con una bolsa colectora o como cortadora de descarga trasera en hierba m\u00e1s alta. El AS 531 E-ProCut est\u00e1 equipado con el nuevo accionamiento el\u00e9ctrico AS-Motor. El motor el\u00e9ctrico tiene unos incre\u00edbles 3.200 vatios de potencia nominal de dos bater\u00edas de iones de litio de 56V 10 Ah. Con las dos bater\u00edas de mano insertables, lo lleva a una reserva de energ\u00eda de 1.120 Wh.\u00a0 La potencia y el par del motor sin escobillas lo convierten en el l\u00edder actual entre los cortac\u00e9spedes a bater\u00eda. Con sus reservas de energ\u00eda, puede compensar los picos de potencia \u00e0 la \u00abmolehill\u00bb a la velocidad del rayo sin apagarse. Para un alcance m\u00e1ximo, la gran bater\u00eda trasera de 28 Ah se puede conectar adem\u00e1s de las dos bater\u00edas enchufables. Con 2.688 Wh en el \u00abtanque de potencia\u00bb, nada se interpone en el camino de una jornada laboral profesional. Con su monobrazo ubicado en el centro, la bolsa de captura se puede vaciar c\u00f3moda y f\u00e1cilmente desde cualquier lado. La AS 531 E-ProCut MK B es la \u00fanica cortadora de c\u00e9sped profesional de su clase que cuenta con freno de seguridad autom\u00e1tico y bloqueo del diferencial. Tan pronto como se suelta la palanca del embrague de la cuchilla, el freno de estacionamiento se activa y detiene el cortac\u00e9sped de forma segura, incluso en pendientes. La forma de V abierta del manillar con el concepto de funcionamiento desarrollado por AS-Motor alivia la tensi\u00f3n del operador de la m\u00e1quina: la mano izquierda se puede utilizar para regular continuamente la velocidad de 3,0 a 4,5 km\/h durante el trabajo a trav\u00e9s de la palanca Variomatic. La mano derecha dirige y acciona el embrague de la cuchilla, el accionamiento de desplazamiento y el freno de estacionamiento. El manillar giratorio permite que el AS 531 se use c\u00f3modamente a lo largo de las paredes de la casa, cercas, setos o al cortar el c\u00e9sped junto a autom\u00f3viles estacionados. El sistema de amortiguaci\u00f3n de vibraciones VibrationProtect en la barra gu\u00eda reduce las agotadoras vibraciones mano-brazo.<\/p>\n<\/div>\n<\/div>\n<div class=\"acfd-block acfd-block__headline container-fluid px-0 bg-default\">\n<div class=\"acfd-headline\">\n<h2 class=\"h2\" style=\"color: #f18700;\">Una cortadora de c\u00e9sped excepcional<\/h2>\n<\/div>\n<\/div>\n<div class=\"acfd-block acfd-block__text container-fluid px-0 bg-default\">\n<div class=\"acfd-text\">\n<p>La AS 531 E-ProCut B ofrece m\u00e1s al operador profesional. Las caracter\u00edsticas \u00fanicas de la m\u00e1quina incluyen:<\/p>\n<ul>\n<li>Bloqueo autom\u00e1tico del diferencial para una conducci\u00f3n cuesta abajo autoblocante<\/li>\n<li>Freno de estacionamiento autom\u00e1tico<\/li>\n<li>Manillar en V abierto con VibrationProtect<\/li>\n<\/ul>\n<p>Otras caracter\u00edsticas:<\/p>\n<ul>\n<li>Barra mono para vaciar f\u00e1cilmente la cesta de recolecci\u00f3n desde ambos lados<\/li>\n<li>Refrigeraci\u00f3n activa del motor y bater\u00edas externas<\/li>\n<li>El bastidor de acero tubular cuadrado, que absorbe las fuerzas en cada rueda y protege el motor<\/li>\n<li>El eje delantero de acero inoxidable indeformable con amortiguador para cortar el c\u00e9sped a los obst\u00e1culos<\/li>\n<li>El ajuste de altura de corte de una sola rueda<\/li>\n<li>El cojinete de cuchilla separado con cojinete de bolas deslizante y grande directamente sobre la cuchilla<\/li>\n<\/ul>\n<\/div>\n<\/div>\n<div class=\"acfd-block acfd-block__headline container-fluid px-0 bg-default\">\n<div class=\"acfd-headline\">\n<h2 class=\"h2\"><span class=\"electric-product-title d-inline-block\"><span class=\"font-italic\" style=\"color: #f18700;\">ECOSISTEMA EL\u00c9CTRICO<\/span><\/span><\/h2>\n<\/div>\n<\/div>\n<div class=\"acfd-block acfd-block__text container-fluid px-0 bg-default\">\n<div class=\"acfd-text\">\n<p>Ampl\u00ede las capacidades de su aplicaci\u00f3n en todas las direcciones con un ECOSISTEMA completo. Las bater\u00edas el\u00e9ctricas AS-Motor son compatibles con todas las herramientas manuales profesionales de EGO Powertools.<\/p>\n<\/div>\n<\/div>\n<p>&nbsp;<\/p>\n<div>\n<h4 style=\"color: #f18700;\">Una verdadera cortadora de c\u00e9sped profesional con accionamiento por bater\u00eda y funciones inteligentes<\/h4>\n<p>La AS 531 E-ProCut es una cortadora de c\u00e9sped profesional inal\u00e1mbrica absoluta. Como modelo 3 en 1 y equipado con muchos extras, est\u00e1 idealmente equipado para el cuidado exigente del c\u00e9sped. Muestra sus fortalezas en terrenos exigentes. El AS 531 E-ProCut viene con un kit de mulching de serie. Esto se puede montar sin herramientas, dependiendo de los requisitos. Por lo tanto, se puede utilizar puramente como cortadora de mantillo, como cortadora de c\u00e9sped con una bolsa colectora o como cortadora de descarga trasera en hierba m\u00e1s alta. El AS 531 E-ProCut est\u00e1 equipado con el nuevo accionamiento el\u00e9ctrico AS-Motor. El motor el\u00e9ctrico tiene unos incre\u00edbles 3.200 vatios de potencia nominal de dos bater\u00edas de iones de litio de 56V 10 Ah. Con las dos bater\u00edas de mano insertables, lo lleva a una reserva de energ\u00eda de 1.120 Wh. La potencia y el par del motor sin escobillas lo convierten en el l\u00edder actual entre los cortac\u00e9spedes a bater\u00eda. Con sus reservas de energ\u00eda, puede compensar los picos de potencia \u00e0 la \u00abmolehill\u00bb a la velocidad del rayo sin apagarse. Para un alcance m\u00e1ximo, la gran bater\u00eda trasera de 28 Ah se puede conectar adem\u00e1s de las dos bater\u00edas enchufables. Con 2.688 Wh en el \u00abtanque de potencia\u00bb, nada se interpone en el camino de una jornada laboral profesional. Con su monobrazo ubicado en el centro, la bolsa de captura se puede vaciar c\u00f3moda y f\u00e1cilmente desde cualquier lado. La AS 531 E-ProCut MK B es la \u00fanica cortadora de c\u00e9sped profesional de su clase que cuenta con freno de seguridad autom\u00e1tico y bloqueo del diferencial. Tan pronto como se suelta la palanca del embrague de la cuchilla, el freno de estacionamiento se activa y detiene el cortac\u00e9sped de forma segura, incluso en pendientes. La forma de V abierta del manillar con el concepto de funcionamiento desarrollado por AS-Motor alivia la tensi\u00f3n del operador de la m\u00e1quina: la mano izquierda se puede utilizar para regular continuamente la velocidad de 3,0 a 4,5 km\/h durante el trabajo a trav\u00e9s de la palanca Variomatic. La mano derecha dirige y acciona el embrague de la cuchilla, el accionamiento de desplazamiento y el freno de estacionamiento. El manillar giratorio permite que el AS 531 se use c\u00f3modamente a lo largo de las paredes de la casa, cercas, setos o al cortar el c\u00e9sped junto a autom\u00f3viles estacionados. El sistema de amortiguaci\u00f3n de vibraciones VibrationProtect en la barra gu\u00eda reduce las agotadoras vibraciones mano-brazo.<\/p>\n<h4 style=\"color: #f18700;\">Una cortadora de c\u00e9sped excepcional<\/h4>\n<p>La AS 531 E-ProCut B ofrece m\u00e1s al operador profesional. Las caracter\u00edsticas \u00fanicas de la m\u00e1quina incluyen:<\/p>\n<p>Bloqueo autom\u00e1tico del diferencial para una conducci\u00f3n cuesta abajo autoblocante<br \/>\nFreno de estacionamiento autom\u00e1tico<br \/>\nManillar en V abierto con VibrationProtect<\/p>\n<p>Otras caracter\u00edsticas:<\/p>\n<p>Barra mono para vaciar f\u00e1cilmente la cesta de recolecci\u00f3n desde ambos lados<br \/>\nRefrigeraci\u00f3n activa del motor y bater\u00edas externas<br \/>\nEl bastidor de acero tubular cuadrado, que absorbe las fuerzas en cada rueda y protege el motor<br \/>\nEl eje delantero de acero inoxidable indeformable con amortiguador para cortar el c\u00e9sped a los obst\u00e1culos<br \/>\nEl ajuste de altura de corte de una sola rueda<br \/>\nEl cojinete de cuchilla separado con cojinete de bolas deslizante y grande directamente sobre la cuchilla<\/p>\n<h4 style=\"color: #f18700;\">ECOSISTEMA EL\u00c9CTRICO<\/h4>\n<p>Ampl\u00ede las capacidades de su aplicaci\u00f3n en todas las direcciones con un ECOSISTEMA completo. Las bater\u00edas el\u00e9ctricas AS-Motor son compatibles con todas las herramientas manuales profesionales de EGO Powertools.<\/p>\n<div>\n<div style=\"width: 50%; float: left;\">\n<table>\n<tbody>\n<tr>\n<td><img decoding=\"async\" loading=\"lazy\" class=\"alignnone size-full wp-image-1044\" src=\"https:\/\/arroyolorca.es\/wp-content\/uploads\/2023\/04\/Electric_Motor_solo_Perspektive_1_web-1-300x217-1.jpg\" alt=\"\" width=\"300\" height=\"217\" \/><\/td>\n<td><strong style=\"color: #f18700;\">AS-Motor Electric Drive<\/strong>Most powerful Electric drive on the market. 56-volt, 3.200 watt rated power. Two battery slots, active cooling and two operating speeds. Connectivity for additional 1,568 Wh, 28 Ah back battery.<\/td>\n<\/tr>\n<tr>\n<td><img decoding=\"async\" loading=\"lazy\" class=\"alignnone size-full wp-image-1087\" src=\"https:\/\/arroyolorca.es\/wp-content\/uploads\/2023\/04\/AS_531-Mulching-Kit-300x296-1.jpg\" alt=\"\" width=\"300\" height=\"296\" srcset=\"https:\/\/arroyolorca.es\/wp-content\/uploads\/2023\/04\/AS_531-Mulching-Kit-300x296-1.jpg 300w, https:\/\/arroyolorca.es\/wp-content\/uploads\/2023\/04\/AS_531-Mulching-Kit-300x296-1-100x100.jpg 100w\" sizes=\"(max-width: 300px) 100vw, 300px\" \/><\/td>\n<td><strong style=\"color: #f18700;\">3in1 function<\/strong><\/p>\n<p>Factory-equipped with an easy-to-mount mulch kit. Mow with collection bag, rear discharge or mulch.<\/td>\n<\/tr>\n<tr>\n<td><img decoding=\"async\" loading=\"lazy\" class=\"alignnone size-full wp-image-1046\" src=\"https:\/\/arroyolorca.es\/wp-content\/uploads\/2023\/04\/Handakkus_10_Ah_und_Ladegeraet_web-300x227-1.jpg\" alt=\"\" width=\"300\" height=\"227\" \/><\/td>\n<td><strong style=\"color: #f18700;\">Battery+charger<\/strong>Not included in delivery: High-performance Li-ion battery 56 Volt 10 Ah, 560 Wh, back battery 28 Ah, 1,568 Wh and quick charger. Charging time: 10 Ah 100% in 70 min, 28 Ah 100% in 210 min.<\/td>\n<\/tr>\n<tr>\n<td><img decoding=\"async\" loading=\"lazy\" class=\"alignnone size-full wp-image-1088\" src=\"https:\/\/arroyolorca.es\/wp-content\/uploads\/2023\/04\/AS_531-Shock-Absorption-300x225-1.jpg\" alt=\"\" width=\"300\" height=\"225\" \/><\/td>\n<td><strong style=\"color: #f18700;\">Shock absorption of the front axle<\/strong>Shock absorption through spring-steel axle and rubber buffer.<\/td>\n<\/tr>\n<\/tbody>\n<\/table>\n<\/div>\n<div style=\"width: 50%; float: left;\">\n<table>\n<tbody>\n<tr>\n<td style=\"color: #f18700;\">Freno de estacionamiento autom\u00e1tico (AS 531)<\/td>\n<\/tr>\n<tr>\n<td>Cuando se suelta la palanca de accionamiento, el freno de estacionamiento se activa autom\u00e1ticamente y la m\u00e1quina se detiene, ya sea en una pendiente o en un terreno nivelado<\/td>\n<\/tr>\n<tr>\n<td style=\"color: #f18700;\">Diferencial de deslizamiento limitado autom\u00e1tico<\/td>\n<\/tr>\n<tr>\n<td>El diferencial de deslizamiento 100% limitado se activa en la unidad, lo que permite un mejor manejo.<\/td>\n<\/tr>\n<tr>\n<td style=\"color: #f18700;\">Variador<\/td>\n<\/tr>\n<tr>\n<td>El ajuste de velocidad variable permite un rendimiento \u00f3ptimo en todas las condiciones de trabajo.<\/td>\n<\/tr>\n<tr>\n<td style=\"color: #f18700;\">Distribuci\u00f3n del peso<\/td>\n<\/tr>\n<tr>\n<td>Distribuci\u00f3n \u00f3ptima del peso para un manejo ergon\u00f3mico y un trabajo sin fatiga.<\/td>\n<\/tr>\n<tr>\n<td style=\"color: #f18700;\">Monobarra con manillar en V<\/td>\n<\/tr>\n<tr>\n<td>F\u00e1cil vaciado de la canasta de recogida gracias al dise\u00f1o de una sola barra. Manillar en V ergon\u00f3mico, ajustable lateralmente.<\/td>\n<\/tr>\n<\/tbody>\n<\/table>\n<\/div>\n<\/div>\n<\/div>\n<div style=\"text-align: center; margin-top: 150px;\">\n<h2 style=\"color: #f18700;\">Datos t\u00e9cnicos<\/h2>\n<h4 style=\"margin-top: 20px;\">Ancho de corte: 53 cm<\/h4>\n<h4 style=\"margin-top: 20px;\">Altura m\u00e1xima de la hierba: 30 cm<\/h4>\n<h4 style=\"margin-top: 20px;\">Fabricante de motores: AS-Motor<\/h4>\n<h4 style=\"margin-top: 20px;\">Designaci\u00f3n del motor: AS-Motor Electric<\/h4>\n<h4 style=\"margin-top: 20px;\">Potencia nominal: 3,2\/- kW (hp)<\/h4>\n<h4 style=\"margin-top: 20px;\">Velocidad nominal: 2800 rpm<\/h4>\n<h4 style=\"margin-top: 20px;\">Tracci\u00f3n trasera<\/h4>\n<h4 style=\"margin-top: 20px;\">N\u00famero de engranajes: Vario<\/h4>\n<h4 style=\"margin-top: 20px;\">Max. velocidad: 4,5 km\/h<\/h4>\n<h4 style=\"margin-top: 20px;\">Freno de estacionamiento autom\u00e1tico<\/h4>\n<h4 style=\"margin-top: 20px;\">Diferencial de deslizamiento limitado<\/h4>\n<h4 style=\"margin-top: 20px;\">Freno<\/h4>\n<h4 style=\"margin-top: 20px;\">Funci\u00f3n de mantillo, est\u00e1ndar<\/h4>\n<h4 style=\"margin-top: 20px;\">Altura de corte: 30 &#8211; 80 mm<\/h4>\n<h4 style=\"margin-top: 20px;\">Ajuste de altura de corte por rueda<\/h4>\n<h4 style=\"margin-top: 20px;\">Ajuste de altura de corte, n\u00famero de niveles: 6<\/h4>\n<h4 style=\"margin-top: 20px;\">Dimensi\u00f3n L \/ W \/ H: 164x59x99 cm<\/h4>\n<h4 style=\"margin-top: 20px;\">Peso: 54 kg<\/h4>\n<h4 style=\"margin-top: 20px;\">Schalldruckpegel am Bedienplatz: 82,1 dB<\/h4>\n<h4 style=\"margin-top: 20px;\">Hand-Arm-Schwingung: 1,4 m\/s\u00b2<\/h4>\n<\/div>\n","protected":false},"excerpt":{"rendered":"<p>Una verdadera cortadora de c\u00e9sped profesional con accionamiento por bater\u00eda y funciones inteligentes La AS 531 E-ProCut es una cortadora de c\u00e9sped profesional inal\u00e1mbrica absoluta. Como modelo 3 en 1 y equipado con muchos extras, est\u00e1 idealmente equipado para el cuidado exigente del c\u00e9sped. Muestra sus fortalezas en terrenos exigentes. El AS 531 E-ProCut viene [&hellip;]<\/p>\n","protected":false},"featured_media":1082,"comment_status":"open","ping_status":"closed","template":"","meta":{"ocean_front_end_style_editor":"no","ocean_post_layout":"","ocean_both_sidebars_style":"","ocean_both_sidebars_content_width":0,"ocean_both_sidebars_sidebars_width":0,"ocean_sidebar":"0","ocean_second_sidebar":"0","ocean_disable_margins":"enable","ocean_add_body_class":"","ocean_shortcode_before_top_bar":"","ocean_shortcode_after_top_bar":"","ocean_shortcode_before_header":"","ocean_shortcode_after_header":"","ocean_has_shortcode":"","ocean_shortcode_after_title":"","ocean_shortcode_before_footer_widgets":"","ocean_shortcode_after_footer_widgets":"","ocean_shortcode_before_footer_bottom":"","ocean_shortcode_after_footer_bottom":"","ocean_display_top_bar":"default","ocean_display_header":"default","ocean_header_style":"","ocean_center_header_left_menu":"0","ocean_custom_header_template":"0","ocean_custom_logo":0,"ocean_custom_retina_logo":0,"ocean_custom_logo_max_width":0,"ocean_custom_logo_tablet_max_width":0,"ocean_custom_logo_mobile_max_width":0,"ocean_custom_logo_max_height":0,"ocean_custom_logo_tablet_max_height":0,"ocean_custom_logo_mobile_max_height":0,"ocean_header_custom_menu":"0","ocean_menu_typo_font_family":"0","ocean_menu_typo_font_subset":"","ocean_menu_typo_font_size":0,"ocean_menu_typo_font_size_tablet":0,"ocean_menu_typo_font_size_mobile":0,"ocean_menu_typo_font_size_unit":"px","ocean_menu_typo_font_weight":"","ocean_menu_typo_font_weight_tablet":"","ocean_menu_typo_font_weight_mobile":"","ocean_menu_typo_transform":"","ocean_menu_typo_transform_tablet":"","ocean_menu_typo_transform_mobile":"","ocean_menu_typo_line_height":0,"ocean_menu_typo_line_height_tablet":0,"ocean_menu_typo_line_height_mobile":0,"ocean_menu_typo_line_height_unit":"","ocean_menu_typo_spacing":0,"ocean_menu_typo_spacing_tablet":0,"ocean_menu_typo_spacing_mobile":0,"ocean_menu_typo_spacing_unit":"","ocean_menu_link_color":"","ocean_menu_link_color_hover":"","ocean_menu_link_color_active":"","ocean_menu_link_background":"","ocean_menu_link_hover_background":"","ocean_menu_link_active_background":"","ocean_menu_social_links_bg":"","ocean_menu_social_hover_links_bg":"","ocean_menu_social_links_color":"","ocean_menu_social_hover_links_color":"","ocean_disable_title":"default","ocean_disable_heading":"default","ocean_post_title":"","ocean_post_subheading":"","ocean_post_title_style":"","ocean_post_title_background_color":"","ocean_post_title_background":0,"ocean_post_title_bg_image_position":"","ocean_post_title_bg_image_attachment":"","ocean_post_title_bg_image_repeat":"","ocean_post_title_bg_image_size":"","ocean_post_title_height":0,"ocean_post_title_bg_overlay":0.5,"ocean_post_title_bg_overlay_color":"","ocean_disable_breadcrumbs":"default","ocean_breadcrumbs_color":"","ocean_breadcrumbs_separator_color":"","ocean_breadcrumbs_links_color":"","ocean_breadcrumbs_links_hover_color":"","ocean_display_footer_widgets":"default","ocean_display_footer_bottom":"default","ocean_custom_footer_template":"0"},"product_cat":[125,80,40,130],"product_tag":[124,60,83],"yoast_head":"<!-- This site is optimized with the Yoast SEO plugin v21.2 - https:\/\/yoast.com\/wordpress\/plugins\/seo\/ -->\n<title>AS 531 EProCut B - ArroyoLorca<\/title>\n<meta name=\"robots\" content=\"index, follow, max-snippet:-1, max-image-preview:large, max-video-preview:-1\" \/>\n<link rel=\"canonical\" href=\"https:\/\/arroyolorca.es\/index.php\/product\/as-531-eprocut-b\/\" \/>\n<meta property=\"og:locale\" content=\"es_ES\" \/>\n<meta property=\"og:type\" content=\"article\" \/>\n<meta property=\"og:title\" content=\"AS 531 EProCut B - ArroyoLorca\" \/>\n<meta property=\"og:description\" content=\"Una verdadera cortadora de c\u00e9sped profesional con accionamiento por bater\u00eda y funciones inteligentes La AS 531 E-ProCut es una cortadora de c\u00e9sped profesional inal\u00e1mbrica absoluta. Como modelo 3 en 1 y equipado con muchos extras, est\u00e1 idealmente equipado para el cuidado exigente del c\u00e9sped. Muestra sus fortalezas en terrenos exigentes. El AS 531 E-ProCut viene [&hellip;]\" \/>\n<meta property=\"og:url\" content=\"https:\/\/arroyolorca.es\/index.php\/product\/as-531-eprocut-b\/\" \/>\n<meta property=\"og:site_name\" content=\"ArroyoLorca\" \/>\n<meta property=\"article:modified_time\" content=\"2023-11-01T09:04:11+00:00\" \/>\n<meta property=\"og:image\" content=\"https:\/\/arroyolorca.es\/wp-content\/uploads\/2023\/04\/as-531.jpg\" \/>\n\t<meta property=\"og:image:width\" content=\"945\" \/>\n\t<meta property=\"og:image:height\" content=\"630\" \/>\n\t<meta property=\"og:image:type\" content=\"image\/jpeg\" \/>\n<meta name=\"twitter:card\" content=\"summary_large_image\" \/>\n<meta name=\"twitter:label1\" content=\"Tiempo de lectura\" \/>\n\t<meta name=\"twitter:data1\" content=\"8 minutos\" \/>\n<script type=\"application\/ld+json\" class=\"yoast-schema-graph\">{\"@context\":\"https:\/\/schema.org\",\"@graph\":[{\"@type\":\"WebPage\",\"@id\":\"https:\/\/arroyolorca.es\/index.php\/product\/as-531-eprocut-b\/\",\"url\":\"https:\/\/arroyolorca.es\/index.php\/product\/as-531-eprocut-b\/\",\"name\":\"AS 531 EProCut B - ArroyoLorca\",\"isPartOf\":{\"@id\":\"https:\/\/arroyolorca.es\/#website\"},\"datePublished\":\"2023-04-19T09:13:59+00:00\",\"dateModified\":\"2023-11-01T09:04:11+00:00\",\"breadcrumb\":{\"@id\":\"https:\/\/arroyolorca.es\/index.php\/product\/as-531-eprocut-b\/#breadcrumb\"},\"inLanguage\":\"es\",\"potentialAction\":[{\"@type\":\"ReadAction\",\"target\":[\"https:\/\/arroyolorca.es\/index.php\/product\/as-531-eprocut-b\/\"]}]},{\"@type\":\"BreadcrumbList\",\"@id\":\"https:\/\/arroyolorca.es\/index.php\/product\/as-531-eprocut-b\/#breadcrumb\",\"itemListElement\":[{\"@type\":\"ListItem\",\"position\":1,\"name\":\"Home\",\"item\":\"https:\/\/arroyolorca.es\/\"},{\"@type\":\"ListItem\",\"position\":2,\"name\":\"Shop\",\"item\":\"https:\/\/arroyolorca.es\/index.php\/shop\/\"},{\"@type\":\"ListItem\",\"position\":3,\"name\":\"AS 531 EProCut B\"}]},{\"@type\":\"WebSite\",\"@id\":\"https:\/\/arroyolorca.es\/#website\",\"url\":\"https:\/\/arroyolorca.es\/\",\"name\":\"ArroyoLorca\",\"description\":\"Maquimaria Agr\u00edcola, Jardines y trabajos forestales\",\"publisher\":{\"@id\":\"https:\/\/arroyolorca.es\/#organization\"},\"potentialAction\":[{\"@type\":\"SearchAction\",\"target\":{\"@type\":\"EntryPoint\",\"urlTemplate\":\"https:\/\/arroyolorca.es\/?s={search_term_string}\"},\"query-input\":\"required name=search_term_string\"}],\"inLanguage\":\"es\"},{\"@type\":\"Organization\",\"@id\":\"https:\/\/arroyolorca.es\/#organization\",\"name\":\"ArroyoLorca\",\"url\":\"https:\/\/arroyolorca.es\/\",\"logo\":{\"@type\":\"ImageObject\",\"inLanguage\":\"es\",\"@id\":\"https:\/\/arroyolorca.es\/#\/schema\/logo\/image\/\",\"url\":\"https:\/\/arroyolorca.es\/wp-content\/uploads\/2023\/04\/logo_cabecera-1.png\",\"contentUrl\":\"https:\/\/arroyolorca.es\/wp-content\/uploads\/2023\/04\/logo_cabecera-1.png\",\"width\":450,\"height\":119,\"caption\":\"ArroyoLorca\"},\"image\":{\"@id\":\"https:\/\/arroyolorca.es\/#\/schema\/logo\/image\/\"}}]}<\/script>\n<!-- \/ Yoast SEO plugin. -->","yoast_head_json":{"title":"AS 531 EProCut B - ArroyoLorca","robots":{"index":"index","follow":"follow","max-snippet":"max-snippet:-1","max-image-preview":"max-image-preview:large","max-video-preview":"max-video-preview:-1"},"canonical":"https:\/\/arroyolorca.es\/index.php\/product\/as-531-eprocut-b\/","og_locale":"es_ES","og_type":"article","og_title":"AS 531 EProCut B - ArroyoLorca","og_description":"Una verdadera cortadora de c\u00e9sped profesional con accionamiento por bater\u00eda y funciones inteligentes La AS 531 E-ProCut es una cortadora de c\u00e9sped profesional inal\u00e1mbrica absoluta. Como modelo 3 en 1 y equipado con muchos extras, est\u00e1 idealmente equipado para el cuidado exigente del c\u00e9sped. Muestra sus fortalezas en terrenos exigentes. El AS 531 E-ProCut viene [&hellip;]","og_url":"https:\/\/arroyolorca.es\/index.php\/product\/as-531-eprocut-b\/","og_site_name":"ArroyoLorca","article_modified_time":"2023-11-01T09:04:11+00:00","og_image":[{"width":945,"height":630,"url":"https:\/\/arroyolorca.es\/wp-content\/uploads\/2023\/04\/as-531.jpg","type":"image\/jpeg"}],"twitter_card":"summary_large_image","twitter_misc":{"Tiempo de lectura":"8 minutos"},"schema":{"@context":"https:\/\/schema.org","@graph":[{"@type":"WebPage","@id":"https:\/\/arroyolorca.es\/index.php\/product\/as-531-eprocut-b\/","url":"https:\/\/arroyolorca.es\/index.php\/product\/as-531-eprocut-b\/","name":"AS 531 EProCut B - ArroyoLorca","isPartOf":{"@id":"https:\/\/arroyolorca.es\/#website"},"datePublished":"2023-04-19T09:13:59+00:00","dateModified":"2023-11-01T09:04:11+00:00","breadcrumb":{"@id":"https:\/\/arroyolorca.es\/index.php\/product\/as-531-eprocut-b\/#breadcrumb"},"inLanguage":"es","potentialAction":[{"@type":"ReadAction","target":["https:\/\/arroyolorca.es\/index.php\/product\/as-531-eprocut-b\/"]}]},{"@type":"BreadcrumbList","@id":"https:\/\/arroyolorca.es\/index.php\/product\/as-531-eprocut-b\/#breadcrumb","itemListElement":[{"@type":"ListItem","position":1,"name":"Home","item":"https:\/\/arroyolorca.es\/"},{"@type":"ListItem","position":2,"name":"Shop","item":"https:\/\/arroyolorca.es\/index.php\/shop\/"},{"@type":"ListItem","position":3,"name":"AS 531 EProCut B"}]},{"@type":"WebSite","@id":"https:\/\/arroyolorca.es\/#website","url":"https:\/\/arroyolorca.es\/","name":"ArroyoLorca","description":"Maquimaria Agr\u00edcola, Jardines y trabajos forestales","publisher":{"@id":"https:\/\/arroyolorca.es\/#organization"},"potentialAction":[{"@type":"SearchAction","target":{"@type":"EntryPoint","urlTemplate":"https:\/\/arroyolorca.es\/?s={search_term_string}"},"query-input":"required name=search_term_string"}],"inLanguage":"es"},{"@type":"Organization","@id":"https:\/\/arroyolorca.es\/#organization","name":"ArroyoLorca","url":"https:\/\/arroyolorca.es\/","logo":{"@type":"ImageObject","inLanguage":"es","@id":"https:\/\/arroyolorca.es\/#\/schema\/logo\/image\/","url":"https:\/\/arroyolorca.es\/wp-content\/uploads\/2023\/04\/logo_cabecera-1.png","contentUrl":"https:\/\/arroyolorca.es\/wp-content\/uploads\/2023\/04\/logo_cabecera-1.png","width":450,"height":119,"caption":"ArroyoLorca"},"image":{"@id":"https:\/\/arroyolorca.es\/#\/schema\/logo\/image\/"}}]}},"_links":{"self":[{"href":"https:\/\/arroyolorca.es\/index.php\/wp-json\/wp\/v2\/product\/1081"}],"collection":[{"href":"https:\/\/arroyolorca.es\/index.php\/wp-json\/wp\/v2\/product"}],"about":[{"href":"https:\/\/arroyolorca.es\/index.php\/wp-json\/wp\/v2\/types\/product"}],"replies":[{"embeddable":true,"href":"https:\/\/arroyolorca.es\/index.php\/wp-json\/wp\/v2\/comments?post=1081"}],"wp:featuredmedia":[{"embeddable":true,"href":"https:\/\/arroyolorca.es\/index.php\/wp-json\/wp\/v2\/media\/1082"}],"wp:attachment":[{"href":"https:\/\/arroyolorca.es\/index.php\/wp-json\/wp\/v2\/media?parent=1081"}],"wp:term":[{"taxonomy":"product_cat","embeddable":true,"href":"https:\/\/arroyolorca.es\/index.php\/wp-json\/wp\/v2\/product_cat?post=1081"},{"taxonomy":"product_tag","embeddable":true,"href":"https:\/\/arroyolorca.es\/index.php\/wp-json\/wp\/v2\/product_tag?post=1081"}],"curies":[{"name":"wp","href":"https:\/\/api.w.org\/{rel}","templated":true}]}}