{"id":1093,"date":"2023-04-19T15:30:12","date_gmt":"2023-04-19T14:30:12","guid":{"rendered":"https:\/\/arroyolorca.es\/?post_type=product&#038;p=1093"},"modified":"2023-11-01T10:04:10","modified_gmt":"2023-11-01T09:04:10","slug":"as-531-4t-mk","status":"publish","type":"product","link":"https:\/\/arroyolorca.es\/index.php\/product\/as-531-4t-mk\/","title":{"rendered":"AS 531 4T MK"},"content":{"rendered":"<div class=\"col-lg-8 mb-4\">\n<div class=\"acfd-block acfd-block__headline container-fluid px-0\">\n<div class=\"acfd-headline\">\n<h2 class=\"h2\" style=\"color: #f18700;\">Cortac\u00e9sped profesional con bolsa de recogida y caracter\u00edsticas de seguridad adicionales<\/h2>\n<\/div>\n<\/div>\n<div class=\"acfd-block acfd-block__text container-fluid px-0\">\n<div class=\"acfd-text\">\n<p>Un profesional absoluto.\u00a0 La AS 531 4T MK B es un cortac\u00e9sped 3 en 1 equipado con muchos extras e ideal para el cuidado y mantenimiento de \u00e1reas verdes exigentes c\u00f3mo terrenos en pendiente y espacios confinados.\u00a0 Puede montarse y desmontarse un kit de mulching sin herramientas, una caracter\u00edstica que ahora viene como equipo est\u00e1ndar.\u00a0 Por tanto, el AS 531 4T MK B funciona como un cortac\u00e9sped de mulching o como cortac\u00e9sped normal, con o sin una bolsa de recogida.\u00a0 Un motor Kawasaki ofrece hasta 5,5 CV, haciendo del AS 531 4T MK B una opci\u00f3n ideal para usuarios profesionales.<br \/>\nLa bolsa de recogida de hierba tiene 75 litros de capacidad y un indicador de nivel de llenado, con la barra dispuesta en el medio para que pueda vaciarse f\u00e1cilmente.<br \/>\nEl AS 531 4T MK B es la \u00fanica m\u00e1quina de su clase con freno de seguridad y diferencial de deslizamiento limitado.\u00a0 El freno de estacionamiento se activa en cuanto se suelta la palanca del embrague de la cuchilla y el cortac\u00e9sped se detiene, independientemente del \u00e1ngulo de la pendiente.<\/p>\n<p>&nbsp;<\/p>\n<p><strong>Esta funci\u00f3n maximiza la seguridad del usuario.\u00a0<\/strong><\/p>\n<p>El cortac\u00e9sped se maneja f\u00e1cilmente con un manillar abierto en forma de V desarrollado por AS-Motor: la mano izquierda regula la velocidad de 3,0-4,5 km\/h mientras la m\u00e1quina est\u00e1 en movimiento.\u00a0 La mano derecha dirige y activa el embrague de la cuchilla, la transmisi\u00f3n de tracci\u00f3n y el freno de estacionamiento.\u00a0 El embrague de la cuchilla permite detener la cuchilla sin apagar y volver a arrancar el motor, por ejemplo, al vaciar la bolsa de recogida.\u00a0 Un manillar pivotante permite que el AS 531 4T MK B se use c\u00f3modamente a lo largo de las paredes de la casa y los arbustos, o al cortar c\u00e9sped junto a autom\u00f3viles estacionados.\u00a0 El manillar tiene soporte de goma y amortiguaci\u00f3n de vibraciones VibrationProtect que reduce al m\u00ednimo la vibraci\u00f3n de la mano-brazo.\u00a0 Adem\u00e1s, la distribuci\u00f3n \u00f3ptima del peso garantiza un manejo ergon\u00f3mico y un trabajo sin fatiga.<\/p>\n<\/div>\n<\/div>\n<\/div>\n<div class=\"acfd-headline\">\n<h2 class=\"h1 mb-3 text-color-brand\" style=\"text-align: center; color: #f18700;\">Ventajas<\/h2>\n<\/div>\n<div class=\"acfd-product-advantages\">\n<div class=\"mb-4\" style=\"text-align: center; color: #f18700;\"><span class=\"d-block h5 text-color-brand mb-1\">Diferencial de deslizamiento limitado autom\u00e1tico<\/span><\/div>\n<div class=\"mb-4\" style=\"text-align: center;\">\n<p>El diferencial de deslizamiento 100% limitado se activa en la unidad, lo que permite un mejor manejo.<\/p>\n<\/div>\n<\/div>\n<div class=\"acfd-product-advantages\">\n<div class=\"mb-4\" style=\"text-align: center; color: #f18700;\"><span class=\"d-block h5 text-color-brand mb-1\">Concepto de operaci\u00f3n simple<\/span><\/div>\n<div class=\"mb-4\" style=\"text-align: center;\">\n<p>Funcionamiento del freno de estacionamiento, acoplamiento de la cuchilla, diferencial de deslizamiento limitado, funci\u00f3n de accionamiento, adaptaci\u00f3n de la velocidad, todo con solo tres palancas.<\/p>\n<\/div>\n<\/div>\n<div class=\"acfd-product-advantages\">\n<div class=\"mb-4\" style=\"text-align: center; color: #f18700;\"><span class=\"d-block h5 text-color-brand mb-1\">Variador<\/span><\/div>\n<div class=\"mb-4\" style=\"text-align: center;\">\n<p>El ajuste de velocidad variable permite un rendimiento \u00f3ptimo en todas las condiciones de trabajo.<\/p>\n<\/div>\n<\/div>\n<div class=\"acfd-product-advantages\">\n<div class=\"mb-4\" style=\"text-align: center; color: #f18700;\">\n<p><span class=\"d-block h5 text-color-brand mb-1\">Distribuci\u00f3n del peso<\/span><\/p>\n<\/div>\n<p style=\"text-align: center;\">Funcionamiento del freno de estacionamiento, acoplamiento de la cuchilla, diferencial de deslizamiento limitado, funci\u00f3n de accionamiento, adaptaci\u00f3n de la velocidad, todo con solo tres palancas.<\/p>\n<\/div>\n<div class=\"acfd-product-advantages\">\n<div class=\"mb-4\" style=\"text-align: center;\">\n<p><span class=\"d-block h5 text-color-brand mb-1\" style=\"color: #f18700;\"><span class=\"d-block h5 text-color-brand mb-1\">Monobarra con manillar en V<\/span><\/span><\/p>\n<p>F\u00e1cil vaciado de la canasta de recogida gracias al dise\u00f1o de una sola barra. Manillar en V ergon\u00f3mico, ajustable lateralmente.<\/p>\n<\/div>\n<\/div>\n<div class=\"acfd-product-advantages\">\n<div class=\"mb-4\" style=\"text-align: center;\"><\/div>\n<\/div>\n<div class=\"acfd-product-advantages\">\n<div class=\"mb-4\" style=\"text-align: center;\">\n<p>&nbsp;<\/p>\n<p>&nbsp;<\/p>\n<table style=\"margin: auto;\">\n<tbody>\n<tr>\n<td><img decoding=\"async\" loading=\"lazy\" class=\"alignnone size-full wp-image-1087\" src=\"https:\/\/arroyolorca.es\/wp-content\/uploads\/2023\/04\/AS_531-Mulching-Kit-300x296-1.jpg\" alt=\"\" width=\"300\" height=\"296\" srcset=\"https:\/\/arroyolorca.es\/wp-content\/uploads\/2023\/04\/AS_531-Mulching-Kit-300x296-1.jpg 300w, https:\/\/arroyolorca.es\/wp-content\/uploads\/2023\/04\/AS_531-Mulching-Kit-300x296-1-100x100.jpg 100w\" sizes=\"(max-width: 300px) 100vw, 300px\" \/><\/td>\n<td><strong style=\"color: #f18700;\">Funci\u00f3n 3 en 1<\/strong><\/p>\n<p>Equipado de f\u00e1brica con un kit de mulching f\u00e1cil de montar. Corte con bolsa de recogida, descarga trasera o mulching<\/td>\n<\/tr>\n<tr>\n<td><img decoding=\"async\" loading=\"lazy\" class=\"alignnone size-full wp-image-1088\" src=\"https:\/\/arroyolorca.es\/wp-content\/uploads\/2023\/04\/AS_531-Shock-Absorption-300x225-1.jpg\" alt=\"\" width=\"300\" height=\"225\" \/><\/td>\n<td><strong style=\"color: #f18700;\">Amortiguaci\u00f3n del eje delantero<\/strong><\/p>\n<p>Amortiguaci\u00f3n a trav\u00e9s del eje de resorte de acero y amortiguador de goma<\/td>\n<\/tr>\n<tr>\n<td><img decoding=\"async\" loading=\"lazy\" class=\"alignnone size-full wp-image-1090\" src=\"https:\/\/arroyolorca.es\/wp-content\/uploads\/2023\/04\/AS_531-Vibration-Protect-300x200-1.jpg\" alt=\"\" width=\"300\" height=\"200\" \/><\/td>\n<td><strong style=\"color: #f18700;\">Amortiguaci\u00f3n de la vibraci\u00f3n<\/strong><\/p>\n<p>VibrationProtect y el manillar en V con soporte de goma reducen la vibraci\u00f3n al m\u00ednimo<\/td>\n<\/tr>\n<tr>\n<td><img decoding=\"async\" loading=\"lazy\" class=\"alignnone size-full wp-image-1047\" src=\"https:\/\/arroyolorca.es\/wp-content\/uploads\/2023\/04\/AS_510_420_470-slim-front-wheels-300x224-1.jpg\" alt=\"\" width=\"300\" height=\"224\" \/><\/td>\n<td><strong style=\"color: #f18700;\">Ruedas delanteras especiales<\/strong><\/p>\n<p>Unas ruedas dobles con doble cojinete y funcionamiento suave presionan muy poca hierba<\/td>\n<\/tr>\n<\/tbody>\n<\/table>\n<\/div>\n<\/div>\n<div style=\"text-align: center; margin-top: 50px;\">\n<h4 style=\"color: #f18700;\">Datos T\u00e9cnicos<\/h4>\n<table style=\"margin: auto;\">\n<tbody>\n<tr>\n<td style=\"background-color: #bcbcbc;\">Ancho de corte:<\/td>\n<td style=\"background-color: #bcbcbc;\">53 cm<\/td>\n<td>Freno de estacionamiento autom\u00e1tico<\/td>\n<td><\/td>\n<\/tr>\n<tr>\n<td>Altura m\u00e1xima de la hierba:<\/td>\n<td>30 cm<\/td>\n<td style=\"background-color: #bcbcbc;\">Diferencial de deslizamiento limitado<\/td>\n<td style=\"background-color: #bcbcbc;\"><\/td>\n<\/tr>\n<tr>\n<td style=\"background-color: #bcbcbc;\">Fabricante de motores:<\/td>\n<td style=\"background-color: #bcbcbc;\">\u00a0<span class=\"value\"> Kawasaki <\/span><\/td>\n<td>Freno<\/td>\n<td><\/td>\n<\/tr>\n<tr>\n<td>Designaci\u00f3n del motor:<\/td>\n<td><span class=\"value\">FJ180V KAI <\/span><\/td>\n<td style=\"background-color: #bcbcbc;\">Embrague de la cuchilla<\/td>\n<td style=\"background-color: #bcbcbc;\"><\/td>\n<\/tr>\n<tr>\n<td style=\"background-color: #bcbcbc;\">Motor, 4 tiempos<\/td>\n<td style=\"background-color: #bcbcbc;\"><\/td>\n<td>Funci\u00f3n de mantillo, est\u00e1ndar<\/td>\n<td><\/td>\n<\/tr>\n<tr>\n<td>Potencia m\u00e1xima:<\/td>\n<td><span class=\"value\">3,4\/4,6 <span class=\"unit\">kW (hp)<\/span><\/span><\/td>\n<td style=\"background-color: #bcbcbc;\">Altura de corte:<\/td>\n<td style=\"background-color: #bcbcbc;\">30 &#8211; 80 mm<\/td>\n<\/tr>\n<tr>\n<td style=\"background-color: #bcbcbc;\">Velocidad nominal:<\/td>\n<td style=\"background-color: #bcbcbc;\">2800 rpm<\/td>\n<td>Ajuste de altura de corte por rueda<\/td>\n<td><\/td>\n<\/tr>\n<tr>\n<td>Capacidad del tanque:<\/td>\n<td>3 l<\/td>\n<td style=\"background-color: #bcbcbc;\">Ajuste de altura de corte, n\u00famero de niveles.<\/td>\n<td style=\"background-color: #bcbcbc;\">6<\/td>\n<\/tr>\n<tr>\n<td style=\"background-color: #bcbcbc;\">Tracci\u00f3n trasera<\/td>\n<td style=\"background-color: #bcbcbc;\"><\/td>\n<td>Dimensi\u00f3n L \/ W \/ H:<\/td>\n<td>\u00a0<span class=\"value\"> 164x59x99 <span class=\"unit\">cm<\/span> <\/span><\/td>\n<\/tr>\n<tr>\n<td>N\u00famero de engranajes:<\/td>\n<td>Vario<\/td>\n<td style=\"background-color: #bcbcbc;\">Peso<\/td>\n<td style=\"background-color: #bcbcbc;\">60 kg<\/td>\n<\/tr>\n<tr>\n<td style=\"background-color: #bcbcbc;\">Max. velocidad:<\/td>\n<td style=\"background-color: #bcbcbc;\">4,5 km\/h<\/td>\n<td>Potencia nominal<\/td>\n<td><span class=\"value\"> 2,9\/4,0 <span class=\"unit\">kW (hp)<\/span> <\/span><\/td>\n<\/tr>\n<\/tbody>\n<\/table>\n<\/div>\n","protected":false},"excerpt":{"rendered":"<p>Cortac\u00e9sped profesional con bolsa de recogida y caracter\u00edsticas de seguridad adicionales Un profesional absoluto.\u00a0 La AS 531 4T MK B es un cortac\u00e9sped 3 en 1 equipado con muchos extras e ideal para el cuidado y mantenimiento de \u00e1reas verdes exigentes c\u00f3mo terrenos en pendiente y espacios confinados.\u00a0 Puede montarse y desmontarse un kit de [&hellip;]<\/p>\n","protected":false},"featured_media":1094,"comment_status":"open","ping_status":"closed","template":"","meta":{"ocean_front_end_style_editor":"no","ocean_post_layout":"","ocean_both_sidebars_style":"","ocean_both_sidebars_content_width":0,"ocean_both_sidebars_sidebars_width":0,"ocean_sidebar":"0","ocean_second_sidebar":"0","ocean_disable_margins":"enable","ocean_add_body_class":"","ocean_shortcode_before_top_bar":"","ocean_shortcode_after_top_bar":"","ocean_shortcode_before_header":"","ocean_shortcode_after_header":"","ocean_has_shortcode":"","ocean_shortcode_after_title":"","ocean_shortcode_before_footer_widgets":"","ocean_shortcode_after_footer_widgets":"","ocean_shortcode_before_footer_bottom":"","ocean_shortcode_after_footer_bottom":"","ocean_display_top_bar":"default","ocean_display_header":"default","ocean_header_style":"","ocean_center_header_left_menu":"0","ocean_custom_header_template":"0","ocean_custom_logo":0,"ocean_custom_retina_logo":0,"ocean_custom_logo_max_width":0,"ocean_custom_logo_tablet_max_width":0,"ocean_custom_logo_mobile_max_width":0,"ocean_custom_logo_max_height":0,"ocean_custom_logo_tablet_max_height":0,"ocean_custom_logo_mobile_max_height":0,"ocean_header_custom_menu":"0","ocean_menu_typo_font_family":"0","ocean_menu_typo_font_subset":"","ocean_menu_typo_font_size":0,"ocean_menu_typo_font_size_tablet":0,"ocean_menu_typo_font_size_mobile":0,"ocean_menu_typo_font_size_unit":"px","ocean_menu_typo_font_weight":"","ocean_menu_typo_font_weight_tablet":"","ocean_menu_typo_font_weight_mobile":"","ocean_menu_typo_transform":"","ocean_menu_typo_transform_tablet":"","ocean_menu_typo_transform_mobile":"","ocean_menu_typo_line_height":0,"ocean_menu_typo_line_height_tablet":0,"ocean_menu_typo_line_height_mobile":0,"ocean_menu_typo_line_height_unit":"","ocean_menu_typo_spacing":0,"ocean_menu_typo_spacing_tablet":0,"ocean_menu_typo_spacing_mobile":0,"ocean_menu_typo_spacing_unit":"","ocean_menu_link_color":"","ocean_menu_link_color_hover":"","ocean_menu_link_color_active":"","ocean_menu_link_background":"","ocean_menu_link_hover_background":"","ocean_menu_link_active_background":"","ocean_menu_social_links_bg":"","ocean_menu_social_hover_links_bg":"","ocean_menu_social_links_color":"","ocean_menu_social_hover_links_color":"","ocean_disable_title":"default","ocean_disable_heading":"default","ocean_post_title":"","ocean_post_subheading":"","ocean_post_title_style":"","ocean_post_title_background_color":"","ocean_post_title_background":0,"ocean_post_title_bg_image_position":"","ocean_post_title_bg_image_attachment":"","ocean_post_title_bg_image_repeat":"","ocean_post_title_bg_image_size":"","ocean_post_title_height":0,"ocean_post_title_bg_overlay":0.5,"ocean_post_title_bg_overlay_color":"","ocean_disable_breadcrumbs":"default","ocean_breadcrumbs_color":"","ocean_breadcrumbs_separator_color":"","ocean_breadcrumbs_links_color":"","ocean_breadcrumbs_links_hover_color":"","ocean_display_footer_widgets":"default","ocean_display_footer_bottom":"default","ocean_custom_footer_template":"0"},"product_cat":[125,40,130],"product_tag":[124,53,83],"yoast_head":"<!-- This site is optimized with the Yoast SEO plugin v21.2 - https:\/\/yoast.com\/wordpress\/plugins\/seo\/ -->\n<title>AS 531 4T MK - ArroyoLorca<\/title>\n<meta name=\"robots\" content=\"index, follow, max-snippet:-1, max-image-preview:large, max-video-preview:-1\" \/>\n<link rel=\"canonical\" href=\"https:\/\/arroyolorca.es\/index.php\/product\/as-531-4t-mk\/\" \/>\n<meta property=\"og:locale\" content=\"es_ES\" \/>\n<meta property=\"og:type\" content=\"article\" \/>\n<meta property=\"og:title\" content=\"AS 531 4T MK - ArroyoLorca\" \/>\n<meta property=\"og:description\" content=\"Cortac\u00e9sped profesional con bolsa de recogida y caracter\u00edsticas de seguridad adicionales Un profesional absoluto.\u00a0 La AS 531 4T MK B es un cortac\u00e9sped 3 en 1 equipado con muchos extras e ideal para el cuidado y mantenimiento de \u00e1reas verdes exigentes c\u00f3mo terrenos en pendiente y espacios confinados.\u00a0 Puede montarse y desmontarse un kit de [&hellip;]\" \/>\n<meta property=\"og:url\" content=\"https:\/\/arroyolorca.es\/index.php\/product\/as-531-4t-mk\/\" \/>\n<meta property=\"og:site_name\" content=\"ArroyoLorca\" \/>\n<meta property=\"article:modified_time\" content=\"2023-11-01T09:04:10+00:00\" \/>\n<meta property=\"og:image\" content=\"https:\/\/arroyolorca.es\/wp-content\/uploads\/2023\/04\/AS-Motor_AS-531-4T-MK_studio_web-768x480-1.png\" \/>\n\t<meta property=\"og:image:width\" content=\"768\" \/>\n\t<meta property=\"og:image:height\" content=\"480\" \/>\n\t<meta property=\"og:image:type\" content=\"image\/png\" \/>\n<meta name=\"twitter:card\" content=\"summary_large_image\" \/>\n<meta name=\"twitter:label1\" content=\"Tiempo de lectura\" \/>\n\t<meta name=\"twitter:data1\" content=\"4 minutos\" \/>\n<script type=\"application\/ld+json\" class=\"yoast-schema-graph\">{\"@context\":\"https:\/\/schema.org\",\"@graph\":[{\"@type\":\"WebPage\",\"@id\":\"https:\/\/arroyolorca.es\/index.php\/product\/as-531-4t-mk\/\",\"url\":\"https:\/\/arroyolorca.es\/index.php\/product\/as-531-4t-mk\/\",\"name\":\"AS 531 4T MK - ArroyoLorca\",\"isPartOf\":{\"@id\":\"https:\/\/arroyolorca.es\/#website\"},\"datePublished\":\"2023-04-19T14:30:12+00:00\",\"dateModified\":\"2023-11-01T09:04:10+00:00\",\"breadcrumb\":{\"@id\":\"https:\/\/arroyolorca.es\/index.php\/product\/as-531-4t-mk\/#breadcrumb\"},\"inLanguage\":\"es\",\"potentialAction\":[{\"@type\":\"ReadAction\",\"target\":[\"https:\/\/arroyolorca.es\/index.php\/product\/as-531-4t-mk\/\"]}]},{\"@type\":\"BreadcrumbList\",\"@id\":\"https:\/\/arroyolorca.es\/index.php\/product\/as-531-4t-mk\/#breadcrumb\",\"itemListElement\":[{\"@type\":\"ListItem\",\"position\":1,\"name\":\"Home\",\"item\":\"https:\/\/arroyolorca.es\/\"},{\"@type\":\"ListItem\",\"position\":2,\"name\":\"Shop\",\"item\":\"https:\/\/arroyolorca.es\/index.php\/shop\/\"},{\"@type\":\"ListItem\",\"position\":3,\"name\":\"AS 531 4T MK\"}]},{\"@type\":\"WebSite\",\"@id\":\"https:\/\/arroyolorca.es\/#website\",\"url\":\"https:\/\/arroyolorca.es\/\",\"name\":\"ArroyoLorca\",\"description\":\"Maquimaria Agr\u00edcola, Jardines y trabajos forestales\",\"publisher\":{\"@id\":\"https:\/\/arroyolorca.es\/#organization\"},\"potentialAction\":[{\"@type\":\"SearchAction\",\"target\":{\"@type\":\"EntryPoint\",\"urlTemplate\":\"https:\/\/arroyolorca.es\/?s={search_term_string}\"},\"query-input\":\"required name=search_term_string\"}],\"inLanguage\":\"es\"},{\"@type\":\"Organization\",\"@id\":\"https:\/\/arroyolorca.es\/#organization\",\"name\":\"ArroyoLorca\",\"url\":\"https:\/\/arroyolorca.es\/\",\"logo\":{\"@type\":\"ImageObject\",\"inLanguage\":\"es\",\"@id\":\"https:\/\/arroyolorca.es\/#\/schema\/logo\/image\/\",\"url\":\"https:\/\/arroyolorca.es\/wp-content\/uploads\/2023\/04\/logo_cabecera-1.png\",\"contentUrl\":\"https:\/\/arroyolorca.es\/wp-content\/uploads\/2023\/04\/logo_cabecera-1.png\",\"width\":450,\"height\":119,\"caption\":\"ArroyoLorca\"},\"image\":{\"@id\":\"https:\/\/arroyolorca.es\/#\/schema\/logo\/image\/\"}}]}<\/script>\n<!-- \/ Yoast SEO plugin. -->","yoast_head_json":{"title":"AS 531 4T MK - ArroyoLorca","robots":{"index":"index","follow":"follow","max-snippet":"max-snippet:-1","max-image-preview":"max-image-preview:large","max-video-preview":"max-video-preview:-1"},"canonical":"https:\/\/arroyolorca.es\/index.php\/product\/as-531-4t-mk\/","og_locale":"es_ES","og_type":"article","og_title":"AS 531 4T MK - ArroyoLorca","og_description":"Cortac\u00e9sped profesional con bolsa de recogida y caracter\u00edsticas de seguridad adicionales Un profesional absoluto.\u00a0 La AS 531 4T MK B es un cortac\u00e9sped 3 en 1 equipado con muchos extras e ideal para el cuidado y mantenimiento de \u00e1reas verdes exigentes c\u00f3mo terrenos en pendiente y espacios confinados.\u00a0 Puede montarse y desmontarse un kit de [&hellip;]","og_url":"https:\/\/arroyolorca.es\/index.php\/product\/as-531-4t-mk\/","og_site_name":"ArroyoLorca","article_modified_time":"2023-11-01T09:04:10+00:00","og_image":[{"width":768,"height":480,"url":"https:\/\/arroyolorca.es\/wp-content\/uploads\/2023\/04\/AS-Motor_AS-531-4T-MK_studio_web-768x480-1.png","type":"image\/png"}],"twitter_card":"summary_large_image","twitter_misc":{"Tiempo de lectura":"4 minutos"},"schema":{"@context":"https:\/\/schema.org","@graph":[{"@type":"WebPage","@id":"https:\/\/arroyolorca.es\/index.php\/product\/as-531-4t-mk\/","url":"https:\/\/arroyolorca.es\/index.php\/product\/as-531-4t-mk\/","name":"AS 531 4T MK - ArroyoLorca","isPartOf":{"@id":"https:\/\/arroyolorca.es\/#website"},"datePublished":"2023-04-19T14:30:12+00:00","dateModified":"2023-11-01T09:04:10+00:00","breadcrumb":{"@id":"https:\/\/arroyolorca.es\/index.php\/product\/as-531-4t-mk\/#breadcrumb"},"inLanguage":"es","potentialAction":[{"@type":"ReadAction","target":["https:\/\/arroyolorca.es\/index.php\/product\/as-531-4t-mk\/"]}]},{"@type":"BreadcrumbList","@id":"https:\/\/arroyolorca.es\/index.php\/product\/as-531-4t-mk\/#breadcrumb","itemListElement":[{"@type":"ListItem","position":1,"name":"Home","item":"https:\/\/arroyolorca.es\/"},{"@type":"ListItem","position":2,"name":"Shop","item":"https:\/\/arroyolorca.es\/index.php\/shop\/"},{"@type":"ListItem","position":3,"name":"AS 531 4T MK"}]},{"@type":"WebSite","@id":"https:\/\/arroyolorca.es\/#website","url":"https:\/\/arroyolorca.es\/","name":"ArroyoLorca","description":"Maquimaria Agr\u00edcola, Jardines y trabajos forestales","publisher":{"@id":"https:\/\/arroyolorca.es\/#organization"},"potentialAction":[{"@type":"SearchAction","target":{"@type":"EntryPoint","urlTemplate":"https:\/\/arroyolorca.es\/?s={search_term_string}"},"query-input":"required name=search_term_string"}],"inLanguage":"es"},{"@type":"Organization","@id":"https:\/\/arroyolorca.es\/#organization","name":"ArroyoLorca","url":"https:\/\/arroyolorca.es\/","logo":{"@type":"ImageObject","inLanguage":"es","@id":"https:\/\/arroyolorca.es\/#\/schema\/logo\/image\/","url":"https:\/\/arroyolorca.es\/wp-content\/uploads\/2023\/04\/logo_cabecera-1.png","contentUrl":"https:\/\/arroyolorca.es\/wp-content\/uploads\/2023\/04\/logo_cabecera-1.png","width":450,"height":119,"caption":"ArroyoLorca"},"image":{"@id":"https:\/\/arroyolorca.es\/#\/schema\/logo\/image\/"}}]}},"_links":{"self":[{"href":"https:\/\/arroyolorca.es\/index.php\/wp-json\/wp\/v2\/product\/1093"}],"collection":[{"href":"https:\/\/arroyolorca.es\/index.php\/wp-json\/wp\/v2\/product"}],"about":[{"href":"https:\/\/arroyolorca.es\/index.php\/wp-json\/wp\/v2\/types\/product"}],"replies":[{"embeddable":true,"href":"https:\/\/arroyolorca.es\/index.php\/wp-json\/wp\/v2\/comments?post=1093"}],"wp:featuredmedia":[{"embeddable":true,"href":"https:\/\/arroyolorca.es\/index.php\/wp-json\/wp\/v2\/media\/1094"}],"wp:attachment":[{"href":"https:\/\/arroyolorca.es\/index.php\/wp-json\/wp\/v2\/media?parent=1093"}],"wp:term":[{"taxonomy":"product_cat","embeddable":true,"href":"https:\/\/arroyolorca.es\/index.php\/wp-json\/wp\/v2\/product_cat?post=1093"},{"taxonomy":"product_tag","embeddable":true,"href":"https:\/\/arroyolorca.es\/index.php\/wp-json\/wp\/v2\/product_tag?post=1093"}],"curies":[{"name":"wp","href":"https:\/\/api.w.org\/{rel}","templated":true}]}}