{"id":1097,"date":"2023-04-19T16:08:53","date_gmt":"2023-04-19T15:08:53","guid":{"rendered":"https:\/\/arroyolorca.es\/?post_type=product&#038;p=1097"},"modified":"2023-11-01T10:04:08","modified_gmt":"2023-11-01T09:04:08","slug":"as-53-2t-es-4wd","status":"publish","type":"product","link":"https:\/\/arroyolorca.es\/index.php\/product\/as-53-2t-es-4wd\/","title":{"rendered":"AS 53 2T ES 4WD"},"content":{"rendered":"<div class=\"col-lg-8 mb-4\">\n<div class=\"acfd-block acfd-block__headline container-fluid px-0\">\n<div class=\"acfd-headline\">\n<h2 class=\"h2\" style=\"color: #f18700;\">Cortac\u00e9sped de 2 tiempos con tracci\u00f3n total para pendientes<\/h2>\n<\/div>\n<\/div>\n<div class=\"acfd-block acfd-block__text container-fluid px-0\">\n<div class=\"acfd-text\">\n<p>El AS 53 2T ES 4WD est\u00e1 equipado con el \u00fanico motor de 2 tiempos del mundo que cumple con los requisitos estipulados por la Directiva de emisiones 97\/68\/CE de la UE.\u00a0 El motor AS de 2 tiempos mantiene la lubricaci\u00f3n del motor independientemente de su posici\u00f3n, lo que permite trabajar en pendientes de 45 grados y m\u00e1s sin riesgo de da\u00f1ar el motor.\u00a0 Adem\u00e1s, el motor AS de 2 tiempos viene equipado de f\u00e1brica con una funci\u00f3n EasyStart; el sistema de encendido digital CDI reduce a la mitad las rpm necesarias para arrancar.\u00a0 El par de torsi\u00f3n alto del motor de 2 tiempos proporciona potencia total en hierba alta y h\u00fameda, mientras que un tercer cojinete de cig\u00fce\u00f1al, soporte de cuchilla de seguridad y discos de fricci\u00f3n en la aleta protegen el motor en caso de obst\u00e1culos no vistos.<br \/>\nLa tracci\u00f3n en todas las ruedas ofrece propulsi\u00f3n incluso en condiciones extremas, como pendientes y terrenos ondulados e irregulares.<br \/>\nEl AS 53 2T ES 4WD tiene un excelente agarre gracias a sus grandes ruedas motrices con banda de rodadura agresiva.\u00a0 La velocidad de manejo puede ajustarse convenientemente para adaptarse a las condiciones usando el variador.\u00a0 La tracci\u00f3n mec\u00e1nica a las cuatro ruedas ralentiza el cortac\u00e9sped de forma aut\u00f3noma cuando se mueve cuesta abajo.<br \/>\nLas alturas de corte se pueden ajustar de 30 a 100 mm a trav\u00e9s de seis niveles en cada eje.\u00a0 Son posibles velocidades de trabajo que alcancen los 2.500 m\u00b2 por hora gracias a un potente motor de 2 tiempos con hasta 6,0 CV y \u200b\u200buna anchura de corte de 53 cm.\u00a0 El AS 53 2T ES 4WD corta f\u00e1cilmente hierba de hasta 40 cm de altura.<\/p>\n<\/div>\n<p>&nbsp;<\/p>\n<h4 style=\"color: #f18700; text-align: center;\">Ventajas<\/h4>\n<table style=\"margin: auto;\">\n<tbody>\n<tr>\n<td>\n<p style=\"color: #f18700;\">Motor adecuado para pendientes<\/p>\n<\/td>\n<\/tr>\n<tr>\n<td>El \u00fanico motor AS 2 tiempos del mundo con EasyStart tiene lubricaci\u00f3n independiente de la posici\u00f3n, asegurando un funcionamiento seguro incluso en pendientes pronunciadas.<\/td>\n<\/tr>\n<tr>\n<td>\n<p style=\"color: #f18700;\">M\u00f3vil gracias a la tracci\u00f3n total (AS 53)<\/p>\n<\/td>\n<\/tr>\n<tr>\n<td>Con tracci\u00f3n total, freno de las ruedas traseras y marcha atr\u00e1s ideal para zanjas, colinas, terraplenes o pendientes. Adem\u00e1s, la tracci\u00f3n total asegura una velocidad de descenso constante y una mayor seguridad en pendientes pronunciadas.<\/td>\n<\/tr>\n<tr>\n<td>\n<p style=\"color: #f18700;\">La disposici\u00f3n del cojinete del eje de la cuchilla protege el motor<\/p>\n<\/td>\n<\/tr>\n<tr>\n<td>Los discos de fricci\u00f3n y el cojinete del tercer cig\u00fce\u00f1al en la cuchilla de mulching garantizan una protecci\u00f3n \u00f3ptima del motor.<\/td>\n<\/tr>\n<tr>\n<td>\n<p style=\"color: #f18700;\">Variador<\/p>\n<\/td>\n<\/tr>\n<tr>\n<td>El ajuste de velocidad variable permite un rendimiento \u00f3ptimo en todas las condiciones de trabajo.<\/td>\n<\/tr>\n<\/tbody>\n<\/table>\n<\/div>\n<\/div>\n<div style=\"margin-top: 100px;\">\n<table style=\"text-align: center; margin: auto;\">\n<tbody>\n<tr>\n<td><img decoding=\"async\" loading=\"lazy\" class=\"alignnone size-full wp-image-1098\" src=\"https:\/\/arroyolorca.es\/wp-content\/uploads\/2023\/04\/AS-Motor_AS_53_2T_4WD_RB_03_live-300x188-1.jpg\" alt=\"\" width=\"300\" height=\"188\" \/><\/td>\n<td><img decoding=\"async\" loading=\"lazy\" class=\"alignnone size-full wp-image-1099\" src=\"https:\/\/arroyolorca.es\/wp-content\/uploads\/2023\/04\/AS-Motor_AS-53_Tank-300x194-1.jpg\" alt=\"\" width=\"300\" height=\"194\" \/><\/td>\n<td><img decoding=\"async\" loading=\"lazy\" class=\"alignnone size-full wp-image-1100\" src=\"https:\/\/arroyolorca.es\/wp-content\/uploads\/2023\/04\/AS-Motor_AS-53_Holm-300x201-1.jpg\" alt=\"\" width=\"300\" height=\"201\" \/><\/td>\n<\/tr>\n<tr>\n<td><span style=\"color: #f18700;\">Ajuste de la altura de corte<\/span><\/p>\n<p>Ajuste de altura de 6 niveles, por eje<\/td>\n<td><span style=\"color: #f18700;\">Dep\u00f3sito de combustible de 5 litros<\/span><\/p>\n<p>Tanque de 5 litros de alta capacidad para largos intervalos de trabajo antes de repostar<\/td>\n<td><span style=\"color: #f18700;\">Barra gu\u00eda<\/span><\/p>\n<p>Barra de gu\u00eda plegable y ajustable lateralmente<\/td>\n<\/tr>\n<\/tbody>\n<\/table>\n<\/div>\n<div style=\"margin-top: 50px;\">\n<h4 style=\"color: #f18700; text-align: center;\">Datos T\u00e9cnicos<\/h4>\n<div style=\"width: 50%; float: left;\">\n<table style=\"margin: auto;\">\n<tbody>\n<tr>\n<td style=\"background-color: #bcbcbc;\">Ancho de corte<\/td>\n<td>53 cm<\/td>\n<\/tr>\n<tr>\n<td>Tracci\u00f3n AWD<\/td>\n<td><\/td>\n<\/tr>\n<tr>\n<td style=\"background-color: #bcbcbc;\">Altura m\u00e1xima de la hierba<\/td>\n<td>40 cm<\/td>\n<\/tr>\n<tr>\n<td>Fabricante de motores<\/td>\n<td>AS-Motor<\/td>\n<\/tr>\n<tr>\n<td style=\"background-color: #bcbcbc;\">Designaci\u00f3n del motor<\/td>\n<td>AS 165 ES<\/td>\n<\/tr>\n<tr>\n<td>Motor 2 tiempos<\/td>\n<td><\/td>\n<\/tr>\n<tr>\n<td style=\"background-color: #bcbcbc;\">Potencia m\u00e1xima<\/td>\n<td>4,4\/6,0 kW (hp)<\/td>\n<\/tr>\n<tr>\n<td>Potencia nominal<\/td>\n<td>2,8\/3,8 kW (hp)<\/td>\n<\/tr>\n<tr>\n<td style=\"background-color: #bcbcbc;\">Velocidad nominal<\/td>\n<td>2800 rpm<\/td>\n<\/tr>\n<tr>\n<td>Capacidad del tanque<\/td>\n<td>5 l<\/td>\n<\/tr>\n<\/tbody>\n<\/table>\n<\/div>\n<div style=\"width: 50%; float: left;\">\n<table style=\"margin: auto;\">\n<tbody>\n<tr>\n<td style=\"background-color: #bcbcbc;\">N\u00famero de engranajes<\/td>\n<td>Vario<\/td>\n<\/tr>\n<tr>\n<td>Max. velocidad<\/td>\n<td>4,8 km\/h<\/td>\n<\/tr>\n<tr>\n<td style=\"background-color: #bcbcbc;\">Funci\u00f3n de mantillo opcional.<\/td>\n<td><\/td>\n<\/tr>\n<tr>\n<td>Altura de corte<\/td>\n<td>30 &#8211; 100 mm<\/td>\n<\/tr>\n<tr>\n<td style=\"background-color: #bcbcbc;\">Ajuste de altura de corte por eje<\/td>\n<td><\/td>\n<\/tr>\n<tr>\n<td>Ajuste de altura de corte, n\u00famero de niveles.<\/td>\n<td>6<\/td>\n<\/tr>\n<tr>\n<td style=\"background-color: #bcbcbc;\">Dimensi\u00f3n L \/ W \/ H<\/td>\n<td>178x82x99 cm<\/td>\n<\/tr>\n<tr>\n<td>Peso<\/td>\n<td>67 kg<\/td>\n<\/tr>\n<\/tbody>\n<\/table>\n<\/div>\n<\/div>\n","protected":false},"excerpt":{"rendered":"<p>Cortac\u00e9sped de 2 tiempos con tracci\u00f3n total para pendientes El AS 53 2T ES 4WD est\u00e1 equipado con el \u00fanico motor de 2 tiempos del mundo que cumple con los requisitos estipulados por la Directiva de emisiones 97\/68\/CE de la UE.\u00a0 El motor AS de 2 tiempos mantiene la lubricaci\u00f3n del motor independientemente de su [&hellip;]<\/p>\n","protected":false},"featured_media":1101,"comment_status":"open","ping_status":"closed","template":"","meta":{"ocean_front_end_style_editor":"no","ocean_post_layout":"","ocean_both_sidebars_style":"","ocean_both_sidebars_content_width":0,"ocean_both_sidebars_sidebars_width":0,"ocean_sidebar":"0","ocean_second_sidebar":"0","ocean_disable_margins":"enable","ocean_add_body_class":"","ocean_shortcode_before_top_bar":"","ocean_shortcode_after_top_bar":"","ocean_shortcode_before_header":"","ocean_shortcode_after_header":"","ocean_has_shortcode":"","ocean_shortcode_after_title":"","ocean_shortcode_before_footer_widgets":"","ocean_shortcode_after_footer_widgets":"","ocean_shortcode_before_footer_bottom":"","ocean_shortcode_after_footer_bottom":"","ocean_display_top_bar":"default","ocean_display_header":"default","ocean_header_style":"","ocean_center_header_left_menu":"0","ocean_custom_header_template":"0","ocean_custom_logo":0,"ocean_custom_retina_logo":0,"ocean_custom_logo_max_width":0,"ocean_custom_logo_tablet_max_width":0,"ocean_custom_logo_mobile_max_width":0,"ocean_custom_logo_max_height":0,"ocean_custom_logo_tablet_max_height":0,"ocean_custom_logo_mobile_max_height":0,"ocean_header_custom_menu":"0","ocean_menu_typo_font_family":"0","ocean_menu_typo_font_subset":"","ocean_menu_typo_font_size":0,"ocean_menu_typo_font_size_tablet":0,"ocean_menu_typo_font_size_mobile":0,"ocean_menu_typo_font_size_unit":"px","ocean_menu_typo_font_weight":"","ocean_menu_typo_font_weight_tablet":"","ocean_menu_typo_font_weight_mobile":"","ocean_menu_typo_transform":"","ocean_menu_typo_transform_tablet":"","ocean_menu_typo_transform_mobile":"","ocean_menu_typo_line_height":0,"ocean_menu_typo_line_height_tablet":0,"ocean_menu_typo_line_height_mobile":0,"ocean_menu_typo_line_height_unit":"","ocean_menu_typo_spacing":0,"ocean_menu_typo_spacing_tablet":0,"ocean_menu_typo_spacing_mobile":0,"ocean_menu_typo_spacing_unit":"","ocean_menu_link_color":"","ocean_menu_link_color_hover":"","ocean_menu_link_color_active":"","ocean_menu_link_background":"","ocean_menu_link_hover_background":"","ocean_menu_link_active_background":"","ocean_menu_social_links_bg":"","ocean_menu_social_hover_links_bg":"","ocean_menu_social_links_color":"","ocean_menu_social_hover_links_color":"","ocean_disable_title":"default","ocean_disable_heading":"default","ocean_post_title":"","ocean_post_subheading":"","ocean_post_title_style":"","ocean_post_title_background_color":"","ocean_post_title_background":0,"ocean_post_title_bg_image_position":"","ocean_post_title_bg_image_attachment":"","ocean_post_title_bg_image_repeat":"","ocean_post_title_bg_image_size":"","ocean_post_title_height":0,"ocean_post_title_bg_overlay":0.5,"ocean_post_title_bg_overlay_color":"","ocean_disable_breadcrumbs":"default","ocean_breadcrumbs_color":"","ocean_breadcrumbs_separator_color":"","ocean_breadcrumbs_links_color":"","ocean_breadcrumbs_links_hover_color":"","ocean_display_footer_widgets":"default","ocean_display_footer_bottom":"default","ocean_custom_footer_template":"0"},"product_cat":[125,40,130],"product_tag":[124,53,83],"yoast_head":"<!-- This site is optimized with the Yoast SEO plugin v21.2 - https:\/\/yoast.com\/wordpress\/plugins\/seo\/ -->\n<title>AS 53 2T ES 4WD - ArroyoLorca<\/title>\n<meta name=\"robots\" content=\"index, follow, max-snippet:-1, max-image-preview:large, max-video-preview:-1\" \/>\n<link rel=\"canonical\" href=\"https:\/\/arroyolorca.es\/index.php\/product\/as-53-2t-es-4wd\/\" \/>\n<meta property=\"og:locale\" content=\"es_ES\" \/>\n<meta property=\"og:type\" content=\"article\" \/>\n<meta property=\"og:title\" content=\"AS 53 2T ES 4WD - ArroyoLorca\" \/>\n<meta property=\"og:description\" content=\"Cortac\u00e9sped de 2 tiempos con tracci\u00f3n total para pendientes El AS 53 2T ES 4WD est\u00e1 equipado con el \u00fanico motor de 2 tiempos del mundo que cumple con los requisitos estipulados por la Directiva de emisiones 97\/68\/CE de la UE.\u00a0 El motor AS de 2 tiempos mantiene la lubricaci\u00f3n del motor independientemente de su [&hellip;]\" \/>\n<meta property=\"og:url\" content=\"https:\/\/arroyolorca.es\/index.php\/product\/as-53-2t-es-4wd\/\" \/>\n<meta property=\"og:site_name\" content=\"ArroyoLorca\" \/>\n<meta property=\"article:modified_time\" content=\"2023-11-01T09:04:08+00:00\" \/>\n<meta property=\"og:image\" content=\"https:\/\/arroyolorca.es\/wp-content\/uploads\/2023\/04\/AS-Motor_AS-53-2T-ES-4WD_studio_web-768x480-1.png\" \/>\n\t<meta property=\"og:image:width\" content=\"768\" \/>\n\t<meta property=\"og:image:height\" content=\"480\" \/>\n\t<meta property=\"og:image:type\" content=\"image\/png\" \/>\n<meta name=\"twitter:card\" content=\"summary_large_image\" \/>\n<meta name=\"twitter:label1\" content=\"Tiempo de lectura\" \/>\n\t<meta name=\"twitter:data1\" content=\"4 minutos\" \/>\n<script type=\"application\/ld+json\" class=\"yoast-schema-graph\">{\"@context\":\"https:\/\/schema.org\",\"@graph\":[{\"@type\":\"WebPage\",\"@id\":\"https:\/\/arroyolorca.es\/index.php\/product\/as-53-2t-es-4wd\/\",\"url\":\"https:\/\/arroyolorca.es\/index.php\/product\/as-53-2t-es-4wd\/\",\"name\":\"AS 53 2T ES 4WD - ArroyoLorca\",\"isPartOf\":{\"@id\":\"https:\/\/arroyolorca.es\/#website\"},\"datePublished\":\"2023-04-19T15:08:53+00:00\",\"dateModified\":\"2023-11-01T09:04:08+00:00\",\"breadcrumb\":{\"@id\":\"https:\/\/arroyolorca.es\/index.php\/product\/as-53-2t-es-4wd\/#breadcrumb\"},\"inLanguage\":\"es\",\"potentialAction\":[{\"@type\":\"ReadAction\",\"target\":[\"https:\/\/arroyolorca.es\/index.php\/product\/as-53-2t-es-4wd\/\"]}]},{\"@type\":\"BreadcrumbList\",\"@id\":\"https:\/\/arroyolorca.es\/index.php\/product\/as-53-2t-es-4wd\/#breadcrumb\",\"itemListElement\":[{\"@type\":\"ListItem\",\"position\":1,\"name\":\"Home\",\"item\":\"https:\/\/arroyolorca.es\/\"},{\"@type\":\"ListItem\",\"position\":2,\"name\":\"Shop\",\"item\":\"https:\/\/arroyolorca.es\/index.php\/shop\/\"},{\"@type\":\"ListItem\",\"position\":3,\"name\":\"AS 53 2T ES 4WD\"}]},{\"@type\":\"WebSite\",\"@id\":\"https:\/\/arroyolorca.es\/#website\",\"url\":\"https:\/\/arroyolorca.es\/\",\"name\":\"ArroyoLorca\",\"description\":\"Maquimaria Agr\u00edcola, Jardines y trabajos forestales\",\"publisher\":{\"@id\":\"https:\/\/arroyolorca.es\/#organization\"},\"potentialAction\":[{\"@type\":\"SearchAction\",\"target\":{\"@type\":\"EntryPoint\",\"urlTemplate\":\"https:\/\/arroyolorca.es\/?s={search_term_string}\"},\"query-input\":\"required name=search_term_string\"}],\"inLanguage\":\"es\"},{\"@type\":\"Organization\",\"@id\":\"https:\/\/arroyolorca.es\/#organization\",\"name\":\"ArroyoLorca\",\"url\":\"https:\/\/arroyolorca.es\/\",\"logo\":{\"@type\":\"ImageObject\",\"inLanguage\":\"es\",\"@id\":\"https:\/\/arroyolorca.es\/#\/schema\/logo\/image\/\",\"url\":\"https:\/\/arroyolorca.es\/wp-content\/uploads\/2023\/04\/logo_cabecera-1.png\",\"contentUrl\":\"https:\/\/arroyolorca.es\/wp-content\/uploads\/2023\/04\/logo_cabecera-1.png\",\"width\":450,\"height\":119,\"caption\":\"ArroyoLorca\"},\"image\":{\"@id\":\"https:\/\/arroyolorca.es\/#\/schema\/logo\/image\/\"}}]}<\/script>\n<!-- \/ Yoast SEO plugin. -->","yoast_head_json":{"title":"AS 53 2T ES 4WD - ArroyoLorca","robots":{"index":"index","follow":"follow","max-snippet":"max-snippet:-1","max-image-preview":"max-image-preview:large","max-video-preview":"max-video-preview:-1"},"canonical":"https:\/\/arroyolorca.es\/index.php\/product\/as-53-2t-es-4wd\/","og_locale":"es_ES","og_type":"article","og_title":"AS 53 2T ES 4WD - ArroyoLorca","og_description":"Cortac\u00e9sped de 2 tiempos con tracci\u00f3n total para pendientes El AS 53 2T ES 4WD est\u00e1 equipado con el \u00fanico motor de 2 tiempos del mundo que cumple con los requisitos estipulados por la Directiva de emisiones 97\/68\/CE de la UE.\u00a0 El motor AS de 2 tiempos mantiene la lubricaci\u00f3n del motor independientemente de su [&hellip;]","og_url":"https:\/\/arroyolorca.es\/index.php\/product\/as-53-2t-es-4wd\/","og_site_name":"ArroyoLorca","article_modified_time":"2023-11-01T09:04:08+00:00","og_image":[{"width":768,"height":480,"url":"https:\/\/arroyolorca.es\/wp-content\/uploads\/2023\/04\/AS-Motor_AS-53-2T-ES-4WD_studio_web-768x480-1.png","type":"image\/png"}],"twitter_card":"summary_large_image","twitter_misc":{"Tiempo de lectura":"4 minutos"},"schema":{"@context":"https:\/\/schema.org","@graph":[{"@type":"WebPage","@id":"https:\/\/arroyolorca.es\/index.php\/product\/as-53-2t-es-4wd\/","url":"https:\/\/arroyolorca.es\/index.php\/product\/as-53-2t-es-4wd\/","name":"AS 53 2T ES 4WD - ArroyoLorca","isPartOf":{"@id":"https:\/\/arroyolorca.es\/#website"},"datePublished":"2023-04-19T15:08:53+00:00","dateModified":"2023-11-01T09:04:08+00:00","breadcrumb":{"@id":"https:\/\/arroyolorca.es\/index.php\/product\/as-53-2t-es-4wd\/#breadcrumb"},"inLanguage":"es","potentialAction":[{"@type":"ReadAction","target":["https:\/\/arroyolorca.es\/index.php\/product\/as-53-2t-es-4wd\/"]}]},{"@type":"BreadcrumbList","@id":"https:\/\/arroyolorca.es\/index.php\/product\/as-53-2t-es-4wd\/#breadcrumb","itemListElement":[{"@type":"ListItem","position":1,"name":"Home","item":"https:\/\/arroyolorca.es\/"},{"@type":"ListItem","position":2,"name":"Shop","item":"https:\/\/arroyolorca.es\/index.php\/shop\/"},{"@type":"ListItem","position":3,"name":"AS 53 2T ES 4WD"}]},{"@type":"WebSite","@id":"https:\/\/arroyolorca.es\/#website","url":"https:\/\/arroyolorca.es\/","name":"ArroyoLorca","description":"Maquimaria Agr\u00edcola, Jardines y trabajos forestales","publisher":{"@id":"https:\/\/arroyolorca.es\/#organization"},"potentialAction":[{"@type":"SearchAction","target":{"@type":"EntryPoint","urlTemplate":"https:\/\/arroyolorca.es\/?s={search_term_string}"},"query-input":"required name=search_term_string"}],"inLanguage":"es"},{"@type":"Organization","@id":"https:\/\/arroyolorca.es\/#organization","name":"ArroyoLorca","url":"https:\/\/arroyolorca.es\/","logo":{"@type":"ImageObject","inLanguage":"es","@id":"https:\/\/arroyolorca.es\/#\/schema\/logo\/image\/","url":"https:\/\/arroyolorca.es\/wp-content\/uploads\/2023\/04\/logo_cabecera-1.png","contentUrl":"https:\/\/arroyolorca.es\/wp-content\/uploads\/2023\/04\/logo_cabecera-1.png","width":450,"height":119,"caption":"ArroyoLorca"},"image":{"@id":"https:\/\/arroyolorca.es\/#\/schema\/logo\/image\/"}}]}},"_links":{"self":[{"href":"https:\/\/arroyolorca.es\/index.php\/wp-json\/wp\/v2\/product\/1097"}],"collection":[{"href":"https:\/\/arroyolorca.es\/index.php\/wp-json\/wp\/v2\/product"}],"about":[{"href":"https:\/\/arroyolorca.es\/index.php\/wp-json\/wp\/v2\/types\/product"}],"replies":[{"embeddable":true,"href":"https:\/\/arroyolorca.es\/index.php\/wp-json\/wp\/v2\/comments?post=1097"}],"wp:featuredmedia":[{"embeddable":true,"href":"https:\/\/arroyolorca.es\/index.php\/wp-json\/wp\/v2\/media\/1101"}],"wp:attachment":[{"href":"https:\/\/arroyolorca.es\/index.php\/wp-json\/wp\/v2\/media?parent=1097"}],"wp:term":[{"taxonomy":"product_cat","embeddable":true,"href":"https:\/\/arroyolorca.es\/index.php\/wp-json\/wp\/v2\/product_cat?post=1097"},{"taxonomy":"product_tag","embeddable":true,"href":"https:\/\/arroyolorca.es\/index.php\/wp-json\/wp\/v2\/product_tag?post=1097"}],"curies":[{"name":"wp","href":"https:\/\/api.w.org\/{rel}","templated":true}]}}