{"id":1121,"date":"2023-04-20T17:45:57","date_gmt":"2023-04-20T16:45:57","guid":{"rendered":"https:\/\/arroyolorca.es\/?post_type=product&#038;p=1121"},"modified":"2023-04-20T17:45:57","modified_gmt":"2023-04-20T16:45:57","slug":"as-26-2t-es","status":"publish","type":"product","link":"https:\/\/arroyolorca.es\/index.php\/product\/as-26-2t-es\/","title":{"rendered":"AS 26 2T ES"},"content":{"rendered":"<div class=\"col-lg-8 mb-4\">\n<div class=\"acfd-block acfd-block__headline container-fluid px-0\">\n<div class=\"acfd-headline\">\n<h2 class=\"h2 mt-0 mb-3 text-color-brand\" style=\"color: #f18700;\">Allm\u00e4her AS tradicional con potencia de 2 tiempos<\/h2>\n<\/div>\n<\/div>\n<div class=\"acfd-block acfd-block__text container-fluid px-0\">\n<div class=\"acfd-text\">\n<p>Un concepto cl\u00e1sico de 3 ruedas Allm\u00e4her, el AS 26 2T ES est\u00e1 equipado con el \u00fanico motor de 2 tiempos del mundo que cumple con los requisitos estipulados por la Directiva de Emisiones 97\/68\/CE de la UE. El motor AS de 2 tiempos mantiene la lubricaci\u00f3n del motor independientemente de su posici\u00f3n, lo que permite trabajar en pendientes de 45 grados y m\u00e1s sin riesgo de da\u00f1ar el motor. Adem\u00e1s, el motor AS de 2 tiempos viene equipado de f\u00e1brica con una funci\u00f3n EasyStart; el sistema de encendido digital CDI reduce a la mitad las rpm necesarias para arrancar. El aire para el motor se aspira a trav\u00e9s de un filtro de tubo en posici\u00f3n elevada instalado de f\u00e1brica, que suministra aire libre de polvo al motor. El par de torsi\u00f3n alto del motor de 2 tiempos proporciona plena potencia en hierba alta, mientras que un tercer cojinete de cig\u00fce\u00f1al y discos de fricci\u00f3n en la aleta protegen el motor en caso de que existan obst\u00e1culos no vistos. Las ruedas grandes con una banda de rodadura agresiva ofrecen una propulsi\u00f3n ideal a velocidades de hasta 2,8 km\/h.<\/p>\n<p><strong style=\"color: #f18700;\">Maniobras \u00e1giles gracias al concepto de 3 ruedas<\/strong><\/p>\n<p>El AS 26 2T ES domina f\u00e1cilmente el corte en \u00e1ngulos y curvas. La rueda delantera giratoria se puede detener mec\u00e1nicamente en diagonal a la pendiente, garantizando la estabilidad y un trabajo c\u00f3modo. El AS 26 2T ES est\u00e1 equipado con un c\u00f3modo manillar que se puede ajustar lateralmente y en altura sin herramientas.<br \/>\nSon posibles velocidades de trabajo que alcancen los 1.700 m\u00b2 por hora gracias a un potente motor de 2 tiempos con hasta 6,7 CV y \u200b\u200buna anchura de corte de 63 cm. Las velocidades de la cuchilla m\u00e1s altas cortan la hierba m\u00e1s a fondo que los cortac\u00e9spedes de la serie AS 21. Las alturas de corte de 55-80 mm se pueden ajustar f\u00e1cilmente a trav\u00e9s de cuatro niveles en la rueda delantera y dos niveles en las ruedas traseras. El AS 26 2T ES corta f\u00e1cilmente hierba de hasta 90 cm de altura.<\/p>\n<\/div>\n<\/div>\n<\/div>\n<div style=\"margin-top: 50px;\">\n<h4 style=\"color: #f18700;\">Ventajas<\/h4>\n<table style=\"margin: auto;\">\n<tbody>\n<tr>\n<td>\n<p style=\"color: #f18700;\">Motor adecuado para pendientes<\/p>\n<\/td>\n<td>El \u00fanico motor AS 2 tiempos del mundo con EasyStart tiene lubricaci\u00f3n independiente de la posici\u00f3n, asegurando un funcionamiento seguro incluso en pendientes pronunciadas.<\/td>\n<\/tr>\n<tr>\n<td>\n<p style=\"color: #f18700;\">Filtro Snorkel<\/p>\n<\/td>\n<td>Un filtro de tubo snorkel en posici\u00f3n elevada suministra al motor aire libre de polvo.<\/td>\n<\/tr>\n<tr>\n<td>\n<p style=\"color: #f18700;\">Concepto de 3 ruedas<\/p>\n<\/td>\n<td>Concepto de 3 ruedas: el dispositivo hace ideal el corte en \u00e1ngulos y curvas.<\/td>\n<\/tr>\n<tr>\n<td>\n<p style=\"color: #f18700;\">Tracci\u00f3n trasera<\/p>\n<\/td>\n<td>La tracci\u00f3n trasera garantiza una propulsi\u00f3n \u00f3ptima en pendientes y terreno nivelado.<\/td>\n<\/tr>\n<tr>\n<td>\n<p style=\"color: #f18700;\">La disposici\u00f3n del cojinete del eje de la cuchilla protege el motor<\/p>\n<\/td>\n<td>Los discos de fricci\u00f3n y el cojinete del tercer cig\u00fce\u00f1al en la cuchilla de mulching garantizan una protecci\u00f3n \u00f3ptima del motor.<\/td>\n<\/tr>\n<\/tbody>\n<\/table>\n<\/div>\n<div style=\"margin-top: 50px;\">\n<table>\n<tbody>\n<tr style=\"text-align: center;\">\n<td><img decoding=\"async\" loading=\"lazy\" class=\"alignnone size-full wp-image-1107\" src=\"https:\/\/arroyolorca.es\/wp-content\/uploads\/2023\/04\/AS_26_28_21-Rear-Brake-300x225-1.jpg\" alt=\"\" width=\"300\" height=\"225\" \/><\/td>\n<td><img decoding=\"async\" loading=\"lazy\" class=\"alignnone size-full wp-image-1108\" src=\"https:\/\/arroyolorca.es\/wp-content\/uploads\/2023\/04\/AS-Motor_AS_26_2T_live_Arretierung-300x188-1.jpg\" alt=\"\" width=\"300\" height=\"188\" \/><\/td>\n<\/tr>\n<tr>\n<td><span style=\"color: #f18700;\"><br \/>\nBarra de operaci\u00f3n ajustable<\/span><\/p>\n<p>La barra gu\u00eda se puede ajustar lateralmente y en altura sin herramientas para adaptarse a cada operario<\/td>\n<td><span style=\"color: #f18700;\"><br \/>\nRueda delantera orientable<\/span><\/p>\n<p>La rueda delantera giratoria puede detenerse en posici\u00f3n para atravesar pendientes de forma segura<\/td>\n<\/tr>\n<\/tbody>\n<\/table>\n<\/div>\n<div style=\"margin-top: 50px;\">\n<h4 style=\"text-align: center;\">Datos T\u00e9cnicos<\/h4>\n<table style=\"margin: auto;\">\n<tbody>\n<tr>\n<td style=\"background-color: #bcbcbc;\"><strong>Ancho de corte: <\/strong><\/td>\n<td style=\"background-color: #bcbcbc;\">63 cm<\/td>\n<td><strong>Monocuchilla en Y <\/strong><\/td>\n<td><\/td>\n<\/tr>\n<tr>\n<td><strong>Altura m\u00e1xima hierba: <\/strong><\/td>\n<td>80 cm<\/td>\n<td style=\"background-color: #bcbcbc;\"><strong>Altura de corte: <\/strong><\/td>\n<td style=\"background-color: #bcbcbc;\">55 &#8211; 80 mm<\/td>\n<\/tr>\n<tr>\n<td style=\"background-color: #bcbcbc;\"><strong>Fabricante de motores:<\/strong><\/td>\n<td style=\"background-color: #bcbcbc;\">AS-Motor<\/td>\n<td><strong>Accionamiento, mec\u00e1nico<\/strong><\/td>\n<td><\/td>\n<\/tr>\n<tr>\n<td><strong> Designaci\u00f3n del motor<\/strong><\/td>\n<td>AS 165 ES<\/td>\n<td style=\"background-color: #bcbcbc;\"><strong>N\u00famero de engranajes:<\/strong><\/td>\n<td style=\"background-color: #bcbcbc;\">1<\/td>\n<\/tr>\n<tr>\n<td style=\"background-color: #bcbcbc;\"><strong>Desplazamiento: <\/strong><\/td>\n<td style=\"background-color: #bcbcbc;\">165 cm\u00b3<\/td>\n<td><strong>Max. velocidad: <\/strong><\/td>\n<td>2,4 km\/h<\/td>\n<\/tr>\n<tr>\n<td><strong>Potencia m\u00e1xima: <\/strong><\/td>\n<td>4,4\/6,0 kW (hp)<\/td>\n<td style=\"background-color: #bcbcbc;\"><strong>Capacidad del tanque: <\/strong><\/td>\n<td style=\"background-color: #bcbcbc;\">5 l<\/td>\n<\/tr>\n<tr>\n<td style=\"background-color: #bcbcbc;\"><strong>Potencia nominal: <\/strong><\/td>\n<td style=\"background-color: #bcbcbc;\">4,0\/5,4 kW (hp)<\/td>\n<td><strong>Dimensi\u00f3n L \/ W \/ H: <\/strong><\/td>\n<td>195x89x99 cm<\/td>\n<\/tr>\n<tr>\n<td><strong>Velocidad nominal: <\/strong><\/td>\n<td>3800 rpm<\/td>\n<td style=\"background-color: #bcbcbc;\"><strong>Peso: <\/strong><\/td>\n<td style=\"background-color: #bcbcbc;\">58 kg<\/td>\n<\/tr>\n<tr>\n<td style=\"background-color: #bcbcbc;\"><strong>Descarga lateral <\/strong><\/td>\n<td><\/td>\n<td><\/td>\n<td><\/td>\n<\/tr>\n<\/tbody>\n<\/table>\n<\/div>\n","protected":false},"excerpt":{"rendered":"<p>Allm\u00e4her AS tradicional con potencia de 2 tiempos Un concepto cl\u00e1sico de 3 ruedas Allm\u00e4her, el AS 26 2T ES est\u00e1 equipado con el \u00fanico motor de 2 tiempos del mundo que cumple con los requisitos estipulados por la Directiva de Emisiones 97\/68\/CE de la UE. El motor AS de 2 tiempos mantiene la lubricaci\u00f3n [&hellip;]<\/p>\n","protected":false},"featured_media":1122,"comment_status":"open","ping_status":"closed","template":"","meta":{"ocean_front_end_style_editor":"no","ocean_post_layout":"","ocean_both_sidebars_style":"","ocean_both_sidebars_content_width":0,"ocean_both_sidebars_sidebars_width":0,"ocean_sidebar":"0","ocean_second_sidebar":"0","ocean_disable_margins":"enable","ocean_add_body_class":"","ocean_shortcode_before_top_bar":"","ocean_shortcode_after_top_bar":"","ocean_shortcode_before_header":"","ocean_shortcode_after_header":"","ocean_has_shortcode":"","ocean_shortcode_after_title":"","ocean_shortcode_before_footer_widgets":"","ocean_shortcode_after_footer_widgets":"","ocean_shortcode_before_footer_bottom":"","ocean_shortcode_after_footer_bottom":"","ocean_display_top_bar":"default","ocean_display_header":"default","ocean_header_style":"","ocean_center_header_left_menu":"0","ocean_custom_header_template":"0","ocean_custom_logo":0,"ocean_custom_retina_logo":0,"ocean_custom_logo_max_width":0,"ocean_custom_logo_tablet_max_width":0,"ocean_custom_logo_mobile_max_width":0,"ocean_custom_logo_max_height":0,"ocean_custom_logo_tablet_max_height":0,"ocean_custom_logo_mobile_max_height":0,"ocean_header_custom_menu":"0","ocean_menu_typo_font_family":"0","ocean_menu_typo_font_subset":"","ocean_menu_typo_font_size":0,"ocean_menu_typo_font_size_tablet":0,"ocean_menu_typo_font_size_mobile":0,"ocean_menu_typo_font_size_unit":"px","ocean_menu_typo_font_weight":"","ocean_menu_typo_font_weight_tablet":"","ocean_menu_typo_font_weight_mobile":"","ocean_menu_typo_transform":"","ocean_menu_typo_transform_tablet":"","ocean_menu_typo_transform_mobile":"","ocean_menu_typo_line_height":0,"ocean_menu_typo_line_height_tablet":0,"ocean_menu_typo_line_height_mobile":0,"ocean_menu_typo_line_height_unit":"","ocean_menu_typo_spacing":0,"ocean_menu_typo_spacing_tablet":0,"ocean_menu_typo_spacing_mobile":0,"ocean_menu_typo_spacing_unit":"","ocean_menu_link_color":"","ocean_menu_link_color_hover":"","ocean_menu_link_color_active":"","ocean_menu_link_background":"","ocean_menu_link_hover_background":"","ocean_menu_link_active_background":"","ocean_menu_social_links_bg":"","ocean_menu_social_hover_links_bg":"","ocean_menu_social_links_color":"","ocean_menu_social_hover_links_color":"","ocean_disable_title":"default","ocean_disable_heading":"default","ocean_post_title":"","ocean_post_subheading":"","ocean_post_title_style":"","ocean_post_title_background_color":"","ocean_post_title_background":0,"ocean_post_title_bg_image_position":"","ocean_post_title_bg_image_attachment":"","ocean_post_title_bg_image_repeat":"","ocean_post_title_bg_image_size":"","ocean_post_title_height":0,"ocean_post_title_bg_overlay":0.5,"ocean_post_title_bg_overlay_color":"","ocean_disable_breadcrumbs":"default","ocean_breadcrumbs_color":"","ocean_breadcrumbs_separator_color":"","ocean_breadcrumbs_links_color":"","ocean_breadcrumbs_links_hover_color":"","ocean_display_footer_widgets":"default","ocean_display_footer_bottom":"default","ocean_custom_footer_template":"0"},"product_cat":[125,134,126,42],"product_tag":[124,72],"yoast_head":"<!-- This site is optimized with the Yoast SEO plugin v21.2 - https:\/\/yoast.com\/wordpress\/plugins\/seo\/ -->\n<title>AS 26 2T ES - ArroyoLorca<\/title>\n<meta name=\"robots\" content=\"index, follow, max-snippet:-1, max-image-preview:large, max-video-preview:-1\" \/>\n<link rel=\"canonical\" href=\"https:\/\/arroyolorca.es\/index.php\/product\/as-26-2t-es\/\" \/>\n<meta property=\"og:locale\" content=\"es_ES\" \/>\n<meta property=\"og:type\" content=\"article\" \/>\n<meta property=\"og:title\" content=\"AS 26 2T ES - ArroyoLorca\" \/>\n<meta property=\"og:description\" content=\"Allm\u00e4her AS tradicional con potencia de 2 tiempos Un concepto cl\u00e1sico de 3 ruedas Allm\u00e4her, el AS 26 2T ES est\u00e1 equipado con el \u00fanico motor de 2 tiempos del mundo que cumple con los requisitos estipulados por la Directiva de Emisiones 97\/68\/CE de la UE. El motor AS de 2 tiempos mantiene la lubricaci\u00f3n [&hellip;]\" \/>\n<meta property=\"og:url\" content=\"https:\/\/arroyolorca.es\/index.php\/product\/as-26-2t-es\/\" \/>\n<meta property=\"og:site_name\" content=\"ArroyoLorca\" \/>\n<meta property=\"og:image\" content=\"https:\/\/arroyolorca.es\/wp-content\/uploads\/2023\/04\/AS-Motor_AS-26-2T-ES_studio_web-768x480-1.png\" \/>\n\t<meta property=\"og:image:width\" content=\"768\" \/>\n\t<meta property=\"og:image:height\" content=\"480\" \/>\n\t<meta property=\"og:image:type\" content=\"image\/png\" \/>\n<meta name=\"twitter:card\" content=\"summary_large_image\" \/>\n<meta name=\"twitter:label1\" content=\"Tiempo de lectura\" \/>\n\t<meta name=\"twitter:data1\" content=\"4 minutos\" \/>\n<script type=\"application\/ld+json\" class=\"yoast-schema-graph\">{\"@context\":\"https:\/\/schema.org\",\"@graph\":[{\"@type\":\"WebPage\",\"@id\":\"https:\/\/arroyolorca.es\/index.php\/product\/as-26-2t-es\/\",\"url\":\"https:\/\/arroyolorca.es\/index.php\/product\/as-26-2t-es\/\",\"name\":\"AS 26 2T ES - ArroyoLorca\",\"isPartOf\":{\"@id\":\"https:\/\/arroyolorca.es\/#website\"},\"datePublished\":\"2023-04-20T16:45:57+00:00\",\"dateModified\":\"2023-04-20T16:45:57+00:00\",\"breadcrumb\":{\"@id\":\"https:\/\/arroyolorca.es\/index.php\/product\/as-26-2t-es\/#breadcrumb\"},\"inLanguage\":\"es\",\"potentialAction\":[{\"@type\":\"ReadAction\",\"target\":[\"https:\/\/arroyolorca.es\/index.php\/product\/as-26-2t-es\/\"]}]},{\"@type\":\"BreadcrumbList\",\"@id\":\"https:\/\/arroyolorca.es\/index.php\/product\/as-26-2t-es\/#breadcrumb\",\"itemListElement\":[{\"@type\":\"ListItem\",\"position\":1,\"name\":\"Home\",\"item\":\"https:\/\/arroyolorca.es\/\"},{\"@type\":\"ListItem\",\"position\":2,\"name\":\"Shop\",\"item\":\"https:\/\/arroyolorca.es\/index.php\/shop\/\"},{\"@type\":\"ListItem\",\"position\":3,\"name\":\"AS 26 2T ES\"}]},{\"@type\":\"WebSite\",\"@id\":\"https:\/\/arroyolorca.es\/#website\",\"url\":\"https:\/\/arroyolorca.es\/\",\"name\":\"ArroyoLorca\",\"description\":\"Maquimaria Agr\u00edcola, Jardines y trabajos forestales\",\"publisher\":{\"@id\":\"https:\/\/arroyolorca.es\/#organization\"},\"potentialAction\":[{\"@type\":\"SearchAction\",\"target\":{\"@type\":\"EntryPoint\",\"urlTemplate\":\"https:\/\/arroyolorca.es\/?s={search_term_string}\"},\"query-input\":\"required name=search_term_string\"}],\"inLanguage\":\"es\"},{\"@type\":\"Organization\",\"@id\":\"https:\/\/arroyolorca.es\/#organization\",\"name\":\"ArroyoLorca\",\"url\":\"https:\/\/arroyolorca.es\/\",\"logo\":{\"@type\":\"ImageObject\",\"inLanguage\":\"es\",\"@id\":\"https:\/\/arroyolorca.es\/#\/schema\/logo\/image\/\",\"url\":\"https:\/\/arroyolorca.es\/wp-content\/uploads\/2023\/04\/logo_cabecera-1.png\",\"contentUrl\":\"https:\/\/arroyolorca.es\/wp-content\/uploads\/2023\/04\/logo_cabecera-1.png\",\"width\":450,\"height\":119,\"caption\":\"ArroyoLorca\"},\"image\":{\"@id\":\"https:\/\/arroyolorca.es\/#\/schema\/logo\/image\/\"}}]}<\/script>\n<!-- \/ Yoast SEO plugin. -->","yoast_head_json":{"title":"AS 26 2T ES - ArroyoLorca","robots":{"index":"index","follow":"follow","max-snippet":"max-snippet:-1","max-image-preview":"max-image-preview:large","max-video-preview":"max-video-preview:-1"},"canonical":"https:\/\/arroyolorca.es\/index.php\/product\/as-26-2t-es\/","og_locale":"es_ES","og_type":"article","og_title":"AS 26 2T ES - ArroyoLorca","og_description":"Allm\u00e4her AS tradicional con potencia de 2 tiempos Un concepto cl\u00e1sico de 3 ruedas Allm\u00e4her, el AS 26 2T ES est\u00e1 equipado con el \u00fanico motor de 2 tiempos del mundo que cumple con los requisitos estipulados por la Directiva de Emisiones 97\/68\/CE de la UE. El motor AS de 2 tiempos mantiene la lubricaci\u00f3n [&hellip;]","og_url":"https:\/\/arroyolorca.es\/index.php\/product\/as-26-2t-es\/","og_site_name":"ArroyoLorca","og_image":[{"width":768,"height":480,"url":"https:\/\/arroyolorca.es\/wp-content\/uploads\/2023\/04\/AS-Motor_AS-26-2T-ES_studio_web-768x480-1.png","type":"image\/png"}],"twitter_card":"summary_large_image","twitter_misc":{"Tiempo de lectura":"4 minutos"},"schema":{"@context":"https:\/\/schema.org","@graph":[{"@type":"WebPage","@id":"https:\/\/arroyolorca.es\/index.php\/product\/as-26-2t-es\/","url":"https:\/\/arroyolorca.es\/index.php\/product\/as-26-2t-es\/","name":"AS 26 2T ES - ArroyoLorca","isPartOf":{"@id":"https:\/\/arroyolorca.es\/#website"},"datePublished":"2023-04-20T16:45:57+00:00","dateModified":"2023-04-20T16:45:57+00:00","breadcrumb":{"@id":"https:\/\/arroyolorca.es\/index.php\/product\/as-26-2t-es\/#breadcrumb"},"inLanguage":"es","potentialAction":[{"@type":"ReadAction","target":["https:\/\/arroyolorca.es\/index.php\/product\/as-26-2t-es\/"]}]},{"@type":"BreadcrumbList","@id":"https:\/\/arroyolorca.es\/index.php\/product\/as-26-2t-es\/#breadcrumb","itemListElement":[{"@type":"ListItem","position":1,"name":"Home","item":"https:\/\/arroyolorca.es\/"},{"@type":"ListItem","position":2,"name":"Shop","item":"https:\/\/arroyolorca.es\/index.php\/shop\/"},{"@type":"ListItem","position":3,"name":"AS 26 2T ES"}]},{"@type":"WebSite","@id":"https:\/\/arroyolorca.es\/#website","url":"https:\/\/arroyolorca.es\/","name":"ArroyoLorca","description":"Maquimaria Agr\u00edcola, Jardines y trabajos forestales","publisher":{"@id":"https:\/\/arroyolorca.es\/#organization"},"potentialAction":[{"@type":"SearchAction","target":{"@type":"EntryPoint","urlTemplate":"https:\/\/arroyolorca.es\/?s={search_term_string}"},"query-input":"required name=search_term_string"}],"inLanguage":"es"},{"@type":"Organization","@id":"https:\/\/arroyolorca.es\/#organization","name":"ArroyoLorca","url":"https:\/\/arroyolorca.es\/","logo":{"@type":"ImageObject","inLanguage":"es","@id":"https:\/\/arroyolorca.es\/#\/schema\/logo\/image\/","url":"https:\/\/arroyolorca.es\/wp-content\/uploads\/2023\/04\/logo_cabecera-1.png","contentUrl":"https:\/\/arroyolorca.es\/wp-content\/uploads\/2023\/04\/logo_cabecera-1.png","width":450,"height":119,"caption":"ArroyoLorca"},"image":{"@id":"https:\/\/arroyolorca.es\/#\/schema\/logo\/image\/"}}]}},"_links":{"self":[{"href":"https:\/\/arroyolorca.es\/index.php\/wp-json\/wp\/v2\/product\/1121"}],"collection":[{"href":"https:\/\/arroyolorca.es\/index.php\/wp-json\/wp\/v2\/product"}],"about":[{"href":"https:\/\/arroyolorca.es\/index.php\/wp-json\/wp\/v2\/types\/product"}],"replies":[{"embeddable":true,"href":"https:\/\/arroyolorca.es\/index.php\/wp-json\/wp\/v2\/comments?post=1121"}],"wp:featuredmedia":[{"embeddable":true,"href":"https:\/\/arroyolorca.es\/index.php\/wp-json\/wp\/v2\/media\/1122"}],"wp:attachment":[{"href":"https:\/\/arroyolorca.es\/index.php\/wp-json\/wp\/v2\/media?parent=1121"}],"wp:term":[{"taxonomy":"product_cat","embeddable":true,"href":"https:\/\/arroyolorca.es\/index.php\/wp-json\/wp\/v2\/product_cat?post=1121"},{"taxonomy":"product_tag","embeddable":true,"href":"https:\/\/arroyolorca.es\/index.php\/wp-json\/wp\/v2\/product_tag?post=1121"}],"curies":[{"name":"wp","href":"https:\/\/api.w.org\/{rel}","templated":true}]}}