{"id":1131,"date":"2023-04-21T06:58:37","date_gmt":"2023-04-21T05:58:37","guid":{"rendered":"https:\/\/arroyolorca.es\/?post_type=product&#038;p=1131"},"modified":"2023-04-21T06:58:38","modified_gmt":"2023-04-21T05:58:38","slug":"as-63-2t-es","status":"publish","type":"product","link":"https:\/\/arroyolorca.es\/index.php\/product\/as-63-2t-es\/","title":{"rendered":"AS 63 2T ES"},"content":{"rendered":"<div class=\"col-lg-8 mb-4\">\n<div class=\"acfd-block acfd-block__headline container-fluid px-0\">\n<div class=\"acfd-headline\">\n<h2 class=\"h2 mt-0 mb-3 text-color-brand\" style=\"color: #f18700;\">Allm\u00e4her moderno para pendientes y terrenos dif\u00edciles<\/h2>\n<\/div>\n<\/div>\n<div class=\"acfd-block acfd-block__text container-fluid px-0\">\n<div class=\"acfd-text\">\n<p>Lleva a cabo el mulching donde otros alcanzan su l\u00edmite. El AS 63 2T ES est\u00e1 equipado con el \u00fanico motor de 2 tiempos del mundo que cumple con los requisitos estipulados por la Directiva de emisiones 97\/68\/CE de la UE. El motor AS de 2 tiempos mantiene la lubricaci\u00f3n del motor independientemente de su posici\u00f3n, lo que permite cortar hierba en pendientes de 45 grados y m\u00e1s sin riesgo de da\u00f1ar el motor. Adem\u00e1s, el motor AS de 2 tiempos viene equipado de f\u00e1brica con una funci\u00f3n EasyStart; el sistema de encendido digital CDI reduce a la mitad las rpm necesarias para arrancar. El par de torsi\u00f3n alto del motor de 2 tiempos proporciona plena potencia en hierba alta y h\u00fameda, mientras que un tercer cojinete de cig\u00fce\u00f1al y discos de fricci\u00f3n en la aleta protegen el motor en caso de golpear un obst\u00e1culo. Los neum\u00e1ticos hinchables grandes con pernos de campo ofrecen una propulsi\u00f3n ideal a velocidades de hasta 4,0 km\/h.<br \/>\nLa transmisi\u00f3n de reducci\u00f3n de transmisi\u00f3n con una relaci\u00f3n de transmisi\u00f3n de 1:13,44 permite que el AS 63 2T ES frene de forma aut\u00f3noma cuando se mueve cuesta abajo. La m\u00e1quina no se acelerar\u00e1 cuando se mueve cuesta abajo, independientemente del \u00e1ngulo de inclinaci\u00f3n. En la conducci\u00f3n, el AS 63 2T ES tiene un diferencial de deslizamiento limitado permanentemente bloqueado que aumenta la tracci\u00f3n y la seguridad, especialmente en pendientes.<br \/>\nSon posibles velocidades de trabajo que alcancen los 2.400 m\u00b2 por hora gracias a un motor de 2 tiempos de alto rendimiento con impulso variable de hasta 6,7 CV y \u200b\u200buna anchura de corte de 61 cm. El AS 63 2T ES corta f\u00e1cilmente hierba de hasta 100 cm de altura.<\/p>\n<p><strong style=\"color: #f18700;\">Operaci\u00f3n simple, conveniente y segura<\/strong><\/p>\n<p>El AS 63 2T ES funciona con palancas de operaci\u00f3n que activan el freno de estacionamiento, el accionamiento de tracci\u00f3n, el diferencial de deslizamiento limitado y el embrague de la cuchilla. La seguridad absoluta para el corte en pendiente se logra mediante un freno de estacionamiento autom\u00e1tico y un diferencial de deslizamiento limitado que permanece bloqueado permanentemente mientras la m\u00e1quina est\u00e1 en marcha. Cuando se suelta la palanca de accionamiento, el freno de estacionamiento se activa autom\u00e1ticamente y el AS 63 2T ES se detiene, ya sea en pendiente o en una superficie horizontal. Para una operaci\u00f3n c\u00f3moda, la barra de gu\u00eda est\u00e1 equipada con un manillar en V que se puede ajustar lateralmente y en altura sin herramientas. La amortiguaci\u00f3n de vibraciones \u201cVibrationProtect\u201d reduce al m\u00ednimo la vibraci\u00f3n de la mano y el brazo.<\/p>\n<\/div>\n<\/div>\n<\/div>\n<div style=\"margin-top: 50px;\">\n<h4 style=\"color: #f18700;\">Ventajas<\/h4>\n<table style=\"margin: auto;\">\n<tbody>\n<tr>\n<td>\n<p style=\"color: #f18700;\">Motor adecuado para pendientes<\/p>\n<\/td>\n<td>El \u00fanico motor AS 2 tiempos del mundo con EasyStart tiene lubricaci\u00f3n independiente de la posici\u00f3n, asegurando un funcionamiento seguro incluso en pendientes pronunciadas.<\/td>\n<\/tr>\n<tr>\n<td>\n<p style=\"color: #f18700;\">Corte y trituraci\u00f3n de la hierba en un \u00fanico paso<\/p>\n<\/td>\n<td>El sistema de cuchillas cruzadas del AS 63 Allm\u00e4her corta y tritura f\u00e1cilmente el alto crecimiento con un rendimiento de corte impresionante y un excelente resultado de mulching.<\/td>\n<\/tr>\n<tr>\n<td>\n<p style=\"color: #f18700;\">Freno de estacionamiento autom\u00e1tico<\/p>\n<\/td>\n<td>Cuando se suelta la palanca de accionamiento, la m\u00e1quina se detiene autom\u00e1ticamente, ya sea en pendiente o en suelo nivelado.<\/td>\n<\/tr>\n<tr>\n<td>\n<p style=\"color: #f18700;\">Unidad de tracci\u00f3n con freno autom\u00e1tico<\/p>\n<\/td>\n<td>La transmisi\u00f3n con reducci\u00f3n de tracci\u00f3n con una relaci\u00f3n de transmisi\u00f3n de 1:13,44 proporciona una propulsi\u00f3n \u00f3ptima y frena de forma aut\u00f3noma cuando se mueve cuesta abajo.<\/td>\n<\/tr>\n<tr>\n<td>\n<p style=\"color: #f18700;\">Diferencial de deslizamiento limitado autom\u00e1tico<\/p>\n<\/td>\n<td>El diferencial de deslizamiento 100% limitado se activa en la unidad, lo que permite un mejor manejo.<\/td>\n<\/tr>\n<tr>\n<td>\n<p style=\"color: #f18700;\">Alta capacidad de corte (AS 63)<\/p>\n<\/td>\n<td>Reducci\u00f3n del aspa del motor 1:1,6 para una gran capacidad de corte en crecimiento denso.<\/td>\n<\/tr>\n<tr>\n<td>\n<p style=\"color: #f18700;\">Protecci\u00f3n del motor<\/p>\n<\/td>\n<td>El motor separado y el eje de la cuchilla protegen el motor.<\/td>\n<\/tr>\n<tr>\n<td>\n<p style=\"color: #f18700;\">Plataforma de corte c\u00f3nica<\/p>\n<\/td>\n<td>La plataforma de corte c\u00f3nica genera un flujo de aire que hace girar uniformemente los recortes en la unidad de mulching, lo que proporciona excelentes resultados de corte.<\/td>\n<\/tr>\n<\/tbody>\n<\/table>\n<\/div>\n<div style=\"margin-top: 50px;\">\n<table>\n<tbody>\n<tr style=\"text-align: center;\">\n<td><img decoding=\"async\" loading=\"lazy\" class=\"alignnone size-full wp-image-1132\" src=\"https:\/\/arroyolorca.es\/wp-content\/uploads\/2023\/04\/AS_63-variomatic-230x300-1.jpg\" alt=\"\" width=\"230\" height=\"300\" \/><\/td>\n<td><img decoding=\"async\" loading=\"lazy\" class=\"alignnone size-full wp-image-1133\" src=\"https:\/\/arroyolorca.es\/wp-content\/uploads\/2023\/04\/AS_63-easy-transport-300x200-1.jpg\" alt=\"\" width=\"300\" height=\"200\" \/><\/td>\n<td><img decoding=\"async\" loading=\"lazy\" class=\"alignnone size-full wp-image-1134\" src=\"https:\/\/arroyolorca.es\/wp-content\/uploads\/2023\/04\/AS_63-Vibration-damping-300x225-1.jpg\" alt=\"\" width=\"300\" height=\"225\" \/><\/td>\n<td><img decoding=\"async\" loading=\"lazy\" class=\"alignnone size-full wp-image-1135\" src=\"https:\/\/arroyolorca.es\/wp-content\/uploads\/2023\/04\/AS_63-Blade-System-280x300-1.jpg\" alt=\"\" width=\"280\" height=\"300\" \/><\/td>\n<\/tr>\n<tr>\n<td><span style=\"color: #f18700;\"><br \/>\nVariador<\/span>El regulador de velocidad permite ajustar la velocidad de avance<\/td>\n<td><span style=\"color: #f18700;\"><br \/>\nF\u00e1cil transporte<\/span>El AS 63 puede plegarse f\u00e1cilmente para lograr unas dimensiones de transporte compactas<\/td>\n<td><span style=\"color: #f18700;\"><br \/>\nAmortiguaci\u00f3n de la vibraci\u00f3n<\/span>\u00abVibrationProtect\u00bb reduce la vibraci\u00f3n mano-brazo a un m\u00ednimo<\/td>\n<td><span style=\"color: #f18700;\"><br \/>\nPosici\u00f3n de limpieza y servicio<\/span>El dise\u00f1o compacto del AS 63 permite una limpieza f\u00e1cil y c\u00f3moda<\/td>\n<\/tr>\n<\/tbody>\n<\/table>\n<\/div>\n<div style=\"margin-top: 50px;\">\n<h4 style=\"text-align: center;\">Datos T\u00e9cnicos<\/h4>\n<table style=\"margin: auto;\">\n<tbody>\n<tr>\n<td style=\"background-color: #bcbcbc;\"><strong>Ancho de corte: <\/strong><\/td>\n<td style=\"background-color: #bcbcbc;\">61 cm<\/td>\n<td><strong>Cuchilla Cruzada<\/strong><\/td>\n<td><\/td>\n<\/tr>\n<tr>\n<td><strong>Altura m\u00e1xima hierba: <\/strong><\/td>\n<td>100 cm<\/td>\n<td style=\"background-color: #bcbcbc;\"><strong>Altura de corte: <\/strong><\/td>\n<td style=\"background-color: #bcbcbc;\">50 &#8211; 100 mm<\/td>\n<\/tr>\n<tr>\n<td style=\"background-color: #bcbcbc;\"><strong>Fabricante de motores:<\/strong><\/td>\n<td style=\"background-color: #bcbcbc;\">AS-Motor<\/td>\n<td><strong>Accionamiento, mec\u00e1nico<\/strong><\/td>\n<td><\/td>\n<\/tr>\n<tr>\n<td><strong> Designaci\u00f3n del motor<\/strong><\/td>\n<td>AS 165 ES<\/td>\n<td style=\"background-color: #bcbcbc;\"><strong>N\u00famero de engranajes:<\/strong><\/td>\n<td style=\"background-color: #bcbcbc;\">Vario<\/td>\n<\/tr>\n<tr>\n<td style=\"background-color: #bcbcbc;\"><strong>Desplazamiento: <\/strong><\/td>\n<td style=\"background-color: #bcbcbc;\">165 cm\u00b3<\/td>\n<td><strong>Max. velocidad: <\/strong><\/td>\n<td>4 km\/h<\/td>\n<\/tr>\n<tr>\n<td><strong>Potencia m\u00e1xima: <\/strong><\/td>\n<td>4,4\/6,0 kW (hp)<\/td>\n<td style=\"background-color: #bcbcbc;\"><strong>Capacidad del tanque: <\/strong><\/td>\n<td style=\"background-color: #bcbcbc;\">3 l<\/td>\n<\/tr>\n<tr>\n<td style=\"background-color: #bcbcbc;\"><strong>Potencia nominal: <\/strong><\/td>\n<td style=\"background-color: #bcbcbc;\">4,0\/5,4 kW (hp)<\/td>\n<td><strong>Dimensi\u00f3n L \/ W \/ H: <\/strong><\/td>\n<td><span class=\"value\">191x70x99 <span class=\"unit\">cm<\/span><\/span><\/td>\n<\/tr>\n<tr>\n<td><strong>Velocidad nominal: <\/strong><\/td>\n<td>3800 rpm<\/td>\n<td style=\"background-color: #bcbcbc;\"><strong>Peso: <\/strong><\/td>\n<td style=\"background-color: #bcbcbc;\">77 kg<\/td>\n<\/tr>\n<tr>\n<td style=\"background-color: #bcbcbc;\"><strong>Descarga trasera <\/strong><\/td>\n<td style=\"background-color: #bcbcbc;\"><\/td>\n<td><strong>Diferencial de deslizamiento limitado <\/strong><\/td>\n<td><\/td>\n<\/tr>\n<tr>\n<td><strong>Embrague de la cuchilla<\/strong><\/td>\n<td><\/td>\n<td style=\"background-color: #bcbcbc;\"><strong>Freno de estacionamiento autom\u00e1tico <\/strong><\/td>\n<td style=\"background-color: #bcbcbc;\"><\/td>\n<\/tr>\n<tr>\n<td style=\"background-color: #bcbcbc;\"><strong>Cubierta de siega cerrada<\/strong><\/td>\n<td style=\"background-color: #bcbcbc;\"><\/td>\n<td><\/td>\n<td><\/td>\n<\/tr>\n<\/tbody>\n<\/table>\n<\/div>\n","protected":false},"excerpt":{"rendered":"<p>Allm\u00e4her moderno para pendientes y terrenos dif\u00edciles Lleva a cabo el mulching donde otros alcanzan su l\u00edmite. El AS 63 2T ES est\u00e1 equipado con el \u00fanico motor de 2 tiempos del mundo que cumple con los requisitos estipulados por la Directiva de emisiones 97\/68\/CE de la UE. El motor AS de 2 tiempos mantiene [&hellip;]<\/p>\n","protected":false},"featured_media":1136,"comment_status":"open","ping_status":"closed","template":"","meta":{"ocean_front_end_style_editor":"no","ocean_post_layout":"","ocean_both_sidebars_style":"","ocean_both_sidebars_content_width":0,"ocean_both_sidebars_sidebars_width":0,"ocean_sidebar":"0","ocean_second_sidebar":"0","ocean_disable_margins":"enable","ocean_add_body_class":"","ocean_shortcode_before_top_bar":"","ocean_shortcode_after_top_bar":"","ocean_shortcode_before_header":"","ocean_shortcode_after_header":"","ocean_has_shortcode":"","ocean_shortcode_after_title":"","ocean_shortcode_before_footer_widgets":"","ocean_shortcode_after_footer_widgets":"","ocean_shortcode_before_footer_bottom":"","ocean_shortcode_after_footer_bottom":"","ocean_display_top_bar":"default","ocean_display_header":"default","ocean_header_style":"","ocean_center_header_left_menu":"0","ocean_custom_header_template":"0","ocean_custom_logo":0,"ocean_custom_retina_logo":0,"ocean_custom_logo_max_width":0,"ocean_custom_logo_tablet_max_width":0,"ocean_custom_logo_mobile_max_width":0,"ocean_custom_logo_max_height":0,"ocean_custom_logo_tablet_max_height":0,"ocean_custom_logo_mobile_max_height":0,"ocean_header_custom_menu":"0","ocean_menu_typo_font_family":"0","ocean_menu_typo_font_subset":"","ocean_menu_typo_font_size":0,"ocean_menu_typo_font_size_tablet":0,"ocean_menu_typo_font_size_mobile":0,"ocean_menu_typo_font_size_unit":"px","ocean_menu_typo_font_weight":"","ocean_menu_typo_font_weight_tablet":"","ocean_menu_typo_font_weight_mobile":"","ocean_menu_typo_transform":"","ocean_menu_typo_transform_tablet":"","ocean_menu_typo_transform_mobile":"","ocean_menu_typo_line_height":0,"ocean_menu_typo_line_height_tablet":0,"ocean_menu_typo_line_height_mobile":0,"ocean_menu_typo_line_height_unit":"","ocean_menu_typo_spacing":0,"ocean_menu_typo_spacing_tablet":0,"ocean_menu_typo_spacing_mobile":0,"ocean_menu_typo_spacing_unit":"","ocean_menu_link_color":"","ocean_menu_link_color_hover":"","ocean_menu_link_color_active":"","ocean_menu_link_background":"","ocean_menu_link_hover_background":"","ocean_menu_link_active_background":"","ocean_menu_social_links_bg":"","ocean_menu_social_hover_links_bg":"","ocean_menu_social_links_color":"","ocean_menu_social_hover_links_color":"","ocean_disable_title":"default","ocean_disable_heading":"default","ocean_post_title":"","ocean_post_subheading":"","ocean_post_title_style":"","ocean_post_title_background_color":"","ocean_post_title_background":0,"ocean_post_title_bg_image_position":"","ocean_post_title_bg_image_attachment":"","ocean_post_title_bg_image_repeat":"","ocean_post_title_bg_image_size":"","ocean_post_title_height":0,"ocean_post_title_bg_overlay":0.5,"ocean_post_title_bg_overlay_color":"","ocean_disable_breadcrumbs":"default","ocean_breadcrumbs_color":"","ocean_breadcrumbs_separator_color":"","ocean_breadcrumbs_links_color":"","ocean_breadcrumbs_links_hover_color":"","ocean_display_footer_widgets":"default","ocean_display_footer_bottom":"default","ocean_custom_footer_template":"0"},"product_cat":[125,134,126,42],"product_tag":[124,72],"yoast_head":"<!-- This site is optimized with the Yoast SEO plugin v21.2 - https:\/\/yoast.com\/wordpress\/plugins\/seo\/ -->\n<title>AS 63 2T ES - ArroyoLorca<\/title>\n<meta name=\"robots\" content=\"index, follow, max-snippet:-1, max-image-preview:large, max-video-preview:-1\" \/>\n<link rel=\"canonical\" href=\"https:\/\/arroyolorca.es\/index.php\/product\/as-63-2t-es\/\" \/>\n<meta property=\"og:locale\" content=\"es_ES\" \/>\n<meta property=\"og:type\" content=\"article\" \/>\n<meta property=\"og:title\" content=\"AS 63 2T ES - ArroyoLorca\" \/>\n<meta property=\"og:description\" content=\"Allm\u00e4her moderno para pendientes y terrenos dif\u00edciles Lleva a cabo el mulching donde otros alcanzan su l\u00edmite. El AS 63 2T ES est\u00e1 equipado con el \u00fanico motor de 2 tiempos del mundo que cumple con los requisitos estipulados por la Directiva de emisiones 97\/68\/CE de la UE. El motor AS de 2 tiempos mantiene [&hellip;]\" \/>\n<meta property=\"og:url\" content=\"https:\/\/arroyolorca.es\/index.php\/product\/as-63-2t-es\/\" \/>\n<meta property=\"og:site_name\" content=\"ArroyoLorca\" \/>\n<meta property=\"article:modified_time\" content=\"2023-04-21T05:58:38+00:00\" \/>\n<meta property=\"og:image\" content=\"https:\/\/arroyolorca.es\/wp-content\/uploads\/2023\/04\/AS-Motor_AS-63-2T-ES_studio_web-768x480-1.png\" \/>\n\t<meta property=\"og:image:width\" content=\"768\" \/>\n\t<meta property=\"og:image:height\" content=\"480\" \/>\n\t<meta property=\"og:image:type\" content=\"image\/png\" \/>\n<meta name=\"twitter:card\" content=\"summary_large_image\" \/>\n<meta name=\"twitter:label1\" content=\"Tiempo de lectura\" \/>\n\t<meta name=\"twitter:data1\" content=\"5 minutos\" \/>\n<script type=\"application\/ld+json\" class=\"yoast-schema-graph\">{\"@context\":\"https:\/\/schema.org\",\"@graph\":[{\"@type\":\"WebPage\",\"@id\":\"https:\/\/arroyolorca.es\/index.php\/product\/as-63-2t-es\/\",\"url\":\"https:\/\/arroyolorca.es\/index.php\/product\/as-63-2t-es\/\",\"name\":\"AS 63 2T ES - ArroyoLorca\",\"isPartOf\":{\"@id\":\"https:\/\/arroyolorca.es\/#website\"},\"datePublished\":\"2023-04-21T05:58:37+00:00\",\"dateModified\":\"2023-04-21T05:58:38+00:00\",\"breadcrumb\":{\"@id\":\"https:\/\/arroyolorca.es\/index.php\/product\/as-63-2t-es\/#breadcrumb\"},\"inLanguage\":\"es\",\"potentialAction\":[{\"@type\":\"ReadAction\",\"target\":[\"https:\/\/arroyolorca.es\/index.php\/product\/as-63-2t-es\/\"]}]},{\"@type\":\"BreadcrumbList\",\"@id\":\"https:\/\/arroyolorca.es\/index.php\/product\/as-63-2t-es\/#breadcrumb\",\"itemListElement\":[{\"@type\":\"ListItem\",\"position\":1,\"name\":\"Home\",\"item\":\"https:\/\/arroyolorca.es\/\"},{\"@type\":\"ListItem\",\"position\":2,\"name\":\"Shop\",\"item\":\"https:\/\/arroyolorca.es\/index.php\/shop\/\"},{\"@type\":\"ListItem\",\"position\":3,\"name\":\"AS 63 2T ES\"}]},{\"@type\":\"WebSite\",\"@id\":\"https:\/\/arroyolorca.es\/#website\",\"url\":\"https:\/\/arroyolorca.es\/\",\"name\":\"ArroyoLorca\",\"description\":\"Maquimaria Agr\u00edcola, Jardines y trabajos forestales\",\"publisher\":{\"@id\":\"https:\/\/arroyolorca.es\/#organization\"},\"potentialAction\":[{\"@type\":\"SearchAction\",\"target\":{\"@type\":\"EntryPoint\",\"urlTemplate\":\"https:\/\/arroyolorca.es\/?s={search_term_string}\"},\"query-input\":\"required name=search_term_string\"}],\"inLanguage\":\"es\"},{\"@type\":\"Organization\",\"@id\":\"https:\/\/arroyolorca.es\/#organization\",\"name\":\"ArroyoLorca\",\"url\":\"https:\/\/arroyolorca.es\/\",\"logo\":{\"@type\":\"ImageObject\",\"inLanguage\":\"es\",\"@id\":\"https:\/\/arroyolorca.es\/#\/schema\/logo\/image\/\",\"url\":\"https:\/\/arroyolorca.es\/wp-content\/uploads\/2023\/04\/logo_cabecera-1.png\",\"contentUrl\":\"https:\/\/arroyolorca.es\/wp-content\/uploads\/2023\/04\/logo_cabecera-1.png\",\"width\":450,\"height\":119,\"caption\":\"ArroyoLorca\"},\"image\":{\"@id\":\"https:\/\/arroyolorca.es\/#\/schema\/logo\/image\/\"}}]}<\/script>\n<!-- \/ Yoast SEO plugin. -->","yoast_head_json":{"title":"AS 63 2T ES - ArroyoLorca","robots":{"index":"index","follow":"follow","max-snippet":"max-snippet:-1","max-image-preview":"max-image-preview:large","max-video-preview":"max-video-preview:-1"},"canonical":"https:\/\/arroyolorca.es\/index.php\/product\/as-63-2t-es\/","og_locale":"es_ES","og_type":"article","og_title":"AS 63 2T ES - ArroyoLorca","og_description":"Allm\u00e4her moderno para pendientes y terrenos dif\u00edciles Lleva a cabo el mulching donde otros alcanzan su l\u00edmite. El AS 63 2T ES est\u00e1 equipado con el \u00fanico motor de 2 tiempos del mundo que cumple con los requisitos estipulados por la Directiva de emisiones 97\/68\/CE de la UE. El motor AS de 2 tiempos mantiene [&hellip;]","og_url":"https:\/\/arroyolorca.es\/index.php\/product\/as-63-2t-es\/","og_site_name":"ArroyoLorca","article_modified_time":"2023-04-21T05:58:38+00:00","og_image":[{"width":768,"height":480,"url":"https:\/\/arroyolorca.es\/wp-content\/uploads\/2023\/04\/AS-Motor_AS-63-2T-ES_studio_web-768x480-1.png","type":"image\/png"}],"twitter_card":"summary_large_image","twitter_misc":{"Tiempo de lectura":"5 minutos"},"schema":{"@context":"https:\/\/schema.org","@graph":[{"@type":"WebPage","@id":"https:\/\/arroyolorca.es\/index.php\/product\/as-63-2t-es\/","url":"https:\/\/arroyolorca.es\/index.php\/product\/as-63-2t-es\/","name":"AS 63 2T ES - ArroyoLorca","isPartOf":{"@id":"https:\/\/arroyolorca.es\/#website"},"datePublished":"2023-04-21T05:58:37+00:00","dateModified":"2023-04-21T05:58:38+00:00","breadcrumb":{"@id":"https:\/\/arroyolorca.es\/index.php\/product\/as-63-2t-es\/#breadcrumb"},"inLanguage":"es","potentialAction":[{"@type":"ReadAction","target":["https:\/\/arroyolorca.es\/index.php\/product\/as-63-2t-es\/"]}]},{"@type":"BreadcrumbList","@id":"https:\/\/arroyolorca.es\/index.php\/product\/as-63-2t-es\/#breadcrumb","itemListElement":[{"@type":"ListItem","position":1,"name":"Home","item":"https:\/\/arroyolorca.es\/"},{"@type":"ListItem","position":2,"name":"Shop","item":"https:\/\/arroyolorca.es\/index.php\/shop\/"},{"@type":"ListItem","position":3,"name":"AS 63 2T ES"}]},{"@type":"WebSite","@id":"https:\/\/arroyolorca.es\/#website","url":"https:\/\/arroyolorca.es\/","name":"ArroyoLorca","description":"Maquimaria Agr\u00edcola, Jardines y trabajos forestales","publisher":{"@id":"https:\/\/arroyolorca.es\/#organization"},"potentialAction":[{"@type":"SearchAction","target":{"@type":"EntryPoint","urlTemplate":"https:\/\/arroyolorca.es\/?s={search_term_string}"},"query-input":"required name=search_term_string"}],"inLanguage":"es"},{"@type":"Organization","@id":"https:\/\/arroyolorca.es\/#organization","name":"ArroyoLorca","url":"https:\/\/arroyolorca.es\/","logo":{"@type":"ImageObject","inLanguage":"es","@id":"https:\/\/arroyolorca.es\/#\/schema\/logo\/image\/","url":"https:\/\/arroyolorca.es\/wp-content\/uploads\/2023\/04\/logo_cabecera-1.png","contentUrl":"https:\/\/arroyolorca.es\/wp-content\/uploads\/2023\/04\/logo_cabecera-1.png","width":450,"height":119,"caption":"ArroyoLorca"},"image":{"@id":"https:\/\/arroyolorca.es\/#\/schema\/logo\/image\/"}}]}},"_links":{"self":[{"href":"https:\/\/arroyolorca.es\/index.php\/wp-json\/wp\/v2\/product\/1131"}],"collection":[{"href":"https:\/\/arroyolorca.es\/index.php\/wp-json\/wp\/v2\/product"}],"about":[{"href":"https:\/\/arroyolorca.es\/index.php\/wp-json\/wp\/v2\/types\/product"}],"replies":[{"embeddable":true,"href":"https:\/\/arroyolorca.es\/index.php\/wp-json\/wp\/v2\/comments?post=1131"}],"wp:featuredmedia":[{"embeddable":true,"href":"https:\/\/arroyolorca.es\/index.php\/wp-json\/wp\/v2\/media\/1136"}],"wp:attachment":[{"href":"https:\/\/arroyolorca.es\/index.php\/wp-json\/wp\/v2\/media?parent=1131"}],"wp:term":[{"taxonomy":"product_cat","embeddable":true,"href":"https:\/\/arroyolorca.es\/index.php\/wp-json\/wp\/v2\/product_cat?post=1131"},{"taxonomy":"product_tag","embeddable":true,"href":"https:\/\/arroyolorca.es\/index.php\/wp-json\/wp\/v2\/product_tag?post=1131"}],"curies":[{"name":"wp","href":"https:\/\/api.w.org\/{rel}","templated":true}]}}