{"id":1174,"date":"2023-04-22T05:21:23","date_gmt":"2023-04-22T04:21:23","guid":{"rendered":"https:\/\/arroyolorca.es\/?post_type=product&#038;p=1174"},"modified":"2023-04-22T05:21:24","modified_gmt":"2023-04-22T04:21:24","slug":"as-21-eallmaher","status":"publish","type":"product","link":"https:\/\/arroyolorca.es\/index.php\/product\/as-21-eallmaher\/","title":{"rendered":"AS 21 EAllmaher"},"content":{"rendered":"<div class=\"col-lg-8 mb-4\">\n<div class=\"acfd-block acfd-block__headline container-fluid px-0\">\n<div class=\"acfd-headline\">\n<h2 class=\"h2 mt-0 mb-3 text-color-brand\" style=\"color: #f18700;\">Pr\u00e1ctico y pr\u00e1ctico Allm\u00e4her alimentado por bater\u00eda con ciertos extras<\/h2>\n<\/div>\n<\/div>\n<div class=\"acfd-block acfd-block__text container-fluid px-0\">\n<div class=\"acfd-text\">\n<p>Ahora con accionamiento el\u00e9ctrico AS-Motor. Entre los cortac\u00e9spedes, el AS 21 es uno de los legendarios cl\u00e1sicos de AS-Motor. Durante d\u00e9cadas, su dise\u00f1o y rendimiento de siega han demostrado su eficacia en los huertos de Europa. Equipado con el nuevo accionamiento el\u00e9ctrico AS-Motor, est\u00e1 m\u00e1s actualizado que nunca. El nuevo accionamiento el\u00e9ctrico AS-Motor de 56 voltios tiene la potencia de un motor de gasolina convencional de 200 cm3. Est\u00e1 alimentado por dos bater\u00edas de mano profesionales con 10 Ah cada una. Juntos proporcionan una enorme cantidad de 1.120 vatios-hora de energ\u00eda. Para un alcance m\u00e1ximo, tambi\u00e9n se puede conectar una bater\u00eda trasera de 28 Ah. Con una reserva de energ\u00eda r\u00e9cord de 2.688 vatios-hora.<\/p>\n<p>Es adecuado para alturas de c\u00e9sped de hasta 60 cm. El cortac\u00e9sped de pradera tiene un tercer cojinete del cig\u00fce\u00f1al y discos de fricci\u00f3n en la hoja del ala para proteger el motor en caso de colisiones con objetos invisibles. Las ruedas motrices perfiladas proporcionan una buena propulsi\u00f3n.<\/p>\n<p><strong style=\"color: #f18700;\">Maniobras \u00e1giles gracias al concepto de 3 ruedas<\/strong><\/p>\n<p>El AS 21 E-Allm\u00e4her domina f\u00e1cilmente el corte en \u00e1ngulos y curvas. La rueda delantera giratoria se puede detener mec\u00e1nicamente en su posici\u00f3n, lo que garantiza un corte estable y c\u00f3modo en ligeras pendientes.<\/p>\n<p>Las alturas de corte se pueden ajustar f\u00e1cilmente dentro del rango de 55-80 cm a trav\u00e9s de cuatro niveles de altura de corte en la rueda delantera y dos niveles de altura de corte en las ruedas traseras. El AS 21 E-Allm\u00e4her est\u00e1 equipado con un manillar c\u00f3modo que se puede ajustar lateralmente y para altura sin herramientas. Todo el riel gu\u00eda se puede plegar hacia adelante para el transporte.<\/p>\n<p><strong>ECOSISTEMA EL\u00c9CTRICO<\/strong><\/p>\n<p>Ampl\u00ede su capacidad operativa en todas las direcciones con un ECOSISTEMA integral. Las bater\u00edas el\u00e9ctricas AS-Motor son compatibles con todas las herramientas manuales profesionales de EGO Powertools.<\/p>\n<\/div>\n<\/div>\n<\/div>\n<div style=\"margin-top: 50px;\">\n<h4 style=\"color: #f18700;\">Ventajas<\/h4>\n<table style=\"margin: auto;\">\n<tbody>\n<tr>\n<td>\n<p style=\"color: #f18700;\">Concepto de 3 ruedas<\/p>\n<\/td>\n<td>Concepto de 3 ruedas: el dispositivo hace ideal el corte en \u00e1ngulos y curvas.<\/td>\n<\/tr>\n<tr>\n<td>\n<p style=\"color: #f18700;\">Tracci\u00f3n trasera<\/p>\n<\/td>\n<td>La tracci\u00f3n trasera garantiza una propulsi\u00f3n \u00f3ptima en pendientes y terreno nivelado.<\/td>\n<\/tr>\n<tr>\n<td>\n<p style=\"color: #f18700;\">La disposici\u00f3n del cojinete del eje de la cuchilla protege el motor<\/p>\n<\/td>\n<td>Los discos de fricci\u00f3n y el cojinete del tercer cig\u00fce\u00f1al en la cuchilla de mulching garantizan una protecci\u00f3n \u00f3ptima del motor.<\/td>\n<\/tr>\n<\/tbody>\n<\/table>\n<\/div>\n<div style=\"margin-top: 50px;\">\n<table>\n<tbody>\n<tr style=\"text-align: center;\">\n<td><img decoding=\"async\" loading=\"lazy\" class=\"alignnone size-full wp-image-1044\" src=\"https:\/\/arroyolorca.es\/wp-content\/uploads\/2023\/04\/Electric_Motor_solo_Perspektive_1_web-1-300x217-1.jpg\" alt=\"\" width=\"300\" height=\"217\" \/><\/td>\n<td><img decoding=\"async\" loading=\"lazy\" class=\"alignnone size-full wp-image-1175\" src=\"https:\/\/arroyolorca.es\/wp-content\/uploads\/2023\/04\/AS_26_28_21-Rear-Brake-300x225-2.jpg\" alt=\"\" width=\"300\" height=\"225\" \/><\/td>\n<td><img decoding=\"async\" loading=\"lazy\" class=\"alignnone size-full wp-image-1046\" src=\"https:\/\/arroyolorca.es\/wp-content\/uploads\/2023\/04\/Handakkus_10_Ah_und_Ladegeraet_web-300x227-1.jpg\" alt=\"\" width=\"300\" height=\"227\" \/><\/td>\n<td><img decoding=\"async\" loading=\"lazy\" class=\"alignnone size-full wp-image-1176\" src=\"https:\/\/arroyolorca.es\/wp-content\/uploads\/2023\/04\/AS-Motor_AS_26_2T_live_Arretierung-3-300x188-1.jpg\" alt=\"\" width=\"300\" height=\"188\" \/><\/td>\n<\/tr>\n<tr>\n<td><span style=\"color: #f18700;\"><br \/>\nAS-Motor Electric Drive<\/span><\/p>\n<p>Most powerful Electric drive on the market. 56-volt, 3.200 watt rated power. Two battery slots, active cooling and two operating speeds. Connectivity for additional 1,568 Wh, 28 Ah back battery.<\/td>\n<td><span style=\"color: #f18700;\"><br \/>\nAdjustable operating bar<\/span><\/p>\n<p>Guide bar can be adjusted laterally and in height without tools to adapt to every operator.<\/td>\n<td><span style=\"color: #f18700;\"><br \/>\nBattery+charger<\/span><\/p>\n<p>Not included in delivery: High-performance Li-ion battery 56 Volt 10 Ah, 560 Wh, back battery 28 Ah, 1,568 Wh and quick charger. Charging time: 10 Ah 100% in 70 min, 28 Ah 100% in 210 min.<\/td>\n<td><span style=\"color: #f18700;\"><br \/>\nSteerable front wheel<\/span><\/p>\n<p>Swivel front wheel can be stopped in position for safe traversing on slopes.<\/td>\n<\/tr>\n<\/tbody>\n<\/table>\n<\/div>\n<div style=\"margin-top: 50px;\">\n<h4 style=\"text-align: center;\">Datos T\u00e9cnicos<\/h4>\n<table style=\"margin: auto;\">\n<tbody>\n<tr>\n<td style=\"background-color: #bcbcbc;\"><strong>Ancho de corte: <\/strong><\/td>\n<td style=\"background-color: #bcbcbc;\">51 cm<\/td>\n<td><strong>Peso: <\/strong><\/td>\n<td>49 kgr<\/td>\n<\/tr>\n<tr>\n<td><strong>Altura m\u00e1xima hierba: <\/strong><\/td>\n<td>60 cm<\/td>\n<td style=\"background-color: #bcbcbc;\"><span class=\"label font-weight-bold\">Schalldruckpegel am Bedienplatz<\/span>:<\/td>\n<td style=\"background-color: #bcbcbc;\">\u00a0<span class=\"value\"> 75,7 <span class=\"unit\">dB<\/span> <\/span><\/td>\n<\/tr>\n<tr>\n<td style=\"background-color: #bcbcbc;\"><strong>Fabricante de motores:<\/strong><\/td>\n<td style=\"background-color: #bcbcbc;\"><span class=\"value\">AS-Motor<\/span><\/td>\n<td><span class=\"label font-weight-bold\">Hand-Arm-Schwingung<\/span>:<\/td>\n<td><span class=\"value\"> 1,4 <span class=\"unit\">m\/s\u00b2<\/span> <\/span><\/td>\n<\/tr>\n<tr>\n<td><strong> Designaci\u00f3n del motor<\/strong><\/td>\n<td><span class=\"value\">AS-Motor Electric <\/span><\/td>\n<td style=\"background-color: #bcbcbc;\"><strong>Descarga lateral <\/strong><\/td>\n<td style=\"background-color: #bcbcbc;\"><\/td>\n<\/tr>\n<tr>\n<td style=\"background-color: #bcbcbc;\"><strong>Monocuchilla<\/strong><\/td>\n<td style=\"background-color: #bcbcbc;\"><\/td>\n<td><strong>Max. velocidad: <\/strong><\/td>\n<td>3 km\/h<\/td>\n<\/tr>\n<tr>\n<td><strong>Altura de corte:<br \/>\n<\/strong><\/td>\n<td><span class=\"value\">55 &#8211; 80 mm<br \/>\n<\/span><\/td>\n<td style=\"background-color: #bcbcbc;\"><strong>Dimensi\u00f3n L \/ W \/ H: <\/strong><\/td>\n<td style=\"background-color: #bcbcbc;\"><span class=\"value\">200x74x99 <span class=\"unit\">cm<\/span><\/span><\/td>\n<\/tr>\n<tr>\n<td style=\"background-color: #bcbcbc;\"><strong>Accionamiento mec\u00e1nico<br \/>\n<\/strong><\/td>\n<td style=\"background-color: #bcbcbc;\"><\/td>\n<td><\/td>\n<td><\/td>\n<\/tr>\n<tr>\n<td><strong>N\u00famero de engranajes:<\/strong><\/td>\n<td>1<\/td>\n<\/tr>\n<\/tbody>\n<\/table>\n<\/div>\n","protected":false},"excerpt":{"rendered":"<p>Pr\u00e1ctico y pr\u00e1ctico Allm\u00e4her alimentado por bater\u00eda con ciertos extras Ahora con accionamiento el\u00e9ctrico AS-Motor. Entre los cortac\u00e9spedes, el AS 21 es uno de los legendarios cl\u00e1sicos de AS-Motor. Durante d\u00e9cadas, su dise\u00f1o y rendimiento de siega han demostrado su eficacia en los huertos de Europa. Equipado con el nuevo accionamiento el\u00e9ctrico AS-Motor, est\u00e1 m\u00e1s [&hellip;]<\/p>\n","protected":false},"featured_media":1177,"comment_status":"open","ping_status":"closed","template":"","meta":{"ocean_front_end_style_editor":"no","ocean_post_layout":"","ocean_both_sidebars_style":"","ocean_both_sidebars_content_width":0,"ocean_both_sidebars_sidebars_width":0,"ocean_sidebar":"0","ocean_second_sidebar":"0","ocean_disable_margins":"enable","ocean_add_body_class":"","ocean_shortcode_before_top_bar":"","ocean_shortcode_after_top_bar":"","ocean_shortcode_before_header":"","ocean_shortcode_after_header":"","ocean_has_shortcode":"","ocean_shortcode_after_title":"","ocean_shortcode_before_footer_widgets":"","ocean_shortcode_after_footer_widgets":"","ocean_shortcode_before_footer_bottom":"","ocean_shortcode_after_footer_bottom":"","ocean_display_top_bar":"default","ocean_display_header":"default","ocean_header_style":"","ocean_center_header_left_menu":"0","ocean_custom_header_template":"0","ocean_custom_logo":0,"ocean_custom_retina_logo":0,"ocean_custom_logo_max_width":0,"ocean_custom_logo_tablet_max_width":0,"ocean_custom_logo_mobile_max_width":0,"ocean_custom_logo_max_height":0,"ocean_custom_logo_tablet_max_height":0,"ocean_custom_logo_mobile_max_height":0,"ocean_header_custom_menu":"0","ocean_menu_typo_font_family":"0","ocean_menu_typo_font_subset":"","ocean_menu_typo_font_size":0,"ocean_menu_typo_font_size_tablet":0,"ocean_menu_typo_font_size_mobile":0,"ocean_menu_typo_font_size_unit":"px","ocean_menu_typo_font_weight":"","ocean_menu_typo_font_weight_tablet":"","ocean_menu_typo_font_weight_mobile":"","ocean_menu_typo_transform":"","ocean_menu_typo_transform_tablet":"","ocean_menu_typo_transform_mobile":"","ocean_menu_typo_line_height":0,"ocean_menu_typo_line_height_tablet":0,"ocean_menu_typo_line_height_mobile":0,"ocean_menu_typo_line_height_unit":"","ocean_menu_typo_spacing":0,"ocean_menu_typo_spacing_tablet":0,"ocean_menu_typo_spacing_mobile":0,"ocean_menu_typo_spacing_unit":"","ocean_menu_link_color":"","ocean_menu_link_color_hover":"","ocean_menu_link_color_active":"","ocean_menu_link_background":"","ocean_menu_link_hover_background":"","ocean_menu_link_active_background":"","ocean_menu_social_links_bg":"","ocean_menu_social_hover_links_bg":"","ocean_menu_social_links_color":"","ocean_menu_social_hover_links_color":"","ocean_disable_title":"default","ocean_disable_heading":"default","ocean_post_title":"","ocean_post_subheading":"","ocean_post_title_style":"","ocean_post_title_background_color":"","ocean_post_title_background":0,"ocean_post_title_bg_image_position":"","ocean_post_title_bg_image_attachment":"","ocean_post_title_bg_image_repeat":"","ocean_post_title_bg_image_size":"","ocean_post_title_height":0,"ocean_post_title_bg_overlay":0.5,"ocean_post_title_bg_overlay_color":"","ocean_disable_breadcrumbs":"default","ocean_breadcrumbs_color":"","ocean_breadcrumbs_separator_color":"","ocean_breadcrumbs_links_color":"","ocean_breadcrumbs_links_hover_color":"","ocean_display_footer_widgets":"default","ocean_display_footer_bottom":"default","ocean_custom_footer_template":"0"},"product_cat":[125,134,89,126,42],"product_tag":[124,72,90],"yoast_head":"<!-- This site is optimized with the Yoast SEO plugin v21.2 - https:\/\/yoast.com\/wordpress\/plugins\/seo\/ -->\n<title>AS 21 EAllmaher - ArroyoLorca<\/title>\n<meta name=\"robots\" content=\"index, follow, max-snippet:-1, max-image-preview:large, max-video-preview:-1\" \/>\n<link rel=\"canonical\" href=\"https:\/\/arroyolorca.es\/index.php\/product\/as-21-eallmaher\/\" \/>\n<meta property=\"og:locale\" content=\"es_ES\" \/>\n<meta property=\"og:type\" content=\"article\" \/>\n<meta property=\"og:title\" content=\"AS 21 EAllmaher - ArroyoLorca\" \/>\n<meta property=\"og:description\" content=\"Pr\u00e1ctico y pr\u00e1ctico Allm\u00e4her alimentado por bater\u00eda con ciertos extras Ahora con accionamiento el\u00e9ctrico AS-Motor. Entre los cortac\u00e9spedes, el AS 21 es uno de los legendarios cl\u00e1sicos de AS-Motor. Durante d\u00e9cadas, su dise\u00f1o y rendimiento de siega han demostrado su eficacia en los huertos de Europa. Equipado con el nuevo accionamiento el\u00e9ctrico AS-Motor, est\u00e1 m\u00e1s [&hellip;]\" \/>\n<meta property=\"og:url\" content=\"https:\/\/arroyolorca.es\/index.php\/product\/as-21-eallmaher\/\" \/>\n<meta property=\"og:site_name\" content=\"ArroyoLorca\" \/>\n<meta property=\"article:modified_time\" content=\"2023-04-22T04:21:24+00:00\" \/>\n<meta property=\"og:image\" content=\"https:\/\/arroyolorca.es\/wp-content\/uploads\/2023\/04\/AS_21_Electric_Akku-Wiesenmaeher-4-768x549-1.jpg\" \/>\n\t<meta property=\"og:image:width\" content=\"768\" \/>\n\t<meta property=\"og:image:height\" content=\"549\" \/>\n\t<meta property=\"og:image:type\" content=\"image\/jpeg\" \/>\n<meta name=\"twitter:card\" content=\"summary_large_image\" \/>\n<meta name=\"twitter:label1\" content=\"Tiempo de lectura\" \/>\n\t<meta name=\"twitter:data1\" content=\"4 minutos\" \/>\n<script type=\"application\/ld+json\" class=\"yoast-schema-graph\">{\"@context\":\"https:\/\/schema.org\",\"@graph\":[{\"@type\":\"WebPage\",\"@id\":\"https:\/\/arroyolorca.es\/index.php\/product\/as-21-eallmaher\/\",\"url\":\"https:\/\/arroyolorca.es\/index.php\/product\/as-21-eallmaher\/\",\"name\":\"AS 21 EAllmaher - ArroyoLorca\",\"isPartOf\":{\"@id\":\"https:\/\/arroyolorca.es\/#website\"},\"datePublished\":\"2023-04-22T04:21:23+00:00\",\"dateModified\":\"2023-04-22T04:21:24+00:00\",\"breadcrumb\":{\"@id\":\"https:\/\/arroyolorca.es\/index.php\/product\/as-21-eallmaher\/#breadcrumb\"},\"inLanguage\":\"es\",\"potentialAction\":[{\"@type\":\"ReadAction\",\"target\":[\"https:\/\/arroyolorca.es\/index.php\/product\/as-21-eallmaher\/\"]}]},{\"@type\":\"BreadcrumbList\",\"@id\":\"https:\/\/arroyolorca.es\/index.php\/product\/as-21-eallmaher\/#breadcrumb\",\"itemListElement\":[{\"@type\":\"ListItem\",\"position\":1,\"name\":\"Home\",\"item\":\"https:\/\/arroyolorca.es\/\"},{\"@type\":\"ListItem\",\"position\":2,\"name\":\"Shop\",\"item\":\"https:\/\/arroyolorca.es\/index.php\/shop\/\"},{\"@type\":\"ListItem\",\"position\":3,\"name\":\"AS 21 EAllmaher\"}]},{\"@type\":\"WebSite\",\"@id\":\"https:\/\/arroyolorca.es\/#website\",\"url\":\"https:\/\/arroyolorca.es\/\",\"name\":\"ArroyoLorca\",\"description\":\"Maquimaria Agr\u00edcola, Jardines y trabajos forestales\",\"publisher\":{\"@id\":\"https:\/\/arroyolorca.es\/#organization\"},\"potentialAction\":[{\"@type\":\"SearchAction\",\"target\":{\"@type\":\"EntryPoint\",\"urlTemplate\":\"https:\/\/arroyolorca.es\/?s={search_term_string}\"},\"query-input\":\"required name=search_term_string\"}],\"inLanguage\":\"es\"},{\"@type\":\"Organization\",\"@id\":\"https:\/\/arroyolorca.es\/#organization\",\"name\":\"ArroyoLorca\",\"url\":\"https:\/\/arroyolorca.es\/\",\"logo\":{\"@type\":\"ImageObject\",\"inLanguage\":\"es\",\"@id\":\"https:\/\/arroyolorca.es\/#\/schema\/logo\/image\/\",\"url\":\"https:\/\/arroyolorca.es\/wp-content\/uploads\/2023\/04\/logo_cabecera-1.png\",\"contentUrl\":\"https:\/\/arroyolorca.es\/wp-content\/uploads\/2023\/04\/logo_cabecera-1.png\",\"width\":450,\"height\":119,\"caption\":\"ArroyoLorca\"},\"image\":{\"@id\":\"https:\/\/arroyolorca.es\/#\/schema\/logo\/image\/\"}}]}<\/script>\n<!-- \/ Yoast SEO plugin. -->","yoast_head_json":{"title":"AS 21 EAllmaher - ArroyoLorca","robots":{"index":"index","follow":"follow","max-snippet":"max-snippet:-1","max-image-preview":"max-image-preview:large","max-video-preview":"max-video-preview:-1"},"canonical":"https:\/\/arroyolorca.es\/index.php\/product\/as-21-eallmaher\/","og_locale":"es_ES","og_type":"article","og_title":"AS 21 EAllmaher - ArroyoLorca","og_description":"Pr\u00e1ctico y pr\u00e1ctico Allm\u00e4her alimentado por bater\u00eda con ciertos extras Ahora con accionamiento el\u00e9ctrico AS-Motor. Entre los cortac\u00e9spedes, el AS 21 es uno de los legendarios cl\u00e1sicos de AS-Motor. Durante d\u00e9cadas, su dise\u00f1o y rendimiento de siega han demostrado su eficacia en los huertos de Europa. Equipado con el nuevo accionamiento el\u00e9ctrico AS-Motor, est\u00e1 m\u00e1s [&hellip;]","og_url":"https:\/\/arroyolorca.es\/index.php\/product\/as-21-eallmaher\/","og_site_name":"ArroyoLorca","article_modified_time":"2023-04-22T04:21:24+00:00","og_image":[{"width":768,"height":549,"url":"https:\/\/arroyolorca.es\/wp-content\/uploads\/2023\/04\/AS_21_Electric_Akku-Wiesenmaeher-4-768x549-1.jpg","type":"image\/jpeg"}],"twitter_card":"summary_large_image","twitter_misc":{"Tiempo de lectura":"4 minutos"},"schema":{"@context":"https:\/\/schema.org","@graph":[{"@type":"WebPage","@id":"https:\/\/arroyolorca.es\/index.php\/product\/as-21-eallmaher\/","url":"https:\/\/arroyolorca.es\/index.php\/product\/as-21-eallmaher\/","name":"AS 21 EAllmaher - ArroyoLorca","isPartOf":{"@id":"https:\/\/arroyolorca.es\/#website"},"datePublished":"2023-04-22T04:21:23+00:00","dateModified":"2023-04-22T04:21:24+00:00","breadcrumb":{"@id":"https:\/\/arroyolorca.es\/index.php\/product\/as-21-eallmaher\/#breadcrumb"},"inLanguage":"es","potentialAction":[{"@type":"ReadAction","target":["https:\/\/arroyolorca.es\/index.php\/product\/as-21-eallmaher\/"]}]},{"@type":"BreadcrumbList","@id":"https:\/\/arroyolorca.es\/index.php\/product\/as-21-eallmaher\/#breadcrumb","itemListElement":[{"@type":"ListItem","position":1,"name":"Home","item":"https:\/\/arroyolorca.es\/"},{"@type":"ListItem","position":2,"name":"Shop","item":"https:\/\/arroyolorca.es\/index.php\/shop\/"},{"@type":"ListItem","position":3,"name":"AS 21 EAllmaher"}]},{"@type":"WebSite","@id":"https:\/\/arroyolorca.es\/#website","url":"https:\/\/arroyolorca.es\/","name":"ArroyoLorca","description":"Maquimaria Agr\u00edcola, Jardines y trabajos forestales","publisher":{"@id":"https:\/\/arroyolorca.es\/#organization"},"potentialAction":[{"@type":"SearchAction","target":{"@type":"EntryPoint","urlTemplate":"https:\/\/arroyolorca.es\/?s={search_term_string}"},"query-input":"required name=search_term_string"}],"inLanguage":"es"},{"@type":"Organization","@id":"https:\/\/arroyolorca.es\/#organization","name":"ArroyoLorca","url":"https:\/\/arroyolorca.es\/","logo":{"@type":"ImageObject","inLanguage":"es","@id":"https:\/\/arroyolorca.es\/#\/schema\/logo\/image\/","url":"https:\/\/arroyolorca.es\/wp-content\/uploads\/2023\/04\/logo_cabecera-1.png","contentUrl":"https:\/\/arroyolorca.es\/wp-content\/uploads\/2023\/04\/logo_cabecera-1.png","width":450,"height":119,"caption":"ArroyoLorca"},"image":{"@id":"https:\/\/arroyolorca.es\/#\/schema\/logo\/image\/"}}]}},"_links":{"self":[{"href":"https:\/\/arroyolorca.es\/index.php\/wp-json\/wp\/v2\/product\/1174"}],"collection":[{"href":"https:\/\/arroyolorca.es\/index.php\/wp-json\/wp\/v2\/product"}],"about":[{"href":"https:\/\/arroyolorca.es\/index.php\/wp-json\/wp\/v2\/types\/product"}],"replies":[{"embeddable":true,"href":"https:\/\/arroyolorca.es\/index.php\/wp-json\/wp\/v2\/comments?post=1174"}],"wp:featuredmedia":[{"embeddable":true,"href":"https:\/\/arroyolorca.es\/index.php\/wp-json\/wp\/v2\/media\/1177"}],"wp:attachment":[{"href":"https:\/\/arroyolorca.es\/index.php\/wp-json\/wp\/v2\/media?parent=1174"}],"wp:term":[{"taxonomy":"product_cat","embeddable":true,"href":"https:\/\/arroyolorca.es\/index.php\/wp-json\/wp\/v2\/product_cat?post=1174"},{"taxonomy":"product_tag","embeddable":true,"href":"https:\/\/arroyolorca.es\/index.php\/wp-json\/wp\/v2\/product_tag?post=1174"}],"curies":[{"name":"wp","href":"https:\/\/api.w.org\/{rel}","templated":true}]}}