{"id":1227,"date":"2023-04-24T16:51:25","date_gmt":"2023-04-24T15:51:25","guid":{"rendered":"https:\/\/arroyolorca.es\/?post_type=product&#038;p=1227"},"modified":"2023-04-24T16:51:26","modified_gmt":"2023-04-24T15:51:26","slug":"as-799-rider","status":"publish","type":"product","link":"https:\/\/arroyolorca.es\/index.php\/product\/as-799-rider\/","title":{"rendered":"AS 799 Rider"},"content":{"rendered":"<div class=\"col-lg-8 mb-4\">\n<div class=\"acfd-block acfd-block__headline container-fluid px-0\">\n<div class=\"acfd-headline\">\n<h2 class=\"h2 mt-0 mb-3 text-color-brand\" style=\"color: #f18700;\">Cortac\u00e9sped de asiento de nivel de entrada de AS-Motor para propiedades privadas y prados<\/h2>\n<\/div>\n<\/div>\n<div class=\"acfd-block acfd-block__text container-fluid px-0\">\n<div class=\"acfd-text\">\n<p>La familia de cortadc\u00e9spedes AS-Motor comienza con el AS 799 Rider, equipado con un motor Briggs &amp; Stratton Series 3 Powerbuilt de 344 cc con transmisi\u00f3n de reducci\u00f3n de engranajes y hasta 10,6 CV. Una plataforma de corte cerrada con soporte de rodamientos flexible tritura c\u00e9sped de hasta 60 cm de altura, mientras que las alturas de corte se pueden ajustar a 4 niveles entre 35-85 mm. La transmisi\u00f3n hidrost\u00e1tica permite la adaptaci\u00f3n precisa de la velocidad para adaptarse al terreno, alcanzando los 8,0 km\/h y 6,0 km\/h marcha atr\u00e1s. Al estacionarse, el cortac\u00e9sped se apaga autom\u00e1ticamente mediante un embrague de cuchilla mec\u00e1nico.<\/p>\n<p><strong style=\"color: #f18700;\">Comodidad y estabilidad<\/strong><\/p>\n<p>El asiento de cubo ajustable en longitud proporciona una c\u00f3moda posici\u00f3n de asiento erguida y un amplio espacio para las piernas, mientras que el sistema de direcci\u00f3n suave del AS 799 Rider garantiza un trabajo sin fatiga. El centro de gravedad bajo de la m\u00e1quina y el robusto bastidor tubular brindan seguridad y rendimiento en condiciones dif\u00edciles, mientras que un parachoques protege los ejes y la suspensi\u00f3n de las ruedas.<\/p>\n<p>Son posibles velocidades de trabajo de hasta 6.800 m\u00b2 por hora son posibles gracias a la altura de corte de 80 cm, al potente motor y a la transmisi\u00f3n hidrost\u00e1tica. Un tanque de 15 litros significa per\u00edodos de trabajo m\u00e1s largos sin repostar. El AS 799 Rider es adecuado para terrenos planos y pendientes ligeras.<\/p>\n<\/div>\n<\/div>\n<\/div>\n<div style=\"margin-top: 50px;\">\n<h4 style=\"color: #f18700;\">Ventajas<\/h4>\n<table style=\"margin: auto;\">\n<tbody>\n<tr>\n<td>\n<p style=\"color: #f18700;\">Accionamiento de la cuchilla reductora de engranaje (AS 799)<\/p>\n<\/td>\n<td>Corte sin esfuerzo hierba de hasta 60 cm de altura con el accionamiento de hoja reductora de engranajes.<\/td>\n<\/tr>\n<tr>\n<td>\n<p style=\"color: #f18700;\">Seguridad y conveniencia<\/p>\n<\/td>\n<td>bajo centro de gravedad y la posici\u00f3n de asiento extendida proporcionan comodidad y seguridad para los operarios de gran estatura.<\/td>\n<\/tr>\n<tr>\n<td>\n<p style=\"color: #f18700;\">Bastidor doble estable<\/p>\n<\/td>\n<td>Bastidor de tubo estable con unidad de mulching sustituible.<\/td>\n<\/tr>\n<tr>\n<td>\n<p style=\"color: #f18700;\">Transmisi\u00f3n hidrost\u00e1tica variable (cortac\u00e9sped con asiento)<\/p>\n<\/td>\n<td>F\u00e1cil adaptaci\u00f3n de la velocidad a cada terreno con freno de estacionamiento mec\u00e1nico integrado en la palanca de conducci\u00f3n.<\/td>\n<\/tr>\n<\/tbody>\n<\/table>\n<\/div>\n<div style=\"margin-top: 50px;\">\n<table>\n<tbody>\n<tr style=\"text-align: center;\">\n<td><img decoding=\"async\" loading=\"lazy\" class=\"alignnone size-full wp-image-1147\" src=\"https:\/\/arroyolorca.es\/wp-content\/uploads\/2023\/04\/AS_65-blade-system-300x271-1.jpg\" alt=\"\" width=\"300\" height=\"271\" \/><\/td>\n<td><img decoding=\"async\" loading=\"lazy\" class=\"alignnone size-full wp-image-1228\" src=\"https:\/\/arroyolorca.es\/wp-content\/uploads\/2023\/04\/AS_799_800-Cutting-Height-Adjustment-300x300-1.jpg\" alt=\"\" width=\"300\" height=\"300\" srcset=\"https:\/\/arroyolorca.es\/wp-content\/uploads\/2023\/04\/AS_799_800-Cutting-Height-Adjustment-300x300-1.jpg 300w, https:\/\/arroyolorca.es\/wp-content\/uploads\/2023\/04\/AS_799_800-Cutting-Height-Adjustment-300x300-1-150x150.jpg 150w, https:\/\/arroyolorca.es\/wp-content\/uploads\/2023\/04\/AS_799_800-Cutting-Height-Adjustment-300x300-1-100x100.jpg 100w\" sizes=\"(max-width: 300px) 100vw, 300px\" \/><\/td>\n<td><img decoding=\"async\" loading=\"lazy\" class=\"alignnone size-full wp-image-1215\" src=\"https:\/\/arroyolorca.es\/wp-content\/uploads\/2023\/04\/YAK_Sitzkomfort_107A0487-b-300x185-1.jpg\" alt=\"\" width=\"300\" height=\"185\" \/><\/td>\n<\/tr>\n<tr>\n<td><span style=\"color: #f18700;\"><br \/>\nSistema de cuchillas<\/span><br \/>\nPlataforma de corte flexible con descarga trasera para unos resultados de mulching \u00f3ptimos<\/td>\n<td><span style=\"color: #f18700;\"><br \/>\nAltura de corte<\/span><br \/>\nAjuste de altura de corte central de cuatro niveles con parada autom\u00e1tica de la cuchilla en posici\u00f3n de transporte<\/td>\n<td><span style=\"color: #f18700;\"><br \/>\nTrabajo c\u00f3modo<\/span><br \/>\nPosici\u00f3n de asiento c\u00f3moda, mientras que un centro de gravedad bajo y deflectores laterales proporcionan seguridad adicional<\/td>\n<\/tr>\n<\/tbody>\n<\/table>\n<\/div>\n<div style=\"margin-top: 50px;\">\n<h4 style=\"text-align: center;\">Datos T\u00e9cnicos<\/h4>\n<table style=\"margin: auto;\">\n<tbody>\n<tr>\n<td style=\"background-color: #bcbcbc;\"><strong>Ancho de corte: <\/strong><\/td>\n<td style=\"background-color: #bcbcbc;\">80 cm<\/td>\n<td><strong>Monocuchilla<br \/>\n<\/strong><\/td>\n<td><\/td>\n<\/tr>\n<tr>\n<td><strong><span class=\"label font-weight-bold\">Descarga trasera<br \/>\n<\/span><\/strong><\/td>\n<td><\/td>\n<td style=\"background-color: #bcbcbc;\"><strong>Altura de corte: <\/strong><\/td>\n<td style=\"background-color: #bcbcbc;\">35 &#8211; 85 mm<\/td>\n<\/tr>\n<tr>\n<td style=\"background-color: #bcbcbc;\"><strong>Fabricante de motores:<\/strong><\/td>\n<td style=\"background-color: #bcbcbc;\"><span class=\"value\"> B&amp;S<\/span><\/td>\n<td><strong>Accionamiento, mec\u00e1nico<\/strong><\/td>\n<td><\/td>\n<\/tr>\n<tr>\n<td><strong> Designaci\u00f3n del motor<\/strong><\/td>\n<td><span class=\"value\">Series 3 Powerbuilt<\/span><\/td>\n<td style=\"background-color: #bcbcbc;\"><strong>Peso:<\/strong><\/td>\n<td style=\"background-color: #bcbcbc;\">204 kgr<\/td>\n<\/tr>\n<tr>\n<td style=\"background-color: #bcbcbc;\"><strong>Desplazamiento: <\/strong><\/td>\n<td style=\"background-color: #bcbcbc;\">344 cm\u00b3<\/td>\n<td><strong>Freno de estacionamiento autom\u00e1tico<\/strong><\/td>\n<td><\/td>\n<\/tr>\n<tr>\n<td><strong>Potencia m\u00e1xima: <\/strong><\/td>\n<td><span class=\"value\">7,8\/10,6 <span class=\"unit\">kW (hp)<\/span><\/span><\/td>\n<td style=\"background-color: #bcbcbc;\"><strong>Capacidad del tanque: <\/strong><\/td>\n<td style=\"background-color: #bcbcbc;\">17 l<\/td>\n<\/tr>\n<tr>\n<td style=\"background-color: #bcbcbc;\"><strong>Potencia nominal: <\/strong><\/td>\n<td style=\"background-color: #bcbcbc;\">\u00a0<span class=\"value\">6,5\/8,8 <span class=\"unit\">kW (hp)<\/span><\/span><\/td>\n<td><strong>Dimensi\u00f3n L \/ W \/ H: <\/strong><\/td>\n<td>\u00a0<span class=\"value\"> 170x87x96 <span class=\"unit\">cm<\/span> <\/span><\/td>\n<\/tr>\n<tr>\n<td><strong>Velocidad nominal: <\/strong><\/td>\n<td>3200 rpm<\/td>\n<td style=\"background-color: #bcbcbc;\"><strong><span class=\"label font-weight-bold\">Paquete de resortes de asiento<\/span> opcional<\/strong><\/td>\n<td style=\"background-color: #bcbcbc;\">\u00a0<span class=\"value\"><br \/>\n<\/span><\/td>\n<\/tr>\n<tr>\n<td style=\"background-color: #bcbcbc;\"><strong><span class=\"label font-weight-bold\">Accionamiento,<\/span> 2WD<br \/>\n<\/strong><\/td>\n<td style=\"background-color: #bcbcbc;\"><\/td>\n<td><\/td>\n<td><\/td>\n<\/tr>\n<tr>\n<td><strong><span class=\"label font-weight-bold\">Plataforma de corte cerrada<\/span><\/strong><\/td>\n<td><\/td>\n<td><\/td>\n<td><\/td>\n<\/tr>\n<tr>\n<td style=\"background-color: #bcbcbc;\"><strong><span class=\"label font-weight-bold\">Transmisi\u00f3n hidrost\u00e1tica variable<\/span><\/strong><\/td>\n<td style=\"background-color: #bcbcbc;\"><\/td>\n<td><\/td>\n<td><\/td>\n<\/tr>\n<tr>\n<td><strong>Embrague de cuchilla<br \/>\n<\/strong><\/td>\n<td><\/td>\n<td><\/td>\n<td><\/td>\n<\/tr>\n<\/tbody>\n<\/table>\n<\/div>\n","protected":false},"excerpt":{"rendered":"<p>Cortac\u00e9sped de asiento de nivel de entrada de AS-Motor para propiedades privadas y prados La familia de cortadc\u00e9spedes AS-Motor comienza con el AS 799 Rider, equipado con un motor Briggs &amp; Stratton Series 3 Powerbuilt de 344 cc con transmisi\u00f3n de reducci\u00f3n de engranajes y hasta 10,6 CV. Una plataforma de corte cerrada con soporte [&hellip;]<\/p>\n","protected":false},"featured_media":1229,"comment_status":"open","ping_status":"closed","template":"","meta":{"ocean_front_end_style_editor":"no","ocean_post_layout":"","ocean_both_sidebars_style":"","ocean_both_sidebars_content_width":0,"ocean_both_sidebars_sidebars_width":0,"ocean_sidebar":"0","ocean_second_sidebar":"0","ocean_disable_margins":"enable","ocean_add_body_class":"","ocean_shortcode_before_top_bar":"","ocean_shortcode_after_top_bar":"","ocean_shortcode_before_header":"","ocean_shortcode_after_header":"","ocean_has_shortcode":"","ocean_shortcode_after_title":"","ocean_shortcode_before_footer_widgets":"","ocean_shortcode_after_footer_widgets":"","ocean_shortcode_before_footer_bottom":"","ocean_shortcode_after_footer_bottom":"","ocean_display_top_bar":"default","ocean_display_header":"default","ocean_header_style":"","ocean_center_header_left_menu":"0","ocean_custom_header_template":"0","ocean_custom_logo":0,"ocean_custom_retina_logo":0,"ocean_custom_logo_max_width":0,"ocean_custom_logo_tablet_max_width":0,"ocean_custom_logo_mobile_max_width":0,"ocean_custom_logo_max_height":0,"ocean_custom_logo_tablet_max_height":0,"ocean_custom_logo_mobile_max_height":0,"ocean_header_custom_menu":"0","ocean_menu_typo_font_family":"0","ocean_menu_typo_font_subset":"","ocean_menu_typo_font_size":0,"ocean_menu_typo_font_size_tablet":0,"ocean_menu_typo_font_size_mobile":0,"ocean_menu_typo_font_size_unit":"px","ocean_menu_typo_font_weight":"","ocean_menu_typo_font_weight_tablet":"","ocean_menu_typo_font_weight_mobile":"","ocean_menu_typo_transform":"","ocean_menu_typo_transform_tablet":"","ocean_menu_typo_transform_mobile":"","ocean_menu_typo_line_height":0,"ocean_menu_typo_line_height_tablet":0,"ocean_menu_typo_line_height_mobile":0,"ocean_menu_typo_line_height_unit":"","ocean_menu_typo_spacing":0,"ocean_menu_typo_spacing_tablet":0,"ocean_menu_typo_spacing_mobile":0,"ocean_menu_typo_spacing_unit":"","ocean_menu_link_color":"","ocean_menu_link_color_hover":"","ocean_menu_link_color_active":"","ocean_menu_link_background":"","ocean_menu_link_hover_background":"","ocean_menu_link_active_background":"","ocean_menu_social_links_bg":"","ocean_menu_social_hover_links_bg":"","ocean_menu_social_links_color":"","ocean_menu_social_hover_links_color":"","ocean_disable_title":"default","ocean_disable_heading":"default","ocean_post_title":"","ocean_post_subheading":"","ocean_post_title_style":"","ocean_post_title_background_color":"","ocean_post_title_background":0,"ocean_post_title_bg_image_position":"","ocean_post_title_bg_image_attachment":"","ocean_post_title_bg_image_repeat":"","ocean_post_title_bg_image_size":"","ocean_post_title_height":0,"ocean_post_title_bg_overlay":0.5,"ocean_post_title_bg_overlay_color":"","ocean_disable_breadcrumbs":"default","ocean_breadcrumbs_color":"","ocean_breadcrumbs_separator_color":"","ocean_breadcrumbs_links_color":"","ocean_breadcrumbs_links_hover_color":"","ocean_display_footer_widgets":"default","ocean_display_footer_bottom":"default","ocean_custom_footer_template":"0"},"product_cat":[125,134,128,126,42],"product_tag":[124,72,137],"yoast_head":"<!-- This site is optimized with the Yoast SEO plugin v21.2 - https:\/\/yoast.com\/wordpress\/plugins\/seo\/ -->\n<title>AS 799 Rider - ArroyoLorca<\/title>\n<meta name=\"robots\" content=\"index, follow, max-snippet:-1, max-image-preview:large, max-video-preview:-1\" \/>\n<link rel=\"canonical\" href=\"https:\/\/arroyolorca.es\/index.php\/product\/as-799-rider\/\" \/>\n<meta property=\"og:locale\" content=\"es_ES\" \/>\n<meta property=\"og:type\" content=\"article\" \/>\n<meta property=\"og:title\" content=\"AS 799 Rider - ArroyoLorca\" \/>\n<meta property=\"og:description\" content=\"Cortac\u00e9sped de asiento de nivel de entrada de AS-Motor para propiedades privadas y prados La familia de cortadc\u00e9spedes AS-Motor comienza con el AS 799 Rider, equipado con un motor Briggs &amp; Stratton Series 3 Powerbuilt de 344 cc con transmisi\u00f3n de reducci\u00f3n de engranajes y hasta 10,6 CV. Una plataforma de corte cerrada con soporte [&hellip;]\" \/>\n<meta property=\"og:url\" content=\"https:\/\/arroyolorca.es\/index.php\/product\/as-799-rider\/\" \/>\n<meta property=\"og:site_name\" content=\"ArroyoLorca\" \/>\n<meta property=\"article:modified_time\" content=\"2023-04-24T15:51:26+00:00\" \/>\n<meta property=\"og:image\" content=\"https:\/\/arroyolorca.es\/wp-content\/uploads\/2023\/04\/AS-Motor_AS-799-Rider_studio_web-768x480-1.png\" \/>\n\t<meta property=\"og:image:width\" content=\"768\" \/>\n\t<meta property=\"og:image:height\" content=\"480\" \/>\n\t<meta property=\"og:image:type\" content=\"image\/png\" \/>\n<meta name=\"twitter:card\" content=\"summary_large_image\" \/>\n<meta name=\"twitter:label1\" content=\"Tiempo de lectura\" \/>\n\t<meta name=\"twitter:data1\" content=\"3 minutos\" \/>\n<script type=\"application\/ld+json\" class=\"yoast-schema-graph\">{\"@context\":\"https:\/\/schema.org\",\"@graph\":[{\"@type\":\"WebPage\",\"@id\":\"https:\/\/arroyolorca.es\/index.php\/product\/as-799-rider\/\",\"url\":\"https:\/\/arroyolorca.es\/index.php\/product\/as-799-rider\/\",\"name\":\"AS 799 Rider - ArroyoLorca\",\"isPartOf\":{\"@id\":\"https:\/\/arroyolorca.es\/#website\"},\"datePublished\":\"2023-04-24T15:51:25+00:00\",\"dateModified\":\"2023-04-24T15:51:26+00:00\",\"breadcrumb\":{\"@id\":\"https:\/\/arroyolorca.es\/index.php\/product\/as-799-rider\/#breadcrumb\"},\"inLanguage\":\"es\",\"potentialAction\":[{\"@type\":\"ReadAction\",\"target\":[\"https:\/\/arroyolorca.es\/index.php\/product\/as-799-rider\/\"]}]},{\"@type\":\"BreadcrumbList\",\"@id\":\"https:\/\/arroyolorca.es\/index.php\/product\/as-799-rider\/#breadcrumb\",\"itemListElement\":[{\"@type\":\"ListItem\",\"position\":1,\"name\":\"Home\",\"item\":\"https:\/\/arroyolorca.es\/\"},{\"@type\":\"ListItem\",\"position\":2,\"name\":\"Shop\",\"item\":\"https:\/\/arroyolorca.es\/index.php\/shop\/\"},{\"@type\":\"ListItem\",\"position\":3,\"name\":\"AS 799 Rider\"}]},{\"@type\":\"WebSite\",\"@id\":\"https:\/\/arroyolorca.es\/#website\",\"url\":\"https:\/\/arroyolorca.es\/\",\"name\":\"ArroyoLorca\",\"description\":\"Maquimaria Agr\u00edcola, Jardines y trabajos forestales\",\"publisher\":{\"@id\":\"https:\/\/arroyolorca.es\/#organization\"},\"potentialAction\":[{\"@type\":\"SearchAction\",\"target\":{\"@type\":\"EntryPoint\",\"urlTemplate\":\"https:\/\/arroyolorca.es\/?s={search_term_string}\"},\"query-input\":\"required name=search_term_string\"}],\"inLanguage\":\"es\"},{\"@type\":\"Organization\",\"@id\":\"https:\/\/arroyolorca.es\/#organization\",\"name\":\"ArroyoLorca\",\"url\":\"https:\/\/arroyolorca.es\/\",\"logo\":{\"@type\":\"ImageObject\",\"inLanguage\":\"es\",\"@id\":\"https:\/\/arroyolorca.es\/#\/schema\/logo\/image\/\",\"url\":\"https:\/\/arroyolorca.es\/wp-content\/uploads\/2023\/04\/logo_cabecera-1.png\",\"contentUrl\":\"https:\/\/arroyolorca.es\/wp-content\/uploads\/2023\/04\/logo_cabecera-1.png\",\"width\":450,\"height\":119,\"caption\":\"ArroyoLorca\"},\"image\":{\"@id\":\"https:\/\/arroyolorca.es\/#\/schema\/logo\/image\/\"}}]}<\/script>\n<!-- \/ Yoast SEO plugin. -->","yoast_head_json":{"title":"AS 799 Rider - ArroyoLorca","robots":{"index":"index","follow":"follow","max-snippet":"max-snippet:-1","max-image-preview":"max-image-preview:large","max-video-preview":"max-video-preview:-1"},"canonical":"https:\/\/arroyolorca.es\/index.php\/product\/as-799-rider\/","og_locale":"es_ES","og_type":"article","og_title":"AS 799 Rider - ArroyoLorca","og_description":"Cortac\u00e9sped de asiento de nivel de entrada de AS-Motor para propiedades privadas y prados La familia de cortadc\u00e9spedes AS-Motor comienza con el AS 799 Rider, equipado con un motor Briggs &amp; Stratton Series 3 Powerbuilt de 344 cc con transmisi\u00f3n de reducci\u00f3n de engranajes y hasta 10,6 CV. Una plataforma de corte cerrada con soporte [&hellip;]","og_url":"https:\/\/arroyolorca.es\/index.php\/product\/as-799-rider\/","og_site_name":"ArroyoLorca","article_modified_time":"2023-04-24T15:51:26+00:00","og_image":[{"width":768,"height":480,"url":"https:\/\/arroyolorca.es\/wp-content\/uploads\/2023\/04\/AS-Motor_AS-799-Rider_studio_web-768x480-1.png","type":"image\/png"}],"twitter_card":"summary_large_image","twitter_misc":{"Tiempo de lectura":"3 minutos"},"schema":{"@context":"https:\/\/schema.org","@graph":[{"@type":"WebPage","@id":"https:\/\/arroyolorca.es\/index.php\/product\/as-799-rider\/","url":"https:\/\/arroyolorca.es\/index.php\/product\/as-799-rider\/","name":"AS 799 Rider - ArroyoLorca","isPartOf":{"@id":"https:\/\/arroyolorca.es\/#website"},"datePublished":"2023-04-24T15:51:25+00:00","dateModified":"2023-04-24T15:51:26+00:00","breadcrumb":{"@id":"https:\/\/arroyolorca.es\/index.php\/product\/as-799-rider\/#breadcrumb"},"inLanguage":"es","potentialAction":[{"@type":"ReadAction","target":["https:\/\/arroyolorca.es\/index.php\/product\/as-799-rider\/"]}]},{"@type":"BreadcrumbList","@id":"https:\/\/arroyolorca.es\/index.php\/product\/as-799-rider\/#breadcrumb","itemListElement":[{"@type":"ListItem","position":1,"name":"Home","item":"https:\/\/arroyolorca.es\/"},{"@type":"ListItem","position":2,"name":"Shop","item":"https:\/\/arroyolorca.es\/index.php\/shop\/"},{"@type":"ListItem","position":3,"name":"AS 799 Rider"}]},{"@type":"WebSite","@id":"https:\/\/arroyolorca.es\/#website","url":"https:\/\/arroyolorca.es\/","name":"ArroyoLorca","description":"Maquimaria Agr\u00edcola, Jardines y trabajos forestales","publisher":{"@id":"https:\/\/arroyolorca.es\/#organization"},"potentialAction":[{"@type":"SearchAction","target":{"@type":"EntryPoint","urlTemplate":"https:\/\/arroyolorca.es\/?s={search_term_string}"},"query-input":"required name=search_term_string"}],"inLanguage":"es"},{"@type":"Organization","@id":"https:\/\/arroyolorca.es\/#organization","name":"ArroyoLorca","url":"https:\/\/arroyolorca.es\/","logo":{"@type":"ImageObject","inLanguage":"es","@id":"https:\/\/arroyolorca.es\/#\/schema\/logo\/image\/","url":"https:\/\/arroyolorca.es\/wp-content\/uploads\/2023\/04\/logo_cabecera-1.png","contentUrl":"https:\/\/arroyolorca.es\/wp-content\/uploads\/2023\/04\/logo_cabecera-1.png","width":450,"height":119,"caption":"ArroyoLorca"},"image":{"@id":"https:\/\/arroyolorca.es\/#\/schema\/logo\/image\/"}}]}},"_links":{"self":[{"href":"https:\/\/arroyolorca.es\/index.php\/wp-json\/wp\/v2\/product\/1227"}],"collection":[{"href":"https:\/\/arroyolorca.es\/index.php\/wp-json\/wp\/v2\/product"}],"about":[{"href":"https:\/\/arroyolorca.es\/index.php\/wp-json\/wp\/v2\/types\/product"}],"replies":[{"embeddable":true,"href":"https:\/\/arroyolorca.es\/index.php\/wp-json\/wp\/v2\/comments?post=1227"}],"wp:featuredmedia":[{"embeddable":true,"href":"https:\/\/arroyolorca.es\/index.php\/wp-json\/wp\/v2\/media\/1229"}],"wp:attachment":[{"href":"https:\/\/arroyolorca.es\/index.php\/wp-json\/wp\/v2\/media?parent=1227"}],"wp:term":[{"taxonomy":"product_cat","embeddable":true,"href":"https:\/\/arroyolorca.es\/index.php\/wp-json\/wp\/v2\/product_cat?post=1227"},{"taxonomy":"product_tag","embeddable":true,"href":"https:\/\/arroyolorca.es\/index.php\/wp-json\/wp\/v2\/product_tag?post=1227"}],"curies":[{"name":"wp","href":"https:\/\/api.w.org\/{rel}","templated":true}]}}