{"id":125,"date":"2022-07-27T18:48:12","date_gmt":"2022-07-27T17:48:12","guid":{"rendered":"https:\/\/arroyolorca.es\/?post_type=product&#038;p=125"},"modified":"2023-11-01T10:07:08","modified_gmt":"2023-11-01T09:07:08","slug":"xt2-es107","status":"publish","type":"product","link":"https:\/\/arroyolorca.es\/index.php\/product\/xt2-es107\/","title":{"rendered":"XT2 &#8211; ES107"},"content":{"rendered":"<p><img decoding=\"async\" loading=\"lazy\" class=\"size-full wp-image-122 alignright\" src=\"https:\/\/arroyolorca.es\/wp-content\/uploads\/2022\/07\/ppp603_13_Li-Ion_Electric_I90_0819_01.jpg\" alt=\"\" width=\"200\" height=\"108\" \/><br \/>\n<img decoding=\"async\" loading=\"lazy\" class=\"alignnone wp-image-126\" src=\"https:\/\/arroyolorca.es\/wp-content\/uploads\/2022\/07\/horas-e1582805890249.jpg\" alt=\"\" width=\"166\" height=\"167\" srcset=\"https:\/\/arroyolorca.es\/wp-content\/uploads\/2022\/07\/horas-e1582805890249.jpg 206w, https:\/\/arroyolorca.es\/wp-content\/uploads\/2022\/07\/horas-e1582805890249-150x150.jpg 150w, https:\/\/arroyolorca.es\/wp-content\/uploads\/2022\/07\/horas-e1582805890249-100x100.jpg 100w\" sizes=\"(max-width: 166px) 100vw, 166px\" \/><\/p>\n<h3 class=\"p1\"><span class=\"s1\" style=\"color: #ff6600;\">SOSTENIBLE CON PURA ENERG\u00cdA.<\/span><\/h3>\n<p>El nuevo insignia de la serie XT ahora combina todas las ventajas y movilidad de un cortac\u00e9sped el\u00e9ctrico. Dentro del XT2 ES107, funcionan con potentes motores el\u00e9ctricos de \u00faltima tecnolog\u00eda. Alimentado por una bater\u00eda de Ion de litio con 56 V. con una capacidad nominal de 60 Ah, este tractor cortac\u00e9sped es tan potente como un motor de gasolina. Con un tiempo de ejecuci\u00f3n aproximadamente de 90 minutos, dependiendo del c\u00e9sped y las condiciones del suelo, dispone de un ancho de corte de 107 cm., domina grandes \u00e1reas en una sola pasada. Cub Cadet ofrece una garant\u00eda de 3 a\u00f1os para el tractor cortac\u00e9sped de bater\u00eda, \u00a1m\u00e1s que cualquier otro fabricante!<\/p>\n<p><img decoding=\"async\" loading=\"lazy\" class=\"aligncenter wp-image-127\" src=\"https:\/\/arroyolorca.es\/wp-content\/uploads\/2022\/07\/12-1024x796-1-300x233.jpg\" alt=\"\" width=\"593\" height=\"461\" srcset=\"https:\/\/arroyolorca.es\/wp-content\/uploads\/2022\/07\/12-1024x796-1-300x233.jpg 300w, https:\/\/arroyolorca.es\/wp-content\/uploads\/2022\/07\/12-1024x796-1-768x597.jpg 768w, https:\/\/arroyolorca.es\/wp-content\/uploads\/2022\/07\/12-1024x796-1-600x466.jpg 600w, https:\/\/arroyolorca.es\/wp-content\/uploads\/2022\/07\/12-1024x796-1.jpg 1024w\" sizes=\"(max-width: 593px) 100vw, 593px\" \/><\/p>\n<table class=\"woocommerce-product-attributes shop_attributes\">\n<tbody>\n<tr class=\"woocommerce-product-attributes-item woocommerce-product-attributes-item--attribute_ancho-de-corte\">\n<th class=\"woocommerce-product-attributes-item__label\">Ancho de corte:<\/th>\n<td class=\"woocommerce-product-attributes-item__value\">107 cm.<\/td>\n<\/tr>\n<tr class=\"woocommerce-product-attributes-item woocommerce-product-attributes-item--attribute_%c3%a1rea-m%c3%a1xima\">\n<th class=\"woocommerce-product-attributes-item__label\">\u00c1rea m\u00e1xima:<\/th>\n<td class=\"woocommerce-product-attributes-item__value\">8.000 m2\/h.<\/td>\n<\/tr>\n<tr class=\"woocommerce-product-attributes-item woocommerce-product-attributes-item--attribute_cap-recogedor\">\n<th class=\"woocommerce-product-attributes-item__label\">Cap. recogedor:<\/th>\n<td class=\"woocommerce-product-attributes-item__value\">OPCIONAL<\/td>\n<\/tr>\n<tr class=\"woocommerce-product-attributes-item woocommerce-product-attributes-item--attribute_motor\">\n<th class=\"woocommerce-product-attributes-item__label\">Motor:<\/th>\n<td class=\"woocommerce-product-attributes-item__value\">Cub Cadet 56 V \/ 60 Ah \/ 3000 Wh.<\/td>\n<\/tr>\n<tr class=\"woocommerce-product-attributes-item woocommerce-product-attributes-item--attribute_cilindrada\">\n<th class=\"woocommerce-product-attributes-item__label\">Cilindrada:<\/th>\n<td class=\"woocommerce-product-attributes-item__value\">1000 W.<\/td>\n<\/tr>\n<tr class=\"woocommerce-product-attributes-item woocommerce-product-attributes-item--attribute_tracci%c3%b3n\">\n<th class=\"woocommerce-product-attributes-item__label\">Tracci\u00f3n:<\/th>\n<td class=\"woocommerce-product-attributes-item__value\">Accionamiento el\u00e9ctrico<\/td>\n<\/tr>\n<tr class=\"woocommerce-product-attributes-item woocommerce-product-attributes-item--attribute_altura-de-corte\">\n<th class=\"woocommerce-product-attributes-item__label\">Altura de corte:<\/th>\n<td class=\"woocommerce-product-attributes-item__value\">12 posiciones<\/td>\n<\/tr>\n<\/tbody>\n<\/table>\n","protected":false},"excerpt":{"rendered":"<p>SOSTENIBLE CON PURA ENERG\u00cdA. El nuevo insignia de la serie XT ahora combina todas las ventajas y movilidad de un cortac\u00e9sped el\u00e9ctrico. Dentro del XT2 ES107, funcionan con potentes motores el\u00e9ctricos de \u00faltima tecnolog\u00eda. Alimentado por una bater\u00eda de Ion de litio con 56 V. con una capacidad nominal de 60 Ah, este tractor cortac\u00e9sped [&hellip;]<\/p>\n","protected":false},"featured_media":128,"comment_status":"open","ping_status":"closed","template":"","meta":{"ocean_front_end_style_editor":"no","ocean_post_layout":"","ocean_both_sidebars_style":"","ocean_both_sidebars_content_width":0,"ocean_both_sidebars_sidebars_width":0,"ocean_sidebar":"0","ocean_second_sidebar":"0","ocean_disable_margins":"enable","ocean_add_body_class":"","ocean_shortcode_before_top_bar":"","ocean_shortcode_after_top_bar":"","ocean_shortcode_before_header":"","ocean_shortcode_after_header":"","ocean_has_shortcode":"","ocean_shortcode_after_title":"","ocean_shortcode_before_footer_widgets":"","ocean_shortcode_after_footer_widgets":"","ocean_shortcode_before_footer_bottom":"","ocean_shortcode_after_footer_bottom":"","ocean_display_top_bar":"default","ocean_display_header":"default","ocean_header_style":"","ocean_center_header_left_menu":"0","ocean_custom_header_template":"0","ocean_custom_logo":0,"ocean_custom_retina_logo":0,"ocean_custom_logo_max_width":0,"ocean_custom_logo_tablet_max_width":0,"ocean_custom_logo_mobile_max_width":0,"ocean_custom_logo_max_height":0,"ocean_custom_logo_tablet_max_height":0,"ocean_custom_logo_mobile_max_height":0,"ocean_header_custom_menu":"0","ocean_menu_typo_font_family":"0","ocean_menu_typo_font_subset":"","ocean_menu_typo_font_size":0,"ocean_menu_typo_font_size_tablet":0,"ocean_menu_typo_font_size_mobile":0,"ocean_menu_typo_font_size_unit":"px","ocean_menu_typo_font_weight":"","ocean_menu_typo_font_weight_tablet":"","ocean_menu_typo_font_weight_mobile":"","ocean_menu_typo_transform":"","ocean_menu_typo_transform_tablet":"","ocean_menu_typo_transform_mobile":"","ocean_menu_typo_line_height":0,"ocean_menu_typo_line_height_tablet":0,"ocean_menu_typo_line_height_mobile":0,"ocean_menu_typo_line_height_unit":"","ocean_menu_typo_spacing":0,"ocean_menu_typo_spacing_tablet":0,"ocean_menu_typo_spacing_mobile":0,"ocean_menu_typo_spacing_unit":"","ocean_menu_link_color":"","ocean_menu_link_color_hover":"","ocean_menu_link_color_active":"","ocean_menu_link_background":"","ocean_menu_link_hover_background":"","ocean_menu_link_active_background":"","ocean_menu_social_links_bg":"","ocean_menu_social_hover_links_bg":"","ocean_menu_social_links_color":"","ocean_menu_social_hover_links_color":"","ocean_disable_title":"default","ocean_disable_heading":"default","ocean_post_title":"","ocean_post_subheading":"","ocean_post_title_style":"","ocean_post_title_background_color":"","ocean_post_title_background":0,"ocean_post_title_bg_image_position":"","ocean_post_title_bg_image_attachment":"","ocean_post_title_bg_image_repeat":"","ocean_post_title_bg_image_size":"","ocean_post_title_height":0,"ocean_post_title_bg_overlay":0.5,"ocean_post_title_bg_overlay_color":"","ocean_disable_breadcrumbs":"default","ocean_breadcrumbs_color":"","ocean_breadcrumbs_separator_color":"","ocean_breadcrumbs_links_color":"","ocean_breadcrumbs_links_hover_color":"","ocean_display_footer_widgets":"default","ocean_display_footer_bottom":"default","ocean_custom_footer_template":"0"},"product_cat":[40,27,47,117,29,224],"product_tag":[63,51,61,64],"yoast_head":"<!-- This site is optimized with the Yoast SEO plugin v21.2 - https:\/\/yoast.com\/wordpress\/plugins\/seo\/ -->\n<title>XT2 - ES107 - ArroyoLorca<\/title>\n<meta name=\"robots\" content=\"index, follow, max-snippet:-1, max-image-preview:large, max-video-preview:-1\" \/>\n<link rel=\"canonical\" href=\"https:\/\/arroyolorca.es\/index.php\/product\/xt2-es107\/\" \/>\n<meta property=\"og:locale\" content=\"es_ES\" \/>\n<meta property=\"og:type\" content=\"article\" \/>\n<meta property=\"og:title\" content=\"XT2 - ES107 - ArroyoLorca\" \/>\n<meta property=\"og:description\" content=\"SOSTENIBLE CON PURA ENERG\u00cdA. El nuevo insignia de la serie XT ahora combina todas las ventajas y movilidad de un cortac\u00e9sped el\u00e9ctrico. Dentro del XT2 ES107, funcionan con potentes motores el\u00e9ctricos de \u00faltima tecnolog\u00eda. Alimentado por una bater\u00eda de Ion de litio con 56 V. con una capacidad nominal de 60 Ah, este tractor cortac\u00e9sped [&hellip;]\" \/>\n<meta property=\"og:url\" content=\"https:\/\/arroyolorca.es\/index.php\/product\/xt2-es107\/\" \/>\n<meta property=\"og:site_name\" content=\"ArroyoLorca\" \/>\n<meta property=\"article:modified_time\" content=\"2023-11-01T09:07:08+00:00\" \/>\n<meta property=\"og:image\" content=\"https:\/\/arroyolorca.es\/wp-content\/uploads\/2022\/07\/33ABA7ES710_XT1LT42E__RT_newLabel.jpg\" \/>\n\t<meta property=\"og:image:width\" content=\"800\" \/>\n\t<meta property=\"og:image:height\" content=\"800\" \/>\n\t<meta property=\"og:image:type\" content=\"image\/jpeg\" \/>\n<meta name=\"twitter:card\" content=\"summary_large_image\" \/>\n<meta name=\"twitter:label1\" content=\"Tiempo de lectura\" \/>\n\t<meta name=\"twitter:data1\" content=\"2 minutos\" \/>\n<script type=\"application\/ld+json\" class=\"yoast-schema-graph\">{\"@context\":\"https:\/\/schema.org\",\"@graph\":[{\"@type\":\"WebPage\",\"@id\":\"https:\/\/arroyolorca.es\/index.php\/product\/xt2-es107\/\",\"url\":\"https:\/\/arroyolorca.es\/index.php\/product\/xt2-es107\/\",\"name\":\"XT2 - ES107 - ArroyoLorca\",\"isPartOf\":{\"@id\":\"https:\/\/arroyolorca.es\/#website\"},\"datePublished\":\"2022-07-27T17:48:12+00:00\",\"dateModified\":\"2023-11-01T09:07:08+00:00\",\"breadcrumb\":{\"@id\":\"https:\/\/arroyolorca.es\/index.php\/product\/xt2-es107\/#breadcrumb\"},\"inLanguage\":\"es\",\"potentialAction\":[{\"@type\":\"ReadAction\",\"target\":[\"https:\/\/arroyolorca.es\/index.php\/product\/xt2-es107\/\"]}]},{\"@type\":\"BreadcrumbList\",\"@id\":\"https:\/\/arroyolorca.es\/index.php\/product\/xt2-es107\/#breadcrumb\",\"itemListElement\":[{\"@type\":\"ListItem\",\"position\":1,\"name\":\"Home\",\"item\":\"https:\/\/arroyolorca.es\/\"},{\"@type\":\"ListItem\",\"position\":2,\"name\":\"Shop\",\"item\":\"https:\/\/arroyolorca.es\/index.php\/shop\/\"},{\"@type\":\"ListItem\",\"position\":3,\"name\":\"XT2 &#8211; ES107\"}]},{\"@type\":\"WebSite\",\"@id\":\"https:\/\/arroyolorca.es\/#website\",\"url\":\"https:\/\/arroyolorca.es\/\",\"name\":\"ArroyoLorca\",\"description\":\"Maquimaria Agr\u00edcola, Jardines y trabajos forestales\",\"publisher\":{\"@id\":\"https:\/\/arroyolorca.es\/#organization\"},\"potentialAction\":[{\"@type\":\"SearchAction\",\"target\":{\"@type\":\"EntryPoint\",\"urlTemplate\":\"https:\/\/arroyolorca.es\/?s={search_term_string}\"},\"query-input\":\"required name=search_term_string\"}],\"inLanguage\":\"es\"},{\"@type\":\"Organization\",\"@id\":\"https:\/\/arroyolorca.es\/#organization\",\"name\":\"ArroyoLorca\",\"url\":\"https:\/\/arroyolorca.es\/\",\"logo\":{\"@type\":\"ImageObject\",\"inLanguage\":\"es\",\"@id\":\"https:\/\/arroyolorca.es\/#\/schema\/logo\/image\/\",\"url\":\"https:\/\/arroyolorca.es\/wp-content\/uploads\/2023\/04\/logo_cabecera-1.png\",\"contentUrl\":\"https:\/\/arroyolorca.es\/wp-content\/uploads\/2023\/04\/logo_cabecera-1.png\",\"width\":450,\"height\":119,\"caption\":\"ArroyoLorca\"},\"image\":{\"@id\":\"https:\/\/arroyolorca.es\/#\/schema\/logo\/image\/\"}}]}<\/script>\n<!-- \/ Yoast SEO plugin. -->","yoast_head_json":{"title":"XT2 - ES107 - ArroyoLorca","robots":{"index":"index","follow":"follow","max-snippet":"max-snippet:-1","max-image-preview":"max-image-preview:large","max-video-preview":"max-video-preview:-1"},"canonical":"https:\/\/arroyolorca.es\/index.php\/product\/xt2-es107\/","og_locale":"es_ES","og_type":"article","og_title":"XT2 - ES107 - ArroyoLorca","og_description":"SOSTENIBLE CON PURA ENERG\u00cdA. El nuevo insignia de la serie XT ahora combina todas las ventajas y movilidad de un cortac\u00e9sped el\u00e9ctrico. Dentro del XT2 ES107, funcionan con potentes motores el\u00e9ctricos de \u00faltima tecnolog\u00eda. Alimentado por una bater\u00eda de Ion de litio con 56 V. con una capacidad nominal de 60 Ah, este tractor cortac\u00e9sped [&hellip;]","og_url":"https:\/\/arroyolorca.es\/index.php\/product\/xt2-es107\/","og_site_name":"ArroyoLorca","article_modified_time":"2023-11-01T09:07:08+00:00","og_image":[{"width":800,"height":800,"url":"https:\/\/arroyolorca.es\/wp-content\/uploads\/2022\/07\/33ABA7ES710_XT1LT42E__RT_newLabel.jpg","type":"image\/jpeg"}],"twitter_card":"summary_large_image","twitter_misc":{"Tiempo de lectura":"2 minutos"},"schema":{"@context":"https:\/\/schema.org","@graph":[{"@type":"WebPage","@id":"https:\/\/arroyolorca.es\/index.php\/product\/xt2-es107\/","url":"https:\/\/arroyolorca.es\/index.php\/product\/xt2-es107\/","name":"XT2 - ES107 - ArroyoLorca","isPartOf":{"@id":"https:\/\/arroyolorca.es\/#website"},"datePublished":"2022-07-27T17:48:12+00:00","dateModified":"2023-11-01T09:07:08+00:00","breadcrumb":{"@id":"https:\/\/arroyolorca.es\/index.php\/product\/xt2-es107\/#breadcrumb"},"inLanguage":"es","potentialAction":[{"@type":"ReadAction","target":["https:\/\/arroyolorca.es\/index.php\/product\/xt2-es107\/"]}]},{"@type":"BreadcrumbList","@id":"https:\/\/arroyolorca.es\/index.php\/product\/xt2-es107\/#breadcrumb","itemListElement":[{"@type":"ListItem","position":1,"name":"Home","item":"https:\/\/arroyolorca.es\/"},{"@type":"ListItem","position":2,"name":"Shop","item":"https:\/\/arroyolorca.es\/index.php\/shop\/"},{"@type":"ListItem","position":3,"name":"XT2 &#8211; ES107"}]},{"@type":"WebSite","@id":"https:\/\/arroyolorca.es\/#website","url":"https:\/\/arroyolorca.es\/","name":"ArroyoLorca","description":"Maquimaria Agr\u00edcola, Jardines y trabajos forestales","publisher":{"@id":"https:\/\/arroyolorca.es\/#organization"},"potentialAction":[{"@type":"SearchAction","target":{"@type":"EntryPoint","urlTemplate":"https:\/\/arroyolorca.es\/?s={search_term_string}"},"query-input":"required name=search_term_string"}],"inLanguage":"es"},{"@type":"Organization","@id":"https:\/\/arroyolorca.es\/#organization","name":"ArroyoLorca","url":"https:\/\/arroyolorca.es\/","logo":{"@type":"ImageObject","inLanguage":"es","@id":"https:\/\/arroyolorca.es\/#\/schema\/logo\/image\/","url":"https:\/\/arroyolorca.es\/wp-content\/uploads\/2023\/04\/logo_cabecera-1.png","contentUrl":"https:\/\/arroyolorca.es\/wp-content\/uploads\/2023\/04\/logo_cabecera-1.png","width":450,"height":119,"caption":"ArroyoLorca"},"image":{"@id":"https:\/\/arroyolorca.es\/#\/schema\/logo\/image\/"}}]}},"_links":{"self":[{"href":"https:\/\/arroyolorca.es\/index.php\/wp-json\/wp\/v2\/product\/125"}],"collection":[{"href":"https:\/\/arroyolorca.es\/index.php\/wp-json\/wp\/v2\/product"}],"about":[{"href":"https:\/\/arroyolorca.es\/index.php\/wp-json\/wp\/v2\/types\/product"}],"replies":[{"embeddable":true,"href":"https:\/\/arroyolorca.es\/index.php\/wp-json\/wp\/v2\/comments?post=125"}],"wp:featuredmedia":[{"embeddable":true,"href":"https:\/\/arroyolorca.es\/index.php\/wp-json\/wp\/v2\/media\/128"}],"wp:attachment":[{"href":"https:\/\/arroyolorca.es\/index.php\/wp-json\/wp\/v2\/media?parent=125"}],"wp:term":[{"taxonomy":"product_cat","embeddable":true,"href":"https:\/\/arroyolorca.es\/index.php\/wp-json\/wp\/v2\/product_cat?post=125"},{"taxonomy":"product_tag","embeddable":true,"href":"https:\/\/arroyolorca.es\/index.php\/wp-json\/wp\/v2\/product_tag?post=125"}],"curies":[{"name":"wp","href":"https:\/\/api.w.org\/{rel}","templated":true}]}}