{"id":2081,"date":"2023-05-10T09:28:20","date_gmt":"2023-05-10T08:28:20","guid":{"rendered":"https:\/\/arroyolorca.es\/?post_type=product&#038;p=2081"},"modified":"2023-11-01T09:57:08","modified_gmt":"2023-11-01T08:57:08","slug":"lc-142is","status":"publish","type":"product","link":"https:\/\/arroyolorca.es\/index.php\/product\/lc-142is\/","title":{"rendered":"LC 142iS"},"content":{"rendered":"<div>\n<h3 style=\"color: #003985;\">Descripci\u00f3n del producto<\/h3>\n<p>Cortac\u00e9sped a bater\u00eda de Husqvarna, autopropulsado, de dise\u00f1o compacto, perfecto para el mantenimiento de jardines peque\u00f1os. LC 142iS es el modelo desarrollado para realizar trabajos ocasionales de jardiner\u00eda. Destaca por su gran facilidad de manejo, su manillar ergon\u00f3mico y plegable, su funcionamiento m\u00e1s silencioso y totalmente responsable con el medio ambiente y su recogedor de 50 litros. Compatible con nuestro sistema de bater\u00eda 36 V. *No incluye bater\u00eda ni cargador.<\/p>\n<\/div>\n<div>\n<h3 style=\"color: #003985;\">Caracter\u00edsticas<\/h3>\n<table>\n<tbody>\n<tr style=\"text-align: center;\">\n<td><img decoding=\"async\" loading=\"lazy\" class=\"alignnone size-medium wp-image-2044\" src=\"https:\/\/arroyolorca.es\/wp-content\/uploads\/2023\/05\/h320-0507-300x200.webp\" alt=\"\" width=\"300\" height=\"200\" srcset=\"https:\/\/arroyolorca.es\/wp-content\/uploads\/2023\/05\/h320-0507-300x200.webp 300w, https:\/\/arroyolorca.es\/wp-content\/uploads\/2023\/05\/h320-0507-600x400.webp 600w, https:\/\/arroyolorca.es\/wp-content\/uploads\/2023\/05\/h320-0507.webp 640w\" sizes=\"(max-width: 300px) 100vw, 300px\" \/><\/td>\n<td><img decoding=\"async\" loading=\"lazy\" class=\"alignnone size-medium wp-image-2051\" src=\"https:\/\/arroyolorca.es\/wp-content\/uploads\/2023\/05\/hb-814762-300x200.webp\" alt=\"\" width=\"300\" height=\"200\" srcset=\"https:\/\/arroyolorca.es\/wp-content\/uploads\/2023\/05\/hb-814762-300x200.webp 300w, https:\/\/arroyolorca.es\/wp-content\/uploads\/2023\/05\/hb-814762-600x400.webp 600w, https:\/\/arroyolorca.es\/wp-content\/uploads\/2023\/05\/hb-814762.webp 640w\" sizes=\"(max-width: 300px) 100vw, 300px\" \/><\/td>\n<td><img decoding=\"async\" loading=\"lazy\" class=\"alignnone size-medium wp-image-2046\" src=\"https:\/\/arroyolorca.es\/wp-content\/uploads\/2023\/05\/h320-0427-300x200.webp\" alt=\"\" width=\"300\" height=\"200\" srcset=\"https:\/\/arroyolorca.es\/wp-content\/uploads\/2023\/05\/h320-0427-300x200.webp 300w, https:\/\/arroyolorca.es\/wp-content\/uploads\/2023\/05\/h320-0427-600x400.webp 600w, https:\/\/arroyolorca.es\/wp-content\/uploads\/2023\/05\/h320-0427.webp 640w\" sizes=\"(max-width: 300px) 100vw, 300px\" \/><\/td>\n<td><img decoding=\"async\" loading=\"lazy\" class=\"alignnone size-medium wp-image-2047\" src=\"https:\/\/arroyolorca.es\/wp-content\/uploads\/2023\/05\/h320-0649-300x200.webp\" alt=\"\" width=\"300\" height=\"200\" srcset=\"https:\/\/arroyolorca.es\/wp-content\/uploads\/2023\/05\/h320-0649-300x200.webp 300w, https:\/\/arroyolorca.es\/wp-content\/uploads\/2023\/05\/h320-0649-600x400.webp 600w, https:\/\/arroyolorca.es\/wp-content\/uploads\/2023\/05\/h320-0649.webp 640w\" sizes=\"(max-width: 300px) 100vw, 300px\" \/><\/td>\n<\/tr>\n<tr>\n<td><strong>Agarre ergon\u00f3mico.<\/strong><\/p>\n<p>El \u00e1ngulo de la barra de agarre totalmente ergon\u00f3mico hace que su funcionamiento sea mucho m\u00e1s sencillo.<\/td>\n<td><strong>Asa de elevaci\u00f3n trasera y delantera<\/strong><\/p>\n<p>Con el asa delantera y trasera podr\u00e1s levantar el cortac\u00e9sped para almacenarlo, transportarlo o subirlo por escaleras.<\/td>\n<td><strong>Ajuste de altura central<\/strong><\/p>\n<p>Ajuste de altura de corte r\u00e1pida y f\u00e1cil. Una sola palanca controla toda la unidad.<\/td>\n<td><strong>Manillar plegable<\/strong><\/p>\n<p>El manillar plegable minimiza el espacio necesario para almacenar el cortac\u00e9sped.<\/td>\n<\/tr>\n<\/tbody>\n<\/table>\n<\/div>\n<div>\n<h3 style=\"color: #003985;\">Especificaciones<\/h3>\n<table style=\"margin: auto;\">\n<tbody>\n<tr>\n<td>\n<h4 style=\"color: #003985;\">Motor<\/h4>\n<\/td>\n<\/tr>\n<tr style=\"background-color: #8b9eb7;\">\n<td>Potencia neta a rpm<\/td>\n<td>0,55 kW<\/td>\n<\/tr>\n<tr>\n<td>Potencia neta rpm<\/td>\n<td>3.200 rpm<\/td>\n<\/tr>\n<tr>\n<td>\n<h4 style=\"color: #003985;\">Material<\/h4>\n<\/td>\n<\/tr>\n<tr style=\"background-color: #8b9eb7;\">\n<td>Unidad de corte, material<\/td>\n<td>ABS pl\u00e1stico<\/td>\n<\/tr>\n<tr>\n<td>Llantas, material<\/td>\n<td>Pl\u00e1stico<\/td>\n<\/tr>\n<tr>\n<td>\n<h4 style=\"color: #003985;\">Equipo de corte<\/h4>\n<\/td>\n<\/tr>\n<tr style=\"background-color: #8b9eb7;\">\n<td>Tipos de corte<\/td>\n<td>Recogida\/BioClip\u00ae\/Expulsi\u00f3n trasera<\/td>\n<\/tr>\n<tr>\n<td>Anchura de corte<\/td>\n<td>42 cm<\/td>\n<\/tr>\n<tr style=\"background-color: #8b9eb7;\">\n<td>Kit BioClip\u00ae<\/td>\n<td>Disponible como accesorio<\/td>\n<\/tr>\n<tr>\n<td>Tap\u00f3n BioClip\u00ae<\/td>\n<td>No incluido<\/td>\n<\/tr>\n<tr style=\"background-color: #8b9eb7;\">\n<td>Alturas de corte<\/td>\n<td>7<\/td>\n<\/tr>\n<tr>\n<td>Ajuste de altura de corte<\/td>\n<td>Central<\/td>\n<\/tr>\n<tr style=\"background-color: #8b9eb7;\">\n<td>Altura de corte m\u00e1x.<\/td>\n<td>75 mm<\/td>\n<\/tr>\n<tr>\n<td>Altura de corte m\u00edn.<\/td>\n<td>25 mm<\/td>\n<\/tr>\n<tr>\n<td>\n<h4 style=\"color: #003985;\">Sistema de transmisi\u00f3n<\/h4>\n<\/td>\n<\/tr>\n<tr style=\"background-color: #8b9eb7;\">\n<td>Tipo de transmisi\u00f3n<\/td>\n<td>Autopropulsado, \u00fanica velocidad<\/td>\n<\/tr>\n<tr>\n<td>Ruedas tractoras<\/td>\n<td>Trasera<\/td>\n<\/tr>\n<tr style=\"background-color: #8b9eb7;\">\n<td>Velocidad hacia delante, m\u00e1x.<\/td>\n<td>4 km\/h<\/td>\n<\/tr>\n<tr>\n<td>Velocidad hacia delante, m\u00edn.<\/td>\n<td>0 km\/h<\/td>\n<\/tr>\n<tr>\n<td>\n<h4 style=\"color: #003985;\">Equipo<\/h4>\n<\/td>\n<\/tr>\n<tr style=\"background-color: #8b9eb7;\">\n<td>Tipo de recogedor<\/td>\n<td>Tejido bloqueador de polvo<\/td>\n<\/tr>\n<tr>\n<td>Capacidad del recogedor<\/td>\n<td>50 l<\/td>\n<\/tr>\n<tr style=\"background-color: #8b9eb7;\">\n<td>Tipo de manillar<\/td>\n<td>Ergon\u00f3mico<\/td>\n<\/tr>\n<tr>\n<td>Manillar ajustable en altura<\/td>\n<td>2 Step<\/td>\n<\/tr>\n<tr style=\"background-color: #8b9eb7;\">\n<td>Rodamientos, delante\/detr\u00e1s<\/td>\n<td>Yes \/ Yes<\/td>\n<\/tr>\n<tr>\n<td>Manillar plegable<\/td>\n<td>Si<\/td>\n<\/tr>\n<tr style=\"background-color: #8b9eb7;\">\n<td>Empu\u00f1adura suave<\/td>\n<td>Si<\/td>\n<\/tr>\n<tr>\n<td>Manillar ajustable lateralmente<\/td>\n<td>No<\/td>\n<\/tr>\n<tr style=\"background-color: #8b9eb7;\">\n<td>Control de crucero<\/td>\n<td>No<\/td>\n<\/tr>\n<tr>\n<td>Conexi\u00f3n para manguera<\/td>\n<td>No<\/td>\n<\/tr>\n<tr style=\"background-color: #8b9eb7;\">\n<td>Freno de cuchillas (BBC)<\/td>\n<td>No<\/td>\n<\/tr>\n<tr>\n<td>\n<h4 style=\"color: #003985;\">Dimensiones<\/h4>\n<\/td>\n<\/tr>\n<tr style=\"background-color: #8b9eb7;\">\n<td>Tama\u00f1o de rueda, delantera<\/td>\n<td>178 mm<\/td>\n<\/tr>\n<tr>\n<td>Tama\u00f1o de rueda, trasera<\/td>\n<td>203 mm<\/td>\n<\/tr>\n<tr style=\"background-color: #8b9eb7;\">\n<td>Peso<\/td>\n<td>19 kg<\/td>\n<\/tr>\n<tr>\n<td>Anchura de rueda<\/td>\n<td>61 cm<\/td>\n<\/tr>\n<tr>\n<td>\n<h4 style=\"color: #003985;\">Nivel de potencia de sonido<\/h4>\n<\/td>\n<\/tr>\n<tr style=\"background-color: #8b9eb7;\">\n<td>Nivel de presi\u00f3n sonora en o\u00eddo<\/td>\n<td>83 dB(A)<\/td>\n<\/tr>\n<tr>\n<td>Nivel de ruido<\/td>\n<td>95 dB(A)<\/td>\n<\/tr>\n<tr style=\"background-color: #8b9eb7;\">\n<td>Nivel de potencia de sonido garantizado (LWA)<\/td>\n<td>96 dB(A)<\/td>\n<\/tr>\n<tr>\n<td>\n<h4 style=\"color: #003985;\">Vibraciones<\/h4>\n<\/td>\n<\/tr>\n<tr style=\"background-color: #8b9eb7;\">\n<td>Vibraciones en manillar<\/td>\n<td>0,8 m\/s\u00b2<\/td>\n<\/tr>\n<\/tbody>\n<\/table>\n<\/div>\n","protected":false},"excerpt":{"rendered":"<p>Descripci\u00f3n del producto Cortac\u00e9sped a bater\u00eda de Husqvarna, autopropulsado, de dise\u00f1o compacto, perfecto para el mantenimiento de jardines peque\u00f1os. LC 142iS es el modelo desarrollado para realizar trabajos ocasionales de jardiner\u00eda. Destaca por su gran facilidad de manejo, su manillar ergon\u00f3mico y plegable, su funcionamiento m\u00e1s silencioso y totalmente responsable con el medio ambiente y [&hellip;]<\/p>\n","protected":false},"featured_media":2083,"comment_status":"open","ping_status":"closed","template":"","meta":{"ocean_front_end_style_editor":"no","ocean_post_layout":"","ocean_both_sidebars_style":"","ocean_both_sidebars_content_width":0,"ocean_both_sidebars_sidebars_width":0,"ocean_sidebar":"0","ocean_second_sidebar":"0","ocean_disable_margins":"enable","ocean_add_body_class":"","ocean_shortcode_before_top_bar":"","ocean_shortcode_after_top_bar":"","ocean_shortcode_before_header":"","ocean_shortcode_after_header":"","ocean_has_shortcode":"","ocean_shortcode_after_title":"","ocean_shortcode_before_footer_widgets":"","ocean_shortcode_after_footer_widgets":"","ocean_shortcode_before_footer_bottom":"","ocean_shortcode_after_footer_bottom":"","ocean_display_top_bar":"default","ocean_display_header":"default","ocean_header_style":"","ocean_center_header_left_menu":"0","ocean_custom_header_template":"0","ocean_custom_logo":0,"ocean_custom_retina_logo":0,"ocean_custom_logo_max_width":0,"ocean_custom_logo_tablet_max_width":0,"ocean_custom_logo_mobile_max_width":0,"ocean_custom_logo_max_height":0,"ocean_custom_logo_tablet_max_height":0,"ocean_custom_logo_mobile_max_height":0,"ocean_header_custom_menu":"0","ocean_menu_typo_font_family":"0","ocean_menu_typo_font_subset":"","ocean_menu_typo_font_size":0,"ocean_menu_typo_font_size_tablet":0,"ocean_menu_typo_font_size_mobile":0,"ocean_menu_typo_font_size_unit":"px","ocean_menu_typo_font_weight":"","ocean_menu_typo_font_weight_tablet":"","ocean_menu_typo_font_weight_mobile":"","ocean_menu_typo_transform":"","ocean_menu_typo_transform_tablet":"","ocean_menu_typo_transform_mobile":"","ocean_menu_typo_line_height":0,"ocean_menu_typo_line_height_tablet":0,"ocean_menu_typo_line_height_mobile":0,"ocean_menu_typo_line_height_unit":"","ocean_menu_typo_spacing":0,"ocean_menu_typo_spacing_tablet":0,"ocean_menu_typo_spacing_mobile":0,"ocean_menu_typo_spacing_unit":"","ocean_menu_link_color":"","ocean_menu_link_color_hover":"","ocean_menu_link_color_active":"","ocean_menu_link_background":"","ocean_menu_link_hover_background":"","ocean_menu_link_active_background":"","ocean_menu_social_links_bg":"","ocean_menu_social_hover_links_bg":"","ocean_menu_social_links_color":"","ocean_menu_social_hover_links_color":"","ocean_disable_title":"default","ocean_disable_heading":"default","ocean_post_title":"","ocean_post_subheading":"","ocean_post_title_style":"","ocean_post_title_background_color":"","ocean_post_title_background":0,"ocean_post_title_bg_image_position":"","ocean_post_title_bg_image_attachment":"","ocean_post_title_bg_image_repeat":"","ocean_post_title_bg_image_size":"","ocean_post_title_height":0,"ocean_post_title_bg_overlay":0.5,"ocean_post_title_bg_overlay_color":"","ocean_disable_breadcrumbs":"default","ocean_breadcrumbs_color":"","ocean_breadcrumbs_separator_color":"","ocean_breadcrumbs_links_color":"","ocean_breadcrumbs_links_hover_color":"","ocean_display_footer_widgets":"default","ocean_display_footer_bottom":"default","ocean_custom_footer_template":"0"},"product_cat":[80,40,145,45],"product_tag":[60,152],"yoast_head":"<!-- This site is optimized with the Yoast SEO plugin v21.2 - https:\/\/yoast.com\/wordpress\/plugins\/seo\/ -->\n<title>LC 142iS - ArroyoLorca<\/title>\n<meta name=\"robots\" content=\"index, follow, max-snippet:-1, max-image-preview:large, max-video-preview:-1\" \/>\n<link rel=\"canonical\" href=\"https:\/\/arroyolorca.es\/index.php\/product\/lc-142is\/\" \/>\n<meta property=\"og:locale\" content=\"es_ES\" \/>\n<meta property=\"og:type\" content=\"article\" \/>\n<meta property=\"og:title\" content=\"LC 142iS - ArroyoLorca\" \/>\n<meta property=\"og:description\" content=\"Descripci\u00f3n del producto Cortac\u00e9sped a bater\u00eda de Husqvarna, autopropulsado, de dise\u00f1o compacto, perfecto para el mantenimiento de jardines peque\u00f1os. LC 142iS es el modelo desarrollado para realizar trabajos ocasionales de jardiner\u00eda. Destaca por su gran facilidad de manejo, su manillar ergon\u00f3mico y plegable, su funcionamiento m\u00e1s silencioso y totalmente responsable con el medio ambiente y [&hellip;]\" \/>\n<meta property=\"og:url\" content=\"https:\/\/arroyolorca.es\/index.php\/product\/lc-142is\/\" \/>\n<meta property=\"og:site_name\" content=\"ArroyoLorca\" \/>\n<meta property=\"article:modified_time\" content=\"2023-11-01T08:57:08+00:00\" \/>\n<meta property=\"og:image\" content=\"https:\/\/arroyolorca.es\/wp-content\/uploads\/2023\/05\/bo-090004.webp\" \/>\n\t<meta property=\"og:image:width\" content=\"830\" \/>\n\t<meta property=\"og:image:height\" content=\"553\" \/>\n\t<meta property=\"og:image:type\" content=\"image\/webp\" \/>\n<meta name=\"twitter:card\" content=\"summary_large_image\" \/>\n<meta name=\"twitter:label1\" content=\"Tiempo de lectura\" \/>\n\t<meta name=\"twitter:data1\" content=\"3 minutos\" \/>\n<script type=\"application\/ld+json\" class=\"yoast-schema-graph\">{\"@context\":\"https:\/\/schema.org\",\"@graph\":[{\"@type\":\"WebPage\",\"@id\":\"https:\/\/arroyolorca.es\/index.php\/product\/lc-142is\/\",\"url\":\"https:\/\/arroyolorca.es\/index.php\/product\/lc-142is\/\",\"name\":\"LC 142iS - ArroyoLorca\",\"isPartOf\":{\"@id\":\"https:\/\/arroyolorca.es\/#website\"},\"datePublished\":\"2023-05-10T08:28:20+00:00\",\"dateModified\":\"2023-11-01T08:57:08+00:00\",\"breadcrumb\":{\"@id\":\"https:\/\/arroyolorca.es\/index.php\/product\/lc-142is\/#breadcrumb\"},\"inLanguage\":\"es\",\"potentialAction\":[{\"@type\":\"ReadAction\",\"target\":[\"https:\/\/arroyolorca.es\/index.php\/product\/lc-142is\/\"]}]},{\"@type\":\"BreadcrumbList\",\"@id\":\"https:\/\/arroyolorca.es\/index.php\/product\/lc-142is\/#breadcrumb\",\"itemListElement\":[{\"@type\":\"ListItem\",\"position\":1,\"name\":\"Home\",\"item\":\"https:\/\/arroyolorca.es\/\"},{\"@type\":\"ListItem\",\"position\":2,\"name\":\"Shop\",\"item\":\"https:\/\/arroyolorca.es\/index.php\/shop\/\"},{\"@type\":\"ListItem\",\"position\":3,\"name\":\"LC 142iS\"}]},{\"@type\":\"WebSite\",\"@id\":\"https:\/\/arroyolorca.es\/#website\",\"url\":\"https:\/\/arroyolorca.es\/\",\"name\":\"ArroyoLorca\",\"description\":\"Maquimaria Agr\u00edcola, Jardines y trabajos forestales\",\"publisher\":{\"@id\":\"https:\/\/arroyolorca.es\/#organization\"},\"potentialAction\":[{\"@type\":\"SearchAction\",\"target\":{\"@type\":\"EntryPoint\",\"urlTemplate\":\"https:\/\/arroyolorca.es\/?s={search_term_string}\"},\"query-input\":\"required name=search_term_string\"}],\"inLanguage\":\"es\"},{\"@type\":\"Organization\",\"@id\":\"https:\/\/arroyolorca.es\/#organization\",\"name\":\"ArroyoLorca\",\"url\":\"https:\/\/arroyolorca.es\/\",\"logo\":{\"@type\":\"ImageObject\",\"inLanguage\":\"es\",\"@id\":\"https:\/\/arroyolorca.es\/#\/schema\/logo\/image\/\",\"url\":\"https:\/\/arroyolorca.es\/wp-content\/uploads\/2023\/04\/logo_cabecera-1.png\",\"contentUrl\":\"https:\/\/arroyolorca.es\/wp-content\/uploads\/2023\/04\/logo_cabecera-1.png\",\"width\":450,\"height\":119,\"caption\":\"ArroyoLorca\"},\"image\":{\"@id\":\"https:\/\/arroyolorca.es\/#\/schema\/logo\/image\/\"}}]}<\/script>\n<!-- \/ Yoast SEO plugin. -->","yoast_head_json":{"title":"LC 142iS - ArroyoLorca","robots":{"index":"index","follow":"follow","max-snippet":"max-snippet:-1","max-image-preview":"max-image-preview:large","max-video-preview":"max-video-preview:-1"},"canonical":"https:\/\/arroyolorca.es\/index.php\/product\/lc-142is\/","og_locale":"es_ES","og_type":"article","og_title":"LC 142iS - ArroyoLorca","og_description":"Descripci\u00f3n del producto Cortac\u00e9sped a bater\u00eda de Husqvarna, autopropulsado, de dise\u00f1o compacto, perfecto para el mantenimiento de jardines peque\u00f1os. LC 142iS es el modelo desarrollado para realizar trabajos ocasionales de jardiner\u00eda. Destaca por su gran facilidad de manejo, su manillar ergon\u00f3mico y plegable, su funcionamiento m\u00e1s silencioso y totalmente responsable con el medio ambiente y [&hellip;]","og_url":"https:\/\/arroyolorca.es\/index.php\/product\/lc-142is\/","og_site_name":"ArroyoLorca","article_modified_time":"2023-11-01T08:57:08+00:00","og_image":[{"width":830,"height":553,"url":"https:\/\/arroyolorca.es\/wp-content\/uploads\/2023\/05\/bo-090004.webp","type":"image\/webp"}],"twitter_card":"summary_large_image","twitter_misc":{"Tiempo de lectura":"3 minutos"},"schema":{"@context":"https:\/\/schema.org","@graph":[{"@type":"WebPage","@id":"https:\/\/arroyolorca.es\/index.php\/product\/lc-142is\/","url":"https:\/\/arroyolorca.es\/index.php\/product\/lc-142is\/","name":"LC 142iS - ArroyoLorca","isPartOf":{"@id":"https:\/\/arroyolorca.es\/#website"},"datePublished":"2023-05-10T08:28:20+00:00","dateModified":"2023-11-01T08:57:08+00:00","breadcrumb":{"@id":"https:\/\/arroyolorca.es\/index.php\/product\/lc-142is\/#breadcrumb"},"inLanguage":"es","potentialAction":[{"@type":"ReadAction","target":["https:\/\/arroyolorca.es\/index.php\/product\/lc-142is\/"]}]},{"@type":"BreadcrumbList","@id":"https:\/\/arroyolorca.es\/index.php\/product\/lc-142is\/#breadcrumb","itemListElement":[{"@type":"ListItem","position":1,"name":"Home","item":"https:\/\/arroyolorca.es\/"},{"@type":"ListItem","position":2,"name":"Shop","item":"https:\/\/arroyolorca.es\/index.php\/shop\/"},{"@type":"ListItem","position":3,"name":"LC 142iS"}]},{"@type":"WebSite","@id":"https:\/\/arroyolorca.es\/#website","url":"https:\/\/arroyolorca.es\/","name":"ArroyoLorca","description":"Maquimaria Agr\u00edcola, Jardines y trabajos forestales","publisher":{"@id":"https:\/\/arroyolorca.es\/#organization"},"potentialAction":[{"@type":"SearchAction","target":{"@type":"EntryPoint","urlTemplate":"https:\/\/arroyolorca.es\/?s={search_term_string}"},"query-input":"required name=search_term_string"}],"inLanguage":"es"},{"@type":"Organization","@id":"https:\/\/arroyolorca.es\/#organization","name":"ArroyoLorca","url":"https:\/\/arroyolorca.es\/","logo":{"@type":"ImageObject","inLanguage":"es","@id":"https:\/\/arroyolorca.es\/#\/schema\/logo\/image\/","url":"https:\/\/arroyolorca.es\/wp-content\/uploads\/2023\/04\/logo_cabecera-1.png","contentUrl":"https:\/\/arroyolorca.es\/wp-content\/uploads\/2023\/04\/logo_cabecera-1.png","width":450,"height":119,"caption":"ArroyoLorca"},"image":{"@id":"https:\/\/arroyolorca.es\/#\/schema\/logo\/image\/"}}]}},"_links":{"self":[{"href":"https:\/\/arroyolorca.es\/index.php\/wp-json\/wp\/v2\/product\/2081"}],"collection":[{"href":"https:\/\/arroyolorca.es\/index.php\/wp-json\/wp\/v2\/product"}],"about":[{"href":"https:\/\/arroyolorca.es\/index.php\/wp-json\/wp\/v2\/types\/product"}],"replies":[{"embeddable":true,"href":"https:\/\/arroyolorca.es\/index.php\/wp-json\/wp\/v2\/comments?post=2081"}],"wp:featuredmedia":[{"embeddable":true,"href":"https:\/\/arroyolorca.es\/index.php\/wp-json\/wp\/v2\/media\/2083"}],"wp:attachment":[{"href":"https:\/\/arroyolorca.es\/index.php\/wp-json\/wp\/v2\/media?parent=2081"}],"wp:term":[{"taxonomy":"product_cat","embeddable":true,"href":"https:\/\/arroyolorca.es\/index.php\/wp-json\/wp\/v2\/product_cat?post=2081"},{"taxonomy":"product_tag","embeddable":true,"href":"https:\/\/arroyolorca.es\/index.php\/wp-json\/wp\/v2\/product_tag?post=2081"}],"curies":[{"name":"wp","href":"https:\/\/api.w.org\/{rel}","templated":true}]}}