{"id":2214,"date":"2023-05-11T09:19:26","date_gmt":"2023-05-11T08:19:26","guid":{"rendered":"https:\/\/arroyolorca.es\/?post_type=product&#038;p=2214"},"modified":"2023-11-01T09:53:36","modified_gmt":"2023-11-01T08:53:36","slug":"lc-151s","status":"publish","type":"product","link":"https:\/\/arroyolorca.es\/index.php\/product\/lc-151s\/","title":{"rendered":"LC 151S"},"content":{"rendered":"<div>\n<h3 style=\"color: #003985;\">Descripci\u00f3n del producto<\/h3>\n<p>LC 151S de Husqvarna es un cortac\u00e9sped autopropulsado, sencillo de usar, con recogedor, BioClip\u00ae (mulching) y expulsi\u00f3n lateral, perfecto para jardines de tama\u00f1o medio-grande. Su chasis de acero robusto de 51 cm y su motor Husqvarna est\u00e1n dise\u00f1ados para trabajar en las condiciones m\u00e1s complejas y afrontar los cortes m\u00e1s dif\u00edciles. Adem\u00e1s, al incorporar un manillar ergon\u00f3mico de agarre suave, podr\u00e1s cortar tu jard\u00edn con menos esfuerzo. Este manillar tiene la capacidad de plegarse para que el transporte y el almacenaje de la m\u00e1quina sea m\u00e1s sencillo.<\/p>\n<\/div>\n<div>\n<h3 style=\"color: #003985;\">Caracter\u00edsticas<\/h3>\n<table>\n<tbody>\n<tr style=\"text-align: center;\">\n<td><img decoding=\"async\" loading=\"lazy\" class=\"alignnone size-medium wp-image-2113\" src=\"https:\/\/arroyolorca.es\/wp-content\/uploads\/2023\/05\/h320-0289-300x200.webp\" alt=\"\" width=\"300\" height=\"200\" srcset=\"https:\/\/arroyolorca.es\/wp-content\/uploads\/2023\/05\/h320-0289-300x200.webp 300w, https:\/\/arroyolorca.es\/wp-content\/uploads\/2023\/05\/h320-0289-600x400.webp 600w, https:\/\/arroyolorca.es\/wp-content\/uploads\/2023\/05\/h320-0289.webp 640w\" sizes=\"(max-width: 300px) 100vw, 300px\" \/><\/td>\n<td><img decoding=\"async\" loading=\"lazy\" class=\"alignnone size-medium wp-image-2044\" src=\"https:\/\/arroyolorca.es\/wp-content\/uploads\/2023\/05\/h320-0507-300x200.webp\" alt=\"\" width=\"300\" height=\"200\" srcset=\"https:\/\/arroyolorca.es\/wp-content\/uploads\/2023\/05\/h320-0507-300x200.webp 300w, https:\/\/arroyolorca.es\/wp-content\/uploads\/2023\/05\/h320-0507-600x400.webp 600w, https:\/\/arroyolorca.es\/wp-content\/uploads\/2023\/05\/h320-0507.webp 640w\" sizes=\"(max-width: 300px) 100vw, 300px\" \/><\/td>\n<td><img decoding=\"async\" loading=\"lazy\" class=\"alignnone size-medium wp-image-2089\" src=\"https:\/\/arroyolorca.es\/wp-content\/uploads\/2023\/05\/h320-0513-300x200.webp\" alt=\"\" width=\"300\" height=\"200\" srcset=\"https:\/\/arroyolorca.es\/wp-content\/uploads\/2023\/05\/h320-0513-300x200.webp 300w, https:\/\/arroyolorca.es\/wp-content\/uploads\/2023\/05\/h320-0513-600x400.webp 600w, https:\/\/arroyolorca.es\/wp-content\/uploads\/2023\/05\/h320-0513.webp 640w\" sizes=\"(max-width: 300px) 100vw, 300px\" \/><\/td>\n<td><img decoding=\"async\" loading=\"lazy\" class=\"alignnone size-medium wp-image-2045\" src=\"https:\/\/arroyolorca.es\/wp-content\/uploads\/2023\/05\/dd-815471-300x200.webp\" alt=\"\" width=\"300\" height=\"200\" srcset=\"https:\/\/arroyolorca.es\/wp-content\/uploads\/2023\/05\/dd-815471-300x200.webp 300w, https:\/\/arroyolorca.es\/wp-content\/uploads\/2023\/05\/dd-815471-600x400.webp 600w, https:\/\/arroyolorca.es\/wp-content\/uploads\/2023\/05\/dd-815471.webp 640w\" sizes=\"(max-width: 300px) 100vw, 300px\" \/><\/td>\n<\/tr>\n<tr>\n<td><strong>Sistema de corte 3 en 1<\/strong><\/p>\n<p>Este cortac\u00e9sped est\u00e1 dotado de una alta versatilidad gracias a sus distintos sistemas de corte; recogida, para mantener un c\u00e9sped siempre limpio, BioClip\u00ae (mulching) para fertilizar el terreno y expulsi\u00f3n para zonas que se corten menos.<\/td>\n<td><strong>Agarre ergon\u00f3mico.<\/strong><\/p>\n<p>El \u00e1ngulo de la barra de agarre totalmente ergon\u00f3mico hace que su funcionamiento sea mucho m\u00e1s sencillo.<\/td>\n<td><strong>Barra de agarre de ajuste f\u00e1cil<\/strong><\/p>\n<p>Ajuste r\u00e1pido y sencillo para el agarre en dos alturas diferentes.<\/td>\n<td><strong>Agarre en la parte delantera para levantar la m\u00e1quina<\/strong><\/p>\n<p>Agarre delantero para levantar el cortac\u00e9sped. Permite un almacenaje o un transporte de la m\u00e1quina mucho m\u00e1s sencillos.<\/td>\n<\/tr>\n<\/tbody>\n<\/table>\n<\/div>\n<div>\n<h3 style=\"color: #003985;\">Especificaciones<\/h3>\n<table style=\"margin: auto;\">\n<tbody>\n<tr>\n<td>\n<h4 style=\"color: #003985;\">Motor<\/h4>\n<\/td>\n<\/tr>\n<tr style=\"background-color: #8b9eb7;\">\n<td>Potencia neta a rpm<\/td>\n<td>2,7 kW<\/td>\n<\/tr>\n<tr>\n<td>Potencia neta rpm<\/td>\n<td>2.800 rpm<\/td>\n<\/tr>\n<tr style=\"background-color: #8b9eb7;\">\n<td>Marca del motor<\/td>\n<td>Husqvarna<\/td>\n<\/tr>\n<tr>\n<td>Nombre de motor<\/td>\n<td>HS 166A<\/td>\n<\/tr>\n<tr style=\"background-color: #8b9eb7;\">\n<td>Cilindrada<\/td>\n<td>166 cm\u00b3<\/td>\n<\/tr>\n<tr>\n<td>Tipo de lubricante del motor<\/td>\n<td>Salpicadura<\/td>\n<\/tr>\n<tr style=\"background-color: #8b9eb7;\">\n<td>Refrigeracio\u0301n del motor<\/td>\n<td>Aire<\/td>\n<\/tr>\n<tr>\n<td>\n<h4 style=\"color: #003985;\">Material<\/h4>\n<\/td>\n<\/tr>\n<tr style=\"background-color: #8b9eb7;\">\n<td>Unidad de corte, material<\/td>\n<td>Acero<\/td>\n<\/tr>\n<tr>\n<td>Llantas, material<\/td>\n<td>Pl\u00e1stico<\/td>\n<\/tr>\n<tr>\n<td>\n<h4 style=\"color: #003985;\">Emisiones<\/h4>\n<\/td>\n<\/tr>\n<tr style=\"background-color: #8b9eb7;\">\n<td>Emisiones de escape (CO2 EU V)<\/td>\n<td>922,38 g\/kWh<\/td>\n<\/tr>\n<tr>\n<td>\n<h4 style=\"color: #003985;\">Equipo de corte<\/h4>\n<\/td>\n<\/tr>\n<tr style=\"background-color: #8b9eb7;\">\n<td>Tipos de corte<\/td>\n<td>Recogida\/BioClip\u00ae\/Expulsi\u00f3n lateral<\/td>\n<\/tr>\n<tr>\n<td>Anchura de corte<\/td>\n<td>51 cm<\/td>\n<\/tr>\n<tr style=\"background-color: #8b9eb7;\">\n<td>Kit BioClip\u00ae<\/td>\n<td>Disponible como accesorio<\/td>\n<\/tr>\n<tr>\n<td>Tap\u00f3n BioClip\u00ae<\/td>\n<td>No incluido<\/td>\n<\/tr>\n<tr style=\"background-color: #8b9eb7;\">\n<td>Alturas de corte<\/td>\n<td>7<\/td>\n<\/tr>\n<tr>\n<td>Ajuste de altura de corte<\/td>\n<td>Central<\/td>\n<\/tr>\n<tr style=\"background-color: #8b9eb7;\">\n<td>Altura de corte m\u00e1x.<\/td>\n<td>75 mm<\/td>\n<\/tr>\n<tr>\n<td>Altura de corte m\u00edn.<\/td>\n<td>25 mm<\/td>\n<\/tr>\n<tr>\n<td>\n<h4 style=\"color: #003985;\">Sistema de transmisi\u00f3n<\/h4>\n<\/td>\n<\/tr>\n<tr style=\"background-color: #8b9eb7;\">\n<td>Tipo de transmisi\u00f3n<\/td>\n<td>Autopropulsado<\/td>\n<\/tr>\n<tr>\n<td>Ruedas tractoras<\/td>\n<td>Trasera<\/td>\n<\/tr>\n<tr style=\"background-color: #8b9eb7;\">\n<td>Velocidad hacia delante, m\u00e1x.<\/td>\n<td>3,6 km\/h<\/td>\n<\/tr>\n<tr>\n<td>Velocidad hacia delante, m\u00edn.<\/td>\n<td>0 km\/h<\/td>\n<\/tr>\n<tr>\n<td>\n<h4 style=\"color: #003985;\">Equipo<\/h4>\n<\/td>\n<\/tr>\n<tr style=\"background-color: #8b9eb7;\">\n<td>Tipo de recogedor<\/td>\n<td>Tejido bloqueador de polvo<\/td>\n<\/tr>\n<tr>\n<td>Capacidad del recogedor<\/td>\n<td>65 l<\/td>\n<\/tr>\n<tr style=\"background-color: #8b9eb7;\">\n<td>Tipo de manillar<\/td>\n<td>Ergonomic Handle (Bag Through)<\/td>\n<\/tr>\n<tr>\n<td>Manillar ajustable en altura<\/td>\n<td>2 Step<\/td>\n<\/tr>\n<tr style=\"background-color: #8b9eb7;\">\n<td>Rodamientos, delante\/detr\u00e1s<\/td>\n<td>Yes \/ Yes<\/td>\n<\/tr>\n<tr>\n<td>Manillar plegable<\/td>\n<td>Si<\/td>\n<\/tr>\n<tr style=\"background-color: #8b9eb7;\">\n<td>Empu\u00f1adura suave<\/td>\n<td>Si<\/td>\n<\/tr>\n<tr>\n<td>Manillar ajustable lateralmente<\/td>\n<td>No<\/td>\n<\/tr>\n<tr style=\"background-color: #8b9eb7;\">\n<td>Control de crucero<\/td>\n<td>No<\/td>\n<\/tr>\n<tr>\n<td>Conexi\u00f3n para manguera<\/td>\n<td>No<\/td>\n<\/tr>\n<tr style=\"background-color: #8b9eb7;\">\n<td>Freno de cuchillas (BBC)<\/td>\n<td>No<\/td>\n<\/tr>\n<tr>\n<td>\n<h4 style=\"color: #003985;\">Dimensiones<\/h4>\n<\/td>\n<\/tr>\n<tr style=\"background-color: #8b9eb7;\">\n<td>Tama\u00f1o de rueda, delantera<\/td>\n<td>203 mm<\/td>\n<\/tr>\n<tr>\n<td>Tama\u00f1o de rueda, trasera<\/td>\n<td>203 mm<\/td>\n<\/tr>\n<tr style=\"background-color: #8b9eb7;\">\n<td>Peso<\/td>\n<td>32,3 kg<\/td>\n<\/tr>\n<tr>\n<td>Anchura de rueda<\/td>\n<td>66 cm<\/td>\n<\/tr>\n<tr>\n<td>\n<h4 style=\"color: #003985;\">Nivel de potencia de sonido<\/h4>\n<\/td>\n<\/tr>\n<tr style=\"background-color: #8b9eb7;\">\n<td>Nivel de presi\u00f3n sonora en o\u00eddo<\/td>\n<td>86 dB(A)<\/td>\n<\/tr>\n<tr>\n<td>Nivel de ruido<\/td>\n<td>96 dB(A)<\/td>\n<\/tr>\n<tr style=\"background-color: #8b9eb7;\">\n<td>Nivel de potencia de sonido garantizado (LWA)<\/td>\n<td>98 dB(A)<\/td>\n<\/tr>\n<tr>\n<td>\n<h4 style=\"color: #003985;\">Vibraciones<\/h4>\n<\/td>\n<\/tr>\n<tr style=\"background-color: #8b9eb7;\">\n<td>Vibraciones en manillar<\/td>\n<td>8,5 m\/s\u00b2<\/td>\n<\/tr>\n<\/tbody>\n<\/table>\n<\/div>\n","protected":false},"excerpt":{"rendered":"<p>Descripci\u00f3n del producto LC 151S de Husqvarna es un cortac\u00e9sped autopropulsado, sencillo de usar, con recogedor, BioClip\u00ae (mulching) y expulsi\u00f3n lateral, perfecto para jardines de tama\u00f1o medio-grande. Su chasis de acero robusto de 51 cm y su motor Husqvarna est\u00e1n dise\u00f1ados para trabajar en las condiciones m\u00e1s complejas y afrontar los cortes m\u00e1s dif\u00edciles. Adem\u00e1s, [&hellip;]<\/p>\n","protected":false},"featured_media":2215,"comment_status":"open","ping_status":"closed","template":"","meta":{"ocean_front_end_style_editor":"no","ocean_post_layout":"","ocean_both_sidebars_style":"","ocean_both_sidebars_content_width":0,"ocean_both_sidebars_sidebars_width":0,"ocean_sidebar":"0","ocean_second_sidebar":"0","ocean_disable_margins":"enable","ocean_add_body_class":"","ocean_shortcode_before_top_bar":"","ocean_shortcode_after_top_bar":"","ocean_shortcode_before_header":"","ocean_shortcode_after_header":"","ocean_has_shortcode":"","ocean_shortcode_after_title":"","ocean_shortcode_before_footer_widgets":"","ocean_shortcode_after_footer_widgets":"","ocean_shortcode_before_footer_bottom":"","ocean_shortcode_after_footer_bottom":"","ocean_display_top_bar":"default","ocean_display_header":"default","ocean_header_style":"","ocean_center_header_left_menu":"0","ocean_custom_header_template":"0","ocean_custom_logo":0,"ocean_custom_retina_logo":0,"ocean_custom_logo_max_width":0,"ocean_custom_logo_tablet_max_width":0,"ocean_custom_logo_mobile_max_width":0,"ocean_custom_logo_max_height":0,"ocean_custom_logo_tablet_max_height":0,"ocean_custom_logo_mobile_max_height":0,"ocean_header_custom_menu":"0","ocean_menu_typo_font_family":"0","ocean_menu_typo_font_subset":"","ocean_menu_typo_font_size":0,"ocean_menu_typo_font_size_tablet":0,"ocean_menu_typo_font_size_mobile":0,"ocean_menu_typo_font_size_unit":"px","ocean_menu_typo_font_weight":"","ocean_menu_typo_font_weight_tablet":"","ocean_menu_typo_font_weight_mobile":"","ocean_menu_typo_transform":"","ocean_menu_typo_transform_tablet":"","ocean_menu_typo_transform_mobile":"","ocean_menu_typo_line_height":0,"ocean_menu_typo_line_height_tablet":0,"ocean_menu_typo_line_height_mobile":0,"ocean_menu_typo_line_height_unit":"","ocean_menu_typo_spacing":0,"ocean_menu_typo_spacing_tablet":0,"ocean_menu_typo_spacing_mobile":0,"ocean_menu_typo_spacing_unit":"","ocean_menu_link_color":"","ocean_menu_link_color_hover":"","ocean_menu_link_color_active":"","ocean_menu_link_background":"","ocean_menu_link_hover_background":"","ocean_menu_link_active_background":"","ocean_menu_social_links_bg":"","ocean_menu_social_hover_links_bg":"","ocean_menu_social_links_color":"","ocean_menu_social_hover_links_color":"","ocean_disable_title":"default","ocean_disable_heading":"default","ocean_post_title":"","ocean_post_subheading":"","ocean_post_title_style":"","ocean_post_title_background_color":"","ocean_post_title_background":0,"ocean_post_title_bg_image_position":"","ocean_post_title_bg_image_attachment":"","ocean_post_title_bg_image_repeat":"","ocean_post_title_bg_image_size":"","ocean_post_title_height":0,"ocean_post_title_bg_overlay":0.5,"ocean_post_title_bg_overlay_color":"","ocean_disable_breadcrumbs":"default","ocean_breadcrumbs_color":"","ocean_breadcrumbs_separator_color":"","ocean_breadcrumbs_links_color":"","ocean_breadcrumbs_links_hover_color":"","ocean_display_footer_widgets":"default","ocean_display_footer_bottom":"default","ocean_custom_footer_template":"0"},"product_cat":[40,145,45],"product_tag":[168,152],"yoast_head":"<!-- This site is optimized with the Yoast SEO plugin v21.2 - https:\/\/yoast.com\/wordpress\/plugins\/seo\/ -->\n<title>LC 151S - ArroyoLorca<\/title>\n<meta name=\"robots\" content=\"index, follow, max-snippet:-1, max-image-preview:large, max-video-preview:-1\" \/>\n<link rel=\"canonical\" href=\"https:\/\/arroyolorca.es\/index.php\/product\/lc-151s\/\" \/>\n<meta property=\"og:locale\" content=\"es_ES\" \/>\n<meta property=\"og:type\" content=\"article\" \/>\n<meta property=\"og:title\" content=\"LC 151S - ArroyoLorca\" \/>\n<meta property=\"og:description\" content=\"Descripci\u00f3n del producto LC 151S de Husqvarna es un cortac\u00e9sped autopropulsado, sencillo de usar, con recogedor, BioClip\u00ae (mulching) y expulsi\u00f3n lateral, perfecto para jardines de tama\u00f1o medio-grande. Su chasis de acero robusto de 51 cm y su motor Husqvarna est\u00e1n dise\u00f1ados para trabajar en las condiciones m\u00e1s complejas y afrontar los cortes m\u00e1s dif\u00edciles. Adem\u00e1s, [&hellip;]\" \/>\n<meta property=\"og:url\" content=\"https:\/\/arroyolorca.es\/index.php\/product\/lc-151s\/\" \/>\n<meta property=\"og:site_name\" content=\"ArroyoLorca\" \/>\n<meta property=\"article:modified_time\" content=\"2023-11-01T08:53:36+00:00\" \/>\n<meta property=\"og:image\" content=\"https:\/\/arroyolorca.es\/wp-content\/uploads\/2023\/05\/pn-964431.webp\" \/>\n\t<meta property=\"og:image:width\" content=\"830\" \/>\n\t<meta property=\"og:image:height\" content=\"553\" \/>\n\t<meta property=\"og:image:type\" content=\"image\/webp\" \/>\n<meta name=\"twitter:card\" content=\"summary_large_image\" \/>\n<meta name=\"twitter:label1\" content=\"Tiempo de lectura\" \/>\n\t<meta name=\"twitter:data1\" content=\"3 minutos\" \/>\n<script type=\"application\/ld+json\" class=\"yoast-schema-graph\">{\"@context\":\"https:\/\/schema.org\",\"@graph\":[{\"@type\":\"WebPage\",\"@id\":\"https:\/\/arroyolorca.es\/index.php\/product\/lc-151s\/\",\"url\":\"https:\/\/arroyolorca.es\/index.php\/product\/lc-151s\/\",\"name\":\"LC 151S - ArroyoLorca\",\"isPartOf\":{\"@id\":\"https:\/\/arroyolorca.es\/#website\"},\"datePublished\":\"2023-05-11T08:19:26+00:00\",\"dateModified\":\"2023-11-01T08:53:36+00:00\",\"breadcrumb\":{\"@id\":\"https:\/\/arroyolorca.es\/index.php\/product\/lc-151s\/#breadcrumb\"},\"inLanguage\":\"es\",\"potentialAction\":[{\"@type\":\"ReadAction\",\"target\":[\"https:\/\/arroyolorca.es\/index.php\/product\/lc-151s\/\"]}]},{\"@type\":\"BreadcrumbList\",\"@id\":\"https:\/\/arroyolorca.es\/index.php\/product\/lc-151s\/#breadcrumb\",\"itemListElement\":[{\"@type\":\"ListItem\",\"position\":1,\"name\":\"Home\",\"item\":\"https:\/\/arroyolorca.es\/\"},{\"@type\":\"ListItem\",\"position\":2,\"name\":\"Shop\",\"item\":\"https:\/\/arroyolorca.es\/index.php\/shop\/\"},{\"@type\":\"ListItem\",\"position\":3,\"name\":\"LC 151S\"}]},{\"@type\":\"WebSite\",\"@id\":\"https:\/\/arroyolorca.es\/#website\",\"url\":\"https:\/\/arroyolorca.es\/\",\"name\":\"ArroyoLorca\",\"description\":\"Maquimaria Agr\u00edcola, Jardines y trabajos forestales\",\"publisher\":{\"@id\":\"https:\/\/arroyolorca.es\/#organization\"},\"potentialAction\":[{\"@type\":\"SearchAction\",\"target\":{\"@type\":\"EntryPoint\",\"urlTemplate\":\"https:\/\/arroyolorca.es\/?s={search_term_string}\"},\"query-input\":\"required name=search_term_string\"}],\"inLanguage\":\"es\"},{\"@type\":\"Organization\",\"@id\":\"https:\/\/arroyolorca.es\/#organization\",\"name\":\"ArroyoLorca\",\"url\":\"https:\/\/arroyolorca.es\/\",\"logo\":{\"@type\":\"ImageObject\",\"inLanguage\":\"es\",\"@id\":\"https:\/\/arroyolorca.es\/#\/schema\/logo\/image\/\",\"url\":\"https:\/\/arroyolorca.es\/wp-content\/uploads\/2023\/04\/logo_cabecera-1.png\",\"contentUrl\":\"https:\/\/arroyolorca.es\/wp-content\/uploads\/2023\/04\/logo_cabecera-1.png\",\"width\":450,\"height\":119,\"caption\":\"ArroyoLorca\"},\"image\":{\"@id\":\"https:\/\/arroyolorca.es\/#\/schema\/logo\/image\/\"}}]}<\/script>\n<!-- \/ Yoast SEO plugin. -->","yoast_head_json":{"title":"LC 151S - ArroyoLorca","robots":{"index":"index","follow":"follow","max-snippet":"max-snippet:-1","max-image-preview":"max-image-preview:large","max-video-preview":"max-video-preview:-1"},"canonical":"https:\/\/arroyolorca.es\/index.php\/product\/lc-151s\/","og_locale":"es_ES","og_type":"article","og_title":"LC 151S - ArroyoLorca","og_description":"Descripci\u00f3n del producto LC 151S de Husqvarna es un cortac\u00e9sped autopropulsado, sencillo de usar, con recogedor, BioClip\u00ae (mulching) y expulsi\u00f3n lateral, perfecto para jardines de tama\u00f1o medio-grande. Su chasis de acero robusto de 51 cm y su motor Husqvarna est\u00e1n dise\u00f1ados para trabajar en las condiciones m\u00e1s complejas y afrontar los cortes m\u00e1s dif\u00edciles. Adem\u00e1s, [&hellip;]","og_url":"https:\/\/arroyolorca.es\/index.php\/product\/lc-151s\/","og_site_name":"ArroyoLorca","article_modified_time":"2023-11-01T08:53:36+00:00","og_image":[{"width":830,"height":553,"url":"https:\/\/arroyolorca.es\/wp-content\/uploads\/2023\/05\/pn-964431.webp","type":"image\/webp"}],"twitter_card":"summary_large_image","twitter_misc":{"Tiempo de lectura":"3 minutos"},"schema":{"@context":"https:\/\/schema.org","@graph":[{"@type":"WebPage","@id":"https:\/\/arroyolorca.es\/index.php\/product\/lc-151s\/","url":"https:\/\/arroyolorca.es\/index.php\/product\/lc-151s\/","name":"LC 151S - ArroyoLorca","isPartOf":{"@id":"https:\/\/arroyolorca.es\/#website"},"datePublished":"2023-05-11T08:19:26+00:00","dateModified":"2023-11-01T08:53:36+00:00","breadcrumb":{"@id":"https:\/\/arroyolorca.es\/index.php\/product\/lc-151s\/#breadcrumb"},"inLanguage":"es","potentialAction":[{"@type":"ReadAction","target":["https:\/\/arroyolorca.es\/index.php\/product\/lc-151s\/"]}]},{"@type":"BreadcrumbList","@id":"https:\/\/arroyolorca.es\/index.php\/product\/lc-151s\/#breadcrumb","itemListElement":[{"@type":"ListItem","position":1,"name":"Home","item":"https:\/\/arroyolorca.es\/"},{"@type":"ListItem","position":2,"name":"Shop","item":"https:\/\/arroyolorca.es\/index.php\/shop\/"},{"@type":"ListItem","position":3,"name":"LC 151S"}]},{"@type":"WebSite","@id":"https:\/\/arroyolorca.es\/#website","url":"https:\/\/arroyolorca.es\/","name":"ArroyoLorca","description":"Maquimaria Agr\u00edcola, Jardines y trabajos forestales","publisher":{"@id":"https:\/\/arroyolorca.es\/#organization"},"potentialAction":[{"@type":"SearchAction","target":{"@type":"EntryPoint","urlTemplate":"https:\/\/arroyolorca.es\/?s={search_term_string}"},"query-input":"required name=search_term_string"}],"inLanguage":"es"},{"@type":"Organization","@id":"https:\/\/arroyolorca.es\/#organization","name":"ArroyoLorca","url":"https:\/\/arroyolorca.es\/","logo":{"@type":"ImageObject","inLanguage":"es","@id":"https:\/\/arroyolorca.es\/#\/schema\/logo\/image\/","url":"https:\/\/arroyolorca.es\/wp-content\/uploads\/2023\/04\/logo_cabecera-1.png","contentUrl":"https:\/\/arroyolorca.es\/wp-content\/uploads\/2023\/04\/logo_cabecera-1.png","width":450,"height":119,"caption":"ArroyoLorca"},"image":{"@id":"https:\/\/arroyolorca.es\/#\/schema\/logo\/image\/"}}]}},"_links":{"self":[{"href":"https:\/\/arroyolorca.es\/index.php\/wp-json\/wp\/v2\/product\/2214"}],"collection":[{"href":"https:\/\/arroyolorca.es\/index.php\/wp-json\/wp\/v2\/product"}],"about":[{"href":"https:\/\/arroyolorca.es\/index.php\/wp-json\/wp\/v2\/types\/product"}],"replies":[{"embeddable":true,"href":"https:\/\/arroyolorca.es\/index.php\/wp-json\/wp\/v2\/comments?post=2214"}],"wp:featuredmedia":[{"embeddable":true,"href":"https:\/\/arroyolorca.es\/index.php\/wp-json\/wp\/v2\/media\/2215"}],"wp:attachment":[{"href":"https:\/\/arroyolorca.es\/index.php\/wp-json\/wp\/v2\/media?parent=2214"}],"wp:term":[{"taxonomy":"product_cat","embeddable":true,"href":"https:\/\/arroyolorca.es\/index.php\/wp-json\/wp\/v2\/product_cat?post=2214"},{"taxonomy":"product_tag","embeddable":true,"href":"https:\/\/arroyolorca.es\/index.php\/wp-json\/wp\/v2\/product_tag?post=2214"}],"curies":[{"name":"wp","href":"https:\/\/api.w.org\/{rel}","templated":true}]}}