{"id":2286,"date":"2023-05-11T17:13:42","date_gmt":"2023-05-11T16:13:42","guid":{"rendered":"https:\/\/arroyolorca.es\/?post_type=product&#038;p=2286"},"modified":"2023-05-11T17:13:53","modified_gmt":"2023-05-11T16:13:53","slug":"r-316tx-awd","status":"publish","type":"product","link":"https:\/\/arroyolorca.es\/index.php\/product\/r-316tx-awd\/","title":{"rendered":"R 316TX AWD"},"content":{"rendered":"<div>\n<h4 style=\"color: #003985;\">Descripci\u00f3n del producto<\/h4>\n<p>Rider compacto, con tracci\u00f3n a las cuatro ruedas, motor de dos cilindros y unidad de corte combinada de 103 cm que ofrece la posibilidad de elegir entre triturado BioClip\u00ae o descarga. R\u202f316TX AWD est\u00e1 equipado con faros LED (2 posiciones), manillar suave para una conducci\u00f3n m\u00e1s confortable, conexi\u00f3n Bluetooth para un control total desde la aplicaci\u00f3n Husqvarna Connect, asiento con respaldo alto y transmisi\u00f3n hidrost\u00e1tica mediante pedal. Este rider est\u00e1 dise\u00f1ado para trabajar en superficies de gran tama\u00f1o y \u00e1reas complejas.<\/p>\n<\/div>\n<div>\n<table>\n<tbody>\n<tr>\n<td><strong>Cuenta horas<\/strong><\/p>\n<p>Le ayuda a controlar los tiempos de mantenimiento y revisi\u00f3n.<\/td>\n<td><img decoding=\"async\" loading=\"lazy\" class=\"alignnone size-medium wp-image-2260\" src=\"https:\/\/arroyolorca.es\/wp-content\/uploads\/2023\/05\/h320-0123-300x200.webp\" alt=\"\" width=\"300\" height=\"200\" srcset=\"https:\/\/arroyolorca.es\/wp-content\/uploads\/2023\/05\/h320-0123-300x200.webp 300w, https:\/\/arroyolorca.es\/wp-content\/uploads\/2023\/05\/h320-0123-600x400.webp 600w, https:\/\/arroyolorca.es\/wp-content\/uploads\/2023\/05\/h320-0123.webp 640w\" sizes=\"(max-width: 300px) 100vw, 300px\" \/><\/td>\n<\/tr>\n<tr>\n<td><strong>unidad de corte flotante<\/strong><\/p>\n<p>La unidad de corte sigue las curvas y contornos del suelo reduciendo as\u00ed posibles da\u00f1os al c\u00e9sped.<\/td>\n<td><img decoding=\"async\" loading=\"lazy\" class=\"alignnone size-medium wp-image-2278\" src=\"https:\/\/arroyolorca.es\/wp-content\/uploads\/2023\/05\/h320-0382b-300x200.webp\" alt=\"\" width=\"300\" height=\"200\" srcset=\"https:\/\/arroyolorca.es\/wp-content\/uploads\/2023\/05\/h320-0382b-300x200.webp 300w, https:\/\/arroyolorca.es\/wp-content\/uploads\/2023\/05\/h320-0382b-600x400.webp 600w, https:\/\/arroyolorca.es\/wp-content\/uploads\/2023\/05\/h320-0382b.webp 640w\" sizes=\"(max-width: 300px) 100vw, 300px\" \/><\/td>\n<\/tr>\n<tr>\n<td><strong>Eje trasero pivotante<\/strong><\/p>\n<p>El eje trasero es pivotante para permitir m\u00e1xima tracci\u00f3n y una conducci\u00f3n segura y suave sobre superficies irregulares.<\/td>\n<td><img decoding=\"async\" loading=\"lazy\" class=\"alignnone size-medium wp-image-2269\" src=\"https:\/\/arroyolorca.es\/wp-content\/uploads\/2023\/05\/h325-0070-300x200.webp\" alt=\"\" width=\"300\" height=\"200\" srcset=\"https:\/\/arroyolorca.es\/wp-content\/uploads\/2023\/05\/h325-0070-300x200.webp 300w, https:\/\/arroyolorca.es\/wp-content\/uploads\/2023\/05\/h325-0070-600x400.webp 600w, https:\/\/arroyolorca.es\/wp-content\/uploads\/2023\/05\/h325-0070.webp 640w\" sizes=\"(max-width: 300px) 100vw, 300px\" \/><\/td>\n<\/tr>\n<tr>\n<td><strong>Volante regulable<\/strong><\/p>\n<p>Para mejor ergonom\u00eda y confort, una columna telesc\u00f3pica permite el ajuste de la altura del volante.<\/td>\n<td><img decoding=\"async\" loading=\"lazy\" class=\"alignnone size-medium wp-image-2259\" src=\"https:\/\/arroyolorca.es\/wp-content\/uploads\/2023\/05\/h320-0945-300x200.webp\" alt=\"\" width=\"300\" height=\"200\" srcset=\"https:\/\/arroyolorca.es\/wp-content\/uploads\/2023\/05\/h320-0945-300x200.webp 300w, https:\/\/arroyolorca.es\/wp-content\/uploads\/2023\/05\/h320-0945-600x400.webp 600w, https:\/\/arroyolorca.es\/wp-content\/uploads\/2023\/05\/h320-0945.webp 640w\" sizes=\"(max-width: 300px) 100vw, 300px\" \/><\/td>\n<\/tr>\n<\/tbody>\n<\/table>\n<\/div>\n<div>\n<h4 style=\"color: #003985;\">Especificaciones<\/h4>\n<table style=\"margin: auto;\">\n<tbody>\n<tr>\n<td style=\"color: #003985;\">Motor<\/td>\n<\/tr>\n<tr style=\"background-color: #e3e3e3;\">\n<td>Combustible<\/td>\n<td>Gasolina<\/td>\n<\/tr>\n<tr>\n<td>Potencia neta a rpm<\/td>\n<td>9,6 kW<\/td>\n<\/tr>\n<tr style=\"background-color: #e3e3e3;\">\n<td>Fabricante del motor<\/td>\n<td>Kawasaki<\/td>\n<\/tr>\n<tr>\n<td>Nombre de motor<\/td>\n<td>Serie FS de dos cilindros en V<\/td>\n<\/tr>\n<tr style=\"background-color: #e3e3e3;\">\n<td>Cilindrada<\/td>\n<td>603 cm\u00b3<\/td>\n<\/tr>\n<tr>\n<td>Cilindros<\/td>\n<td>2<\/td>\n<\/tr>\n<tr style=\"background-color: #e3e3e3;\">\n<td>Refrigeracio\u0301n del motor<\/td>\n<td>Aire<\/td>\n<\/tr>\n<tr>\n<td>Tipo de lubricante del motor<\/td>\n<td>Presi\u00f3n completa<\/td>\n<\/tr>\n<tr style=\"background-color: #e3e3e3;\">\n<td>Filtro de combustible<\/td>\n<td>Si<\/td>\n<\/tr>\n<tr>\n<td style=\"color: #003985;\">Emisi\u00f3n<\/td>\n<\/tr>\n<tr style=\"background-color: #e3e3e3;\">\n<td>Emisiones de escape (CO2 EU V)<\/td>\n<td>851 g\/kWh<\/td>\n<\/tr>\n<tr>\n<td style=\"color: #003985;\">Bater\u00eda<\/td>\n<\/tr>\n<tr style=\"background-color: #e3e3e3;\">\n<td>Capacidad de las bater\u00edas<\/td>\n<td>24 Ah<\/td>\n<\/tr>\n<tr>\n<td>Tipo de bater\u00eda<\/td>\n<td>Plomo\/\u00c1cido<\/td>\n<\/tr>\n<tr style=\"background-color: #e3e3e3;\">\n<td>Peso de las bater\u00edas<\/td>\n<td>7 kg<\/td>\n<\/tr>\n<tr>\n<td>Fabricante de bater\u00eda<\/td>\n<td>Global<\/td>\n<\/tr>\n<tr>\n<td style=\"color: #003985;\">Equipo de corte<\/td>\n<\/tr>\n<tr style=\"background-color: #e3e3e3;\">\n<td>Radio de giro<\/td>\n<td>30 cm<\/td>\n<\/tr>\n<tr>\n<td>Anchura de corte, m\u00edn.<\/td>\n<td>94 cm<\/td>\n<\/tr>\n<tr style=\"background-color: #e3e3e3;\">\n<td>Anchura de corte, m\u00e1x.<\/td>\n<td>112 cm<\/td>\n<\/tr>\n<tr>\n<td>Altura de corte m\u00edn.<\/td>\n<td>25 mm<\/td>\n<\/tr>\n<tr style=\"background-color: #e3e3e3;\">\n<td>Altura de corte m\u00e1x.<\/td>\n<td>75 mm<\/td>\n<\/tr>\n<tr>\n<td>Cuchillas<\/td>\n<td>Autom\u00e1tico<\/td>\n<\/tr>\n<tr>\n<td style=\"color: #003985;\">Dimensiones<\/td>\n<\/tr>\n<tr style=\"background-color: #e3e3e3;\">\n<td>Dimensiones neum\u00e1ticos delanteros<\/td>\n<td>170\/60-8<\/td>\n<\/tr>\n<tr>\n<td>Dimensiones neum\u00e1ticos traseros<\/td>\n<td>170\/60-8<\/td>\n<\/tr>\n<tr style=\"background-color: #e3e3e3;\">\n<td>Anchura de rueda<\/td>\n<td>88,7 cm<\/td>\n<\/tr>\n<tr>\n<td>Distancia al suelo<\/td>\n<td>120 mm<\/td>\n<\/tr>\n<tr style=\"background-color: #e3e3e3;\">\n<td>Longitud de la base<\/td>\n<td>202,4 cm<\/td>\n<\/tr>\n<tr>\n<td>Anchura de la base<\/td>\n<td>88,3 cm<\/td>\n<\/tr>\n<tr style=\"background-color: #e3e3e3;\">\n<td>Altura de la base<\/td>\n<td>118,1 cm<\/td>\n<\/tr>\n<tr>\n<td>Peso bruto remolcado<\/td>\n<td>125 kg<\/td>\n<\/tr>\n<tr style=\"background-color: #e3e3e3;\">\n<td>Peso (sin equipo de corte)<\/td>\n<td>238 kg<\/td>\n<\/tr>\n<tr>\n<td style=\"color: #003985;\">Sistema de transmisi\u00f3n<\/td>\n<\/tr>\n<tr style=\"background-color: #e3e3e3;\">\n<td>PTO (Power Take Off)<\/td>\n<td>Belt Drive<\/td>\n<\/tr>\n<tr>\n<td>Tipo de transmisi\u00f3n<\/td>\n<td>Hidrost\u00e1tico<\/td>\n<\/tr>\n<tr style=\"background-color: #e3e3e3;\">\n<td>Direcci\u00f3n<\/td>\n<td>Dual pedal-operation<\/td>\n<\/tr>\n<tr>\n<td>Velocidad hacia delante, m\u00e1x.<\/td>\n<td>9 km\/h<\/td>\n<\/tr>\n<tr style=\"background-color: #e3e3e3;\">\n<td>Velocidad marcha atr\u00e1s, m\u00e1x.<\/td>\n<td>3,7 milla\/h<\/td>\n<\/tr>\n<tr>\n<td>Velocidad marcha atr\u00e1s, m\u00e1x.<\/td>\n<td>6 km\/h<\/td>\n<\/tr>\n<tr>\n<td style=\"color: #003985;\">Equipo<\/td>\n<\/tr>\n<tr style=\"background-color: #e3e3e3;\">\n<td>Asiento amortiguado<\/td>\n<td>Si<\/td>\n<\/tr>\n<tr>\n<td>Tipo de asiento<\/td>\n<td>Premium<\/td>\n<\/tr>\n<tr style=\"background-color: #e3e3e3;\">\n<td>Cuentahoras<\/td>\n<td>Digital con intervalos de revisiones programados<\/td>\n<\/tr>\n<tr>\n<td>Material del asiento<\/td>\n<td>Vinilo<\/td>\n<\/tr>\n<tr style=\"background-color: #e3e3e3;\">\n<td>Altura del respaldo<\/td>\n<td>Alto<\/td>\n<\/tr>\n<tr>\n<td>Asiento plegable<\/td>\n<td>Si<\/td>\n<\/tr>\n<tr style=\"background-color: #e3e3e3;\">\n<td>Tipo de volante<\/td>\n<td>Comfort<\/td>\n<\/tr>\n<tr>\n<td>Freno de mano, tipo<\/td>\n<td>Disco<\/td>\n<\/tr>\n<tr>\n<td style=\"color: #003985;\">Vibraciones<\/td>\n<\/tr>\n<tr style=\"background-color: #e3e3e3;\">\n<td>Volante con nivel de vibraci\u00f3n<\/td>\n<td>2,5 m\/s\u00b2<\/td>\n<\/tr>\n<tr>\n<td>Nivel vibraci\u00f3n en asiento<\/td>\n<td>0,7 m\/s\u00b2<\/td>\n<\/tr>\n<tr>\n<td style=\"color: #003985;\">Nivel de potencia de sonido<\/td>\n<\/tr>\n<tr style=\"background-color: #e3e3e3;\">\n<td>Nivel de presi\u00f3n sonora en o\u00eddo<\/td>\n<td>86 dB(A)<\/td>\n<\/tr>\n<tr>\n<td>Nivel de potencia de sonido garantizado (LWA)<\/td>\n<td>98 dB(A)<\/td>\n<\/tr>\n<tr style=\"background-color: #e3e3e3;\">\n<td>Nivel de ruido<\/td>\n<td>97 dB(A)<\/td>\n<\/tr>\n<\/tbody>\n<\/table>\n<\/div>\n","protected":false},"excerpt":{"rendered":"<p>Descripci\u00f3n del producto Rider compacto, con tracci\u00f3n a las cuatro ruedas, motor de dos cilindros y unidad de corte combinada de 103 cm que ofrece la posibilidad de elegir entre triturado BioClip\u00ae o descarga. R\u202f316TX AWD est\u00e1 equipado con faros LED (2 posiciones), manillar suave para una conducci\u00f3n m\u00e1s confortable, conexi\u00f3n Bluetooth para un control [&hellip;]<\/p>\n","protected":false},"featured_media":2279,"comment_status":"open","ping_status":"closed","template":"","meta":{"ocean_front_end_style_editor":"no","ocean_post_layout":"","ocean_both_sidebars_style":"","ocean_both_sidebars_content_width":0,"ocean_both_sidebars_sidebars_width":0,"ocean_sidebar":"0","ocean_second_sidebar":"0","ocean_disable_margins":"enable","ocean_add_body_class":"","ocean_shortcode_before_top_bar":"","ocean_shortcode_after_top_bar":"","ocean_shortcode_before_header":"","ocean_shortcode_after_header":"","ocean_has_shortcode":"","ocean_shortcode_after_title":"","ocean_shortcode_before_footer_widgets":"","ocean_shortcode_after_footer_widgets":"","ocean_shortcode_before_footer_bottom":"","ocean_shortcode_after_footer_bottom":"","ocean_display_top_bar":"default","ocean_display_header":"default","ocean_header_style":"","ocean_center_header_left_menu":"0","ocean_custom_header_template":"0","ocean_custom_logo":0,"ocean_custom_retina_logo":0,"ocean_custom_logo_max_width":0,"ocean_custom_logo_tablet_max_width":0,"ocean_custom_logo_mobile_max_width":0,"ocean_custom_logo_max_height":0,"ocean_custom_logo_tablet_max_height":0,"ocean_custom_logo_mobile_max_height":0,"ocean_header_custom_menu":"0","ocean_menu_typo_font_family":"0","ocean_menu_typo_font_subset":"","ocean_menu_typo_font_size":0,"ocean_menu_typo_font_size_tablet":0,"ocean_menu_typo_font_size_mobile":0,"ocean_menu_typo_font_size_unit":"px","ocean_menu_typo_font_weight":"","ocean_menu_typo_font_weight_tablet":"","ocean_menu_typo_font_weight_mobile":"","ocean_menu_typo_transform":"","ocean_menu_typo_transform_tablet":"","ocean_menu_typo_transform_mobile":"","ocean_menu_typo_line_height":0,"ocean_menu_typo_line_height_tablet":0,"ocean_menu_typo_line_height_mobile":0,"ocean_menu_typo_line_height_unit":"","ocean_menu_typo_spacing":0,"ocean_menu_typo_spacing_tablet":0,"ocean_menu_typo_spacing_mobile":0,"ocean_menu_typo_spacing_unit":"","ocean_menu_link_color":"","ocean_menu_link_color_hover":"","ocean_menu_link_color_active":"","ocean_menu_link_background":"","ocean_menu_link_hover_background":"","ocean_menu_link_active_background":"","ocean_menu_social_links_bg":"","ocean_menu_social_hover_links_bg":"","ocean_menu_social_links_color":"","ocean_menu_social_hover_links_color":"","ocean_disable_title":"default","ocean_disable_heading":"default","ocean_post_title":"","ocean_post_subheading":"","ocean_post_title_style":"","ocean_post_title_background_color":"","ocean_post_title_background":0,"ocean_post_title_bg_image_position":"","ocean_post_title_bg_image_attachment":"","ocean_post_title_bg_image_repeat":"","ocean_post_title_bg_image_size":"","ocean_post_title_height":0,"ocean_post_title_bg_overlay":0.5,"ocean_post_title_bg_overlay_color":"","ocean_disable_breadcrumbs":"default","ocean_breadcrumbs_color":"","ocean_breadcrumbs_separator_color":"","ocean_breadcrumbs_links_color":"","ocean_breadcrumbs_links_hover_color":"","ocean_display_footer_widgets":"default","ocean_display_footer_bottom":"default","ocean_custom_footer_template":"0"},"product_cat":[45,171,37,147],"product_tag":[152,172],"yoast_head":"<!-- This site is optimized with the Yoast SEO plugin v21.2 - https:\/\/yoast.com\/wordpress\/plugins\/seo\/ -->\n<title>R 316TX AWD - ArroyoLorca<\/title>\n<meta name=\"robots\" content=\"index, follow, max-snippet:-1, max-image-preview:large, max-video-preview:-1\" \/>\n<link rel=\"canonical\" href=\"https:\/\/arroyolorca.es\/index.php\/product\/r-316tx-awd\/\" \/>\n<meta property=\"og:locale\" content=\"es_ES\" \/>\n<meta property=\"og:type\" content=\"article\" \/>\n<meta property=\"og:title\" content=\"R 316TX AWD - ArroyoLorca\" \/>\n<meta property=\"og:description\" content=\"Descripci\u00f3n del producto Rider compacto, con tracci\u00f3n a las cuatro ruedas, motor de dos cilindros y unidad de corte combinada de 103 cm que ofrece la posibilidad de elegir entre triturado BioClip\u00ae o descarga. R\u202f316TX AWD est\u00e1 equipado con faros LED (2 posiciones), manillar suave para una conducci\u00f3n m\u00e1s confortable, conexi\u00f3n Bluetooth para un control [&hellip;]\" \/>\n<meta property=\"og:url\" content=\"https:\/\/arroyolorca.es\/index.php\/product\/r-316tx-awd\/\" \/>\n<meta property=\"og:site_name\" content=\"ArroyoLorca\" \/>\n<meta property=\"article:modified_time\" content=\"2023-05-11T16:13:53+00:00\" \/>\n<meta property=\"og:image\" content=\"https:\/\/arroyolorca.es\/wp-content\/uploads\/2023\/05\/ed-433249.webp\" \/>\n\t<meta property=\"og:image:width\" content=\"830\" \/>\n\t<meta property=\"og:image:height\" content=\"553\" \/>\n\t<meta property=\"og:image:type\" content=\"image\/webp\" \/>\n<meta name=\"twitter:card\" content=\"summary_large_image\" \/>\n<meta name=\"twitter:label1\" content=\"Tiempo de lectura\" \/>\n\t<meta name=\"twitter:data1\" content=\"3 minutos\" \/>\n<script type=\"application\/ld+json\" class=\"yoast-schema-graph\">{\"@context\":\"https:\/\/schema.org\",\"@graph\":[{\"@type\":\"WebPage\",\"@id\":\"https:\/\/arroyolorca.es\/index.php\/product\/r-316tx-awd\/\",\"url\":\"https:\/\/arroyolorca.es\/index.php\/product\/r-316tx-awd\/\",\"name\":\"R 316TX AWD - ArroyoLorca\",\"isPartOf\":{\"@id\":\"https:\/\/arroyolorca.es\/#website\"},\"datePublished\":\"2023-05-11T16:13:42+00:00\",\"dateModified\":\"2023-05-11T16:13:53+00:00\",\"breadcrumb\":{\"@id\":\"https:\/\/arroyolorca.es\/index.php\/product\/r-316tx-awd\/#breadcrumb\"},\"inLanguage\":\"es\",\"potentialAction\":[{\"@type\":\"ReadAction\",\"target\":[\"https:\/\/arroyolorca.es\/index.php\/product\/r-316tx-awd\/\"]}]},{\"@type\":\"BreadcrumbList\",\"@id\":\"https:\/\/arroyolorca.es\/index.php\/product\/r-316tx-awd\/#breadcrumb\",\"itemListElement\":[{\"@type\":\"ListItem\",\"position\":1,\"name\":\"Home\",\"item\":\"https:\/\/arroyolorca.es\/\"},{\"@type\":\"ListItem\",\"position\":2,\"name\":\"Shop\",\"item\":\"https:\/\/arroyolorca.es\/index.php\/shop\/\"},{\"@type\":\"ListItem\",\"position\":3,\"name\":\"R 316TX AWD\"}]},{\"@type\":\"WebSite\",\"@id\":\"https:\/\/arroyolorca.es\/#website\",\"url\":\"https:\/\/arroyolorca.es\/\",\"name\":\"ArroyoLorca\",\"description\":\"Maquimaria Agr\u00edcola, Jardines y trabajos forestales\",\"publisher\":{\"@id\":\"https:\/\/arroyolorca.es\/#organization\"},\"potentialAction\":[{\"@type\":\"SearchAction\",\"target\":{\"@type\":\"EntryPoint\",\"urlTemplate\":\"https:\/\/arroyolorca.es\/?s={search_term_string}\"},\"query-input\":\"required name=search_term_string\"}],\"inLanguage\":\"es\"},{\"@type\":\"Organization\",\"@id\":\"https:\/\/arroyolorca.es\/#organization\",\"name\":\"ArroyoLorca\",\"url\":\"https:\/\/arroyolorca.es\/\",\"logo\":{\"@type\":\"ImageObject\",\"inLanguage\":\"es\",\"@id\":\"https:\/\/arroyolorca.es\/#\/schema\/logo\/image\/\",\"url\":\"https:\/\/arroyolorca.es\/wp-content\/uploads\/2023\/04\/logo_cabecera-1.png\",\"contentUrl\":\"https:\/\/arroyolorca.es\/wp-content\/uploads\/2023\/04\/logo_cabecera-1.png\",\"width\":450,\"height\":119,\"caption\":\"ArroyoLorca\"},\"image\":{\"@id\":\"https:\/\/arroyolorca.es\/#\/schema\/logo\/image\/\"}}]}<\/script>\n<!-- \/ Yoast SEO plugin. -->","yoast_head_json":{"title":"R 316TX AWD - ArroyoLorca","robots":{"index":"index","follow":"follow","max-snippet":"max-snippet:-1","max-image-preview":"max-image-preview:large","max-video-preview":"max-video-preview:-1"},"canonical":"https:\/\/arroyolorca.es\/index.php\/product\/r-316tx-awd\/","og_locale":"es_ES","og_type":"article","og_title":"R 316TX AWD - ArroyoLorca","og_description":"Descripci\u00f3n del producto Rider compacto, con tracci\u00f3n a las cuatro ruedas, motor de dos cilindros y unidad de corte combinada de 103 cm que ofrece la posibilidad de elegir entre triturado BioClip\u00ae o descarga. R\u202f316TX AWD est\u00e1 equipado con faros LED (2 posiciones), manillar suave para una conducci\u00f3n m\u00e1s confortable, conexi\u00f3n Bluetooth para un control [&hellip;]","og_url":"https:\/\/arroyolorca.es\/index.php\/product\/r-316tx-awd\/","og_site_name":"ArroyoLorca","article_modified_time":"2023-05-11T16:13:53+00:00","og_image":[{"width":830,"height":553,"url":"https:\/\/arroyolorca.es\/wp-content\/uploads\/2023\/05\/ed-433249.webp","type":"image\/webp"}],"twitter_card":"summary_large_image","twitter_misc":{"Tiempo de lectura":"3 minutos"},"schema":{"@context":"https:\/\/schema.org","@graph":[{"@type":"WebPage","@id":"https:\/\/arroyolorca.es\/index.php\/product\/r-316tx-awd\/","url":"https:\/\/arroyolorca.es\/index.php\/product\/r-316tx-awd\/","name":"R 316TX AWD - ArroyoLorca","isPartOf":{"@id":"https:\/\/arroyolorca.es\/#website"},"datePublished":"2023-05-11T16:13:42+00:00","dateModified":"2023-05-11T16:13:53+00:00","breadcrumb":{"@id":"https:\/\/arroyolorca.es\/index.php\/product\/r-316tx-awd\/#breadcrumb"},"inLanguage":"es","potentialAction":[{"@type":"ReadAction","target":["https:\/\/arroyolorca.es\/index.php\/product\/r-316tx-awd\/"]}]},{"@type":"BreadcrumbList","@id":"https:\/\/arroyolorca.es\/index.php\/product\/r-316tx-awd\/#breadcrumb","itemListElement":[{"@type":"ListItem","position":1,"name":"Home","item":"https:\/\/arroyolorca.es\/"},{"@type":"ListItem","position":2,"name":"Shop","item":"https:\/\/arroyolorca.es\/index.php\/shop\/"},{"@type":"ListItem","position":3,"name":"R 316TX AWD"}]},{"@type":"WebSite","@id":"https:\/\/arroyolorca.es\/#website","url":"https:\/\/arroyolorca.es\/","name":"ArroyoLorca","description":"Maquimaria Agr\u00edcola, Jardines y trabajos forestales","publisher":{"@id":"https:\/\/arroyolorca.es\/#organization"},"potentialAction":[{"@type":"SearchAction","target":{"@type":"EntryPoint","urlTemplate":"https:\/\/arroyolorca.es\/?s={search_term_string}"},"query-input":"required name=search_term_string"}],"inLanguage":"es"},{"@type":"Organization","@id":"https:\/\/arroyolorca.es\/#organization","name":"ArroyoLorca","url":"https:\/\/arroyolorca.es\/","logo":{"@type":"ImageObject","inLanguage":"es","@id":"https:\/\/arroyolorca.es\/#\/schema\/logo\/image\/","url":"https:\/\/arroyolorca.es\/wp-content\/uploads\/2023\/04\/logo_cabecera-1.png","contentUrl":"https:\/\/arroyolorca.es\/wp-content\/uploads\/2023\/04\/logo_cabecera-1.png","width":450,"height":119,"caption":"ArroyoLorca"},"image":{"@id":"https:\/\/arroyolorca.es\/#\/schema\/logo\/image\/"}}]}},"_links":{"self":[{"href":"https:\/\/arroyolorca.es\/index.php\/wp-json\/wp\/v2\/product\/2286"}],"collection":[{"href":"https:\/\/arroyolorca.es\/index.php\/wp-json\/wp\/v2\/product"}],"about":[{"href":"https:\/\/arroyolorca.es\/index.php\/wp-json\/wp\/v2\/types\/product"}],"replies":[{"embeddable":true,"href":"https:\/\/arroyolorca.es\/index.php\/wp-json\/wp\/v2\/comments?post=2286"}],"wp:featuredmedia":[{"embeddable":true,"href":"https:\/\/arroyolorca.es\/index.php\/wp-json\/wp\/v2\/media\/2279"}],"wp:attachment":[{"href":"https:\/\/arroyolorca.es\/index.php\/wp-json\/wp\/v2\/media?parent=2286"}],"wp:term":[{"taxonomy":"product_cat","embeddable":true,"href":"https:\/\/arroyolorca.es\/index.php\/wp-json\/wp\/v2\/product_cat?post=2286"},{"taxonomy":"product_tag","embeddable":true,"href":"https:\/\/arroyolorca.es\/index.php\/wp-json\/wp\/v2\/product_tag?post=2286"}],"curies":[{"name":"wp","href":"https:\/\/api.w.org\/{rel}","templated":true}]}}