{"id":2293,"date":"2023-05-12T06:30:41","date_gmt":"2023-05-12T05:30:41","guid":{"rendered":"https:\/\/arroyolorca.es\/?post_type=product&#038;p=2293"},"modified":"2023-05-12T06:30:42","modified_gmt":"2023-05-12T05:30:42","slug":"rc-320ts-awd","status":"publish","type":"product","link":"https:\/\/arroyolorca.es\/index.php\/product\/rc-320ts-awd\/","title":{"rendered":"RC 320Ts AWD"},"content":{"rendered":"<div>\n<h4 style=\"color: #003985;\">Descripci\u00f3n del producto<\/h4>\n<p>Rider cortac\u00e9sped eficiente, robusto, vers\u00e1til y muy sencillo de manejar. RC 320Ts AWD est\u00e1 pensado para usuarios particulares con jardines extensos y \u00e1reas complejas. Este modelo incorpora un exclusivo sistema de recolecci\u00f3n sin obstrucciones y una plataforma de corte montada en la parte delantera. Adem\u00e1s, RC 320Ts AWD est\u00e1 equipado con direcci\u00f3n asistida que permite realizar giros cerrados de una forma mucho m\u00e1s simple y tracci\u00f3n total en todas sus ruedas (AWD).<\/p>\n<\/div>\n<div>\n<table>\n<tbody>\n<tr>\n<td><strong>Tracci\u00f3n total (AWD)<\/strong><\/p>\n<p>La tracci\u00f3n total (AWD) garantiza la tracci\u00f3n en \u00e1reas y pendientes irregulares, h\u00famedas y resbaladizas. AWD ajusta autom\u00e1ticamente la tracci\u00f3n en todas las ruedas dependiendo de la situaci\u00f3n y las condiciones del terreno.<\/td>\n<td><img decoding=\"async\" loading=\"lazy\" class=\"alignnone size-medium wp-image-2294\" src=\"https:\/\/arroyolorca.es\/wp-content\/uploads\/2023\/05\/h320-0114c-300x200.webp\" alt=\"\" width=\"300\" height=\"200\" srcset=\"https:\/\/arroyolorca.es\/wp-content\/uploads\/2023\/05\/h320-0114c-300x200.webp 300w, https:\/\/arroyolorca.es\/wp-content\/uploads\/2023\/05\/h320-0114c-600x400.webp 600w, https:\/\/arroyolorca.es\/wp-content\/uploads\/2023\/05\/h320-0114c.webp 640w\" sizes=\"(max-width: 300px) 100vw, 300px\" \/><\/td>\n<\/tr>\n<tr>\n<td><strong>ACTech<\/strong><\/p>\n<p>Recolecci\u00f3n sin obstrucciones ni compactaci\u00f3n de c\u00e9sped, lo que significa una mayor cobertura de \u00e1rea. La recolecci\u00f3n eficiente garantiza un c\u00e9sped limpio.<\/td>\n<td><img decoding=\"async\" loading=\"lazy\" class=\"alignnone size-medium wp-image-2289\" src=\"https:\/\/arroyolorca.es\/wp-content\/uploads\/2023\/05\/h320-0702-300x200.webp\" alt=\"\" width=\"300\" height=\"200\" srcset=\"https:\/\/arroyolorca.es\/wp-content\/uploads\/2023\/05\/h320-0702-300x200.webp 300w, https:\/\/arroyolorca.es\/wp-content\/uploads\/2023\/05\/h320-0702-600x400.webp 600w, https:\/\/arroyolorca.es\/wp-content\/uploads\/2023\/05\/h320-0702.webp 640w\" sizes=\"(max-width: 300px) 100vw, 300px\" \/><\/td>\n<\/tr>\n<tr>\n<td><strong>Vaciado del recogedor desde el asiento<\/strong><\/p>\n<p>El recogedor integrado se vac\u00eda de forma muy sencilla desde el asiento.<\/td>\n<td><img decoding=\"async\" loading=\"lazy\" class=\"alignnone size-medium wp-image-2290\" src=\"https:\/\/arroyolorca.es\/wp-content\/uploads\/2023\/05\/h320-0699-300x200.webp\" alt=\"\" width=\"300\" height=\"200\" srcset=\"https:\/\/arroyolorca.es\/wp-content\/uploads\/2023\/05\/h320-0699-300x200.webp 300w, https:\/\/arroyolorca.es\/wp-content\/uploads\/2023\/05\/h320-0699-600x400.webp 600w, https:\/\/arroyolorca.es\/wp-content\/uploads\/2023\/05\/h320-0699.webp 640w\" sizes=\"(max-width: 300px) 100vw, 300px\" \/><\/td>\n<\/tr>\n<tr>\n<td><strong>Modo de \u00abno recolecci\u00f3n\u00bb<\/strong><\/p>\n<p>Cambio sencillo entre el modo de recolecci\u00f3n y el de no recolecci\u00f3n con tan solo apretar un bot\u00f3n. El usuario no tiene que bajarse del asiento para hacerlo.<\/td>\n<td><img decoding=\"async\" loading=\"lazy\" class=\"alignnone size-medium wp-image-2295\" src=\"https:\/\/arroyolorca.es\/wp-content\/uploads\/2023\/05\/h320-0704-300x200.webp\" alt=\"\" width=\"300\" height=\"200\" srcset=\"https:\/\/arroyolorca.es\/wp-content\/uploads\/2023\/05\/h320-0704-300x200.webp 300w, https:\/\/arroyolorca.es\/wp-content\/uploads\/2023\/05\/h320-0704-600x400.webp 600w, https:\/\/arroyolorca.es\/wp-content\/uploads\/2023\/05\/h320-0704.webp 640w\" sizes=\"(max-width: 300px) 100vw, 300px\" \/><\/td>\n<\/tr>\n<\/tbody>\n<\/table>\n<\/div>\n<div>\n<h4 style=\"color: #003985;\">Especificaciones<\/h4>\n<table style=\"margin: auto;\">\n<tbody>\n<tr>\n<td style=\"color: #003985;\">Motor<\/td>\n<\/tr>\n<tr style=\"background-color: #e3e3e3;\">\n<td>Combustible<\/td>\n<td>Gasolina<\/td>\n<\/tr>\n<tr>\n<td>Potencia neta a rpm<\/td>\n<td>12,6 kW<\/td>\n<\/tr>\n<tr style=\"background-color: #e3e3e3;\">\n<td>Fabricante del motor<\/td>\n<td>Briggs &amp; Stratton<\/td>\n<\/tr>\n<tr>\n<td>Nombre de motor<\/td>\n<td>Serie Endurance<\/td>\n<\/tr>\n<tr style=\"background-color: #e3e3e3;\">\n<td>Cilindrada<\/td>\n<td>656 cm\u00b3<\/td>\n<\/tr>\n<tr>\n<td>Cilindros<\/td>\n<td>2<\/td>\n<\/tr>\n<tr style=\"background-color: #e3e3e3;\">\n<td>Refrigeracio\u0301n del motor<\/td>\n<td>Aire<\/td>\n<\/tr>\n<tr>\n<td>Tipo de lubricante del motor<\/td>\n<td>Presi\u00f3n completa<\/td>\n<\/tr>\n<tr style=\"background-color: #e3e3e3;\">\n<td>Filtro de combustible<\/td>\n<td>Si<\/td>\n<\/tr>\n<tr>\n<td style=\"color: #003985;\">Emisi\u00f3n<\/td>\n<\/tr>\n<tr style=\"background-color: #e3e3e3;\">\n<td>Emisiones de escape (CO2 EU V)<\/td>\n<td>830 g\/kWh<\/td>\n<\/tr>\n<tr>\n<td style=\"color: #003985;\">Bater\u00eda<\/td>\n<\/tr>\n<tr style=\"background-color: #e3e3e3;\">\n<td>Capacidad de las bater\u00edas<\/td>\n<td>5,5 Ah<\/td>\n<\/tr>\n<tr>\n<td>Tipo de bater\u00eda<\/td>\n<td>Li-Ion<\/td>\n<\/tr>\n<tr style=\"background-color: #e3e3e3;\">\n<td>Peso de las bater\u00edas<\/td>\n<td>1,1 kg<\/td>\n<\/tr>\n<tr>\n<td>Fabricante de bater\u00eda<\/td>\n<td>BMZ<\/td>\n<\/tr>\n<tr>\n<td style=\"color: #003985;\">Equipo de corte<\/td>\n<\/tr>\n<tr style=\"background-color: #e3e3e3;\">\n<td>Radio de giro<\/td>\n<td>60 cm<\/td>\n<\/tr>\n<tr>\n<td>Anchura de corte, m\u00edn.<\/td>\n<td>103 cm<\/td>\n<\/tr>\n<tr style=\"background-color: #e3e3e3;\">\n<td>Anchura de corte, m\u00e1x.<\/td>\n<td>112 cm<\/td>\n<\/tr>\n<tr>\n<td>Altura de corte m\u00edn.<\/td>\n<td>25 mm<\/td>\n<\/tr>\n<tr style=\"background-color: #e3e3e3;\">\n<td>Altura de corte m\u00e1x.<\/td>\n<td>75 mm<\/td>\n<\/tr>\n<tr>\n<td>Cuchillas<\/td>\n<td>Autom\u00e1tico<\/td>\n<\/tr>\n<tr style=\"background-color: #e3e3e3;\">\n<td>Capacidad del recogedor<\/td>\n<td>300 l<\/td>\n<\/tr>\n<tr>\n<td style=\"color: #003985;\">Dimensiones<\/td>\n<\/tr>\n<tr style=\"background-color: #e3e3e3;\">\n<td>Dimensiones neum\u00e1ticos delanteros<\/td>\n<td>16&#215;6,5-8<\/td>\n<\/tr>\n<tr>\n<td>Dimensiones neum\u00e1ticos traseros<\/td>\n<td>16&#215;6,5-8<\/td>\n<\/tr>\n<tr style=\"background-color: #e3e3e3;\">\n<td>Anchura de rueda<\/td>\n<td>90,3 cm<\/td>\n<\/tr>\n<tr>\n<td>Distancia al suelo<\/td>\n<td>90 mm<\/td>\n<\/tr>\n<tr style=\"background-color: #e3e3e3;\">\n<td>Longitud de la base<\/td>\n<td>208,9 cm<\/td>\n<\/tr>\n<tr>\n<td>Anchura de la base<\/td>\n<td>103 cm<\/td>\n<\/tr>\n<tr style=\"background-color: #e3e3e3;\">\n<td>Altura de la base<\/td>\n<td>128,4 cm<\/td>\n<\/tr>\n<tr>\n<td>Peso bruto remolcado<\/td>\n<td>328 kg<\/td>\n<\/tr>\n<tr>\n<td style=\"color: #003985;\">Sistema de transmisi\u00f3n<\/td>\n<\/tr>\n<tr style=\"background-color: #e3e3e3;\">\n<td>Fabricante Transmisi\u00f3n, trasero<\/td>\n<td>Tuff Torq<\/td>\n<\/tr>\n<tr>\n<td>Tipo de transmisi\u00f3n<\/td>\n<td>Hidrost\u00e1tico<\/td>\n<\/tr>\n<tr style=\"background-color: #e3e3e3;\">\n<td>Direcci\u00f3n<\/td>\n<td>Dual pedal-operation<\/td>\n<\/tr>\n<tr>\n<td>Velocidad hacia delante, m\u00e1x.<\/td>\n<td>8 km\/h<\/td>\n<\/tr>\n<tr style=\"background-color: #e3e3e3;\">\n<td>Velocidad marcha atr\u00e1s, m\u00e1x.<\/td>\n<td>4,3 milla\/h<\/td>\n<\/tr>\n<tr>\n<td>Velocidad marcha atr\u00e1s, m\u00e1x.<\/td>\n<td>7 km\/h<\/td>\n<\/tr>\n<tr style=\"background-color: #e3e3e3;\">\n<td>Fabricante Transmisi\u00f3n, delantero<\/td>\n<td>Tuff Torq<\/td>\n<\/tr>\n<tr>\n<td>Modelo de transmisi\u00f3n, delantero<\/td>\n<td>KTM13T<\/td>\n<\/tr>\n<tr style=\"background-color: #e3e3e3;\">\n<td>Modelo de transmisi\u00f3n, trasero<\/td>\n<td>K664M<\/td>\n<\/tr>\n<tr>\n<td style=\"color: #003985;\">Equipo<\/td>\n<\/tr>\n<tr style=\"background-color: #e3e3e3;\">\n<td>Asiento amortiguado<\/td>\n<td>Si<\/td>\n<\/tr>\n<tr>\n<td>Tipo de asiento<\/td>\n<td>&#8212;<\/td>\n<\/tr>\n<tr style=\"background-color: #e3e3e3;\">\n<td>Cuentahoras<\/td>\n<td>Digital<\/td>\n<\/tr>\n<tr>\n<td>Material del asiento<\/td>\n<td>PU<\/td>\n<\/tr>\n<tr style=\"background-color: #e3e3e3;\">\n<td>Altura del respaldo<\/td>\n<td>Alto<\/td>\n<\/tr>\n<tr>\n<td>Asiento plegable<\/td>\n<td>Si<\/td>\n<\/tr>\n<tr style=\"background-color: #e3e3e3;\">\n<td>Tipo de volante<\/td>\n<td>&#8212;<\/td>\n<\/tr>\n<tr>\n<td>Freno de mano, tipo<\/td>\n<td>Disco<\/td>\n<\/tr>\n<tr>\n<td style=\"color: #003985;\">Vibraciones<\/td>\n<\/tr>\n<tr style=\"background-color: #e3e3e3;\">\n<td>Volante con nivel de vibraci\u00f3n<\/td>\n<td>2,6 m\/s\u00b2<\/td>\n<\/tr>\n<tr>\n<td>Nivel vibraci\u00f3n en asiento<\/td>\n<td>0,7 m\/s\u00b2<\/td>\n<\/tr>\n<tr>\n<td style=\"color: #003985;\">Nivel de potencia de sonido<\/td>\n<\/tr>\n<tr style=\"background-color: #e3e3e3;\">\n<td>Nivel de presi\u00f3n sonora en o\u00eddo<\/td>\n<td>85 dB(A)<\/td>\n<\/tr>\n<tr>\n<td>Nivel de potencia de sonido garantizado (LWA)<\/td>\n<td>100 dB(A)<\/td>\n<\/tr>\n<tr style=\"background-color: #e3e3e3;\">\n<td>Nivel de ruido<\/td>\n<td>99 dB(A)<\/td>\n<\/tr>\n<\/tbody>\n<\/table>\n<\/div>\n","protected":false},"excerpt":{"rendered":"<p>Descripci\u00f3n del producto Rider cortac\u00e9sped eficiente, robusto, vers\u00e1til y muy sencillo de manejar. RC 320Ts AWD est\u00e1 pensado para usuarios particulares con jardines extensos y \u00e1reas complejas. Este modelo incorpora un exclusivo sistema de recolecci\u00f3n sin obstrucciones y una plataforma de corte montada en la parte delantera. Adem\u00e1s, RC 320Ts AWD est\u00e1 equipado con direcci\u00f3n [&hellip;]<\/p>\n","protected":false},"featured_media":2296,"comment_status":"open","ping_status":"closed","template":"","meta":{"ocean_front_end_style_editor":"no","ocean_post_layout":"","ocean_both_sidebars_style":"","ocean_both_sidebars_content_width":0,"ocean_both_sidebars_sidebars_width":0,"ocean_sidebar":"0","ocean_second_sidebar":"0","ocean_disable_margins":"enable","ocean_add_body_class":"","ocean_shortcode_before_top_bar":"","ocean_shortcode_after_top_bar":"","ocean_shortcode_before_header":"","ocean_shortcode_after_header":"","ocean_has_shortcode":"","ocean_shortcode_after_title":"","ocean_shortcode_before_footer_widgets":"","ocean_shortcode_after_footer_widgets":"","ocean_shortcode_before_footer_bottom":"","ocean_shortcode_after_footer_bottom":"","ocean_display_top_bar":"default","ocean_display_header":"default","ocean_header_style":"","ocean_center_header_left_menu":"0","ocean_custom_header_template":"0","ocean_custom_logo":0,"ocean_custom_retina_logo":0,"ocean_custom_logo_max_width":0,"ocean_custom_logo_tablet_max_width":0,"ocean_custom_logo_mobile_max_width":0,"ocean_custom_logo_max_height":0,"ocean_custom_logo_tablet_max_height":0,"ocean_custom_logo_mobile_max_height":0,"ocean_header_custom_menu":"0","ocean_menu_typo_font_family":"0","ocean_menu_typo_font_subset":"","ocean_menu_typo_font_size":0,"ocean_menu_typo_font_size_tablet":0,"ocean_menu_typo_font_size_mobile":0,"ocean_menu_typo_font_size_unit":"px","ocean_menu_typo_font_weight":"","ocean_menu_typo_font_weight_tablet":"","ocean_menu_typo_font_weight_mobile":"","ocean_menu_typo_transform":"","ocean_menu_typo_transform_tablet":"","ocean_menu_typo_transform_mobile":"","ocean_menu_typo_line_height":0,"ocean_menu_typo_line_height_tablet":0,"ocean_menu_typo_line_height_mobile":0,"ocean_menu_typo_line_height_unit":"","ocean_menu_typo_spacing":0,"ocean_menu_typo_spacing_tablet":0,"ocean_menu_typo_spacing_mobile":0,"ocean_menu_typo_spacing_unit":"","ocean_menu_link_color":"","ocean_menu_link_color_hover":"","ocean_menu_link_color_active":"","ocean_menu_link_background":"","ocean_menu_link_hover_background":"","ocean_menu_link_active_background":"","ocean_menu_social_links_bg":"","ocean_menu_social_hover_links_bg":"","ocean_menu_social_links_color":"","ocean_menu_social_hover_links_color":"","ocean_disable_title":"default","ocean_disable_heading":"default","ocean_post_title":"","ocean_post_subheading":"","ocean_post_title_style":"","ocean_post_title_background_color":"","ocean_post_title_background":0,"ocean_post_title_bg_image_position":"","ocean_post_title_bg_image_attachment":"","ocean_post_title_bg_image_repeat":"","ocean_post_title_bg_image_size":"","ocean_post_title_height":0,"ocean_post_title_bg_overlay":0.5,"ocean_post_title_bg_overlay_color":"","ocean_disable_breadcrumbs":"default","ocean_breadcrumbs_color":"","ocean_breadcrumbs_separator_color":"","ocean_breadcrumbs_links_color":"","ocean_breadcrumbs_links_hover_color":"","ocean_display_footer_widgets":"default","ocean_display_footer_bottom":"default","ocean_custom_footer_template":"0"},"product_cat":[45,171,37,147],"product_tag":[152,172],"yoast_head":"<!-- This site is optimized with the Yoast SEO plugin v21.2 - https:\/\/yoast.com\/wordpress\/plugins\/seo\/ -->\n<title>RC 320Ts AWD - ArroyoLorca<\/title>\n<meta name=\"robots\" content=\"index, follow, max-snippet:-1, max-image-preview:large, max-video-preview:-1\" \/>\n<link rel=\"canonical\" href=\"https:\/\/arroyolorca.es\/index.php\/product\/rc-320ts-awd\/\" \/>\n<meta property=\"og:locale\" content=\"es_ES\" \/>\n<meta property=\"og:type\" content=\"article\" \/>\n<meta property=\"og:title\" content=\"RC 320Ts AWD - ArroyoLorca\" \/>\n<meta property=\"og:description\" content=\"Descripci\u00f3n del producto Rider cortac\u00e9sped eficiente, robusto, vers\u00e1til y muy sencillo de manejar. RC 320Ts AWD est\u00e1 pensado para usuarios particulares con jardines extensos y \u00e1reas complejas. Este modelo incorpora un exclusivo sistema de recolecci\u00f3n sin obstrucciones y una plataforma de corte montada en la parte delantera. Adem\u00e1s, RC 320Ts AWD est\u00e1 equipado con direcci\u00f3n [&hellip;]\" \/>\n<meta property=\"og:url\" content=\"https:\/\/arroyolorca.es\/index.php\/product\/rc-320ts-awd\/\" \/>\n<meta property=\"og:site_name\" content=\"ArroyoLorca\" \/>\n<meta property=\"article:modified_time\" content=\"2023-05-12T05:30:42+00:00\" \/>\n<meta property=\"og:image\" content=\"https:\/\/arroyolorca.es\/wp-content\/uploads\/2023\/05\/h310-1415.webp\" \/>\n\t<meta property=\"og:image:width\" content=\"830\" \/>\n\t<meta property=\"og:image:height\" content=\"553\" \/>\n\t<meta property=\"og:image:type\" content=\"image\/webp\" \/>\n<meta name=\"twitter:card\" content=\"summary_large_image\" \/>\n<meta name=\"twitter:label1\" content=\"Tiempo de lectura\" \/>\n\t<meta name=\"twitter:data1\" content=\"3 minutos\" \/>\n<script type=\"application\/ld+json\" class=\"yoast-schema-graph\">{\"@context\":\"https:\/\/schema.org\",\"@graph\":[{\"@type\":\"WebPage\",\"@id\":\"https:\/\/arroyolorca.es\/index.php\/product\/rc-320ts-awd\/\",\"url\":\"https:\/\/arroyolorca.es\/index.php\/product\/rc-320ts-awd\/\",\"name\":\"RC 320Ts AWD - ArroyoLorca\",\"isPartOf\":{\"@id\":\"https:\/\/arroyolorca.es\/#website\"},\"datePublished\":\"2023-05-12T05:30:41+00:00\",\"dateModified\":\"2023-05-12T05:30:42+00:00\",\"breadcrumb\":{\"@id\":\"https:\/\/arroyolorca.es\/index.php\/product\/rc-320ts-awd\/#breadcrumb\"},\"inLanguage\":\"es\",\"potentialAction\":[{\"@type\":\"ReadAction\",\"target\":[\"https:\/\/arroyolorca.es\/index.php\/product\/rc-320ts-awd\/\"]}]},{\"@type\":\"BreadcrumbList\",\"@id\":\"https:\/\/arroyolorca.es\/index.php\/product\/rc-320ts-awd\/#breadcrumb\",\"itemListElement\":[{\"@type\":\"ListItem\",\"position\":1,\"name\":\"Home\",\"item\":\"https:\/\/arroyolorca.es\/\"},{\"@type\":\"ListItem\",\"position\":2,\"name\":\"Shop\",\"item\":\"https:\/\/arroyolorca.es\/index.php\/shop\/\"},{\"@type\":\"ListItem\",\"position\":3,\"name\":\"RC 320Ts AWD\"}]},{\"@type\":\"WebSite\",\"@id\":\"https:\/\/arroyolorca.es\/#website\",\"url\":\"https:\/\/arroyolorca.es\/\",\"name\":\"ArroyoLorca\",\"description\":\"Maquimaria Agr\u00edcola, Jardines y trabajos forestales\",\"publisher\":{\"@id\":\"https:\/\/arroyolorca.es\/#organization\"},\"potentialAction\":[{\"@type\":\"SearchAction\",\"target\":{\"@type\":\"EntryPoint\",\"urlTemplate\":\"https:\/\/arroyolorca.es\/?s={search_term_string}\"},\"query-input\":\"required name=search_term_string\"}],\"inLanguage\":\"es\"},{\"@type\":\"Organization\",\"@id\":\"https:\/\/arroyolorca.es\/#organization\",\"name\":\"ArroyoLorca\",\"url\":\"https:\/\/arroyolorca.es\/\",\"logo\":{\"@type\":\"ImageObject\",\"inLanguage\":\"es\",\"@id\":\"https:\/\/arroyolorca.es\/#\/schema\/logo\/image\/\",\"url\":\"https:\/\/arroyolorca.es\/wp-content\/uploads\/2023\/04\/logo_cabecera-1.png\",\"contentUrl\":\"https:\/\/arroyolorca.es\/wp-content\/uploads\/2023\/04\/logo_cabecera-1.png\",\"width\":450,\"height\":119,\"caption\":\"ArroyoLorca\"},\"image\":{\"@id\":\"https:\/\/arroyolorca.es\/#\/schema\/logo\/image\/\"}}]}<\/script>\n<!-- \/ Yoast SEO plugin. -->","yoast_head_json":{"title":"RC 320Ts AWD - ArroyoLorca","robots":{"index":"index","follow":"follow","max-snippet":"max-snippet:-1","max-image-preview":"max-image-preview:large","max-video-preview":"max-video-preview:-1"},"canonical":"https:\/\/arroyolorca.es\/index.php\/product\/rc-320ts-awd\/","og_locale":"es_ES","og_type":"article","og_title":"RC 320Ts AWD - ArroyoLorca","og_description":"Descripci\u00f3n del producto Rider cortac\u00e9sped eficiente, robusto, vers\u00e1til y muy sencillo de manejar. RC 320Ts AWD est\u00e1 pensado para usuarios particulares con jardines extensos y \u00e1reas complejas. Este modelo incorpora un exclusivo sistema de recolecci\u00f3n sin obstrucciones y una plataforma de corte montada en la parte delantera. Adem\u00e1s, RC 320Ts AWD est\u00e1 equipado con direcci\u00f3n [&hellip;]","og_url":"https:\/\/arroyolorca.es\/index.php\/product\/rc-320ts-awd\/","og_site_name":"ArroyoLorca","article_modified_time":"2023-05-12T05:30:42+00:00","og_image":[{"width":830,"height":553,"url":"https:\/\/arroyolorca.es\/wp-content\/uploads\/2023\/05\/h310-1415.webp","type":"image\/webp"}],"twitter_card":"summary_large_image","twitter_misc":{"Tiempo de lectura":"3 minutos"},"schema":{"@context":"https:\/\/schema.org","@graph":[{"@type":"WebPage","@id":"https:\/\/arroyolorca.es\/index.php\/product\/rc-320ts-awd\/","url":"https:\/\/arroyolorca.es\/index.php\/product\/rc-320ts-awd\/","name":"RC 320Ts AWD - ArroyoLorca","isPartOf":{"@id":"https:\/\/arroyolorca.es\/#website"},"datePublished":"2023-05-12T05:30:41+00:00","dateModified":"2023-05-12T05:30:42+00:00","breadcrumb":{"@id":"https:\/\/arroyolorca.es\/index.php\/product\/rc-320ts-awd\/#breadcrumb"},"inLanguage":"es","potentialAction":[{"@type":"ReadAction","target":["https:\/\/arroyolorca.es\/index.php\/product\/rc-320ts-awd\/"]}]},{"@type":"BreadcrumbList","@id":"https:\/\/arroyolorca.es\/index.php\/product\/rc-320ts-awd\/#breadcrumb","itemListElement":[{"@type":"ListItem","position":1,"name":"Home","item":"https:\/\/arroyolorca.es\/"},{"@type":"ListItem","position":2,"name":"Shop","item":"https:\/\/arroyolorca.es\/index.php\/shop\/"},{"@type":"ListItem","position":3,"name":"RC 320Ts AWD"}]},{"@type":"WebSite","@id":"https:\/\/arroyolorca.es\/#website","url":"https:\/\/arroyolorca.es\/","name":"ArroyoLorca","description":"Maquimaria Agr\u00edcola, Jardines y trabajos forestales","publisher":{"@id":"https:\/\/arroyolorca.es\/#organization"},"potentialAction":[{"@type":"SearchAction","target":{"@type":"EntryPoint","urlTemplate":"https:\/\/arroyolorca.es\/?s={search_term_string}"},"query-input":"required name=search_term_string"}],"inLanguage":"es"},{"@type":"Organization","@id":"https:\/\/arroyolorca.es\/#organization","name":"ArroyoLorca","url":"https:\/\/arroyolorca.es\/","logo":{"@type":"ImageObject","inLanguage":"es","@id":"https:\/\/arroyolorca.es\/#\/schema\/logo\/image\/","url":"https:\/\/arroyolorca.es\/wp-content\/uploads\/2023\/04\/logo_cabecera-1.png","contentUrl":"https:\/\/arroyolorca.es\/wp-content\/uploads\/2023\/04\/logo_cabecera-1.png","width":450,"height":119,"caption":"ArroyoLorca"},"image":{"@id":"https:\/\/arroyolorca.es\/#\/schema\/logo\/image\/"}}]}},"_links":{"self":[{"href":"https:\/\/arroyolorca.es\/index.php\/wp-json\/wp\/v2\/product\/2293"}],"collection":[{"href":"https:\/\/arroyolorca.es\/index.php\/wp-json\/wp\/v2\/product"}],"about":[{"href":"https:\/\/arroyolorca.es\/index.php\/wp-json\/wp\/v2\/types\/product"}],"replies":[{"embeddable":true,"href":"https:\/\/arroyolorca.es\/index.php\/wp-json\/wp\/v2\/comments?post=2293"}],"wp:featuredmedia":[{"embeddable":true,"href":"https:\/\/arroyolorca.es\/index.php\/wp-json\/wp\/v2\/media\/2296"}],"wp:attachment":[{"href":"https:\/\/arroyolorca.es\/index.php\/wp-json\/wp\/v2\/media?parent=2293"}],"wp:term":[{"taxonomy":"product_cat","embeddable":true,"href":"https:\/\/arroyolorca.es\/index.php\/wp-json\/wp\/v2\/product_cat?post=2293"},{"taxonomy":"product_tag","embeddable":true,"href":"https:\/\/arroyolorca.es\/index.php\/wp-json\/wp\/v2\/product_tag?post=2293"}],"curies":[{"name":"wp","href":"https:\/\/api.w.org\/{rel}","templated":true}]}}