{"id":2346,"date":"2023-05-12T07:44:15","date_gmt":"2023-05-12T06:44:15","guid":{"rendered":"https:\/\/arroyolorca.es\/?post_type=product&#038;p=2346"},"modified":"2023-05-12T07:44:15","modified_gmt":"2023-05-12T06:44:15","slug":"p-525dx-cabina","status":"publish","type":"product","link":"https:\/\/arroyolorca.es\/index.php\/product\/p-525dx-cabina\/","title":{"rendered":"P 525DX Cabina"},"content":{"rendered":"<div>\n<h4 style=\"color: #003985;\">Descripci\u00f3n del producto<\/h4>\n<p>Cortac\u00e9sped de alta capacidad con motor di\u00e9sel y cabina montada de f\u00e1brica. Esta cabina tan espaciosa no solo mejora la maniobrabilidad y la comodidad del trabajo incluso en \u00e1reas complejas, tambi\u00e9n aumenta la productividad. P\u202f525DX est\u00e1 equipado con tracci\u00f3n a las cuatro ruedas para un agarre perfecto en cualquier superficie, motor di\u00e9sel de 1123 cm\u00b3, transmisi\u00f3n hidrost\u00e1tica mediante pedal, posici\u00f3n de servicio y dep\u00f3sito de 25 litros.<br \/>\nThe cabin is anti vibrated from the chassi, resulting in significantly lowered vibration and noise. The spacious cabin offers doors of glass, front window up on roof and high specified Grammer seat, althogheter increasing driver&#8217;s comfort all year round. Fully equipped with hydraulic kit, LED work lights, road lights, counter weight, heater, beacon light etc. The cabin is easily removed from the chassi, in case the cabin is not needed during summer time. ROPS structure is integrated in the cabin.<\/p>\n<\/div>\n<div>\n<table>\n<tbody>\n<tr>\n<td><strong>Direcci\u00f3n articulada<\/strong><\/p>\n<p>Dispone de eje trasero articulado que resulta en una maniobrabilidad con un radio de giro m\u00ednimo.<\/td>\n<td><img decoding=\"async\" loading=\"lazy\" class=\"alignnone size-medium wp-image-2291\" src=\"https:\/\/arroyolorca.es\/wp-content\/uploads\/2023\/05\/h310-1417-300x200.webp\" alt=\"\" width=\"300\" height=\"200\" srcset=\"https:\/\/arroyolorca.es\/wp-content\/uploads\/2023\/05\/h310-1417-300x200.webp 300w, https:\/\/arroyolorca.es\/wp-content\/uploads\/2023\/05\/h310-1417-600x400.webp 600w, https:\/\/arroyolorca.es\/wp-content\/uploads\/2023\/05\/h310-1417.webp 640w\" sizes=\"(max-width: 300px) 100vw, 300px\" \/><\/td>\n<\/tr>\n<tr>\n<td><strong>Plataforma frontal<\/strong><\/p>\n<p>La unidad de corte frontal proporciona una visibilidad del \u00e1rea de trabajo excelente, lo que proporciona a la vez un corte preciso y cercano.<\/td>\n<td><img decoding=\"async\" loading=\"lazy\" class=\"alignnone size-medium wp-image-2316\" src=\"https:\/\/arroyolorca.es\/wp-content\/uploads\/2023\/05\/h350-0561-300x200.webp\" alt=\"\" width=\"300\" height=\"200\" srcset=\"https:\/\/arroyolorca.es\/wp-content\/uploads\/2023\/05\/h350-0561-300x200.webp 300w, https:\/\/arroyolorca.es\/wp-content\/uploads\/2023\/05\/h350-0561-600x400.webp 600w, https:\/\/arroyolorca.es\/wp-content\/uploads\/2023\/05\/h350-0561.webp 640w\" sizes=\"(max-width: 300px) 100vw, 300px\" \/><\/td>\n<\/tr>\n<tr>\n<td><strong>Tracci\u00f3n a las 4 ruedas (AWD)<\/strong><\/p>\n<p>La tracci\u00f3n a las 4 ruedas (AWD) asegura el agarre en terrenos irregulares, mojados y resbaladizos y en pendientes. El AWD ajusta autom\u00e1ticamente la tracci\u00f3n en todas las ruedas dependiendo de la situaci\u00f3n y el estado del terreno.<\/td>\n<td><img decoding=\"async\" loading=\"lazy\" class=\"alignnone size-medium wp-image-2347\" src=\"https:\/\/arroyolorca.es\/wp-content\/uploads\/2023\/05\/h310-1370-300x200.webp\" alt=\"\" width=\"300\" height=\"200\" srcset=\"https:\/\/arroyolorca.es\/wp-content\/uploads\/2023\/05\/h310-1370-300x200.webp 300w, https:\/\/arroyolorca.es\/wp-content\/uploads\/2023\/05\/h310-1370-600x400.webp 600w, https:\/\/arroyolorca.es\/wp-content\/uploads\/2023\/05\/h310-1370.webp 640w\" sizes=\"(max-width: 300px) 100vw, 300px\" \/><\/td>\n<\/tr>\n<tr>\n<td><strong>Rendimiento \u00f3ptimo en pendientes<\/strong><\/p>\n<p>El bajo centro de gravedad de la m\u00e1quina combinado con el sistema AWD de alto rendimiento proporciona una estabilidad excelente en pendientes y terrenos con desnivel.<\/td>\n<td><img decoding=\"async\" loading=\"lazy\" class=\"alignnone size-medium wp-image-2348\" src=\"https:\/\/arroyolorca.es\/wp-content\/uploads\/2023\/05\/h325-0312b-300x200.webp\" alt=\"\" width=\"300\" height=\"200\" srcset=\"https:\/\/arroyolorca.es\/wp-content\/uploads\/2023\/05\/h325-0312b-300x200.webp 300w, https:\/\/arroyolorca.es\/wp-content\/uploads\/2023\/05\/h325-0312b-600x400.webp 600w, https:\/\/arroyolorca.es\/wp-content\/uploads\/2023\/05\/h325-0312b.webp 640w\" sizes=\"(max-width: 300px) 100vw, 300px\" \/><\/td>\n<\/tr>\n<\/tbody>\n<\/table>\n<\/div>\n<div>\n<h4 style=\"color: #003985;\">Especificaciones<\/h4>\n<table style=\"margin: auto;\">\n<tbody>\n<tr>\n<td style=\"color: #003985;\">Motor<\/td>\n<\/tr>\n<tr style=\"background-color: #e3e3e3;\">\n<td>Combustible<\/td>\n<td>Di\u00e9sel<\/td>\n<\/tr>\n<tr>\n<td>Potencia neta a rpm<\/td>\n<td>17,8 kW<\/td>\n<\/tr>\n<tr style=\"background-color: #e3e3e3;\">\n<td>Fabricante del motor<\/td>\n<td>Kubota<\/td>\n<\/tr>\n<tr>\n<td>Nombre de motor<\/td>\n<td>D1105<\/td>\n<\/tr>\n<tr style=\"background-color: #e3e3e3;\">\n<td>Cilindrada<\/td>\n<td>1.123 cm\u00b3<\/td>\n<\/tr>\n<tr>\n<td>Cilindros<\/td>\n<td>3<\/td>\n<\/tr>\n<tr style=\"background-color: #e3e3e3;\">\n<td>Refrigeracio\u0301n del motor<\/td>\n<td>L\u00edquido<\/td>\n<\/tr>\n<tr>\n<td>Tipo de lubricante del motor<\/td>\n<td>Presi\u00f3n con filtro de combustible<\/td>\n<\/tr>\n<tr style=\"background-color: #e3e3e3;\">\n<td>Filtro de combustible<\/td>\n<td>Si<\/td>\n<\/tr>\n<tr>\n<td style=\"color: #003985;\">Emisi\u00f3n<\/td>\n<\/tr>\n<tr style=\"background-color: #e3e3e3;\">\n<td>Emisiones de escape (CO2 EU V)<\/td>\n<td>1.018 g\/kWh<\/td>\n<\/tr>\n<tr>\n<td style=\"color: #003985;\">Bater\u00eda<\/td>\n<\/tr>\n<tr style=\"background-color: #e3e3e3;\">\n<td>Capacidad de las bater\u00edas<\/td>\n<td>62 Ah<\/td>\n<\/tr>\n<tr>\n<td>Tipo de bater\u00eda<\/td>\n<td>Plomo\/\u00c1cido<\/td>\n<\/tr>\n<tr style=\"background-color: #e3e3e3;\">\n<td>Peso de las bater\u00edas<\/td>\n<td>14 kg<\/td>\n<\/tr>\n<tr>\n<td>Fabricante de bater\u00eda<\/td>\n<td>Exide<\/td>\n<\/tr>\n<tr>\n<td style=\"color: #003985;\">Equipo de corte<\/td>\n<\/tr>\n<tr style=\"background-color: #e3e3e3;\">\n<td>Radio de giro<\/td>\n<td>58 cm<\/td>\n<\/tr>\n<tr>\n<td>Anchura de corte, m\u00edn.<\/td>\n<td>132 cm<\/td>\n<\/tr>\n<tr style=\"background-color: #e3e3e3;\">\n<td>Anchura de corte, m\u00e1x.<\/td>\n<td>155 cm<\/td>\n<\/tr>\n<tr>\n<td>Altura de corte m\u00edn.<\/td>\n<td>30 mm<\/td>\n<\/tr>\n<tr style=\"background-color: #e3e3e3;\">\n<td>Altura de corte m\u00e1x.<\/td>\n<td>112 mm<\/td>\n<\/tr>\n<tr>\n<td>Cuchillas<\/td>\n<td>Embrague el\u00e9ctrico<\/td>\n<\/tr>\n<tr style=\"background-color: #e3e3e3;\">\n<td>Capacidad del recogedor<\/td>\n<td>&#8212;<\/td>\n<\/tr>\n<tr>\n<td style=\"color: #003985;\">Dimensiones<\/td>\n<\/tr>\n<tr style=\"background-color: #e3e3e3;\">\n<td>Dimensiones neum\u00e1ticos delanteros<\/td>\n<td>20&#215;10-10<\/td>\n<\/tr>\n<tr>\n<td>Dimensiones neum\u00e1ticos traseros<\/td>\n<td>20&#215;10-10<\/td>\n<\/tr>\n<tr style=\"background-color: #e3e3e3;\">\n<td>Anchura de rueda<\/td>\n<td>106 cm<\/td>\n<\/tr>\n<tr>\n<td>Distancia al suelo<\/td>\n<td>140 mm<\/td>\n<\/tr>\n<tr style=\"background-color: #e3e3e3;\">\n<td>Longitud de la base<\/td>\n<td>226,9 cm<\/td>\n<\/tr>\n<tr>\n<td>Anchura de la base<\/td>\n<td>115,3 cm<\/td>\n<\/tr>\n<tr style=\"background-color: #e3e3e3;\">\n<td>Altura de la base<\/td>\n<td>200,8 cm<\/td>\n<\/tr>\n<tr>\n<td>Peso bruto remolcado<\/td>\n<td>100 kg<\/td>\n<\/tr>\n<tr>\n<td style=\"color: #003985;\">Sistema de transmisi\u00f3n<\/td>\n<\/tr>\n<tr style=\"background-color: #e3e3e3;\">\n<td>PTO (Power Take Off)<\/td>\n<td>Shaft drive<\/td>\n<\/tr>\n<tr>\n<td>Tipo de transmisi\u00f3n<\/td>\n<td>Hidrost\u00e1tico<\/td>\n<\/tr>\n<tr style=\"background-color: #e3e3e3;\">\n<td>Direcci\u00f3n<\/td>\n<td>Dual pedal-operation<\/td>\n<\/tr>\n<tr>\n<td>Velocidad hacia delante, m\u00e1x.<\/td>\n<td>19 km\/h<\/td>\n<\/tr>\n<tr style=\"background-color: #e3e3e3;\">\n<td>Velocidad marcha atr\u00e1s, m\u00e1x.<\/td>\n<td>9,3 milla\/h<\/td>\n<\/tr>\n<tr>\n<td>Velocidad marcha atr\u00e1s, m\u00e1x.<\/td>\n<td>15 km\/h<\/td>\n<\/tr>\n<tr style=\"background-color: #e3e3e3;\">\n<td>Fabricante Transmisi\u00f3n, delantero<\/td>\n<td>Kanzaki<\/td>\n<\/tr>\n<tr>\n<td>Modelo de transmisi\u00f3n, delantero<\/td>\n<td>KTM 23LC<\/td>\n<\/tr>\n<tr style=\"background-color: #e3e3e3;\">\n<td>Modelo de transmisi\u00f3n, trasero<\/td>\n<td>KTM 23SC<\/td>\n<\/tr>\n<tr>\n<td>Fabricante Transmisi\u00f3n, trasero<\/td>\n<td>Kanzaki<\/td>\n<\/tr>\n<tr>\n<td style=\"color: #003985;\">Equipo<\/td>\n<\/tr>\n<tr style=\"background-color: #e3e3e3;\">\n<td>Asiento amortiguado<\/td>\n<td>Si<\/td>\n<\/tr>\n<tr>\n<td>Tipo de asiento<\/td>\n<td>Suspensi\u00f3n completa, reposabrazos<\/td>\n<\/tr>\n<tr style=\"background-color: #e3e3e3;\">\n<td>Cuentahoras<\/td>\n<td>Digital<\/td>\n<\/tr>\n<tr>\n<td>Material del asiento<\/td>\n<td>Vinilo<\/td>\n<\/tr>\n<tr style=\"background-color: #e3e3e3;\">\n<td>Altura del respaldo<\/td>\n<td>Alto<\/td>\n<\/tr>\n<tr>\n<td>Asiento plegable<\/td>\n<td>Si<\/td>\n<\/tr>\n<tr style=\"background-color: #e3e3e3;\">\n<td>Tipo de volante<\/td>\n<td>Professional<\/td>\n<\/tr>\n<tr>\n<td>Freno de mano, tipo<\/td>\n<td>Disco<\/td>\n<\/tr>\n<tr>\n<td style=\"color: #003985;\">Vibraciones<\/td>\n<\/tr>\n<tr style=\"background-color: #e3e3e3;\">\n<td>Volante con nivel de vibraci\u00f3n<\/td>\n<td>&#8212;<\/td>\n<\/tr>\n<tr>\n<td>Nivel vibraci\u00f3n en asiento<\/td>\n<td>&#8212;<\/td>\n<\/tr>\n<tr>\n<td style=\"color: #003985;\">Nivel de potencia de sonido<\/td>\n<\/tr>\n<tr style=\"background-color: #e3e3e3;\">\n<td>Nivel de presi\u00f3n sonora en o\u00eddo<\/td>\n<td>&#8212;<\/td>\n<\/tr>\n<tr>\n<td>Nivel de potencia de sonido garantizado (LWA)<\/td>\n<td>&#8212;<\/td>\n<\/tr>\n<tr style=\"background-color: #e3e3e3;\">\n<td>Nivel de ruido<\/td>\n<td>&#8212;<\/td>\n<\/tr>\n<\/tbody>\n<\/table>\n<\/div>\n","protected":false},"excerpt":{"rendered":"<p>Descripci\u00f3n del producto Cortac\u00e9sped de alta capacidad con motor di\u00e9sel y cabina montada de f\u00e1brica. Esta cabina tan espaciosa no solo mejora la maniobrabilidad y la comodidad del trabajo incluso en \u00e1reas complejas, tambi\u00e9n aumenta la productividad. P\u202f525DX est\u00e1 equipado con tracci\u00f3n a las cuatro ruedas para un agarre perfecto en cualquier superficie, motor di\u00e9sel [&hellip;]<\/p>\n","protected":false},"featured_media":2349,"comment_status":"open","ping_status":"closed","template":"","meta":{"ocean_front_end_style_editor":"no","ocean_post_layout":"","ocean_both_sidebars_style":"","ocean_both_sidebars_content_width":0,"ocean_both_sidebars_sidebars_width":0,"ocean_sidebar":"0","ocean_second_sidebar":"0","ocean_disable_margins":"enable","ocean_add_body_class":"","ocean_shortcode_before_top_bar":"","ocean_shortcode_after_top_bar":"","ocean_shortcode_before_header":"","ocean_shortcode_after_header":"","ocean_has_shortcode":"","ocean_shortcode_after_title":"","ocean_shortcode_before_footer_widgets":"","ocean_shortcode_after_footer_widgets":"","ocean_shortcode_before_footer_bottom":"","ocean_shortcode_after_footer_bottom":"","ocean_display_top_bar":"default","ocean_display_header":"default","ocean_header_style":"","ocean_center_header_left_menu":"0","ocean_custom_header_template":"0","ocean_custom_logo":0,"ocean_custom_retina_logo":0,"ocean_custom_logo_max_width":0,"ocean_custom_logo_tablet_max_width":0,"ocean_custom_logo_mobile_max_width":0,"ocean_custom_logo_max_height":0,"ocean_custom_logo_tablet_max_height":0,"ocean_custom_logo_mobile_max_height":0,"ocean_header_custom_menu":"0","ocean_menu_typo_font_family":"0","ocean_menu_typo_font_subset":"","ocean_menu_typo_font_size":0,"ocean_menu_typo_font_size_tablet":0,"ocean_menu_typo_font_size_mobile":0,"ocean_menu_typo_font_size_unit":"px","ocean_menu_typo_font_weight":"","ocean_menu_typo_font_weight_tablet":"","ocean_menu_typo_font_weight_mobile":"","ocean_menu_typo_transform":"","ocean_menu_typo_transform_tablet":"","ocean_menu_typo_transform_mobile":"","ocean_menu_typo_line_height":0,"ocean_menu_typo_line_height_tablet":0,"ocean_menu_typo_line_height_mobile":0,"ocean_menu_typo_line_height_unit":"","ocean_menu_typo_spacing":0,"ocean_menu_typo_spacing_tablet":0,"ocean_menu_typo_spacing_mobile":0,"ocean_menu_typo_spacing_unit":"","ocean_menu_link_color":"","ocean_menu_link_color_hover":"","ocean_menu_link_color_active":"","ocean_menu_link_background":"","ocean_menu_link_hover_background":"","ocean_menu_link_active_background":"","ocean_menu_social_links_bg":"","ocean_menu_social_hover_links_bg":"","ocean_menu_social_links_color":"","ocean_menu_social_hover_links_color":"","ocean_disable_title":"default","ocean_disable_heading":"default","ocean_post_title":"","ocean_post_subheading":"","ocean_post_title_style":"","ocean_post_title_background_color":"","ocean_post_title_background":0,"ocean_post_title_bg_image_position":"","ocean_post_title_bg_image_attachment":"","ocean_post_title_bg_image_repeat":"","ocean_post_title_bg_image_size":"","ocean_post_title_height":0,"ocean_post_title_bg_overlay":0.5,"ocean_post_title_bg_overlay_color":"","ocean_disable_breadcrumbs":"default","ocean_breadcrumbs_color":"","ocean_breadcrumbs_separator_color":"","ocean_breadcrumbs_links_color":"","ocean_breadcrumbs_links_hover_color":"","ocean_display_footer_widgets":"default","ocean_display_footer_bottom":"default","ocean_custom_footer_template":"0"},"product_cat":[45,171,37,147],"product_tag":[152,172],"yoast_head":"<!-- This site is optimized with the Yoast SEO plugin v21.2 - https:\/\/yoast.com\/wordpress\/plugins\/seo\/ -->\n<title>P 525DX Cabina - ArroyoLorca<\/title>\n<meta name=\"robots\" content=\"index, follow, max-snippet:-1, max-image-preview:large, max-video-preview:-1\" \/>\n<link rel=\"canonical\" href=\"https:\/\/arroyolorca.es\/index.php\/product\/p-525dx-cabina\/\" \/>\n<meta property=\"og:locale\" content=\"es_ES\" \/>\n<meta property=\"og:type\" content=\"article\" \/>\n<meta property=\"og:title\" content=\"P 525DX Cabina - ArroyoLorca\" \/>\n<meta property=\"og:description\" content=\"Descripci\u00f3n del producto Cortac\u00e9sped de alta capacidad con motor di\u00e9sel y cabina montada de f\u00e1brica. Esta cabina tan espaciosa no solo mejora la maniobrabilidad y la comodidad del trabajo incluso en \u00e1reas complejas, tambi\u00e9n aumenta la productividad. P\u202f525DX est\u00e1 equipado con tracci\u00f3n a las cuatro ruedas para un agarre perfecto en cualquier superficie, motor di\u00e9sel [&hellip;]\" \/>\n<meta property=\"og:url\" content=\"https:\/\/arroyolorca.es\/index.php\/product\/p-525dx-cabina\/\" \/>\n<meta property=\"og:site_name\" content=\"ArroyoLorca\" \/>\n<meta property=\"og:image\" content=\"https:\/\/arroyolorca.es\/wp-content\/uploads\/2023\/05\/xc-256815.webp\" \/>\n\t<meta property=\"og:image:width\" content=\"830\" \/>\n\t<meta property=\"og:image:height\" content=\"553\" \/>\n\t<meta property=\"og:image:type\" content=\"image\/webp\" \/>\n<meta name=\"twitter:card\" content=\"summary_large_image\" \/>\n<meta name=\"twitter:label1\" content=\"Tiempo de lectura\" \/>\n\t<meta name=\"twitter:data1\" content=\"4 minutos\" \/>\n<script type=\"application\/ld+json\" class=\"yoast-schema-graph\">{\"@context\":\"https:\/\/schema.org\",\"@graph\":[{\"@type\":\"WebPage\",\"@id\":\"https:\/\/arroyolorca.es\/index.php\/product\/p-525dx-cabina\/\",\"url\":\"https:\/\/arroyolorca.es\/index.php\/product\/p-525dx-cabina\/\",\"name\":\"P 525DX Cabina - ArroyoLorca\",\"isPartOf\":{\"@id\":\"https:\/\/arroyolorca.es\/#website\"},\"datePublished\":\"2023-05-12T06:44:15+00:00\",\"dateModified\":\"2023-05-12T06:44:15+00:00\",\"breadcrumb\":{\"@id\":\"https:\/\/arroyolorca.es\/index.php\/product\/p-525dx-cabina\/#breadcrumb\"},\"inLanguage\":\"es\",\"potentialAction\":[{\"@type\":\"ReadAction\",\"target\":[\"https:\/\/arroyolorca.es\/index.php\/product\/p-525dx-cabina\/\"]}]},{\"@type\":\"BreadcrumbList\",\"@id\":\"https:\/\/arroyolorca.es\/index.php\/product\/p-525dx-cabina\/#breadcrumb\",\"itemListElement\":[{\"@type\":\"ListItem\",\"position\":1,\"name\":\"Home\",\"item\":\"https:\/\/arroyolorca.es\/\"},{\"@type\":\"ListItem\",\"position\":2,\"name\":\"Shop\",\"item\":\"https:\/\/arroyolorca.es\/index.php\/shop\/\"},{\"@type\":\"ListItem\",\"position\":3,\"name\":\"P 525DX Cabina\"}]},{\"@type\":\"WebSite\",\"@id\":\"https:\/\/arroyolorca.es\/#website\",\"url\":\"https:\/\/arroyolorca.es\/\",\"name\":\"ArroyoLorca\",\"description\":\"Maquimaria Agr\u00edcola, Jardines y trabajos forestales\",\"publisher\":{\"@id\":\"https:\/\/arroyolorca.es\/#organization\"},\"potentialAction\":[{\"@type\":\"SearchAction\",\"target\":{\"@type\":\"EntryPoint\",\"urlTemplate\":\"https:\/\/arroyolorca.es\/?s={search_term_string}\"},\"query-input\":\"required name=search_term_string\"}],\"inLanguage\":\"es\"},{\"@type\":\"Organization\",\"@id\":\"https:\/\/arroyolorca.es\/#organization\",\"name\":\"ArroyoLorca\",\"url\":\"https:\/\/arroyolorca.es\/\",\"logo\":{\"@type\":\"ImageObject\",\"inLanguage\":\"es\",\"@id\":\"https:\/\/arroyolorca.es\/#\/schema\/logo\/image\/\",\"url\":\"https:\/\/arroyolorca.es\/wp-content\/uploads\/2023\/04\/logo_cabecera-1.png\",\"contentUrl\":\"https:\/\/arroyolorca.es\/wp-content\/uploads\/2023\/04\/logo_cabecera-1.png\",\"width\":450,\"height\":119,\"caption\":\"ArroyoLorca\"},\"image\":{\"@id\":\"https:\/\/arroyolorca.es\/#\/schema\/logo\/image\/\"}}]}<\/script>\n<!-- \/ Yoast SEO plugin. -->","yoast_head_json":{"title":"P 525DX Cabina - ArroyoLorca","robots":{"index":"index","follow":"follow","max-snippet":"max-snippet:-1","max-image-preview":"max-image-preview:large","max-video-preview":"max-video-preview:-1"},"canonical":"https:\/\/arroyolorca.es\/index.php\/product\/p-525dx-cabina\/","og_locale":"es_ES","og_type":"article","og_title":"P 525DX Cabina - ArroyoLorca","og_description":"Descripci\u00f3n del producto Cortac\u00e9sped de alta capacidad con motor di\u00e9sel y cabina montada de f\u00e1brica. Esta cabina tan espaciosa no solo mejora la maniobrabilidad y la comodidad del trabajo incluso en \u00e1reas complejas, tambi\u00e9n aumenta la productividad. P\u202f525DX est\u00e1 equipado con tracci\u00f3n a las cuatro ruedas para un agarre perfecto en cualquier superficie, motor di\u00e9sel [&hellip;]","og_url":"https:\/\/arroyolorca.es\/index.php\/product\/p-525dx-cabina\/","og_site_name":"ArroyoLorca","og_image":[{"width":830,"height":553,"url":"https:\/\/arroyolorca.es\/wp-content\/uploads\/2023\/05\/xc-256815.webp","type":"image\/webp"}],"twitter_card":"summary_large_image","twitter_misc":{"Tiempo de lectura":"4 minutos"},"schema":{"@context":"https:\/\/schema.org","@graph":[{"@type":"WebPage","@id":"https:\/\/arroyolorca.es\/index.php\/product\/p-525dx-cabina\/","url":"https:\/\/arroyolorca.es\/index.php\/product\/p-525dx-cabina\/","name":"P 525DX Cabina - ArroyoLorca","isPartOf":{"@id":"https:\/\/arroyolorca.es\/#website"},"datePublished":"2023-05-12T06:44:15+00:00","dateModified":"2023-05-12T06:44:15+00:00","breadcrumb":{"@id":"https:\/\/arroyolorca.es\/index.php\/product\/p-525dx-cabina\/#breadcrumb"},"inLanguage":"es","potentialAction":[{"@type":"ReadAction","target":["https:\/\/arroyolorca.es\/index.php\/product\/p-525dx-cabina\/"]}]},{"@type":"BreadcrumbList","@id":"https:\/\/arroyolorca.es\/index.php\/product\/p-525dx-cabina\/#breadcrumb","itemListElement":[{"@type":"ListItem","position":1,"name":"Home","item":"https:\/\/arroyolorca.es\/"},{"@type":"ListItem","position":2,"name":"Shop","item":"https:\/\/arroyolorca.es\/index.php\/shop\/"},{"@type":"ListItem","position":3,"name":"P 525DX Cabina"}]},{"@type":"WebSite","@id":"https:\/\/arroyolorca.es\/#website","url":"https:\/\/arroyolorca.es\/","name":"ArroyoLorca","description":"Maquimaria Agr\u00edcola, Jardines y trabajos forestales","publisher":{"@id":"https:\/\/arroyolorca.es\/#organization"},"potentialAction":[{"@type":"SearchAction","target":{"@type":"EntryPoint","urlTemplate":"https:\/\/arroyolorca.es\/?s={search_term_string}"},"query-input":"required name=search_term_string"}],"inLanguage":"es"},{"@type":"Organization","@id":"https:\/\/arroyolorca.es\/#organization","name":"ArroyoLorca","url":"https:\/\/arroyolorca.es\/","logo":{"@type":"ImageObject","inLanguage":"es","@id":"https:\/\/arroyolorca.es\/#\/schema\/logo\/image\/","url":"https:\/\/arroyolorca.es\/wp-content\/uploads\/2023\/04\/logo_cabecera-1.png","contentUrl":"https:\/\/arroyolorca.es\/wp-content\/uploads\/2023\/04\/logo_cabecera-1.png","width":450,"height":119,"caption":"ArroyoLorca"},"image":{"@id":"https:\/\/arroyolorca.es\/#\/schema\/logo\/image\/"}}]}},"_links":{"self":[{"href":"https:\/\/arroyolorca.es\/index.php\/wp-json\/wp\/v2\/product\/2346"}],"collection":[{"href":"https:\/\/arroyolorca.es\/index.php\/wp-json\/wp\/v2\/product"}],"about":[{"href":"https:\/\/arroyolorca.es\/index.php\/wp-json\/wp\/v2\/types\/product"}],"replies":[{"embeddable":true,"href":"https:\/\/arroyolorca.es\/index.php\/wp-json\/wp\/v2\/comments?post=2346"}],"wp:featuredmedia":[{"embeddable":true,"href":"https:\/\/arroyolorca.es\/index.php\/wp-json\/wp\/v2\/media\/2349"}],"wp:attachment":[{"href":"https:\/\/arroyolorca.es\/index.php\/wp-json\/wp\/v2\/media?parent=2346"}],"wp:term":[{"taxonomy":"product_cat","embeddable":true,"href":"https:\/\/arroyolorca.es\/index.php\/wp-json\/wp\/v2\/product_cat?post=2346"},{"taxonomy":"product_tag","embeddable":true,"href":"https:\/\/arroyolorca.es\/index.php\/wp-json\/wp\/v2\/product_tag?post=2346"}],"curies":[{"name":"wp","href":"https:\/\/api.w.org\/{rel}","templated":true}]}}