{"id":2384,"date":"2023-05-16T10:29:26","date_gmt":"2023-05-16T09:29:26","guid":{"rendered":"https:\/\/arroyolorca.es\/?post_type=product&#038;p=2384"},"modified":"2023-11-01T09:52:51","modified_gmt":"2023-11-01T08:52:51","slug":"tc-138","status":"publish","type":"product","link":"https:\/\/arroyolorca.es\/index.php\/product\/tc-138\/","title":{"rendered":"TC 138"},"content":{"rendered":"<div>\n<h4 style=\"color: #003985;\">Descripci\u00f3n del producto<\/h4>\n<p>Tractor cortac\u00e9sped dise\u00f1ado para particulares con jardines de tama\u00f1o peque\u00f1o-mediano. Equipado con amplio recogedor en la parte trasera de la m\u00e1quina, motor de arranque sencillo y 452 cm\u00b3, transmisi\u00f3n hidrost\u00e1tica mediante pedal, dos ruedas antiscalping y faros delanteros. Tapa BioClip\u00ae y deflector para expulsi\u00f3n trasera disponibles como accesorios.<\/p>\n<\/div>\n<div>\n<table>\n<tbody>\n<tr>\n<td><strong>Inducci\u00f3n de aire<\/strong><\/p>\n<p>Nuestro innovador sistema de corte por inducci\u00f3n de aire, lleva el aire limpio de arriba a abajo de la unidad de corte, dando como resultado un corte de mucha m\u00e1s calidad.<\/td>\n<td><img decoding=\"async\" loading=\"lazy\" class=\"alignnone size-medium wp-image-2375\" src=\"https:\/\/arroyolorca.es\/wp-content\/uploads\/2023\/05\/h325-0126-300x200.webp\" alt=\"\" width=\"300\" height=\"200\" srcset=\"https:\/\/arroyolorca.es\/wp-content\/uploads\/2023\/05\/h325-0126-300x200.webp 300w, https:\/\/arroyolorca.es\/wp-content\/uploads\/2023\/05\/h325-0126-600x400.webp 600w, https:\/\/arroyolorca.es\/wp-content\/uploads\/2023\/05\/h325-0126.webp 640w\" sizes=\"(max-width: 300px) 100vw, 300px\" \/><\/td>\n<\/tr>\n<tr>\n<td><strong>Transmisi\u00f3n hidrost\u00e1tica accionada por pedal<\/strong><\/p>\n<p>Contol de velocidad y direcci\u00f3n con pedal, que permite que mantenga las manos sobre el volante. Control de conducci\u00f3n \u00f3ptima.<\/td>\n<td><img decoding=\"async\" loading=\"lazy\" class=\"alignnone size-medium wp-image-2374\" src=\"https:\/\/arroyolorca.es\/wp-content\/uploads\/2023\/05\/h325-0007b-300x200.webp\" alt=\"\" width=\"300\" height=\"200\" srcset=\"https:\/\/arroyolorca.es\/wp-content\/uploads\/2023\/05\/h325-0007b-300x200.webp 300w, https:\/\/arroyolorca.es\/wp-content\/uploads\/2023\/05\/h325-0007b-600x400.webp 600w, https:\/\/arroyolorca.es\/wp-content\/uploads\/2023\/05\/h325-0007b.webp 640w\" sizes=\"(max-width: 300px) 100vw, 300px\" \/><\/td>\n<\/tr>\n<tr>\n<td><strong>Arranque sin tirador de aire<\/strong><\/p>\n<p>F\u00e1cil de comenzar a trabajar con el arranque autom\u00e1tico sin tirador de aire. Simplemente dale a la llave y listo.<\/td>\n<td><img decoding=\"async\" loading=\"lazy\" class=\"alignnone size-medium wp-image-2373\" src=\"https:\/\/arroyolorca.es\/wp-content\/uploads\/2023\/05\/h320-0567-300x200.webp\" alt=\"\" width=\"300\" height=\"200\" srcset=\"https:\/\/arroyolorca.es\/wp-content\/uploads\/2023\/05\/h320-0567-300x200.webp 300w, https:\/\/arroyolorca.es\/wp-content\/uploads\/2023\/05\/h320-0567-600x400.webp 600w, https:\/\/arroyolorca.es\/wp-content\/uploads\/2023\/05\/h320-0567.webp 640w\" sizes=\"(max-width: 300px) 100vw, 300px\" \/><\/td>\n<\/tr>\n<tr>\n<td><strong>Conexi\u00f3n para manguera<\/strong><\/p>\n<p>Conecte su manguera al cortac\u00e9sped y limpie la unidad de corte.<\/td>\n<td><img decoding=\"async\" loading=\"lazy\" class=\"alignnone size-medium wp-image-2385\" src=\"https:\/\/arroyolorca.es\/wp-content\/uploads\/2023\/05\/h325-0196-300x200.webp\" alt=\"\" width=\"300\" height=\"200\" srcset=\"https:\/\/arroyolorca.es\/wp-content\/uploads\/2023\/05\/h325-0196-300x200.webp 300w, https:\/\/arroyolorca.es\/wp-content\/uploads\/2023\/05\/h325-0196-600x400.webp 600w, https:\/\/arroyolorca.es\/wp-content\/uploads\/2023\/05\/h325-0196.webp 640w\" sizes=\"(max-width: 300px) 100vw, 300px\" \/><\/td>\n<\/tr>\n<\/tbody>\n<\/table>\n<\/div>\n<div>\n<h4 style=\"color: #003985;\">Especificaciones<\/h4>\n<table style=\"margin: auto;\">\n<tbody>\n<tr>\n<td style=\"color: #003985;\">Motor<\/td>\n<\/tr>\n<tr style=\"background-color: #e3e3e3;\">\n<td>Combustible<\/td>\n<td>Gasolina<\/td>\n<\/tr>\n<tr>\n<td>Potencia neta a rpm<\/td>\n<td>8,9 kW<\/td>\n<\/tr>\n<tr style=\"background-color: #e3e3e3;\">\n<td>Fabricante del motor<\/td>\n<td>Husqvarna<\/td>\n<\/tr>\n<tr>\n<td>Nombre de motor<\/td>\n<td>Serie Husqvarna<\/td>\n<\/tr>\n<tr style=\"background-color: #e3e3e3;\">\n<td>Cilindrada<\/td>\n<td>452 cm\u00b3<\/td>\n<\/tr>\n<tr>\n<td>Cilindros<\/td>\n<td>1<\/td>\n<\/tr>\n<tr style=\"background-color: #e3e3e3;\">\n<td>Potencia neta rpm<\/td>\n<td>2.600 rpm<\/td>\n<\/tr>\n<tr>\n<td>Generador<\/td>\n<td>12 A<\/td>\n<\/tr>\n<tr style=\"background-color: #e3e3e3;\">\n<td>Filtro de combustible<\/td>\n<td>Si<\/td>\n<\/tr>\n<tr>\n<td style=\"color: #003985;\">Transmisi\u00f3n<\/td>\n<\/tr>\n<tr style=\"background-color: #e3e3e3;\">\n<td>Tipo de transmisi\u00f3n<\/td>\n<td>Hidrost\u00e1tico<\/td>\n<\/tr>\n<tr>\n<td>Fabricante de la transmisi\u00f3n<\/td>\n<td>Tuff Torq<\/td>\n<\/tr>\n<tr>\n<td style=\"color: #003985;\">Emisi\u00f3n<\/td>\n<\/tr>\n<tr style=\"background-color: #e3e3e3;\">\n<td>Emisiones de escape (CO2 EU V)<\/td>\n<td>773,41 g\/kWh<\/td>\n<\/tr>\n<tr>\n<td style=\"color: #003985;\">Equipo de corte<\/td>\n<\/tr>\n<tr style=\"background-color: #e3e3e3;\">\n<td>Anchura de corte<\/td>\n<td>97 cm<\/td>\n<\/tr>\n<tr>\n<td>Altura de corte m\u00e1x.<\/td>\n<td>102 mm<\/td>\n<\/tr>\n<tr style=\"background-color: #e3e3e3;\">\n<td>Altura de corte m\u00edn.<\/td>\n<td>38 mm<\/td>\n<\/tr>\n<tr>\n<td>Rodillo delantero<\/td>\n<td>No<\/td>\n<\/tr>\n<tr style=\"background-color: #e3e3e3;\">\n<td>Ruedas antiscalping<\/td>\n<td>2<\/td>\n<\/tr>\n<tr>\n<td style=\"color: #003985;\">Sistema de transmisi\u00f3n<\/td>\n<\/tr>\n<tr style=\"background-color: #e3e3e3;\">\n<td>Direcci\u00f3n<\/td>\n<td>Pedal<\/td>\n<\/tr>\n<tr>\n<td>Velocidad hacia delante, m\u00e1x.<\/td>\n<td>6,7 km\/h<\/td>\n<\/tr>\n<tr style=\"background-color: #e3e3e3;\">\n<td>Velocidad marcha atr\u00e1s, m\u00e1x.<\/td>\n<td>3,5 km\/h<\/td>\n<\/tr>\n<tr>\n<td style=\"color: #003985;\">Equipo<\/td>\n<\/tr>\n<tr style=\"background-color: #e3e3e3;\">\n<td>Material del asiento<\/td>\n<td>Vinilo<\/td>\n<\/tr>\n<tr>\n<td>Protecciones delantera\/trasera<\/td>\n<td>Tubo de parachoques<\/td>\n<\/tr>\n<tr style=\"background-color: #e3e3e3;\">\n<td>Cuentahoras<\/td>\n<td>Digital con intervalos de revisiones programados<\/td>\n<\/tr>\n<tr>\n<td>Altura del respaldo<\/td>\n<td>Medium 13&#8243;<\/td>\n<\/tr>\n<tr style=\"background-color: #e3e3e3;\">\n<td>Tipo de volante<\/td>\n<td>Standard<\/td>\n<\/tr>\n<tr>\n<td>Recogedor<\/td>\n<td>Disponible como accesorio<\/td>\n<\/tr>\n<tr>\n<td style=\"color: #003985;\">Nivel de potencia de sonido<\/td>\n<\/tr>\n<tr style=\"background-color: #e3e3e3;\">\n<td>Nivel de potencia de sonido garantizado (LWA)<\/td>\n<td>100 dB(A)<\/td>\n<\/tr>\n<tr>\n<td>Nivel de presi\u00f3n sonora en o\u00eddo<\/td>\n<td>85 dB(A)<\/td>\n<\/tr>\n<\/tbody>\n<\/table>\n<\/div>\n","protected":false},"excerpt":{"rendered":"<p>Descripci\u00f3n del producto Tractor cortac\u00e9sped dise\u00f1ado para particulares con jardines de tama\u00f1o peque\u00f1o-mediano. Equipado con amplio recogedor en la parte trasera de la m\u00e1quina, motor de arranque sencillo y 452 cm\u00b3, transmisi\u00f3n hidrost\u00e1tica mediante pedal, dos ruedas antiscalping y faros delanteros. Tapa BioClip\u00ae y deflector para expulsi\u00f3n trasera disponibles como accesorios. Inducci\u00f3n de aire Nuestro [&hellip;]<\/p>\n","protected":false},"featured_media":2386,"comment_status":"open","ping_status":"closed","template":"","meta":{"ocean_front_end_style_editor":"no","ocean_post_layout":"","ocean_both_sidebars_style":"","ocean_both_sidebars_content_width":0,"ocean_both_sidebars_sidebars_width":0,"ocean_sidebar":"0","ocean_second_sidebar":"0","ocean_disable_margins":"enable","ocean_add_body_class":"","ocean_shortcode_before_top_bar":"","ocean_shortcode_after_top_bar":"","ocean_shortcode_before_header":"","ocean_shortcode_after_header":"","ocean_has_shortcode":"","ocean_shortcode_after_title":"","ocean_shortcode_before_footer_widgets":"","ocean_shortcode_after_footer_widgets":"","ocean_shortcode_before_footer_bottom":"","ocean_shortcode_after_footer_bottom":"","ocean_display_top_bar":"default","ocean_display_header":"default","ocean_header_style":"","ocean_center_header_left_menu":"0","ocean_custom_header_template":"0","ocean_custom_logo":0,"ocean_custom_retina_logo":0,"ocean_custom_logo_max_width":0,"ocean_custom_logo_tablet_max_width":0,"ocean_custom_logo_mobile_max_width":0,"ocean_custom_logo_max_height":0,"ocean_custom_logo_tablet_max_height":0,"ocean_custom_logo_mobile_max_height":0,"ocean_header_custom_menu":"0","ocean_menu_typo_font_family":"0","ocean_menu_typo_font_subset":"","ocean_menu_typo_font_size":0,"ocean_menu_typo_font_size_tablet":0,"ocean_menu_typo_font_size_mobile":0,"ocean_menu_typo_font_size_unit":"px","ocean_menu_typo_font_weight":"","ocean_menu_typo_font_weight_tablet":"","ocean_menu_typo_font_weight_mobile":"","ocean_menu_typo_transform":"","ocean_menu_typo_transform_tablet":"","ocean_menu_typo_transform_mobile":"","ocean_menu_typo_line_height":0,"ocean_menu_typo_line_height_tablet":0,"ocean_menu_typo_line_height_mobile":0,"ocean_menu_typo_line_height_unit":"","ocean_menu_typo_spacing":0,"ocean_menu_typo_spacing_tablet":0,"ocean_menu_typo_spacing_mobile":0,"ocean_menu_typo_spacing_unit":"","ocean_menu_link_color":"","ocean_menu_link_color_hover":"","ocean_menu_link_color_active":"","ocean_menu_link_background":"","ocean_menu_link_hover_background":"","ocean_menu_link_active_background":"","ocean_menu_social_links_bg":"","ocean_menu_social_hover_links_bg":"","ocean_menu_social_links_color":"","ocean_menu_social_hover_links_color":"","ocean_disable_title":"default","ocean_disable_heading":"default","ocean_post_title":"","ocean_post_subheading":"","ocean_post_title_style":"","ocean_post_title_background_color":"","ocean_post_title_background":0,"ocean_post_title_bg_image_position":"","ocean_post_title_bg_image_attachment":"","ocean_post_title_bg_image_repeat":"","ocean_post_title_bg_image_size":"","ocean_post_title_height":0,"ocean_post_title_bg_overlay":0.5,"ocean_post_title_bg_overlay_color":"","ocean_disable_breadcrumbs":"default","ocean_breadcrumbs_color":"","ocean_breadcrumbs_separator_color":"","ocean_breadcrumbs_links_color":"","ocean_breadcrumbs_links_hover_color":"","ocean_display_footer_widgets":"default","ocean_display_footer_bottom":"default","ocean_custom_footer_template":"0"},"product_cat":[40,45,38,148],"product_tag":[174,152],"yoast_head":"<!-- This site is optimized with the Yoast SEO plugin v21.2 - https:\/\/yoast.com\/wordpress\/plugins\/seo\/ -->\n<title>TC 138 - ArroyoLorca<\/title>\n<meta name=\"robots\" content=\"index, follow, max-snippet:-1, max-image-preview:large, max-video-preview:-1\" \/>\n<link rel=\"canonical\" href=\"https:\/\/arroyolorca.es\/index.php\/product\/tc-138\/\" \/>\n<meta property=\"og:locale\" content=\"es_ES\" \/>\n<meta property=\"og:type\" content=\"article\" \/>\n<meta property=\"og:title\" content=\"TC 138 - ArroyoLorca\" \/>\n<meta property=\"og:description\" content=\"Descripci\u00f3n del producto Tractor cortac\u00e9sped dise\u00f1ado para particulares con jardines de tama\u00f1o peque\u00f1o-mediano. Equipado con amplio recogedor en la parte trasera de la m\u00e1quina, motor de arranque sencillo y 452 cm\u00b3, transmisi\u00f3n hidrost\u00e1tica mediante pedal, dos ruedas antiscalping y faros delanteros. Tapa BioClip\u00ae y deflector para expulsi\u00f3n trasera disponibles como accesorios. Inducci\u00f3n de aire Nuestro [&hellip;]\" \/>\n<meta property=\"og:url\" content=\"https:\/\/arroyolorca.es\/index.php\/product\/tc-138\/\" \/>\n<meta property=\"og:site_name\" content=\"ArroyoLorca\" \/>\n<meta property=\"article:modified_time\" content=\"2023-11-01T08:52:51+00:00\" \/>\n<meta property=\"og:image\" content=\"https:\/\/arroyolorca.es\/wp-content\/uploads\/2023\/05\/h310-0975.webp\" \/>\n\t<meta property=\"og:image:width\" content=\"830\" \/>\n\t<meta property=\"og:image:height\" content=\"553\" \/>\n\t<meta property=\"og:image:type\" content=\"image\/webp\" \/>\n<meta name=\"twitter:card\" content=\"summary_large_image\" \/>\n<meta name=\"twitter:label1\" content=\"Tiempo de lectura\" \/>\n\t<meta name=\"twitter:data1\" content=\"3 minutos\" \/>\n<script type=\"application\/ld+json\" class=\"yoast-schema-graph\">{\"@context\":\"https:\/\/schema.org\",\"@graph\":[{\"@type\":\"WebPage\",\"@id\":\"https:\/\/arroyolorca.es\/index.php\/product\/tc-138\/\",\"url\":\"https:\/\/arroyolorca.es\/index.php\/product\/tc-138\/\",\"name\":\"TC 138 - ArroyoLorca\",\"isPartOf\":{\"@id\":\"https:\/\/arroyolorca.es\/#website\"},\"datePublished\":\"2023-05-16T09:29:26+00:00\",\"dateModified\":\"2023-11-01T08:52:51+00:00\",\"breadcrumb\":{\"@id\":\"https:\/\/arroyolorca.es\/index.php\/product\/tc-138\/#breadcrumb\"},\"inLanguage\":\"es\",\"potentialAction\":[{\"@type\":\"ReadAction\",\"target\":[\"https:\/\/arroyolorca.es\/index.php\/product\/tc-138\/\"]}]},{\"@type\":\"BreadcrumbList\",\"@id\":\"https:\/\/arroyolorca.es\/index.php\/product\/tc-138\/#breadcrumb\",\"itemListElement\":[{\"@type\":\"ListItem\",\"position\":1,\"name\":\"Home\",\"item\":\"https:\/\/arroyolorca.es\/\"},{\"@type\":\"ListItem\",\"position\":2,\"name\":\"Shop\",\"item\":\"https:\/\/arroyolorca.es\/index.php\/shop\/\"},{\"@type\":\"ListItem\",\"position\":3,\"name\":\"TC 138\"}]},{\"@type\":\"WebSite\",\"@id\":\"https:\/\/arroyolorca.es\/#website\",\"url\":\"https:\/\/arroyolorca.es\/\",\"name\":\"ArroyoLorca\",\"description\":\"Maquimaria Agr\u00edcola, Jardines y trabajos forestales\",\"publisher\":{\"@id\":\"https:\/\/arroyolorca.es\/#organization\"},\"potentialAction\":[{\"@type\":\"SearchAction\",\"target\":{\"@type\":\"EntryPoint\",\"urlTemplate\":\"https:\/\/arroyolorca.es\/?s={search_term_string}\"},\"query-input\":\"required name=search_term_string\"}],\"inLanguage\":\"es\"},{\"@type\":\"Organization\",\"@id\":\"https:\/\/arroyolorca.es\/#organization\",\"name\":\"ArroyoLorca\",\"url\":\"https:\/\/arroyolorca.es\/\",\"logo\":{\"@type\":\"ImageObject\",\"inLanguage\":\"es\",\"@id\":\"https:\/\/arroyolorca.es\/#\/schema\/logo\/image\/\",\"url\":\"https:\/\/arroyolorca.es\/wp-content\/uploads\/2023\/04\/logo_cabecera-1.png\",\"contentUrl\":\"https:\/\/arroyolorca.es\/wp-content\/uploads\/2023\/04\/logo_cabecera-1.png\",\"width\":450,\"height\":119,\"caption\":\"ArroyoLorca\"},\"image\":{\"@id\":\"https:\/\/arroyolorca.es\/#\/schema\/logo\/image\/\"}}]}<\/script>\n<!-- \/ Yoast SEO plugin. -->","yoast_head_json":{"title":"TC 138 - ArroyoLorca","robots":{"index":"index","follow":"follow","max-snippet":"max-snippet:-1","max-image-preview":"max-image-preview:large","max-video-preview":"max-video-preview:-1"},"canonical":"https:\/\/arroyolorca.es\/index.php\/product\/tc-138\/","og_locale":"es_ES","og_type":"article","og_title":"TC 138 - ArroyoLorca","og_description":"Descripci\u00f3n del producto Tractor cortac\u00e9sped dise\u00f1ado para particulares con jardines de tama\u00f1o peque\u00f1o-mediano. Equipado con amplio recogedor en la parte trasera de la m\u00e1quina, motor de arranque sencillo y 452 cm\u00b3, transmisi\u00f3n hidrost\u00e1tica mediante pedal, dos ruedas antiscalping y faros delanteros. Tapa BioClip\u00ae y deflector para expulsi\u00f3n trasera disponibles como accesorios. Inducci\u00f3n de aire Nuestro [&hellip;]","og_url":"https:\/\/arroyolorca.es\/index.php\/product\/tc-138\/","og_site_name":"ArroyoLorca","article_modified_time":"2023-11-01T08:52:51+00:00","og_image":[{"width":830,"height":553,"url":"https:\/\/arroyolorca.es\/wp-content\/uploads\/2023\/05\/h310-0975.webp","type":"image\/webp"}],"twitter_card":"summary_large_image","twitter_misc":{"Tiempo de lectura":"3 minutos"},"schema":{"@context":"https:\/\/schema.org","@graph":[{"@type":"WebPage","@id":"https:\/\/arroyolorca.es\/index.php\/product\/tc-138\/","url":"https:\/\/arroyolorca.es\/index.php\/product\/tc-138\/","name":"TC 138 - ArroyoLorca","isPartOf":{"@id":"https:\/\/arroyolorca.es\/#website"},"datePublished":"2023-05-16T09:29:26+00:00","dateModified":"2023-11-01T08:52:51+00:00","breadcrumb":{"@id":"https:\/\/arroyolorca.es\/index.php\/product\/tc-138\/#breadcrumb"},"inLanguage":"es","potentialAction":[{"@type":"ReadAction","target":["https:\/\/arroyolorca.es\/index.php\/product\/tc-138\/"]}]},{"@type":"BreadcrumbList","@id":"https:\/\/arroyolorca.es\/index.php\/product\/tc-138\/#breadcrumb","itemListElement":[{"@type":"ListItem","position":1,"name":"Home","item":"https:\/\/arroyolorca.es\/"},{"@type":"ListItem","position":2,"name":"Shop","item":"https:\/\/arroyolorca.es\/index.php\/shop\/"},{"@type":"ListItem","position":3,"name":"TC 138"}]},{"@type":"WebSite","@id":"https:\/\/arroyolorca.es\/#website","url":"https:\/\/arroyolorca.es\/","name":"ArroyoLorca","description":"Maquimaria Agr\u00edcola, Jardines y trabajos forestales","publisher":{"@id":"https:\/\/arroyolorca.es\/#organization"},"potentialAction":[{"@type":"SearchAction","target":{"@type":"EntryPoint","urlTemplate":"https:\/\/arroyolorca.es\/?s={search_term_string}"},"query-input":"required name=search_term_string"}],"inLanguage":"es"},{"@type":"Organization","@id":"https:\/\/arroyolorca.es\/#organization","name":"ArroyoLorca","url":"https:\/\/arroyolorca.es\/","logo":{"@type":"ImageObject","inLanguage":"es","@id":"https:\/\/arroyolorca.es\/#\/schema\/logo\/image\/","url":"https:\/\/arroyolorca.es\/wp-content\/uploads\/2023\/04\/logo_cabecera-1.png","contentUrl":"https:\/\/arroyolorca.es\/wp-content\/uploads\/2023\/04\/logo_cabecera-1.png","width":450,"height":119,"caption":"ArroyoLorca"},"image":{"@id":"https:\/\/arroyolorca.es\/#\/schema\/logo\/image\/"}}]}},"_links":{"self":[{"href":"https:\/\/arroyolorca.es\/index.php\/wp-json\/wp\/v2\/product\/2384"}],"collection":[{"href":"https:\/\/arroyolorca.es\/index.php\/wp-json\/wp\/v2\/product"}],"about":[{"href":"https:\/\/arroyolorca.es\/index.php\/wp-json\/wp\/v2\/types\/product"}],"replies":[{"embeddable":true,"href":"https:\/\/arroyolorca.es\/index.php\/wp-json\/wp\/v2\/comments?post=2384"}],"wp:featuredmedia":[{"embeddable":true,"href":"https:\/\/arroyolorca.es\/index.php\/wp-json\/wp\/v2\/media\/2386"}],"wp:attachment":[{"href":"https:\/\/arroyolorca.es\/index.php\/wp-json\/wp\/v2\/media?parent=2384"}],"wp:term":[{"taxonomy":"product_cat","embeddable":true,"href":"https:\/\/arroyolorca.es\/index.php\/wp-json\/wp\/v2\/product_cat?post=2384"},{"taxonomy":"product_tag","embeddable":true,"href":"https:\/\/arroyolorca.es\/index.php\/wp-json\/wp\/v2\/product_tag?post=2384"}],"curies":[{"name":"wp","href":"https:\/\/api.w.org\/{rel}","templated":true}]}}