{"id":283,"date":"2022-09-01T19:29:47","date_gmt":"2022-09-01T18:29:47","guid":{"rendered":"https:\/\/arroyolorca.es\/?post_type=product&#038;p=283"},"modified":"2023-11-01T10:06:16","modified_gmt":"2023-11-01T09:06:16","slug":"z1-122","status":"publish","type":"product","link":"https:\/\/arroyolorca.es\/index.php\/product\/z1-122\/","title":{"rendered":"Z1-122"},"content":{"rendered":"<h4 style=\"text-align: center;\"><strong><span style=\"color: #ff9900;\">LA PRUEBA EST\u00c1 EN EL USO PROFESIONAL.<\/span><br \/>\n<\/strong><\/h4>\n<p>Para nuestra nueva l\u00ednea PRO Z, hicimos solo algunas actualizaciones. Hemos fabricado nuestra gama cortac\u00e9sped todav\u00eda m\u00e1s dura y eficiente. De hecho dimos nuestros PRO Z a 100 jardineros profesionales a lo ancho del pa\u00eds y se les pidi\u00f3 a cada uno de ellos que los pusieran a prueba durante 16 semanas. Despu\u00e9s de miles de horas de trabajo, ellos nos proporcionaron una opini\u00f3n honesta. El resultado es una l\u00ednea de cortac\u00e9sped de radio de giro cero profesional que proporcionan niveles record de prestaciones, confort y durabilidad.<\/p>\n<p><img decoding=\"async\" loading=\"lazy\" class=\"alignnone size-medium wp-image-280\" src=\"https:\/\/arroyolorca.es\/wp-content\/uploads\/2022\/09\/Cub-Cadet-Pro-Series-Logo-2-1024x242-1-300x71.jpg\" alt=\"\" width=\"300\" height=\"71\" srcset=\"https:\/\/arroyolorca.es\/wp-content\/uploads\/2022\/09\/Cub-Cadet-Pro-Series-Logo-2-1024x242-1-300x71.jpg 300w, https:\/\/arroyolorca.es\/wp-content\/uploads\/2022\/09\/Cub-Cadet-Pro-Series-Logo-2-1024x242-1-768x182.jpg 768w, https:\/\/arroyolorca.es\/wp-content\/uploads\/2022\/09\/Cub-Cadet-Pro-Series-Logo-2-1024x242-1-600x142.jpg 600w, https:\/\/arroyolorca.es\/wp-content\/uploads\/2022\/09\/Cub-Cadet-Pro-Series-Logo-2-1024x242-1.jpg 1024w\" sizes=\"(max-width: 300px) 100vw, 300px\" \/><\/p>\n<p>&nbsp;<\/p>\n<table class=\"aligncenter\">\n<tbody>\n<tr>\n<td><img decoding=\"async\" loading=\"lazy\" class=\"aligncenter size-medium wp-image-284\" src=\"https:\/\/arroyolorca.es\/wp-content\/uploads\/2022\/09\/Kohler-engine_D10_1114_01-380x380-1-300x300.jpg\" alt=\"\" width=\"300\" height=\"300\" srcset=\"https:\/\/arroyolorca.es\/wp-content\/uploads\/2022\/09\/Kohler-engine_D10_1114_01-380x380-1-300x300.jpg 300w, https:\/\/arroyolorca.es\/wp-content\/uploads\/2022\/09\/Kohler-engine_D10_1114_01-380x380-1-150x150.jpg 150w, https:\/\/arroyolorca.es\/wp-content\/uploads\/2022\/09\/Kohler-engine_D10_1114_01-380x380-1-100x100.jpg 100w, https:\/\/arroyolorca.es\/wp-content\/uploads\/2022\/09\/Kohler-engine_D10_1114_01-380x380-1.jpg 380w\" sizes=\"(max-width: 300px) 100vw, 300px\" \/><\/td>\n<td>Gracias a este motor Kholer EFI, el nuevo modelo los PRO-Z es al tiempo potente y ultra econ\u00f3mico. Logrando un ahorro de consumo de hasta un 25% que otros motores de prestaciones similares. Ahorro de tiempo y dinero, porque el Z1 122 necesita mucho menos combustible y menos carga de combustible. La extremadamente duradera plataforma mecanosoldada con un ancho de corte de 122 cm. ayuda a obtener unas prestaciones de corte de nivel profesional.<\/p>\n<p>Altas prestaciones que cumple con practicidad para un duro cortac\u00e9sped. El primer sistema de radio de giro \u00ab0\u00bb de la industria con control por volante de la direcci\u00f3n de las 4 ruedas para una estabilidad y versatilidad desconocidos es esto una de las muchas caracter\u00edsticas de esta serie. Del poder de un motor de grado profesional con su eficiencia y durabilidad insuperables, cada corte es tan fuerte como el anterior.<\/td>\n<\/tr>\n<tr>\n<td>\n<p><figure id=\"attachment_285\" aria-describedby=\"caption-attachment-285\" style=\"width: 300px\" class=\"wp-caption aligncenter\"><img decoding=\"async\" loading=\"lazy\" class=\"size-medium wp-image-285\" src=\"https:\/\/arroyolorca.es\/wp-content\/uploads\/2022\/09\/Plataforma-300x243.jpg\" alt=\"\" width=\"300\" height=\"243\" srcset=\"https:\/\/arroyolorca.es\/wp-content\/uploads\/2022\/09\/Plataforma-300x243.jpg 300w, https:\/\/arroyolorca.es\/wp-content\/uploads\/2022\/09\/Plataforma.jpg 514w\" sizes=\"(max-width: 300px) 100vw, 300px\" \/><figcaption id=\"caption-attachment-285\" class=\"wp-caption-text\">MTD, Cub Cadet Z-Force 48<\/figcaption><\/figure><\/td>\n<td><span style=\"color: #ff9900;\">DURABILIDAD-LA OBLIGACI\u00d3N.<\/span><\/p>\n<p>Desde el chasis hasta el puesto frontal, cada pieza de un Pro-Z est\u00e1 dise\u00f1ado bajo los rigores m\u00e1s estrictos. El espesor de la plataforma de corte ha establecido un nuevo est\u00e1ndar en la industria, mientras una vers\u00e1til construcci\u00f3n para trabajo intensivo garantiza que nuestra Pro-Z tenga una larga vida \u00fatil.<\/p>\n<p><span style=\"color: #ff9900;\">LA M\u00c1S DURA PLATAFORMA DE ACERO DEL MERCADO<\/span><br \/>\nAfrontar las condiciones m\u00e1s dif\u00edciles con el \u00fanico triple 7 de la industria: una plataforma de corte de calibre 7 con refuerzos superior e inferior de calibre 7.<\/td>\n<\/tr>\n<\/tbody>\n<\/table>\n<p>&nbsp;<\/p>\n<p style=\"text-align: center;\"><span style=\"color: #ff6600;\"><strong>DURABILIDAD:<\/strong><\/span><br \/>\nBase frontal redondeado de 6 mm.<br \/>\nRefuerzo lateral en acero de 8 mm.<\/p>\n<p style=\"text-align: center;\"><span style=\"color: #ff6600;\"><strong>CALIDAD DE CORTE:<\/strong><\/span><br \/>\nDeflector lateral de ancho flexible<br \/>\nCuchillas de alta calidad Marbain\u00ae (velocidad de punta de cuchilla hasta 18.500 fpm).<br \/>\nRodillo de arrastre trasero ajustable<\/p>\n<p style=\"text-align: center;\"><strong><span style=\"color: #ff6600;\">C\u00d3MODO: <\/span><\/strong><\/p>\n<p style=\"text-align: center;\">Butaca de gran respaldo con suspensi\u00f3n y antideslizante para evitar la fatiga en el trabajo.<\/p>\n<p style=\"text-align: center;\"><span style=\"color: #ff6600;\"><strong>M\u00c1XIMA EFICIENCIA:\u00a0<\/strong><\/span><\/p>\n<p style=\"text-align: center;\">25% menos de consumo de combustible con los nuevos motores de inyecci\u00f3n (EFI).<\/p>\n<p style=\"text-align: center;\"><span style=\"color: #ff6600;\"><strong>ROBUSTO Y POTENTE:<\/strong><\/span><\/p>\n<p style=\"text-align: center;\">122 cm. de ancho de corte con plataforma mecanosoldada.<\/p>\n<table class=\"woocommerce-product-attributes shop_attributes\">\n<tbody>\n<tr class=\"woocommerce-product-attributes-item woocommerce-product-attributes-item--attribute_ancho-de-corte\">\n<th class=\"woocommerce-product-attributes-item__label\">Ancho de corte:<\/th>\n<td class=\"woocommerce-product-attributes-item__value\">122 cm.<\/td>\n<\/tr>\n<tr class=\"woocommerce-product-attributes-item woocommerce-product-attributes-item--attribute_%c3%a1rea-m%c3%a1xima\">\n<th class=\"woocommerce-product-attributes-item__label\">\u00c1rea m\u00e1xima:<\/th>\n<td class=\"woocommerce-product-attributes-item__value\">12.000 m2\/h.<\/td>\n<\/tr>\n<tr class=\"woocommerce-product-attributes-item woocommerce-product-attributes-item--attribute_cap-recogedor\">\n<th class=\"woocommerce-product-attributes-item__label\">Cap. recogedor:<\/th>\n<td class=\"woocommerce-product-attributes-item__value\">Descarga lateral<\/td>\n<\/tr>\n<tr class=\"woocommerce-product-attributes-item woocommerce-product-attributes-item--attribute_motor\">\n<th class=\"woocommerce-product-attributes-item__label\">Motor:<\/th>\n<td class=\"woocommerce-product-attributes-item__value\">KOHLER Confidant EFI EZT 740<\/td>\n<\/tr>\n<tr class=\"woocommerce-product-attributes-item woocommerce-product-attributes-item--attribute_cilindrada\">\n<th class=\"woocommerce-product-attributes-item__label\">Cilindrada:<\/th>\n<td class=\"woocommerce-product-attributes-item__value\">747 cc.<\/td>\n<\/tr>\n<tr class=\"woocommerce-product-attributes-item woocommerce-product-attributes-item--attribute_tracci%c3%b3n\">\n<th class=\"woocommerce-product-attributes-item__label\">Tracci\u00f3n:<\/th>\n<td class=\"woocommerce-product-attributes-item__value\">Dual Hidrost\u00e1tica<\/td>\n<\/tr>\n<tr class=\"woocommerce-product-attributes-item woocommerce-product-attributes-item--attribute_altura-de-corte\">\n<th class=\"woocommerce-product-attributes-item__label\">Altura de corte:<\/th>\n<td class=\"woocommerce-product-attributes-item__value\">17 posiciones<\/td>\n<\/tr>\n<\/tbody>\n<\/table>\n","protected":false},"excerpt":{"rendered":"<p>LA PRUEBA EST\u00c1 EN EL USO PROFESIONAL. Para nuestra nueva l\u00ednea PRO Z, hicimos solo algunas actualizaciones. Hemos fabricado nuestra gama cortac\u00e9sped todav\u00eda m\u00e1s dura y eficiente. De hecho dimos nuestros PRO Z a 100 jardineros profesionales a lo ancho del pa\u00eds y se les pidi\u00f3 a cada uno de ellos que los pusieran a [&hellip;]<\/p>\n","protected":false},"featured_media":286,"comment_status":"open","ping_status":"closed","template":"","meta":{"ocean_front_end_style_editor":"no","ocean_post_layout":"","ocean_both_sidebars_style":"","ocean_both_sidebars_content_width":0,"ocean_both_sidebars_sidebars_width":0,"ocean_sidebar":"0","ocean_second_sidebar":"0","ocean_disable_margins":"enable","ocean_add_body_class":"","ocean_shortcode_before_top_bar":"","ocean_shortcode_after_top_bar":"","ocean_shortcode_before_header":"","ocean_shortcode_after_header":"","ocean_has_shortcode":"","ocean_shortcode_after_title":"","ocean_shortcode_before_footer_widgets":"","ocean_shortcode_after_footer_widgets":"","ocean_shortcode_before_footer_bottom":"","ocean_shortcode_after_footer_bottom":"","ocean_display_top_bar":"default","ocean_display_header":"default","ocean_header_style":"","ocean_center_header_left_menu":"0","ocean_custom_header_template":"0","ocean_custom_logo":0,"ocean_custom_retina_logo":0,"ocean_custom_logo_max_width":0,"ocean_custom_logo_tablet_max_width":0,"ocean_custom_logo_mobile_max_width":0,"ocean_custom_logo_max_height":0,"ocean_custom_logo_tablet_max_height":0,"ocean_custom_logo_mobile_max_height":0,"ocean_header_custom_menu":"0","ocean_menu_typo_font_family":"0","ocean_menu_typo_font_subset":"","ocean_menu_typo_font_size":0,"ocean_menu_typo_font_size_tablet":0,"ocean_menu_typo_font_size_mobile":0,"ocean_menu_typo_font_size_unit":"px","ocean_menu_typo_font_weight":"","ocean_menu_typo_font_weight_tablet":"","ocean_menu_typo_font_weight_mobile":"","ocean_menu_typo_transform":"","ocean_menu_typo_transform_tablet":"","ocean_menu_typo_transform_mobile":"","ocean_menu_typo_line_height":0,"ocean_menu_typo_line_height_tablet":0,"ocean_menu_typo_line_height_mobile":0,"ocean_menu_typo_line_height_unit":"","ocean_menu_typo_spacing":0,"ocean_menu_typo_spacing_tablet":0,"ocean_menu_typo_spacing_mobile":0,"ocean_menu_typo_spacing_unit":"","ocean_menu_link_color":"","ocean_menu_link_color_hover":"","ocean_menu_link_color_active":"","ocean_menu_link_background":"","ocean_menu_link_hover_background":"","ocean_menu_link_active_background":"","ocean_menu_social_links_bg":"","ocean_menu_social_hover_links_bg":"","ocean_menu_social_links_color":"","ocean_menu_social_hover_links_color":"","ocean_disable_title":"default","ocean_disable_heading":"default","ocean_post_title":"","ocean_post_subheading":"","ocean_post_title_style":"","ocean_post_title_background_color":"","ocean_post_title_background":0,"ocean_post_title_bg_image_position":"","ocean_post_title_bg_image_attachment":"","ocean_post_title_bg_image_repeat":"","ocean_post_title_bg_image_size":"","ocean_post_title_height":0,"ocean_post_title_bg_overlay":0.5,"ocean_post_title_bg_overlay_color":"","ocean_disable_breadcrumbs":"default","ocean_breadcrumbs_color":"","ocean_breadcrumbs_separator_color":"","ocean_breadcrumbs_links_color":"","ocean_breadcrumbs_links_hover_color":"","ocean_display_footer_widgets":"default","ocean_display_footer_bottom":"default","ocean_custom_footer_template":"0"},"product_cat":[40,27,47,119,36,220],"product_tag":[53,63,51,77],"yoast_head":"<!-- This site is optimized with the Yoast SEO plugin v21.2 - https:\/\/yoast.com\/wordpress\/plugins\/seo\/ -->\n<title>Z1-122 - ArroyoLorca<\/title>\n<meta name=\"robots\" content=\"index, follow, max-snippet:-1, max-image-preview:large, max-video-preview:-1\" \/>\n<link rel=\"canonical\" href=\"https:\/\/arroyolorca.es\/index.php\/product\/z1-122\/\" \/>\n<meta property=\"og:locale\" content=\"es_ES\" \/>\n<meta property=\"og:type\" content=\"article\" \/>\n<meta property=\"og:title\" content=\"Z1-122 - ArroyoLorca\" \/>\n<meta property=\"og:description\" content=\"LA PRUEBA EST\u00c1 EN EL USO PROFESIONAL. Para nuestra nueva l\u00ednea PRO Z, hicimos solo algunas actualizaciones. Hemos fabricado nuestra gama cortac\u00e9sped todav\u00eda m\u00e1s dura y eficiente. De hecho dimos nuestros PRO Z a 100 jardineros profesionales a lo ancho del pa\u00eds y se les pidi\u00f3 a cada uno de ellos que los pusieran a [&hellip;]\" \/>\n<meta property=\"og:url\" content=\"https:\/\/arroyolorca.es\/index.php\/product\/z1-122\/\" \/>\n<meta property=\"og:site_name\" content=\"ArroyoLorca\" \/>\n<meta property=\"article:modified_time\" content=\"2023-11-01T09:06:16+00:00\" \/>\n<meta property=\"og:image\" content=\"https:\/\/arroyolorca.es\/wp-content\/uploads\/2022\/09\/Z1-122_P10_2018_01_53RWEHRF603-2.jpg\" \/>\n\t<meta property=\"og:image:width\" content=\"1000\" \/>\n\t<meta property=\"og:image:height\" content=\"1000\" \/>\n\t<meta property=\"og:image:type\" content=\"image\/jpeg\" \/>\n<meta name=\"twitter:card\" content=\"summary_large_image\" \/>\n<meta name=\"twitter:label1\" content=\"Tiempo de lectura\" \/>\n\t<meta name=\"twitter:data1\" content=\"3 minutos\" \/>\n<script type=\"application\/ld+json\" class=\"yoast-schema-graph\">{\"@context\":\"https:\/\/schema.org\",\"@graph\":[{\"@type\":\"WebPage\",\"@id\":\"https:\/\/arroyolorca.es\/index.php\/product\/z1-122\/\",\"url\":\"https:\/\/arroyolorca.es\/index.php\/product\/z1-122\/\",\"name\":\"Z1-122 - ArroyoLorca\",\"isPartOf\":{\"@id\":\"https:\/\/arroyolorca.es\/#website\"},\"datePublished\":\"2022-09-01T18:29:47+00:00\",\"dateModified\":\"2023-11-01T09:06:16+00:00\",\"breadcrumb\":{\"@id\":\"https:\/\/arroyolorca.es\/index.php\/product\/z1-122\/#breadcrumb\"},\"inLanguage\":\"es\",\"potentialAction\":[{\"@type\":\"ReadAction\",\"target\":[\"https:\/\/arroyolorca.es\/index.php\/product\/z1-122\/\"]}]},{\"@type\":\"BreadcrumbList\",\"@id\":\"https:\/\/arroyolorca.es\/index.php\/product\/z1-122\/#breadcrumb\",\"itemListElement\":[{\"@type\":\"ListItem\",\"position\":1,\"name\":\"Home\",\"item\":\"https:\/\/arroyolorca.es\/\"},{\"@type\":\"ListItem\",\"position\":2,\"name\":\"Shop\",\"item\":\"https:\/\/arroyolorca.es\/index.php\/shop\/\"},{\"@type\":\"ListItem\",\"position\":3,\"name\":\"Z1-122\"}]},{\"@type\":\"WebSite\",\"@id\":\"https:\/\/arroyolorca.es\/#website\",\"url\":\"https:\/\/arroyolorca.es\/\",\"name\":\"ArroyoLorca\",\"description\":\"Maquimaria Agr\u00edcola, Jardines y trabajos forestales\",\"publisher\":{\"@id\":\"https:\/\/arroyolorca.es\/#organization\"},\"potentialAction\":[{\"@type\":\"SearchAction\",\"target\":{\"@type\":\"EntryPoint\",\"urlTemplate\":\"https:\/\/arroyolorca.es\/?s={search_term_string}\"},\"query-input\":\"required name=search_term_string\"}],\"inLanguage\":\"es\"},{\"@type\":\"Organization\",\"@id\":\"https:\/\/arroyolorca.es\/#organization\",\"name\":\"ArroyoLorca\",\"url\":\"https:\/\/arroyolorca.es\/\",\"logo\":{\"@type\":\"ImageObject\",\"inLanguage\":\"es\",\"@id\":\"https:\/\/arroyolorca.es\/#\/schema\/logo\/image\/\",\"url\":\"https:\/\/arroyolorca.es\/wp-content\/uploads\/2023\/04\/logo_cabecera-1.png\",\"contentUrl\":\"https:\/\/arroyolorca.es\/wp-content\/uploads\/2023\/04\/logo_cabecera-1.png\",\"width\":450,\"height\":119,\"caption\":\"ArroyoLorca\"},\"image\":{\"@id\":\"https:\/\/arroyolorca.es\/#\/schema\/logo\/image\/\"}}]}<\/script>\n<!-- \/ Yoast SEO plugin. -->","yoast_head_json":{"title":"Z1-122 - ArroyoLorca","robots":{"index":"index","follow":"follow","max-snippet":"max-snippet:-1","max-image-preview":"max-image-preview:large","max-video-preview":"max-video-preview:-1"},"canonical":"https:\/\/arroyolorca.es\/index.php\/product\/z1-122\/","og_locale":"es_ES","og_type":"article","og_title":"Z1-122 - ArroyoLorca","og_description":"LA PRUEBA EST\u00c1 EN EL USO PROFESIONAL. Para nuestra nueva l\u00ednea PRO Z, hicimos solo algunas actualizaciones. Hemos fabricado nuestra gama cortac\u00e9sped todav\u00eda m\u00e1s dura y eficiente. De hecho dimos nuestros PRO Z a 100 jardineros profesionales a lo ancho del pa\u00eds y se les pidi\u00f3 a cada uno de ellos que los pusieran a [&hellip;]","og_url":"https:\/\/arroyolorca.es\/index.php\/product\/z1-122\/","og_site_name":"ArroyoLorca","article_modified_time":"2023-11-01T09:06:16+00:00","og_image":[{"width":1000,"height":1000,"url":"https:\/\/arroyolorca.es\/wp-content\/uploads\/2022\/09\/Z1-122_P10_2018_01_53RWEHRF603-2.jpg","type":"image\/jpeg"}],"twitter_card":"summary_large_image","twitter_misc":{"Tiempo de lectura":"3 minutos"},"schema":{"@context":"https:\/\/schema.org","@graph":[{"@type":"WebPage","@id":"https:\/\/arroyolorca.es\/index.php\/product\/z1-122\/","url":"https:\/\/arroyolorca.es\/index.php\/product\/z1-122\/","name":"Z1-122 - ArroyoLorca","isPartOf":{"@id":"https:\/\/arroyolorca.es\/#website"},"datePublished":"2022-09-01T18:29:47+00:00","dateModified":"2023-11-01T09:06:16+00:00","breadcrumb":{"@id":"https:\/\/arroyolorca.es\/index.php\/product\/z1-122\/#breadcrumb"},"inLanguage":"es","potentialAction":[{"@type":"ReadAction","target":["https:\/\/arroyolorca.es\/index.php\/product\/z1-122\/"]}]},{"@type":"BreadcrumbList","@id":"https:\/\/arroyolorca.es\/index.php\/product\/z1-122\/#breadcrumb","itemListElement":[{"@type":"ListItem","position":1,"name":"Home","item":"https:\/\/arroyolorca.es\/"},{"@type":"ListItem","position":2,"name":"Shop","item":"https:\/\/arroyolorca.es\/index.php\/shop\/"},{"@type":"ListItem","position":3,"name":"Z1-122"}]},{"@type":"WebSite","@id":"https:\/\/arroyolorca.es\/#website","url":"https:\/\/arroyolorca.es\/","name":"ArroyoLorca","description":"Maquimaria Agr\u00edcola, Jardines y trabajos forestales","publisher":{"@id":"https:\/\/arroyolorca.es\/#organization"},"potentialAction":[{"@type":"SearchAction","target":{"@type":"EntryPoint","urlTemplate":"https:\/\/arroyolorca.es\/?s={search_term_string}"},"query-input":"required name=search_term_string"}],"inLanguage":"es"},{"@type":"Organization","@id":"https:\/\/arroyolorca.es\/#organization","name":"ArroyoLorca","url":"https:\/\/arroyolorca.es\/","logo":{"@type":"ImageObject","inLanguage":"es","@id":"https:\/\/arroyolorca.es\/#\/schema\/logo\/image\/","url":"https:\/\/arroyolorca.es\/wp-content\/uploads\/2023\/04\/logo_cabecera-1.png","contentUrl":"https:\/\/arroyolorca.es\/wp-content\/uploads\/2023\/04\/logo_cabecera-1.png","width":450,"height":119,"caption":"ArroyoLorca"},"image":{"@id":"https:\/\/arroyolorca.es\/#\/schema\/logo\/image\/"}}]}},"_links":{"self":[{"href":"https:\/\/arroyolorca.es\/index.php\/wp-json\/wp\/v2\/product\/283"}],"collection":[{"href":"https:\/\/arroyolorca.es\/index.php\/wp-json\/wp\/v2\/product"}],"about":[{"href":"https:\/\/arroyolorca.es\/index.php\/wp-json\/wp\/v2\/types\/product"}],"replies":[{"embeddable":true,"href":"https:\/\/arroyolorca.es\/index.php\/wp-json\/wp\/v2\/comments?post=283"}],"wp:featuredmedia":[{"embeddable":true,"href":"https:\/\/arroyolorca.es\/index.php\/wp-json\/wp\/v2\/media\/286"}],"wp:attachment":[{"href":"https:\/\/arroyolorca.es\/index.php\/wp-json\/wp\/v2\/media?parent=283"}],"wp:term":[{"taxonomy":"product_cat","embeddable":true,"href":"https:\/\/arroyolorca.es\/index.php\/wp-json\/wp\/v2\/product_cat?post=283"},{"taxonomy":"product_tag","embeddable":true,"href":"https:\/\/arroyolorca.es\/index.php\/wp-json\/wp\/v2\/product_tag?post=283"}],"curies":[{"name":"wp","href":"https:\/\/api.w.org\/{rel}","templated":true}]}}