{"id":300,"date":"2022-09-08T17:36:40","date_gmt":"2022-09-08T16:36:40","guid":{"rendered":"https:\/\/arroyolorca.es\/?post_type=product&#038;p=300"},"modified":"2023-11-01T10:06:14","modified_gmt":"2023-11-01T09:06:14","slug":"hre-370","status":"publish","type":"product","link":"https:\/\/arroyolorca.es\/index.php\/product\/hre-370\/","title":{"rendered":"HRE-370"},"content":{"rendered":"<div id=\"short_description_block\">\n<div id=\"short_description_content\" class=\"rte align_justify\">\n<p>Cortac\u00e9sped el\u00e9ctrico Honda HRE370, econ\u00f3mico, f\u00e1cil y ligero, para jardines peque\u00f1os. Con portacables, cuchilla inteligente y protecci\u00f3n contra sobre calentamiento.<\/p>\n<div class=\"panel-heading\">\n<h4 class=\"panel-title\"><a class=\"accordion-toggle\" role=\"button\" href=\"https:\/\/www.hondaencasa.com\/cortacespedes-electricos\/29-cortacesped-hre-370-8435285112896.html#tab_ficha_tecnica\" data-toggle=\"collapse\" aria-expanded=\"true\">Ficha t\u00e9cnica<i class=\"fa-pts fa-pts-minus-circle\"><\/i><\/a><\/h4>\n<\/div>\n<div id=\"tab_ficha_tecnica\" class=\"tab_element__313m0 panel-collapse in\" role=\"tabpanel\">\n<div class=\"panel-body rte\">\n<div class=\"tab_content\">\n<table class=\"table-data-sheet\">\n<tbody>\n<tr class=\"odd\">\n<td>Tipo de motor<\/td>\n<td>El\u00e9ctrico<\/td>\n<\/tr>\n<tr class=\"even\">\n<td>Potencia motor<\/td>\n<td>1.300 W<\/td>\n<\/tr>\n<tr class=\"odd\">\n<td>Arranque<\/td>\n<td>Interruptor<\/td>\n<\/tr>\n<tr class=\"even\">\n<td>Dispositivo de seguridad<\/td>\n<td>Paro motor<\/td>\n<\/tr>\n<tr class=\"odd\">\n<td>Avance<\/td>\n<td>Manual<\/td>\n<\/tr>\n<tr class=\"even\">\n<td>Manillar<\/td>\n<td>Plegable<\/td>\n<\/tr>\n<tr class=\"odd\">\n<td>Alturas de corte<\/td>\n<td>5 (1,8-6,5 cm)<\/td>\n<\/tr>\n<tr class=\"even\">\n<td>Ancho de corte<\/td>\n<td>37 cm<\/td>\n<\/tr>\n<tr class=\"odd\">\n<td>Bolsa recogedor<\/td>\n<td>Tela (35 litros)<\/td>\n<\/tr>\n<tr class=\"even\">\n<td>Capacidad de trabajo<\/td>\n<td>250 m\u00b2\/h &#8211; Seg\u00fan \u00e1rea a cortar<\/td>\n<\/tr>\n<tr class=\"odd\">\n<td>Superficie aconsejable de trabajo<\/td>\n<td>300 m\u00b2<\/td>\n<\/tr>\n<tr class=\"even\">\n<td>Material chasis<\/td>\n<td>Polipropileno<\/td>\n<\/tr>\n<tr class=\"odd\">\n<td>Altura<\/td>\n<td>101,7 cm<\/td>\n<\/tr>\n<tr class=\"even\">\n<td>Longitud<\/td>\n<td>110,5 cm<\/td>\n<\/tr>\n<tr class=\"odd\">\n<td>Anchura<\/td>\n<td>46,3 cm<\/td>\n<\/tr>\n<tr class=\"even\">\n<td>Peso (en seco)<\/td>\n<td>15,0 Kgr<\/td>\n<\/tr>\n<\/tbody>\n<\/table>\n<\/div>\n<\/div>\n<\/div>\n<\/div>\n<\/div>\n<h3 style=\"text-align: center;\"><span style=\"color: #ff0000;\">El mejor cortac\u00e9sped para cada jard\u00edn<\/span><\/h3>\n<p style=\"text-align: justify;\">Tener un c\u00e9sped limpio, sano y bien cortado no es complicado. La clave est\u00e1 en un buen cortac\u00e9sped y la ilusi\u00f3n por mantener tu jard\u00edn perfecto. Honda re\u00fane todos estos aspectos en la mejor gama de cortac\u00e9spedes disponibles hoy d\u00eda en el mercado. La tecnolog\u00eda exclusiva de la marca siempre est\u00e1 presente en su interior y en la calidad de sus dise\u00f1os y acabados.<\/p>\n<p style=\"text-align: justify;\">Los cortac\u00e9spedes Honda marcan la diferencia por su tecnolog\u00eda, prestaciones y dise\u00f1o innovador. Los mejores materiales y las caracter\u00edsticas m\u00e1s innovadoras, siempre pensando en hacer la vida m\u00e1s f\u00e1cil. Honda es la marca n\u00famero 1 de jardiner\u00eda en Europa y cuenta con miles de felices usuarios, satisfechos con su elecci\u00f3n. No lo dudes y forma parte del club.<\/p>\n<h3 style=\"text-align: center;\"><span style=\"color: #ff0000;\">Calidad y dise\u00f1o inconfundible<\/span><\/h3>\n<p style=\"text-align: justify;\">Tener un jard\u00edn peque\u00f1o y poco tiempo para cuidarlo no es excusa para no tenerlo perfecto. La gama el\u00e9ctrica de Honda es la soluci\u00f3n ideal para aquellos usuarios que por las dimensiones de su jard\u00edn prefieren una m\u00e1quina m\u00e1s reducida, ligera y econ\u00f3mica. Porque aunque tu jard\u00edn sea de peque\u00f1as dimensiones, tambi\u00e9n se merece lo mejor.<\/p>\n<p style=\"text-align: justify;\">Rel\u00e1jate en el jard\u00edn y disfruta del \u00fanico cortac\u00e9sped el\u00e9ctrico de su categor\u00eda que te ofrece la potencia necesaria con un motor Honda el\u00e9ctrico y dos a\u00f1os de garant\u00eda. Ofrece un aspecto totalmente renovado, con unas l\u00edneas din\u00e1micas y un look moderno y aerodin\u00e1mico, que lo hace inconfundiblemente Honda. Carcasa de ABS resistente a los golpes, a los rayos UV y a la abrasi\u00f3n.<\/p>\n<h3 style=\"text-align: center;\"><span style=\"color: #ff0000;\">Recogida inmejorable<\/span><\/h3>\n<p style=\"text-align: justify;\">El cortac\u00e9sped el\u00e9ctrico Honda HRE370 ofrece una excelente calidad de corte y recogida, con una capacidad de ensacado del c\u00e9sped excelente (95%), gracias a una nueva cuchilla y un ventilador que mejora el flujo del aire, combinado con un dise\u00f1o optimizado de la carcasa de corte. La nueva forma de la cuchilla tambi\u00e9n reduce el nivel sonoro y la hace m\u00e1s robusta y segura. La capacidad de la bolsa de tela es imponente y la capacidad de llenado excelente.<\/p>\n<p style=\"text-align: justify;\">La clave para la correcta recogida de la hierba es un flujo de aire potente y controlado. El Honda Optiflow es un sistema que combina una poderosa succi\u00f3n controlada con una suave turbulencia con lo que las p\u00e9rdidas de energ\u00eda se reducen al m\u00ednimo, al igual que el nivel de ruido y la acumulaci\u00f3n de hierba en la carcasa. Un ventilador fijado sobre la cuchilla del cortac\u00e9sped aspira aire desde la parte superior del motor evitado su calentamiento. Esta corriente de aire impulsa la hierba cortada a la bolsa, resultando un nivel de recogida nunca superado en un cortac\u00e9sped el\u00e9ctrico.<\/p>\n<h3 style=\"text-align: center;\"><span style=\"color: #ff0000;\">M\u00e1xima comodidad de uso<\/span><\/h3>\n<p style=\"text-align: justify;\">La ergonom\u00eda tambi\u00e9n se ha mejorado significativamente respecto a los anteriores modelos de cortac\u00e9spedes el\u00e9ctricos Honda. Se ha a\u00f1adido un asa para facilitar el transporte, as\u00ed como un nuevo interruptor m\u00e1s confortable que puede accionarse con ambas manos. Adem\u00e1s, los cables quedan recogidos con un nuevo soporte, alej\u00e1ndolos de la cuchilla. Es una m\u00e1quina muy ligera y por lo tanto, muy f\u00e1cil de utilizar.<\/p>\n<p style=\"text-align: justify;\">El cortac\u00e9sped el\u00e9ctrico Honda HRE370 incorpora un portacables de dise\u00f1o inteligente que libera la tensi\u00f3n del cable. Igualmente, impide que se pueda cortar mientras se trabaja y que el usuario pueda tropezar con \u00e9l.<\/p>\n<h3 style=\"text-align: center;\"><span style=\"color: #ff0000;\">La seguridad como prioridad<\/span><\/h3>\n<p style=\"text-align: justify;\">Las m\u00e1quinas Honda destacan siempre por la seguridad que aportan al usuario. En el caso del cortac\u00e9sped el\u00e9ctrico HRE370, la cuchilla est\u00e1 fabricada con un material inteligente que se dobla al ser golpeada. De esta manera se evita que se rompa la carcasa o se doble el eje del motor. En caso de golpe, solo se tendr\u00e1 de sustituir la cuchilla.<\/p>\n<p style=\"text-align: justify;\">Tambi\u00e9n incorpora un nuevo interruptor de seguridad, que evita que el motor se queme por sobrecarga si deja de girar la cuchilla o se ve expuesta a condiciones anormales. Un sensor t\u00e9rmico activa el circuito autom\u00e1tico en caso de sobrecalentamiento. Si la cuchilla se detiene de forma repetida, el motor se desactiva, evitando as\u00ed cualquier da\u00f1o permanente. Los niveles de ruido tambi\u00e9n se han reducido, gracias a la incorporaci\u00f3n de nuevas tapas para el motor.<\/p>\n<hr \/>\n","protected":false},"excerpt":{"rendered":"<p>Cortac\u00e9sped el\u00e9ctrico Honda HRE370, econ\u00f3mico, f\u00e1cil y ligero, para jardines peque\u00f1os. Con portacables, cuchilla inteligente y protecci\u00f3n contra sobre calentamiento. Ficha t\u00e9cnica Tipo de motor El\u00e9ctrico Potencia motor 1.300 W Arranque Interruptor Dispositivo de seguridad Paro motor Avance Manual Manillar Plegable Alturas de corte 5 (1,8-6,5 cm) Ancho de corte 37 cm Bolsa recogedor Tela [&hellip;]<\/p>\n","protected":false},"featured_media":301,"comment_status":"open","ping_status":"closed","template":"","meta":{"ocean_front_end_style_editor":"no","ocean_post_layout":"","ocean_both_sidebars_style":"","ocean_both_sidebars_content_width":0,"ocean_both_sidebars_sidebars_width":0,"ocean_sidebar":"0","ocean_second_sidebar":"0","ocean_disable_margins":"enable","ocean_add_body_class":"","ocean_shortcode_before_top_bar":"","ocean_shortcode_after_top_bar":"","ocean_shortcode_before_header":"","ocean_shortcode_after_header":"","ocean_has_shortcode":"","ocean_shortcode_after_title":"","ocean_shortcode_before_footer_widgets":"","ocean_shortcode_after_footer_widgets":"","ocean_shortcode_before_footer_bottom":"","ocean_shortcode_after_footer_bottom":"","ocean_display_top_bar":"default","ocean_display_header":"default","ocean_header_style":"","ocean_center_header_left_menu":"0","ocean_custom_header_template":"0","ocean_custom_logo":0,"ocean_custom_retina_logo":0,"ocean_custom_logo_max_width":0,"ocean_custom_logo_tablet_max_width":0,"ocean_custom_logo_mobile_max_width":0,"ocean_custom_logo_max_height":0,"ocean_custom_logo_tablet_max_height":0,"ocean_custom_logo_mobile_max_height":0,"ocean_header_custom_menu":"0","ocean_menu_typo_font_family":"0","ocean_menu_typo_font_subset":"","ocean_menu_typo_font_size":0,"ocean_menu_typo_font_size_tablet":0,"ocean_menu_typo_font_size_mobile":0,"ocean_menu_typo_font_size_unit":"px","ocean_menu_typo_font_weight":"","ocean_menu_typo_font_weight_tablet":"","ocean_menu_typo_font_weight_mobile":"","ocean_menu_typo_transform":"","ocean_menu_typo_transform_tablet":"","ocean_menu_typo_transform_mobile":"","ocean_menu_typo_line_height":0,"ocean_menu_typo_line_height_tablet":0,"ocean_menu_typo_line_height_mobile":0,"ocean_menu_typo_line_height_unit":"","ocean_menu_typo_spacing":0,"ocean_menu_typo_spacing_tablet":0,"ocean_menu_typo_spacing_mobile":0,"ocean_menu_typo_spacing_unit":"","ocean_menu_link_color":"","ocean_menu_link_color_hover":"","ocean_menu_link_color_active":"","ocean_menu_link_background":"","ocean_menu_link_hover_background":"","ocean_menu_link_active_background":"","ocean_menu_social_links_bg":"","ocean_menu_social_hover_links_bg":"","ocean_menu_social_links_color":"","ocean_menu_social_hover_links_color":"","ocean_disable_title":"default","ocean_disable_heading":"default","ocean_post_title":"","ocean_post_subheading":"","ocean_post_title_style":"","ocean_post_title_background_color":"","ocean_post_title_background":0,"ocean_post_title_bg_image_position":"","ocean_post_title_bg_image_attachment":"","ocean_post_title_bg_image_repeat":"","ocean_post_title_bg_image_size":"","ocean_post_title_height":0,"ocean_post_title_bg_overlay":0.5,"ocean_post_title_bg_overlay_color":"","ocean_disable_breadcrumbs":"default","ocean_breadcrumbs_color":"","ocean_breadcrumbs_separator_color":"","ocean_breadcrumbs_links_color":"","ocean_breadcrumbs_links_hover_color":"","ocean_display_footer_widgets":"default","ocean_display_footer_bottom":"default","ocean_custom_footer_template":"0"},"product_cat":[40,218,78,48,107],"product_tag":[53,75,79],"yoast_head":"<!-- This site is optimized with the Yoast SEO plugin v21.2 - https:\/\/yoast.com\/wordpress\/plugins\/seo\/ -->\n<title>HRE-370 - ArroyoLorca<\/title>\n<meta name=\"robots\" content=\"index, follow, max-snippet:-1, max-image-preview:large, max-video-preview:-1\" \/>\n<link rel=\"canonical\" href=\"https:\/\/arroyolorca.es\/index.php\/product\/hre-370\/\" \/>\n<meta property=\"og:locale\" content=\"es_ES\" \/>\n<meta property=\"og:type\" content=\"article\" \/>\n<meta property=\"og:title\" content=\"HRE-370 - ArroyoLorca\" \/>\n<meta property=\"og:description\" content=\"Cortac\u00e9sped el\u00e9ctrico Honda HRE370, econ\u00f3mico, f\u00e1cil y ligero, para jardines peque\u00f1os. Con portacables, cuchilla inteligente y protecci\u00f3n contra sobre calentamiento. Ficha t\u00e9cnica Tipo de motor El\u00e9ctrico Potencia motor 1.300 W Arranque Interruptor Dispositivo de seguridad Paro motor Avance Manual Manillar Plegable Alturas de corte 5 (1,8-6,5 cm) Ancho de corte 37 cm Bolsa recogedor Tela [&hellip;]\" \/>\n<meta property=\"og:url\" content=\"https:\/\/arroyolorca.es\/index.php\/product\/hre-370\/\" \/>\n<meta property=\"og:site_name\" content=\"ArroyoLorca\" \/>\n<meta property=\"article:modified_time\" content=\"2023-11-01T09:06:14+00:00\" \/>\n<meta property=\"og:image\" content=\"https:\/\/arroyolorca.es\/wp-content\/uploads\/2022\/09\/2318.jpg\" \/>\n\t<meta property=\"og:image:width\" content=\"1200\" \/>\n\t<meta property=\"og:image:height\" content=\"1200\" \/>\n\t<meta property=\"og:image:type\" content=\"image\/jpeg\" \/>\n<meta name=\"twitter:card\" content=\"summary_large_image\" \/>\n<meta name=\"twitter:label1\" content=\"Tiempo de lectura\" \/>\n\t<meta name=\"twitter:data1\" content=\"4 minutos\" \/>\n<script type=\"application\/ld+json\" class=\"yoast-schema-graph\">{\"@context\":\"https:\/\/schema.org\",\"@graph\":[{\"@type\":\"WebPage\",\"@id\":\"https:\/\/arroyolorca.es\/index.php\/product\/hre-370\/\",\"url\":\"https:\/\/arroyolorca.es\/index.php\/product\/hre-370\/\",\"name\":\"HRE-370 - ArroyoLorca\",\"isPartOf\":{\"@id\":\"https:\/\/arroyolorca.es\/#website\"},\"datePublished\":\"2022-09-08T16:36:40+00:00\",\"dateModified\":\"2023-11-01T09:06:14+00:00\",\"breadcrumb\":{\"@id\":\"https:\/\/arroyolorca.es\/index.php\/product\/hre-370\/#breadcrumb\"},\"inLanguage\":\"es\",\"potentialAction\":[{\"@type\":\"ReadAction\",\"target\":[\"https:\/\/arroyolorca.es\/index.php\/product\/hre-370\/\"]}]},{\"@type\":\"BreadcrumbList\",\"@id\":\"https:\/\/arroyolorca.es\/index.php\/product\/hre-370\/#breadcrumb\",\"itemListElement\":[{\"@type\":\"ListItem\",\"position\":1,\"name\":\"Home\",\"item\":\"https:\/\/arroyolorca.es\/\"},{\"@type\":\"ListItem\",\"position\":2,\"name\":\"Shop\",\"item\":\"https:\/\/arroyolorca.es\/index.php\/shop\/\"},{\"@type\":\"ListItem\",\"position\":3,\"name\":\"HRE-370\"}]},{\"@type\":\"WebSite\",\"@id\":\"https:\/\/arroyolorca.es\/#website\",\"url\":\"https:\/\/arroyolorca.es\/\",\"name\":\"ArroyoLorca\",\"description\":\"Maquimaria Agr\u00edcola, Jardines y trabajos forestales\",\"publisher\":{\"@id\":\"https:\/\/arroyolorca.es\/#organization\"},\"potentialAction\":[{\"@type\":\"SearchAction\",\"target\":{\"@type\":\"EntryPoint\",\"urlTemplate\":\"https:\/\/arroyolorca.es\/?s={search_term_string}\"},\"query-input\":\"required name=search_term_string\"}],\"inLanguage\":\"es\"},{\"@type\":\"Organization\",\"@id\":\"https:\/\/arroyolorca.es\/#organization\",\"name\":\"ArroyoLorca\",\"url\":\"https:\/\/arroyolorca.es\/\",\"logo\":{\"@type\":\"ImageObject\",\"inLanguage\":\"es\",\"@id\":\"https:\/\/arroyolorca.es\/#\/schema\/logo\/image\/\",\"url\":\"https:\/\/arroyolorca.es\/wp-content\/uploads\/2023\/04\/logo_cabecera-1.png\",\"contentUrl\":\"https:\/\/arroyolorca.es\/wp-content\/uploads\/2023\/04\/logo_cabecera-1.png\",\"width\":450,\"height\":119,\"caption\":\"ArroyoLorca\"},\"image\":{\"@id\":\"https:\/\/arroyolorca.es\/#\/schema\/logo\/image\/\"}}]}<\/script>\n<!-- \/ Yoast SEO plugin. -->","yoast_head_json":{"title":"HRE-370 - ArroyoLorca","robots":{"index":"index","follow":"follow","max-snippet":"max-snippet:-1","max-image-preview":"max-image-preview:large","max-video-preview":"max-video-preview:-1"},"canonical":"https:\/\/arroyolorca.es\/index.php\/product\/hre-370\/","og_locale":"es_ES","og_type":"article","og_title":"HRE-370 - ArroyoLorca","og_description":"Cortac\u00e9sped el\u00e9ctrico Honda HRE370, econ\u00f3mico, f\u00e1cil y ligero, para jardines peque\u00f1os. Con portacables, cuchilla inteligente y protecci\u00f3n contra sobre calentamiento. Ficha t\u00e9cnica Tipo de motor El\u00e9ctrico Potencia motor 1.300 W Arranque Interruptor Dispositivo de seguridad Paro motor Avance Manual Manillar Plegable Alturas de corte 5 (1,8-6,5 cm) Ancho de corte 37 cm Bolsa recogedor Tela [&hellip;]","og_url":"https:\/\/arroyolorca.es\/index.php\/product\/hre-370\/","og_site_name":"ArroyoLorca","article_modified_time":"2023-11-01T09:06:14+00:00","og_image":[{"width":1200,"height":1200,"url":"https:\/\/arroyolorca.es\/wp-content\/uploads\/2022\/09\/2318.jpg","type":"image\/jpeg"}],"twitter_card":"summary_large_image","twitter_misc":{"Tiempo de lectura":"4 minutos"},"schema":{"@context":"https:\/\/schema.org","@graph":[{"@type":"WebPage","@id":"https:\/\/arroyolorca.es\/index.php\/product\/hre-370\/","url":"https:\/\/arroyolorca.es\/index.php\/product\/hre-370\/","name":"HRE-370 - ArroyoLorca","isPartOf":{"@id":"https:\/\/arroyolorca.es\/#website"},"datePublished":"2022-09-08T16:36:40+00:00","dateModified":"2023-11-01T09:06:14+00:00","breadcrumb":{"@id":"https:\/\/arroyolorca.es\/index.php\/product\/hre-370\/#breadcrumb"},"inLanguage":"es","potentialAction":[{"@type":"ReadAction","target":["https:\/\/arroyolorca.es\/index.php\/product\/hre-370\/"]}]},{"@type":"BreadcrumbList","@id":"https:\/\/arroyolorca.es\/index.php\/product\/hre-370\/#breadcrumb","itemListElement":[{"@type":"ListItem","position":1,"name":"Home","item":"https:\/\/arroyolorca.es\/"},{"@type":"ListItem","position":2,"name":"Shop","item":"https:\/\/arroyolorca.es\/index.php\/shop\/"},{"@type":"ListItem","position":3,"name":"HRE-370"}]},{"@type":"WebSite","@id":"https:\/\/arroyolorca.es\/#website","url":"https:\/\/arroyolorca.es\/","name":"ArroyoLorca","description":"Maquimaria Agr\u00edcola, Jardines y trabajos forestales","publisher":{"@id":"https:\/\/arroyolorca.es\/#organization"},"potentialAction":[{"@type":"SearchAction","target":{"@type":"EntryPoint","urlTemplate":"https:\/\/arroyolorca.es\/?s={search_term_string}"},"query-input":"required name=search_term_string"}],"inLanguage":"es"},{"@type":"Organization","@id":"https:\/\/arroyolorca.es\/#organization","name":"ArroyoLorca","url":"https:\/\/arroyolorca.es\/","logo":{"@type":"ImageObject","inLanguage":"es","@id":"https:\/\/arroyolorca.es\/#\/schema\/logo\/image\/","url":"https:\/\/arroyolorca.es\/wp-content\/uploads\/2023\/04\/logo_cabecera-1.png","contentUrl":"https:\/\/arroyolorca.es\/wp-content\/uploads\/2023\/04\/logo_cabecera-1.png","width":450,"height":119,"caption":"ArroyoLorca"},"image":{"@id":"https:\/\/arroyolorca.es\/#\/schema\/logo\/image\/"}}]}},"_links":{"self":[{"href":"https:\/\/arroyolorca.es\/index.php\/wp-json\/wp\/v2\/product\/300"}],"collection":[{"href":"https:\/\/arroyolorca.es\/index.php\/wp-json\/wp\/v2\/product"}],"about":[{"href":"https:\/\/arroyolorca.es\/index.php\/wp-json\/wp\/v2\/types\/product"}],"replies":[{"embeddable":true,"href":"https:\/\/arroyolorca.es\/index.php\/wp-json\/wp\/v2\/comments?post=300"}],"wp:featuredmedia":[{"embeddable":true,"href":"https:\/\/arroyolorca.es\/index.php\/wp-json\/wp\/v2\/media\/301"}],"wp:attachment":[{"href":"https:\/\/arroyolorca.es\/index.php\/wp-json\/wp\/v2\/media?parent=300"}],"wp:term":[{"taxonomy":"product_cat","embeddable":true,"href":"https:\/\/arroyolorca.es\/index.php\/wp-json\/wp\/v2\/product_cat?post=300"},{"taxonomy":"product_tag","embeddable":true,"href":"https:\/\/arroyolorca.es\/index.php\/wp-json\/wp\/v2\/product_tag?post=300"}],"curies":[{"name":"wp","href":"https:\/\/api.w.org\/{rel}","templated":true}]}}