{"id":319,"date":"2022-09-08T18:09:48","date_gmt":"2022-09-08T17:09:48","guid":{"rendered":"https:\/\/arroyolorca.es\/?post_type=product&#038;p=319"},"modified":"2023-11-01T10:05:24","modified_gmt":"2023-11-01T09:05:24","slug":"izy-41-s","status":"publish","type":"product","link":"https:\/\/arroyolorca.es\/index.php\/product\/izy-41-s\/","title":{"rendered":"IZY 41 S"},"content":{"rendered":"<p>Cortac\u00e9sped Honda IZY41S muy f\u00e1cil de usar, nuevo motor GCVx145, autopropulsado, mulching opcional, est\u00e1rter autom\u00e1tico, chasis de acero, la mejor calidad de corte y recogida.<\/p>\n<h4><span style=\"color: #808080;\">Ficha t\u00e9cnica<\/span><\/h4>\n<table class=\"table-data-sheet\">\n<tbody>\n<tr class=\"odd\">\n<td>Tipo de motor<\/td>\n<td>GCVx 145<\/td>\n<\/tr>\n<tr class=\"even\">\n<td>Cilindrada<\/td>\n<td>145 cm\u00b3<\/td>\n<\/tr>\n<tr class=\"odd\">\n<td>Potencia motor<\/td>\n<td>3,1 kW (4,2 cv)<\/td>\n<\/tr>\n<tr class=\"even\">\n<td>Dep\u00f3sito de gasolina Euro 95<\/td>\n<td>0,91 litros<\/td>\n<\/tr>\n<tr class=\"odd\">\n<td>Autonom\u00eda<\/td>\n<td>0,9 h<\/td>\n<\/tr>\n<tr class=\"even\">\n<td>Arranque<\/td>\n<td>Manual (est\u00e1rter aut.)<\/td>\n<\/tr>\n<tr class=\"odd\">\n<td>Dispositivo de seguridad<\/td>\n<td>Paro motor<\/td>\n<\/tr>\n<tr class=\"even\">\n<td>Avance<\/td>\n<td>Autopropulsado (0,92 m\/s)<\/td>\n<\/tr>\n<tr class=\"odd\">\n<td>Velocidades<\/td>\n<td>1 adelante<\/td>\n<\/tr>\n<tr class=\"even\">\n<td>Manillar<\/td>\n<td>Plegable<\/td>\n<\/tr>\n<tr class=\"odd\">\n<td>Alturas de corte<\/td>\n<td>6 (2,0-7,4 cm)<\/td>\n<\/tr>\n<tr class=\"even\">\n<td>Ancho de corte<\/td>\n<td>41 cm<\/td>\n<\/tr>\n<tr class=\"odd\">\n<td>Bolsa recogedor<\/td>\n<td>Tela (42 litros)<\/td>\n<\/tr>\n<tr class=\"even\">\n<td>Capacidad de trabajo<\/td>\n<td>500 m\u00b2\/h &#8211; Seg\u00fan \u00e1rea a cortar<\/td>\n<\/tr>\n<tr class=\"odd\">\n<td>Superficie aconsejable de trabajo<\/td>\n<td>800 m\u00b2<\/td>\n<\/tr>\n<tr class=\"even\">\n<td>Mulching<\/td>\n<td>Opcional<\/td>\n<\/tr>\n<tr class=\"odd\">\n<td>Material chasis<\/td>\n<td>Acero<\/td>\n<\/tr>\n<tr class=\"even\">\n<td>Altura<\/td>\n<td>98 cm<\/td>\n<\/tr>\n<tr class=\"odd\">\n<td>Longitud<\/td>\n<td>144,0 cm<\/td>\n<\/tr>\n<tr class=\"even\">\n<td>Anchura<\/td>\n<td>45 cm<\/td>\n<\/tr>\n<tr class=\"odd\">\n<td>Peso (en seco)<\/td>\n<td>30,0 Kg<\/td>\n<\/tr>\n<\/tbody>\n<\/table>\n<p>&nbsp;<\/p>\n<div class=\"col-xs-12 col-sm-6\">\n<div class=\"cms-block\">\n<h3 class=\"page-subheading\"><span style=\"color: #ff0000;\">El mejor motor para el mejor cortac\u00e9sped<\/span><\/h3>\n<p>&nbsp;<\/p>\n<p style=\"text-align: justify;\">Tener un c\u00e9sped limpio, sano y bien cortado no es complicado. La clave est\u00e1 en un buen cortac\u00e9sped y la ilusi\u00f3n por mantener tu jard\u00edn perfecto. Honda re\u00fane todos estos aspectos en la mejor gama de cortac\u00e9spedes disponibles hoy d\u00eda en el mercado. En su coraz\u00f3n late el potente y mundialmente reconocido motor Honda de 4 tiempos, con el que tu cortac\u00e9sped arrancar\u00e1 siempre a la primera, consumir\u00e1 menos combustible y proteger\u00e1 el medio ambiente.<\/p>\n<p style=\"text-align: justify;\">Los cortac\u00e9spedes Honda marcan la diferencia por su tecnolog\u00eda, prestaciones y dise\u00f1o innovador. Los mejores materiales y las caracter\u00edsticas m\u00e1s innovadoras, siempre pensando en hacer la vida m\u00e1s f\u00e1cil. Honda es la marca n\u00famero 1 de jardiner\u00eda en Europa y cuenta con miles de felices usuarios, satisfechos con su elecci\u00f3n. No lo dudes y forma parte del club.<\/p>\n<h3 class=\"page-subheading\"><span style=\"color: #ff0000;\">Las ventajas de la gama IZY<\/span><\/h3>\n<p>&nbsp;<\/p>\n<p style=\"text-align: justify;\">Los cortac\u00e9spedes Honda IZY son una gama exclusiva de cortac\u00e9spedes dise\u00f1ada para que el cuidado del c\u00e9sped deje de ser una tarea mon\u00f3tona y se convierta en un placer. Los cortac\u00e9spedes Honda IZY son m\u00e1quinas pensadas para el aficionado al jard\u00edn: cortac\u00e9spedes seguros, c\u00f3modos y silenciosos, con buena est\u00e9tica y f\u00e1cil acceso a todos sus puntos vitales, que han sido dise\u00f1ados para ser utilizados sin problemas, de forma intuitiva y muy segura.<\/p>\n<p style=\"text-align: justify;\">F\u00e1ciles de manejar para toda la familia. Hasta el m\u00e1s m\u00ednimo detalle ha sido estudiado para ofrecerte toda la eficacia con el m\u00ednimo esfuerzo. Destacan sus mandos redondeados, f\u00e1ciles de localizar, y su resistencia, gracias a su chasis de acero. Todo un lujo para ser manejado sin ninguna complicaci\u00f3n. Destacan tambi\u00e9n por su excelente relaci\u00f3n calidad \u2013 precio. Por ello, nos encontramos ante unos modelos muy interesantes y especialmente indicados para usos hobby.<\/p>\n<h3 class=\"page-subheading\"><span style=\"color: #ff0000;\">Cortar y recoger: esta es la cuesti\u00f3n<\/span><\/h3>\n<p>&nbsp;<\/p>\n<p style=\"text-align: justify;\">El secreto de un buen cortac\u00e9sped es que sea capaz de cortar y recoger perfectamente en cualquier condici\u00f3n de la hierba, incluso si est\u00e1 demasiado crecida y ha llovido. La gama Honda IZY dispone de todos los elementos para que as\u00ed sea: la exclusiva cuchilla perforada de dise\u00f1o patentado, irrompible y con la mejor calidad de corte; y el sistema de ventilaci\u00f3n trasera, que incrementa el flujo de aire y mejora la recogida.La sabia combinaci\u00f3n de estas exclusivas tecnolog\u00edas por parte de los ingenieros de Honda da como resultado el corte y la recogida perfectas, que solo encontrar\u00e1s en los cortac\u00e9spedes originales de la marca.<\/p>\n<\/div>\n<\/div>\n<div class=\"col-xs-12 col-sm-6\">\n<div class=\"cms-box\">\n<h3 class=\"page-subheading\"><span style=\"color: #ff0000;\">La tecnolog\u00eda que marca la diferencia<\/span><\/h3>\n<p>&nbsp;<\/p>\n<p style=\"text-align: justify;\">El cortac\u00e9sped Honda IZY41S disfruta ahora\u00a0del nuevo motor Honda GCVx145, completamente redise\u00f1ado para cumplir con la nueva directiva de emisiones EUST5\u00a0y\u00a0cuenta\u00a0con todas las ventajas tecnol\u00f3gicas de la gama Honda IZY, como la exclusiva cuchilla perforada de dise\u00f1o patentado con 8 ranuras y forma Vortex. Gracias al flujo de aire se controla el nivel sonoro (30% menor). Adem\u00e1s, ha sido fabricada con un material inteligente que se dobla al ser golpeada. De esta manera se evita que se rompa la carcasa o se doble el eje del motor. En caso de golpe, s\u00f3lo se tendr\u00e1 de sustituir la cuchilla.<\/p>\n<h3 class=\"page-subheading\"><span style=\"color: #ff0000;\">Resistencia y duraci\u00f3n silenciosa<\/span><\/h3>\n<p>&nbsp;<\/p>\n<p style=\"text-align: justify;\">La carcasa del cortac\u00e9sped Honda IZY41S es de acero, robusta, redondeada y con tratamiento anticorrosi\u00f3n. F\u00e1cil de limpiar. Su exclusivo dise\u00f1o redondeado con ventilaci\u00f3n trasera, consistente en un sistema patentado de ranuras en la carcasa y \u00e1ngulo del chasis respecto al suelo, ayuda a mejorar la calidad de recogida del c\u00e9sped.<\/p>\n<p style=\"text-align: justify;\">Todo ello, con un nivel de ruido mucho m\u00e1s bajo del que podr\u00edas imaginar. Su nivel de ruido es de -2dB(A) LWA por debajo de la actual regulaci\u00f3n europea de emisi\u00f3n de ruidos.<\/p>\n<h3 class=\"page-subheading\"><span style=\"color: #ff0000;\">Est\u00e1rter autom\u00e1tico<\/span><\/h3>\n<p>&nbsp;<\/p>\n<p style=\"text-align: justify;\">A las ventajas ya conocidas del motor Honda de 4 tiempos, el cortac\u00e9sped Honda IZY41S disfruta de la m\u00e1xima comodidad gracias al est\u00e1rter autom\u00e1tico, \u00fanico en el mercado: te olvidar\u00e1s de cualquier problema a la hora de arrancar o trabajar con \u00e9l. No necesitar\u00e1s ajustar ninguna palanca, no es necesario esperar a que el motor se caliente, no hay que preocuparse de la palanca de aceleraci\u00f3n y el motor siempre funciona a las revoluciones correctas. Tan f\u00e1cil como arrancar y cortar.<\/p>\n<h3 class=\"page-subheading\"><span style=\"color: #ff0000;\">Autopropulsado y mulching opcional<\/span><\/h3>\n<p>&nbsp;<\/p>\n<p style=\"text-align: justify;\">El cortac\u00e9sped Honda IZY41S dispone de avance autopropulsado con transmisi\u00f3n a una velocidad. Es la soluci\u00f3n perfecta si tu jard\u00edn requiere de cierta pericia a la hora de cortar el c\u00e9sped debido a su dise\u00f1o (pendientes, terreno accidentado, etc..) o, simplemente no quieres empujar para trabajar sin cansancio.<\/p>\n<p style=\"text-align: justify;\">Tambi\u00e9n ofrece kit de mulching opcional para que la hierba cortada sea finamente triturada antes de que caiga al suelo de nuevo. Con esta t\u00e9cnica evitas tener que recoger la hierba cortada, ahorras tiempo y disfrutas siempre de un c\u00e9sped impecable, porque lo proteges de sufrir deshidrataci\u00f3n.<\/p>\n<\/div>\n<\/div>\n","protected":false},"excerpt":{"rendered":"<p>Cortac\u00e9sped Honda IZY41S muy f\u00e1cil de usar, nuevo motor GCVx145, autopropulsado, mulching opcional, est\u00e1rter autom\u00e1tico, chasis de acero, la mejor calidad de corte y recogida. Ficha t\u00e9cnica Tipo de motor GCVx 145 Cilindrada 145 cm\u00b3 Potencia motor 3,1 kW (4,2 cv) Dep\u00f3sito de gasolina Euro 95 0,91 litros Autonom\u00eda 0,9 h Arranque Manual (est\u00e1rter aut.) [&hellip;]<\/p>\n","protected":false},"featured_media":320,"comment_status":"open","ping_status":"closed","template":"","meta":{"ocean_front_end_style_editor":"no","ocean_post_layout":"","ocean_both_sidebars_style":"","ocean_both_sidebars_content_width":0,"ocean_both_sidebars_sidebars_width":0,"ocean_sidebar":"0","ocean_second_sidebar":"0","ocean_disable_margins":"enable","ocean_add_body_class":"","ocean_shortcode_before_top_bar":"","ocean_shortcode_after_top_bar":"","ocean_shortcode_before_header":"","ocean_shortcode_after_header":"","ocean_has_shortcode":"","ocean_shortcode_after_title":"","ocean_shortcode_before_footer_widgets":"","ocean_shortcode_after_footer_widgets":"","ocean_shortcode_before_footer_bottom":"","ocean_shortcode_after_footer_bottom":"","ocean_display_top_bar":"default","ocean_display_header":"default","ocean_header_style":"","ocean_center_header_left_menu":"0","ocean_custom_header_template":"0","ocean_custom_logo":0,"ocean_custom_retina_logo":0,"ocean_custom_logo_max_width":0,"ocean_custom_logo_tablet_max_width":0,"ocean_custom_logo_mobile_max_width":0,"ocean_custom_logo_max_height":0,"ocean_custom_logo_tablet_max_height":0,"ocean_custom_logo_mobile_max_height":0,"ocean_header_custom_menu":"0","ocean_menu_typo_font_family":"0","ocean_menu_typo_font_subset":"","ocean_menu_typo_font_size":0,"ocean_menu_typo_font_size_tablet":0,"ocean_menu_typo_font_size_mobile":0,"ocean_menu_typo_font_size_unit":"px","ocean_menu_typo_font_weight":"","ocean_menu_typo_font_weight_tablet":"","ocean_menu_typo_font_weight_mobile":"","ocean_menu_typo_transform":"","ocean_menu_typo_transform_tablet":"","ocean_menu_typo_transform_mobile":"","ocean_menu_typo_line_height":0,"ocean_menu_typo_line_height_tablet":0,"ocean_menu_typo_line_height_mobile":0,"ocean_menu_typo_line_height_unit":"","ocean_menu_typo_spacing":0,"ocean_menu_typo_spacing_tablet":0,"ocean_menu_typo_spacing_mobile":0,"ocean_menu_typo_spacing_unit":"","ocean_menu_link_color":"","ocean_menu_link_color_hover":"","ocean_menu_link_color_active":"","ocean_menu_link_background":"","ocean_menu_link_hover_background":"","ocean_menu_link_active_background":"","ocean_menu_social_links_bg":"","ocean_menu_social_hover_links_bg":"","ocean_menu_social_links_color":"","ocean_menu_social_hover_links_color":"","ocean_disable_title":"default","ocean_disable_heading":"default","ocean_post_title":"","ocean_post_subheading":"","ocean_post_title_style":"","ocean_post_title_background_color":"","ocean_post_title_background":0,"ocean_post_title_bg_image_position":"","ocean_post_title_bg_image_attachment":"","ocean_post_title_bg_image_repeat":"","ocean_post_title_bg_image_size":"","ocean_post_title_height":0,"ocean_post_title_bg_overlay":0.5,"ocean_post_title_bg_overlay_color":"","ocean_disable_breadcrumbs":"default","ocean_breadcrumbs_color":"","ocean_breadcrumbs_separator_color":"","ocean_breadcrumbs_links_color":"","ocean_breadcrumbs_links_hover_color":"","ocean_display_footer_widgets":"default","ocean_display_footer_bottom":"default","ocean_custom_footer_template":"0"},"product_cat":[40,218,48,107],"product_tag":[53,79],"yoast_head":"<!-- This site is optimized with the Yoast SEO plugin v21.2 - https:\/\/yoast.com\/wordpress\/plugins\/seo\/ -->\n<title>IZY 41 S - ArroyoLorca<\/title>\n<meta name=\"robots\" content=\"index, follow, max-snippet:-1, max-image-preview:large, max-video-preview:-1\" \/>\n<link rel=\"canonical\" href=\"https:\/\/arroyolorca.es\/index.php\/product\/izy-41-s\/\" \/>\n<meta property=\"og:locale\" content=\"es_ES\" \/>\n<meta property=\"og:type\" content=\"article\" \/>\n<meta property=\"og:title\" content=\"IZY 41 S - ArroyoLorca\" \/>\n<meta property=\"og:description\" content=\"Cortac\u00e9sped Honda IZY41S muy f\u00e1cil de usar, nuevo motor GCVx145, autopropulsado, mulching opcional, est\u00e1rter autom\u00e1tico, chasis de acero, la mejor calidad de corte y recogida. Ficha t\u00e9cnica Tipo de motor GCVx 145 Cilindrada 145 cm\u00b3 Potencia motor 3,1 kW (4,2 cv) Dep\u00f3sito de gasolina Euro 95 0,91 litros Autonom\u00eda 0,9 h Arranque Manual (est\u00e1rter aut.) [&hellip;]\" \/>\n<meta property=\"og:url\" content=\"https:\/\/arroyolorca.es\/index.php\/product\/izy-41-s\/\" \/>\n<meta property=\"og:site_name\" content=\"ArroyoLorca\" \/>\n<meta property=\"article:modified_time\" content=\"2023-11-01T09:05:24+00:00\" \/>\n<meta property=\"og:image\" content=\"https:\/\/arroyolorca.es\/wp-content\/uploads\/2022\/09\/cortacesped-izy-41-s.jpg\" \/>\n\t<meta property=\"og:image:width\" content=\"800\" \/>\n\t<meta property=\"og:image:height\" content=\"800\" \/>\n\t<meta property=\"og:image:type\" content=\"image\/jpeg\" \/>\n<meta name=\"twitter:card\" content=\"summary_large_image\" \/>\n<meta name=\"twitter:label1\" content=\"Tiempo de lectura\" \/>\n\t<meta name=\"twitter:data1\" content=\"5 minutos\" \/>\n<script type=\"application\/ld+json\" class=\"yoast-schema-graph\">{\"@context\":\"https:\/\/schema.org\",\"@graph\":[{\"@type\":\"WebPage\",\"@id\":\"https:\/\/arroyolorca.es\/index.php\/product\/izy-41-s\/\",\"url\":\"https:\/\/arroyolorca.es\/index.php\/product\/izy-41-s\/\",\"name\":\"IZY 41 S - ArroyoLorca\",\"isPartOf\":{\"@id\":\"https:\/\/arroyolorca.es\/#website\"},\"datePublished\":\"2022-09-08T17:09:48+00:00\",\"dateModified\":\"2023-11-01T09:05:24+00:00\",\"breadcrumb\":{\"@id\":\"https:\/\/arroyolorca.es\/index.php\/product\/izy-41-s\/#breadcrumb\"},\"inLanguage\":\"es\",\"potentialAction\":[{\"@type\":\"ReadAction\",\"target\":[\"https:\/\/arroyolorca.es\/index.php\/product\/izy-41-s\/\"]}]},{\"@type\":\"BreadcrumbList\",\"@id\":\"https:\/\/arroyolorca.es\/index.php\/product\/izy-41-s\/#breadcrumb\",\"itemListElement\":[{\"@type\":\"ListItem\",\"position\":1,\"name\":\"Home\",\"item\":\"https:\/\/arroyolorca.es\/\"},{\"@type\":\"ListItem\",\"position\":2,\"name\":\"Shop\",\"item\":\"https:\/\/arroyolorca.es\/index.php\/shop\/\"},{\"@type\":\"ListItem\",\"position\":3,\"name\":\"IZY 41 S\"}]},{\"@type\":\"WebSite\",\"@id\":\"https:\/\/arroyolorca.es\/#website\",\"url\":\"https:\/\/arroyolorca.es\/\",\"name\":\"ArroyoLorca\",\"description\":\"Maquimaria Agr\u00edcola, Jardines y trabajos forestales\",\"publisher\":{\"@id\":\"https:\/\/arroyolorca.es\/#organization\"},\"potentialAction\":[{\"@type\":\"SearchAction\",\"target\":{\"@type\":\"EntryPoint\",\"urlTemplate\":\"https:\/\/arroyolorca.es\/?s={search_term_string}\"},\"query-input\":\"required name=search_term_string\"}],\"inLanguage\":\"es\"},{\"@type\":\"Organization\",\"@id\":\"https:\/\/arroyolorca.es\/#organization\",\"name\":\"ArroyoLorca\",\"url\":\"https:\/\/arroyolorca.es\/\",\"logo\":{\"@type\":\"ImageObject\",\"inLanguage\":\"es\",\"@id\":\"https:\/\/arroyolorca.es\/#\/schema\/logo\/image\/\",\"url\":\"https:\/\/arroyolorca.es\/wp-content\/uploads\/2023\/04\/logo_cabecera-1.png\",\"contentUrl\":\"https:\/\/arroyolorca.es\/wp-content\/uploads\/2023\/04\/logo_cabecera-1.png\",\"width\":450,\"height\":119,\"caption\":\"ArroyoLorca\"},\"image\":{\"@id\":\"https:\/\/arroyolorca.es\/#\/schema\/logo\/image\/\"}}]}<\/script>\n<!-- \/ Yoast SEO plugin. -->","yoast_head_json":{"title":"IZY 41 S - ArroyoLorca","robots":{"index":"index","follow":"follow","max-snippet":"max-snippet:-1","max-image-preview":"max-image-preview:large","max-video-preview":"max-video-preview:-1"},"canonical":"https:\/\/arroyolorca.es\/index.php\/product\/izy-41-s\/","og_locale":"es_ES","og_type":"article","og_title":"IZY 41 S - ArroyoLorca","og_description":"Cortac\u00e9sped Honda IZY41S muy f\u00e1cil de usar, nuevo motor GCVx145, autopropulsado, mulching opcional, est\u00e1rter autom\u00e1tico, chasis de acero, la mejor calidad de corte y recogida. Ficha t\u00e9cnica Tipo de motor GCVx 145 Cilindrada 145 cm\u00b3 Potencia motor 3,1 kW (4,2 cv) Dep\u00f3sito de gasolina Euro 95 0,91 litros Autonom\u00eda 0,9 h Arranque Manual (est\u00e1rter aut.) [&hellip;]","og_url":"https:\/\/arroyolorca.es\/index.php\/product\/izy-41-s\/","og_site_name":"ArroyoLorca","article_modified_time":"2023-11-01T09:05:24+00:00","og_image":[{"width":800,"height":800,"url":"https:\/\/arroyolorca.es\/wp-content\/uploads\/2022\/09\/cortacesped-izy-41-s.jpg","type":"image\/jpeg"}],"twitter_card":"summary_large_image","twitter_misc":{"Tiempo de lectura":"5 minutos"},"schema":{"@context":"https:\/\/schema.org","@graph":[{"@type":"WebPage","@id":"https:\/\/arroyolorca.es\/index.php\/product\/izy-41-s\/","url":"https:\/\/arroyolorca.es\/index.php\/product\/izy-41-s\/","name":"IZY 41 S - ArroyoLorca","isPartOf":{"@id":"https:\/\/arroyolorca.es\/#website"},"datePublished":"2022-09-08T17:09:48+00:00","dateModified":"2023-11-01T09:05:24+00:00","breadcrumb":{"@id":"https:\/\/arroyolorca.es\/index.php\/product\/izy-41-s\/#breadcrumb"},"inLanguage":"es","potentialAction":[{"@type":"ReadAction","target":["https:\/\/arroyolorca.es\/index.php\/product\/izy-41-s\/"]}]},{"@type":"BreadcrumbList","@id":"https:\/\/arroyolorca.es\/index.php\/product\/izy-41-s\/#breadcrumb","itemListElement":[{"@type":"ListItem","position":1,"name":"Home","item":"https:\/\/arroyolorca.es\/"},{"@type":"ListItem","position":2,"name":"Shop","item":"https:\/\/arroyolorca.es\/index.php\/shop\/"},{"@type":"ListItem","position":3,"name":"IZY 41 S"}]},{"@type":"WebSite","@id":"https:\/\/arroyolorca.es\/#website","url":"https:\/\/arroyolorca.es\/","name":"ArroyoLorca","description":"Maquimaria Agr\u00edcola, Jardines y trabajos forestales","publisher":{"@id":"https:\/\/arroyolorca.es\/#organization"},"potentialAction":[{"@type":"SearchAction","target":{"@type":"EntryPoint","urlTemplate":"https:\/\/arroyolorca.es\/?s={search_term_string}"},"query-input":"required name=search_term_string"}],"inLanguage":"es"},{"@type":"Organization","@id":"https:\/\/arroyolorca.es\/#organization","name":"ArroyoLorca","url":"https:\/\/arroyolorca.es\/","logo":{"@type":"ImageObject","inLanguage":"es","@id":"https:\/\/arroyolorca.es\/#\/schema\/logo\/image\/","url":"https:\/\/arroyolorca.es\/wp-content\/uploads\/2023\/04\/logo_cabecera-1.png","contentUrl":"https:\/\/arroyolorca.es\/wp-content\/uploads\/2023\/04\/logo_cabecera-1.png","width":450,"height":119,"caption":"ArroyoLorca"},"image":{"@id":"https:\/\/arroyolorca.es\/#\/schema\/logo\/image\/"}}]}},"_links":{"self":[{"href":"https:\/\/arroyolorca.es\/index.php\/wp-json\/wp\/v2\/product\/319"}],"collection":[{"href":"https:\/\/arroyolorca.es\/index.php\/wp-json\/wp\/v2\/product"}],"about":[{"href":"https:\/\/arroyolorca.es\/index.php\/wp-json\/wp\/v2\/types\/product"}],"replies":[{"embeddable":true,"href":"https:\/\/arroyolorca.es\/index.php\/wp-json\/wp\/v2\/comments?post=319"}],"wp:featuredmedia":[{"embeddable":true,"href":"https:\/\/arroyolorca.es\/index.php\/wp-json\/wp\/v2\/media\/320"}],"wp:attachment":[{"href":"https:\/\/arroyolorca.es\/index.php\/wp-json\/wp\/v2\/media?parent=319"}],"wp:term":[{"taxonomy":"product_cat","embeddable":true,"href":"https:\/\/arroyolorca.es\/index.php\/wp-json\/wp\/v2\/product_cat?post=319"},{"taxonomy":"product_tag","embeddable":true,"href":"https:\/\/arroyolorca.es\/index.php\/wp-json\/wp\/v2\/product_tag?post=319"}],"curies":[{"name":"wp","href":"https:\/\/api.w.org\/{rel}","templated":true}]}}