{"id":72,"date":"2022-07-27T08:46:56","date_gmt":"2022-07-27T07:46:56","guid":{"rendered":"https:\/\/arroyolorca.es\/?post_type=product&#038;p=72"},"modified":"2023-11-01T10:07:49","modified_gmt":"2023-11-01T09:07:49","slug":"lm1-ar46","status":"publish","type":"product","link":"https:\/\/arroyolorca.es\/index.php\/product\/lm1-ar46\/","title":{"rendered":"LM1 &#8211; AR46"},"content":{"rendered":"<p>Alta eficacia combinada con alta calidad: esta es la fuerza de los cortac\u00e9spedes de gasolina Cub Cadet. Su resistente fabricaci\u00f3n asegura un largo ciclo de vida y los motores Cub Cadet OVH le brindan la potencia adecuada para sus necesidades. Con la Serie Cl\u00e1sica de Cub Cadet usted puede elegir entre recoger o descargar los restos del c\u00e9sped. El kit de mulching existe como accesorio. As\u00ed tiene la opci\u00f3n de hacer mulching mientras corta el c\u00e9sped. Las caracter\u00edsticas ergon\u00f3micas ayudan a hacer el trabajo al tiempo que reducen el esfuerzo; recogedor f\u00e1cil de vaciar, manillar ergon\u00f3mico, c\u00f3modo sistema de ajuste de altura y ruedas con rodamientos.<\/p>\n<p><span style=\"color: #ff6600;\">BOLSA DE REGOCIDA:<\/span> Un gran recogedor reduce el n\u00famero de veces de descarga, ahorro de tiempo.<\/p>\n<p><span style=\"color: #ff6600;\">AJUSTE ALTURA:<\/span> Nunca ha sido tan f\u00e1cil. mediante una palanca puede elegir la altura de corte.<\/p>\n<p style=\"text-align: center;\"><span style=\"color: #ff9900; font-size: 18px;\">LM SERIES &#8211; UN CORTE Y RECOGIDA PERFECTA<\/span><\/p>\n<p>Alta eficacia combinada con alta calidad: esta es la fuerza de los cortac\u00e9spedes de gasolina Cub Cadet. Su resistente fabricaci\u00f3n asegura un largo ciclo de vida y los motores Cub Cadet OVH le brindan la potencia adecuada para sus necesidades. Con la Serie Cl\u00e1sica de Cub Cadet usted puede elegir entre recoger o descargar los restos del c\u00e9sped.<\/p>\n<p>El kit de mulching existe como accesorio. As\u00ed tiene la opci\u00f3n de hacer mulching mientras corta el c\u00e9sped. Las caracter\u00edsticas ergon\u00f3micas ayudan a hacer el trabajo al tiempo que reducen el esfuerzo; recogedor f\u00e1cil de vaciar, manillar ergon\u00f3mico, c\u00f3modo sistema de ajuste de altura y ruedas con rodamientos.<\/p>\n<p>&nbsp;<\/p>\n<div style=\"width: 100%;\">\n<div style=\"width: 50%; float: left;\">\n<p style=\"text-align: center;\"><img decoding=\"async\" loading=\"lazy\" class=\"size-full wp-image-66 aligncenter\" src=\"https:\/\/arroyolorca.es\/wp-content\/uploads\/2022\/07\/carac1.png\" alt=\"\" width=\"146\" height=\"146\" srcset=\"https:\/\/arroyolorca.es\/wp-content\/uploads\/2022\/07\/carac1.png 146w, https:\/\/arroyolorca.es\/wp-content\/uploads\/2022\/07\/carac1-100x100.png 100w\" sizes=\"(max-width: 146px) 100vw, 146px\" \/><\/p>\n<\/div>\n<div style=\"width: 50%; float: left;\">\n<p><span style=\"color: #ff6600;\">MANILLAR ERGON\u00d3MICO<\/span><\/p>\n<p>Manillar ergon\u00f3mico ofrece un control total del cortac\u00e9sped de la manera m\u00e1s confortable.<br \/>\nEl manillar es completamente plegable para reducir el espacio de almacenaje y transporte. Adem\u00e1s es ajustable en altura<br \/>\npara las necesidades del usuario.<\/p>\n<\/div>\n<\/div>\n<p>&nbsp;<\/p>\n<div style=\"width: 100%;\">\n<div style=\"width: 50%; float: left;\">\n<p style=\"text-align: center;\"><img decoding=\"async\" loading=\"lazy\" class=\"size-medium wp-image-67 aligncenter\" src=\"https:\/\/arroyolorca.es\/wp-content\/uploads\/2022\/07\/carac2.png\" alt=\"\" width=\"146\" height=\"146\" srcset=\"https:\/\/arroyolorca.es\/wp-content\/uploads\/2022\/07\/carac2.png 146w, https:\/\/arroyolorca.es\/wp-content\/uploads\/2022\/07\/carac2-100x100.png 100w\" sizes=\"(max-width: 146px) 100vw, 146px\" \/><\/p>\n<\/div>\n<div style=\"width: 50%; float: left;\">\n<p><span style=\"color: #ff6600;\">RUEDAS TRASERAS ALTAS<\/span><\/p>\n<p>Excelente maniobrabilidad, es un factor clave en un buen corte del c\u00e9sped.<br \/>\nSus ruedas altas traseras facilitan el uso en el terreno irregular le permite un manejo mucho m\u00e1s suave y con menos esfuerzo.<\/p>\n<\/div>\n<\/div>\n<p>&nbsp;<\/p>\n<div style=\"width: 100%;\">\n<div style=\"width: 50%; float: left;\">\n<p style=\"text-align: center;\"><img decoding=\"async\" loading=\"lazy\" class=\"alignnone size-medium wp-image-68 aligncenter\" src=\"https:\/\/arroyolorca.es\/wp-content\/uploads\/2022\/07\/carac3.png\" alt=\"\" width=\"146\" height=\"146\" srcset=\"https:\/\/arroyolorca.es\/wp-content\/uploads\/2022\/07\/carac3.png 146w, https:\/\/arroyolorca.es\/wp-content\/uploads\/2022\/07\/carac3-100x100.png 100w\" sizes=\"(max-width: 146px) 100vw, 146px\" \/><\/p>\n<\/div>\n<div style=\"width: 50%; float: left;\">\n<p><span style=\"color: #ff6600;\">AJUSTE ALTURA<\/span><\/p>\n<p>Nunca ha sido tan f\u00e1cil. mediante una palanca puede elegir la altura de corte.<\/p>\n<\/div>\n<p>&nbsp;<\/p>\n<\/div>\n<p>&nbsp;<\/p>\n<table class=\"woocommerce-product-attributes shop_attributes table table-light\">\n<tbody>\n<tr class=\"woocommerce-product-attributes-item woocommerce-product-attributes-item--attribute_ancho-de-corte\">\n<th class=\"woocommerce-product-attributes-item__label\">Ancho de corte:<\/th>\n<td class=\"woocommerce-product-attributes-item__value\">46 cm.<\/td>\n<\/tr>\n<tr class=\"woocommerce-product-attributes-item woocommerce-product-attributes-item--attribute_%c3%a1rea-m%c3%a1xima\">\n<th class=\"woocommerce-product-attributes-item__label\">\u00c1rea m\u00e1xima:<\/th>\n<td class=\"woocommerce-product-attributes-item__value\">700 m2<\/td>\n<\/tr>\n<tr class=\"woocommerce-product-attributes-item woocommerce-product-attributes-item--attribute_cap-recogedor\">\n<th class=\"woocommerce-product-attributes-item__label\">Cap. recogedor:<\/th>\n<td class=\"woocommerce-product-attributes-item__value\">60 l.<\/td>\n<\/tr>\n<tr class=\"woocommerce-product-attributes-item woocommerce-product-attributes-item--attribute_motor\">\n<th class=\"woocommerce-product-attributes-item__label\">Motor:<\/th>\n<td class=\"woocommerce-product-attributes-item__value\">Cub Cadet 35 OHV, arranque manual<\/td>\n<\/tr>\n<tr class=\"woocommerce-product-attributes-item woocommerce-product-attributes-item--attribute_cilindrada\">\n<th class=\"woocommerce-product-attributes-item__label\">Cilindrada:<\/th>\n<td class=\"woocommerce-product-attributes-item__value\">99 cc.<\/td>\n<\/tr>\n<tr class=\"woocommerce-product-attributes-item woocommerce-product-attributes-item--attribute_tracci%c3%b3n\">\n<th class=\"woocommerce-product-attributes-item__label\">Tracci\u00f3n:<\/th>\n<td class=\"woocommerce-product-attributes-item__value\">Autopropulsado<\/td>\n<\/tr>\n<tr class=\"woocommerce-product-attributes-item woocommerce-product-attributes-item--attribute_altura-de-corte\">\n<th class=\"woocommerce-product-attributes-item__label\">Altura de corte:<\/th>\n<td class=\"woocommerce-product-attributes-item__value\">6 posiciones\/centralizada<\/td>\n<\/tr>\n<\/tbody>\n<\/table>\n","protected":false},"excerpt":{"rendered":"<p>Alta eficacia combinada con alta calidad: esta es la fuerza de los cortac\u00e9spedes de gasolina Cub Cadet. Su resistente fabricaci\u00f3n asegura un largo ciclo de vida y los motores Cub Cadet OVH le brindan la potencia adecuada para sus necesidades. Con la Serie Cl\u00e1sica de Cub Cadet usted puede elegir entre recoger o descargar los [&hellip;]<\/p>\n","protected":false},"featured_media":73,"comment_status":"open","ping_status":"closed","template":"","meta":{"ocean_front_end_style_editor":"no","ocean_post_layout":"","ocean_both_sidebars_style":"","ocean_both_sidebars_content_width":0,"ocean_both_sidebars_sidebars_width":0,"ocean_sidebar":"0","ocean_second_sidebar":"0","ocean_disable_margins":"enable","ocean_add_body_class":"","ocean_shortcode_before_top_bar":"","ocean_shortcode_after_top_bar":"","ocean_shortcode_before_header":"","ocean_shortcode_after_header":"","ocean_has_shortcode":"","ocean_shortcode_after_title":"","ocean_shortcode_before_footer_widgets":"","ocean_shortcode_after_footer_widgets":"","ocean_shortcode_before_footer_bottom":"","ocean_shortcode_after_footer_bottom":"","ocean_display_top_bar":"default","ocean_display_header":"default","ocean_header_style":"","ocean_center_header_left_menu":"0","ocean_custom_header_template":"0","ocean_custom_logo":0,"ocean_custom_retina_logo":0,"ocean_custom_logo_max_width":0,"ocean_custom_logo_tablet_max_width":0,"ocean_custom_logo_mobile_max_width":0,"ocean_custom_logo_max_height":0,"ocean_custom_logo_tablet_max_height":0,"ocean_custom_logo_mobile_max_height":0,"ocean_header_custom_menu":"0","ocean_menu_typo_font_family":"0","ocean_menu_typo_font_subset":"","ocean_menu_typo_font_size":0,"ocean_menu_typo_font_size_tablet":0,"ocean_menu_typo_font_size_mobile":0,"ocean_menu_typo_font_size_unit":"px","ocean_menu_typo_font_weight":"","ocean_menu_typo_font_weight_tablet":"","ocean_menu_typo_font_weight_mobile":"","ocean_menu_typo_transform":"","ocean_menu_typo_transform_tablet":"","ocean_menu_typo_transform_mobile":"","ocean_menu_typo_line_height":0,"ocean_menu_typo_line_height_tablet":0,"ocean_menu_typo_line_height_mobile":0,"ocean_menu_typo_line_height_unit":"","ocean_menu_typo_spacing":0,"ocean_menu_typo_spacing_tablet":0,"ocean_menu_typo_spacing_mobile":0,"ocean_menu_typo_spacing_unit":"","ocean_menu_link_color":"","ocean_menu_link_color_hover":"","ocean_menu_link_color_active":"","ocean_menu_link_background":"","ocean_menu_link_hover_background":"","ocean_menu_link_active_background":"","ocean_menu_social_links_bg":"","ocean_menu_social_hover_links_bg":"","ocean_menu_social_links_color":"","ocean_menu_social_hover_links_color":"","ocean_disable_title":"default","ocean_disable_heading":"default","ocean_post_title":"","ocean_post_subheading":"","ocean_post_title_style":"","ocean_post_title_background_color":"","ocean_post_title_background":0,"ocean_post_title_bg_image_position":"","ocean_post_title_bg_image_attachment":"","ocean_post_title_bg_image_repeat":"","ocean_post_title_bg_image_size":"","ocean_post_title_height":0,"ocean_post_title_bg_overlay":0.5,"ocean_post_title_bg_overlay_color":"","ocean_disable_breadcrumbs":"default","ocean_breadcrumbs_color":"","ocean_breadcrumbs_separator_color":"","ocean_breadcrumbs_links_color":"","ocean_breadcrumbs_links_hover_color":"","ocean_display_footer_widgets":"default","ocean_display_footer_bottom":"default","ocean_custom_footer_template":"0"},"product_cat":[40,226,47,116],"product_tag":[53,51],"yoast_head":"<!-- This site is optimized with the Yoast SEO plugin v21.2 - https:\/\/yoast.com\/wordpress\/plugins\/seo\/ -->\n<title>LM1 - AR46 - ArroyoLorca<\/title>\n<meta name=\"robots\" content=\"index, follow, max-snippet:-1, max-image-preview:large, max-video-preview:-1\" \/>\n<link rel=\"canonical\" href=\"https:\/\/arroyolorca.es\/index.php\/product\/lm1-ar46\/\" \/>\n<meta property=\"og:locale\" content=\"es_ES\" \/>\n<meta property=\"og:type\" content=\"article\" \/>\n<meta property=\"og:title\" content=\"LM1 - AR46 - ArroyoLorca\" \/>\n<meta property=\"og:description\" content=\"Alta eficacia combinada con alta calidad: esta es la fuerza de los cortac\u00e9spedes de gasolina Cub Cadet. Su resistente fabricaci\u00f3n asegura un largo ciclo de vida y los motores Cub Cadet OVH le brindan la potencia adecuada para sus necesidades. Con la Serie Cl\u00e1sica de Cub Cadet usted puede elegir entre recoger o descargar los [&hellip;]\" \/>\n<meta property=\"og:url\" content=\"https:\/\/arroyolorca.es\/index.php\/product\/lm1-ar46\/\" \/>\n<meta property=\"og:site_name\" content=\"ArroyoLorca\" \/>\n<meta property=\"article:modified_time\" content=\"2023-11-01T09:07:49+00:00\" \/>\n<meta property=\"og:image\" content=\"https:\/\/arroyolorca.es\/wp-content\/uploads\/2022\/07\/LM1-AR46.jpg\" \/>\n\t<meta property=\"og:image:width\" content=\"1000\" \/>\n\t<meta property=\"og:image:height\" content=\"1000\" \/>\n\t<meta property=\"og:image:type\" content=\"image\/jpeg\" \/>\n<meta name=\"twitter:card\" content=\"summary_large_image\" \/>\n<meta name=\"twitter:label1\" content=\"Tiempo de lectura\" \/>\n\t<meta name=\"twitter:data1\" content=\"3 minutos\" \/>\n<script type=\"application\/ld+json\" class=\"yoast-schema-graph\">{\"@context\":\"https:\/\/schema.org\",\"@graph\":[{\"@type\":\"WebPage\",\"@id\":\"https:\/\/arroyolorca.es\/index.php\/product\/lm1-ar46\/\",\"url\":\"https:\/\/arroyolorca.es\/index.php\/product\/lm1-ar46\/\",\"name\":\"LM1 - AR46 - ArroyoLorca\",\"isPartOf\":{\"@id\":\"https:\/\/arroyolorca.es\/#website\"},\"datePublished\":\"2022-07-27T07:46:56+00:00\",\"dateModified\":\"2023-11-01T09:07:49+00:00\",\"breadcrumb\":{\"@id\":\"https:\/\/arroyolorca.es\/index.php\/product\/lm1-ar46\/#breadcrumb\"},\"inLanguage\":\"es\",\"potentialAction\":[{\"@type\":\"ReadAction\",\"target\":[\"https:\/\/arroyolorca.es\/index.php\/product\/lm1-ar46\/\"]}]},{\"@type\":\"BreadcrumbList\",\"@id\":\"https:\/\/arroyolorca.es\/index.php\/product\/lm1-ar46\/#breadcrumb\",\"itemListElement\":[{\"@type\":\"ListItem\",\"position\":1,\"name\":\"Home\",\"item\":\"https:\/\/arroyolorca.es\/\"},{\"@type\":\"ListItem\",\"position\":2,\"name\":\"Shop\",\"item\":\"https:\/\/arroyolorca.es\/index.php\/shop\/\"},{\"@type\":\"ListItem\",\"position\":3,\"name\":\"LM1 &#8211; AR46\"}]},{\"@type\":\"WebSite\",\"@id\":\"https:\/\/arroyolorca.es\/#website\",\"url\":\"https:\/\/arroyolorca.es\/\",\"name\":\"ArroyoLorca\",\"description\":\"Maquimaria Agr\u00edcola, Jardines y trabajos forestales\",\"publisher\":{\"@id\":\"https:\/\/arroyolorca.es\/#organization\"},\"potentialAction\":[{\"@type\":\"SearchAction\",\"target\":{\"@type\":\"EntryPoint\",\"urlTemplate\":\"https:\/\/arroyolorca.es\/?s={search_term_string}\"},\"query-input\":\"required name=search_term_string\"}],\"inLanguage\":\"es\"},{\"@type\":\"Organization\",\"@id\":\"https:\/\/arroyolorca.es\/#organization\",\"name\":\"ArroyoLorca\",\"url\":\"https:\/\/arroyolorca.es\/\",\"logo\":{\"@type\":\"ImageObject\",\"inLanguage\":\"es\",\"@id\":\"https:\/\/arroyolorca.es\/#\/schema\/logo\/image\/\",\"url\":\"https:\/\/arroyolorca.es\/wp-content\/uploads\/2023\/04\/logo_cabecera-1.png\",\"contentUrl\":\"https:\/\/arroyolorca.es\/wp-content\/uploads\/2023\/04\/logo_cabecera-1.png\",\"width\":450,\"height\":119,\"caption\":\"ArroyoLorca\"},\"image\":{\"@id\":\"https:\/\/arroyolorca.es\/#\/schema\/logo\/image\/\"}}]}<\/script>\n<!-- \/ Yoast SEO plugin. -->","yoast_head_json":{"title":"LM1 - AR46 - ArroyoLorca","robots":{"index":"index","follow":"follow","max-snippet":"max-snippet:-1","max-image-preview":"max-image-preview:large","max-video-preview":"max-video-preview:-1"},"canonical":"https:\/\/arroyolorca.es\/index.php\/product\/lm1-ar46\/","og_locale":"es_ES","og_type":"article","og_title":"LM1 - AR46 - ArroyoLorca","og_description":"Alta eficacia combinada con alta calidad: esta es la fuerza de los cortac\u00e9spedes de gasolina Cub Cadet. Su resistente fabricaci\u00f3n asegura un largo ciclo de vida y los motores Cub Cadet OVH le brindan la potencia adecuada para sus necesidades. Con la Serie Cl\u00e1sica de Cub Cadet usted puede elegir entre recoger o descargar los [&hellip;]","og_url":"https:\/\/arroyolorca.es\/index.php\/product\/lm1-ar46\/","og_site_name":"ArroyoLorca","article_modified_time":"2023-11-01T09:07:49+00:00","og_image":[{"width":1000,"height":1000,"url":"https:\/\/arroyolorca.es\/wp-content\/uploads\/2022\/07\/LM1-AR46.jpg","type":"image\/jpeg"}],"twitter_card":"summary_large_image","twitter_misc":{"Tiempo de lectura":"3 minutos"},"schema":{"@context":"https:\/\/schema.org","@graph":[{"@type":"WebPage","@id":"https:\/\/arroyolorca.es\/index.php\/product\/lm1-ar46\/","url":"https:\/\/arroyolorca.es\/index.php\/product\/lm1-ar46\/","name":"LM1 - AR46 - ArroyoLorca","isPartOf":{"@id":"https:\/\/arroyolorca.es\/#website"},"datePublished":"2022-07-27T07:46:56+00:00","dateModified":"2023-11-01T09:07:49+00:00","breadcrumb":{"@id":"https:\/\/arroyolorca.es\/index.php\/product\/lm1-ar46\/#breadcrumb"},"inLanguage":"es","potentialAction":[{"@type":"ReadAction","target":["https:\/\/arroyolorca.es\/index.php\/product\/lm1-ar46\/"]}]},{"@type":"BreadcrumbList","@id":"https:\/\/arroyolorca.es\/index.php\/product\/lm1-ar46\/#breadcrumb","itemListElement":[{"@type":"ListItem","position":1,"name":"Home","item":"https:\/\/arroyolorca.es\/"},{"@type":"ListItem","position":2,"name":"Shop","item":"https:\/\/arroyolorca.es\/index.php\/shop\/"},{"@type":"ListItem","position":3,"name":"LM1 &#8211; AR46"}]},{"@type":"WebSite","@id":"https:\/\/arroyolorca.es\/#website","url":"https:\/\/arroyolorca.es\/","name":"ArroyoLorca","description":"Maquimaria Agr\u00edcola, Jardines y trabajos forestales","publisher":{"@id":"https:\/\/arroyolorca.es\/#organization"},"potentialAction":[{"@type":"SearchAction","target":{"@type":"EntryPoint","urlTemplate":"https:\/\/arroyolorca.es\/?s={search_term_string}"},"query-input":"required name=search_term_string"}],"inLanguage":"es"},{"@type":"Organization","@id":"https:\/\/arroyolorca.es\/#organization","name":"ArroyoLorca","url":"https:\/\/arroyolorca.es\/","logo":{"@type":"ImageObject","inLanguage":"es","@id":"https:\/\/arroyolorca.es\/#\/schema\/logo\/image\/","url":"https:\/\/arroyolorca.es\/wp-content\/uploads\/2023\/04\/logo_cabecera-1.png","contentUrl":"https:\/\/arroyolorca.es\/wp-content\/uploads\/2023\/04\/logo_cabecera-1.png","width":450,"height":119,"caption":"ArroyoLorca"},"image":{"@id":"https:\/\/arroyolorca.es\/#\/schema\/logo\/image\/"}}]}},"_links":{"self":[{"href":"https:\/\/arroyolorca.es\/index.php\/wp-json\/wp\/v2\/product\/72"}],"collection":[{"href":"https:\/\/arroyolorca.es\/index.php\/wp-json\/wp\/v2\/product"}],"about":[{"href":"https:\/\/arroyolorca.es\/index.php\/wp-json\/wp\/v2\/types\/product"}],"replies":[{"embeddable":true,"href":"https:\/\/arroyolorca.es\/index.php\/wp-json\/wp\/v2\/comments?post=72"}],"wp:featuredmedia":[{"embeddable":true,"href":"https:\/\/arroyolorca.es\/index.php\/wp-json\/wp\/v2\/media\/73"}],"wp:attachment":[{"href":"https:\/\/arroyolorca.es\/index.php\/wp-json\/wp\/v2\/media?parent=72"}],"wp:term":[{"taxonomy":"product_cat","embeddable":true,"href":"https:\/\/arroyolorca.es\/index.php\/wp-json\/wp\/v2\/product_cat?post=72"},{"taxonomy":"product_tag","embeddable":true,"href":"https:\/\/arroyolorca.es\/index.php\/wp-json\/wp\/v2\/product_tag?post=72"}],"curies":[{"name":"wp","href":"https:\/\/api.w.org\/{rel}","templated":true}]}}